{"id":299,"date":"2022-03-07T13:30:54","date_gmt":"2022-03-07T16:30:54","guid":{"rendered":"https:\/\/site.veracruz.edu.br\/zumzum\/?page_id=299"},"modified":"2026-04-13T14:27:27","modified_gmt":"2026-04-13T17:27:27","slug":"pra-ir-ler-e-ver","status":"publish","type":"page","link":"https:\/\/site.veracruz.edu.br\/zumzum\/pra-ir-ler-e-ver\/","title":{"rendered":"Pra ir, ler e ver"},"content":{"rendered":"\t\t<div data-elementor-type=\"wp-page\" data-elementor-id=\"299\" class=\"elementor elementor-299\" data-elementor-post-type=\"page\">\n\t\t\t\t<div class=\"elementor-element elementor-element-abe960c e-flex e-con-boxed e-con e-parent\" data-id=\"abe960c\" data-element_type=\"container\" data-e-type=\"container\">\n\t\t\t\t\t<div class=\"e-con-inner\">\n\t\t<div class=\"elementor-element elementor-element-03c2410 e-con-full e-flex e-con e-child\" data-id=\"03c2410\" data-element_type=\"container\" data-e-type=\"container\">\n\t\t\t\t<div class=\"elementor-element elementor-element-6b1fede elementor-widget elementor-widget-heading\" data-id=\"6b1fede\" data-element_type=\"widget\" data-e-type=\"widget\" data-widget_type=\"heading.default\">\n\t\t\t\t<div class=\"elementor-widget-container\">\n\t\t\t\t\t<h2 class=\"elementor-heading-title elementor-size-default\">Edi\u00e7\u00e3o 9<\/h2>\t\t\t\t<\/div>\n\t\t\t\t<\/div>\n\t\t\t\t<\/div>\n\t\t\t\t\t<\/div>\n\t\t\t\t<\/div>\n\t\t<div class=\"elementor-element elementor-element-8e6956e e-flex e-con-boxed e-con e-parent\" data-id=\"8e6956e\" data-element_type=\"container\" data-e-type=\"container\">\n\t\t\t\t\t<div class=\"e-con-inner\">\n\t\t<div class=\"elementor-element elementor-element-d24b3be e-con-full e-flex e-con e-child\" data-id=\"d24b3be\" data-element_type=\"container\" data-e-type=\"container\">\n\t\t\t\t<div class=\"elementor-element elementor-element-7d8c864 elementor-widget elementor-widget-heading\" data-id=\"7d8c864\" data-element_type=\"widget\" data-e-type=\"widget\" data-widget_type=\"heading.default\">\n\t\t\t\t<div class=\"elementor-widget-container\">\n\t\t\t\t\t<h2 class=\"elementor-heading-title elementor-size-default\">Ir<\/h2>\t\t\t\t<\/div>\n\t\t\t\t<\/div>\n\t\t\t\t<div class=\"elementor-element elementor-element-1402777 elementor-grid-1 elementor-grid-tablet-1 elementor-grid-mobile-1 elementor-widget elementor-widget-loop-grid\" data-id=\"1402777\" data-element_type=\"widget\" data-e-type=\"widget\" data-settings=\"{&quot;template_id&quot;:3001,&quot;columns&quot;:1,&quot;pagination_type&quot;:&quot;load_more_on_click&quot;,&quot;columns_tablet&quot;:1,&quot;_skin&quot;:&quot;post&quot;,&quot;columns_mobile&quot;:&quot;1&quot;,&quot;edit_handle_selector&quot;:&quot;[data-elementor-type=\\&quot;loop-item\\&quot;]&quot;,&quot;load_more_spinner&quot;:{&quot;value&quot;:&quot;fas fa-spinner&quot;,&quot;library&quot;:&quot;fa-solid&quot;},&quot;row_gap&quot;:{&quot;unit&quot;:&quot;px&quot;,&quot;size&quot;:&quot;&quot;,&quot;sizes&quot;:[]},&quot;row_gap_tablet&quot;:{&quot;unit&quot;:&quot;px&quot;,&quot;size&quot;:&quot;&quot;,&quot;sizes&quot;:[]},&quot;row_gap_mobile&quot;:{&quot;unit&quot;:&quot;px&quot;,&quot;size&quot;:&quot;&quot;,&quot;sizes&quot;:[]}}\" data-widget_type=\"loop-grid.post\">\n\t\t\t\t<div class=\"elementor-widget-container\">\n\t\t\t\t\t\t\t<div class=\"elementor-loop-container elementor-grid\" role=\"list\">\n\t\t<style id=\"loop-3001\">.elementor-3001 .elementor-element.elementor-element-d3fff95{--display:flex;--flex-direction:row;--container-widget-width:calc( ( 1 - var( --container-widget-flex-grow ) ) * 100% );--container-widget-height:100%;--container-widget-flex-grow:1;--container-widget-align-self:stretch;--flex-wrap-mobile:wrap;--align-items:stretch;--gap:10px 10px;--row-gap:10px;--column-gap:10px;--background-transition:0.3s;box-shadow:0px 0px 10px 0px rgba(0, 0, 0, 0.14);--margin-top:5px;--margin-bottom:5px;--margin-left:5px;--margin-right:5px;--padding-top:25px;--padding-bottom:25px;--padding-left:25px;--padding-right:25px;}.elementor-3001 .elementor-element.elementor-element-d3fff95:not(.elementor-motion-effects-element-type-background), .elementor-3001 .elementor-element.elementor-element-d3fff95 > .elementor-motion-effects-container > .elementor-motion-effects-layer{background-color:#FFFFFF47;}.elementor-3001 .elementor-element.elementor-element-d3fff95:hover{background-color:#FFFFFFBD;}.elementor-3001 .elementor-element.elementor-element-f274729{--display:flex;--gap:5px 5px;--row-gap:5px;--column-gap:5px;}.elementor-3001 .elementor-element.elementor-element-76f83ea{--display:flex;--flex-direction:row;--container-widget-width:calc( ( 1 - var( --container-widget-flex-grow ) ) * 100% );--container-widget-height:100%;--container-widget-flex-grow:1;--container-widget-align-self:stretch;--flex-wrap-mobile:wrap;--align-items:stretch;--gap:10px 10px;--row-gap:10px;--column-gap:10px;--margin-top:0px;--margin-bottom:25px;--margin-left:0px;--margin-right:0px;--padding-top:0px;--padding-bottom:0px;--padding-left:0px;--padding-right:0px;}.elementor-3001 .elementor-element.elementor-element-28e1075{--display:flex;--justify-content:center;--margin-top:0px;--margin-bottom:0px;--margin-left:0px;--margin-right:0px;--padding-top:0px;--padding-bottom:0px;--padding-left:0px;--padding-right:0px;}.elementor-widget-theme-post-featured-image .widget-image-caption{color:var( --e-global-color-text );font-family:var( --e-global-typography-text-font-family ), Sans-serif;font-weight:var( --e-global-typography-text-font-weight );}.elementor-3001 .elementor-element.elementor-element-10c1e69 img{height:130px;object-fit:cover;object-position:center center;}.elementor-3001 .elementor-element.elementor-element-35d10c1{--display:flex;--justify-content:center;--gap:0px 0px;--row-gap:0px;--column-gap:0px;--margin-top:0px;--margin-bottom:0px;--margin-left:0px;--margin-right:0px;--padding-top:0px;--padding-bottom:0px;--padding-left:15px;--padding-right:15px;}.elementor-widget-heading .elementor-heading-title{font-family:var( --e-global-typography-primary-font-family ), Sans-serif;font-weight:var( --e-global-typography-primary-font-weight );color:var( --e-global-color-primary );}.elementor-3001 .elementor-element.elementor-element-5db758f .elementor-heading-title{font-family:\"Lora\", Sans-serif;font-size:1.2rem;font-weight:600;font-style:italic;line-height:1.6rem;color:var( --e-global-color-accent );}.elementor-3001 .elementor-element.elementor-element-5db758f > .elementor-widget-container{margin:0px 0px 0px 0px;padding:0px 0px 0px 0px;}.elementor-3001 .elementor-element.elementor-element-c241a95 .elementor-heading-title{font-family:\"Lora\", Sans-serif;font-size:0.9rem;font-weight:400;line-height:23px;}.elementor-3001 .elementor-element.elementor-element-c241a95 > .elementor-widget-container{margin:0px 0px 0px 0px;padding:0px 0px 0px 0px;}.elementor-3001 .elementor-element.elementor-element-5071b99 .elementor-heading-title{font-family:\"Lora\", Sans-serif;font-size:0.9rem;font-weight:400;line-height:1.3rem;}.elementor-3001 .elementor-element.elementor-element-5071b99 > .elementor-widget-container{margin:-7px 0px -15px 0px;padding:0px 0px 0px 0px;}.elementor-3001 .elementor-element.elementor-element-33e5914 .elementor-heading-title{font-family:\"Lora\", Sans-serif;font-size:0.8rem;font-weight:400;line-height:1.3rem;}.elementor-3001 .elementor-element.elementor-element-33e5914 > .elementor-widget-container{margin:5px 0px -12px 0px;padding:0px 0px 0px 0px;}.elementor-widget-toggle .elementor-toggle-title, .elementor-widget-toggle .elementor-toggle-icon{color:var( --e-global-color-primary );}.elementor-widget-toggle .elementor-toggle-icon svg{fill:var( --e-global-color-primary );}.elementor-widget-toggle .elementor-tab-title.elementor-active a, .elementor-widget-toggle .elementor-tab-title.elementor-active .elementor-toggle-icon{color:var( --e-global-color-accent );}.elementor-widget-toggle .elementor-toggle-title{font-family:var( --e-global-typography-primary-font-family ), Sans-serif;font-weight:var( --e-global-typography-primary-font-weight );}.elementor-widget-toggle .elementor-tab-content{color:var( --e-global-color-text );font-family:var( --e-global-typography-text-font-family ), Sans-serif;font-weight:var( --e-global-typography-text-font-weight );}.elementor-3001 .elementor-element.elementor-element-0a05e2d .elementor-tab-title{border-width:0px;padding:0px 0px 0px 0px;}.elementor-3001 .elementor-element.elementor-element-0a05e2d .elementor-tab-content{border-width:0px;font-family:\"Lora\", Sans-serif;font-weight:400;line-height:1.5rem;}.elementor-3001 .elementor-element.elementor-element-0a05e2d .elementor-toggle-title, .elementor-3001 .elementor-element.elementor-element-0a05e2d .elementor-toggle-icon{color:var( --e-global-color-primary );}.elementor-3001 .elementor-element.elementor-element-0a05e2d .elementor-toggle-icon svg{fill:var( --e-global-color-primary );}.elementor-3001 .elementor-element.elementor-element-0a05e2d .elementor-tab-title.elementor-active a, .elementor-3001 .elementor-element.elementor-element-0a05e2d .elementor-tab-title.elementor-active .elementor-toggle-icon{color:var( --e-global-color-primary );}.elementor-3001 .elementor-element.elementor-element-0a05e2d .elementor-toggle-title{font-family:\"Lora\", Sans-serif;font-weight:400;text-decoration:underline;}.elementor-3001 .elementor-element.elementor-element-0a05e2d > .elementor-widget-container{margin:12px 0px 0px 0px;padding:0px 0px 0px 0px;}.elementor-widget-post-info .elementor-icon-list-item:not(:last-child):after{border-color:var( --e-global-color-text );}.elementor-widget-post-info .elementor-icon-list-icon i{color:var( --e-global-color-primary );}.elementor-widget-post-info .elementor-icon-list-icon svg{fill:var( --e-global-color-primary );}.elementor-widget-post-info .elementor-icon-list-text, .elementor-widget-post-info .elementor-icon-list-text a{color:var( --e-global-color-secondary );}.elementor-widget-post-info .elementor-icon-list-item{font-family:var( --e-global-typography-text-font-family ), Sans-serif;font-weight:var( --e-global-typography-text-font-weight );}.elementor-3001 .elementor-element.elementor-element-add1c07 .elementor-icon-list-icon i{color:var( --e-global-color-accent );font-size:18px;}.elementor-3001 .elementor-element.elementor-element-add1c07 .elementor-icon-list-icon svg{fill:var( --e-global-color-accent );--e-icon-list-icon-size:18px;}.elementor-3001 .elementor-element.elementor-element-add1c07 .elementor-icon-list-icon{width:18px;}.elementor-3001 .elementor-element.elementor-element-add1c07 .elementor-icon-list-text, .elementor-3001 .elementor-element.elementor-element-add1c07 .elementor-icon-list-text a{color:var( --e-global-color-accent );}.elementor-3001 .elementor-element.elementor-element-add1c07 .elementor-icon-list-item{font-family:\"Lora\", Sans-serif;font-size:12px;font-weight:400;line-height:1.4rem;}.elementor-3001 .elementor-element.elementor-element-add1c07 > .elementor-widget-container{margin:12px 0px 0px 0px;padding:5px 5px 5px 5px;}@media(max-width:1024px){.elementor-3001 .elementor-element.elementor-element-76f83ea{--flex-direction:row;--container-widget-width:initial;--container-widget-height:100%;--container-widget-flex-grow:1;--container-widget-align-self:stretch;--flex-wrap-mobile:wrap;--gap:0px 0px;--row-gap:0px;--column-gap:0px;}.elementor-3001 .elementor-element.elementor-element-28e1075{--gap:0px 0px;--row-gap:0px;--column-gap:0px;}.elementor-3001 .elementor-element.elementor-element-35d10c1{--padding-top:0px;--padding-bottom:0px;--padding-left:0px;--padding-right:0px;}}@media(max-width:767px){.elementor-3001 .elementor-element.elementor-element-28e1075{--width:40%;}.elementor-3001 .elementor-element.elementor-element-10c1e69 img{height:150px;}.elementor-3001 .elementor-element.elementor-element-35d10c1{--width:60%;--padding-top:15px;--padding-bottom:0px;--padding-left:15px;--padding-right:0px;}.elementor-3001 .elementor-element.elementor-element-5db758f .elementor-heading-title{font-size:1.2rem;}.elementor-3001 .elementor-element.elementor-element-c241a95 .elementor-heading-title{font-size:0.9rem;}.elementor-3001 .elementor-element.elementor-element-c241a95 > .elementor-widget-container{margin:0px 0px 0px 0px;}.elementor-3001 .elementor-element.elementor-element-5071b99 .elementor-heading-title{font-size:1rem;}.elementor-3001 .elementor-element.elementor-element-5071b99 > .elementor-widget-container{margin:0px 0px 0px 0px;}.elementor-3001 .elementor-element.elementor-element-33e5914 .elementor-heading-title{font-size:0.8rem;}.elementor-3001 .elementor-element.elementor-element-33e5914 > .elementor-widget-container{margin:-8px 0px 0px 0px;}.elementor-3001 .elementor-element.elementor-element-0a05e2d .elementor-toggle-title{font-size:16px;}.elementor-3001 .elementor-element.elementor-element-0a05e2d .elementor-tab-content{font-size:15px;}.elementor-3001 .elementor-element.elementor-element-0a05e2d > .elementor-widget-container{margin:0px 0px 0px 0px;}.elementor-3001 .elementor-element.elementor-element-add1c07 .elementor-icon-list-item{font-size:13px;}}@media(min-width:768px){.elementor-3001 .elementor-element.elementor-element-28e1075{--width:35%;}.elementor-3001 .elementor-element.elementor-element-35d10c1{--width:65%;}}<\/style>\t\t<div data-elementor-type=\"loop-item\" data-elementor-id=\"3001\" class=\"elementor elementor-3001 e-loop-item e-loop-item-4703 post-4703 roteiro type-roteiro status-publish has-post-thumbnail hentry category-ir edicao-edicao-9\" data-elementor-post-type=\"elementor_library\" data-custom-edit-handle=\"1\">\n\t\t\t<article class=\"elementor-element elementor-element-d3fff95 e-flex e-con-boxed e-con e-parent\" data-id=\"d3fff95\" data-element_type=\"container\" data-e-type=\"container\" data-settings=\"{&quot;background_background&quot;:&quot;classic&quot;}\">\n\t\t\t\t\t<div class=\"e-con-inner\">\n\t\t<div class=\"elementor-element elementor-element-f274729 e-con-full e-flex e-con e-child\" data-id=\"f274729\" data-element_type=\"container\" data-e-type=\"container\">\n\t\t<div class=\"elementor-element elementor-element-76f83ea e-con-full e-flex e-con e-child\" data-id=\"76f83ea\" data-element_type=\"container\" data-e-type=\"container\">\n\t\t<div class=\"elementor-element elementor-element-28e1075 e-con-full e-flex e-con e-child\" data-id=\"28e1075\" data-element_type=\"container\" data-e-type=\"container\">\n\t\t\t\t<div class=\"elementor-element elementor-element-10c1e69 elementor-widget elementor-widget-theme-post-featured-image elementor-widget-image\" data-id=\"10c1e69\" data-element_type=\"widget\" data-e-type=\"widget\" data-widget_type=\"theme-post-featured-image.default\">\n\t\t\t\t<div class=\"elementor-widget-container\">\n\t\t\t\t\t\t\t\t\t\t\t\t\t\t\t<img fetchpriority=\"high\" decoding=\"async\" width=\"202\" height=\"249\" src=\"https:\/\/site.veracruz.edu.br\/zumzum\/wp-content\/uploads\/2026\/03\/funk.png\" class=\"attachment-full size-full wp-image-4704\" alt=\"\" \/>\t\t\t\t\t\t\t\t\t\t\t\t\t\t\t<\/div>\n\t\t\t\t<\/div>\n\t\t\t\t<\/div>\n\t\t<div class=\"elementor-element elementor-element-35d10c1 e-con-full e-flex e-con e-child\" data-id=\"35d10c1\" data-element_type=\"container\" data-e-type=\"container\">\n\t\t\t\t<div class=\"elementor-element elementor-element-5db758f elementor-widget elementor-widget-heading\" data-id=\"5db758f\" data-element_type=\"widget\" data-e-type=\"widget\" data-widget_type=\"heading.default\">\n\t\t\t\t<div class=\"elementor-widget-container\">\n\t\t\t\t\t<p class=\"elementor-heading-title elementor-size-default\">Funk: um grito de ousadia e liberdade<\/p>\t\t\t\t<\/div>\n\t\t\t\t<\/div>\n\t\t\t\t<\/div>\n\t\t\t\t<\/div>\n\t\t\t\t<div class=\"elementor-element elementor-element-5071b99 elementor-widget elementor-widget-heading\" data-id=\"5071b99\" data-element_type=\"widget\" data-e-type=\"widget\" data-widget_type=\"heading.default\">\n\t\t\t\t<div class=\"elementor-widget-container\">\n\t\t\t\t\t<span class=\"elementor-heading-title elementor-size-default\"><p><strong>Museu da L\u00edngua Portuguesa<\/strong><\/p>\n<p>Pra\u00e7a da Luz, s\/n\u00ba, Centro<\/p>\n<p><strong>At\u00e9 30 de agosto. Entrada gratuita<\/strong><\/p>\n<\/span>\t\t\t\t<\/div>\n\t\t\t\t<\/div>\n\t\t\t\t<div class=\"elementor-element elementor-element-33e5914 elementor-widget elementor-widget-heading\" data-id=\"33e5914\" data-element_type=\"widget\" data-e-type=\"widget\" data-widget_type=\"heading.default\">\n\t\t\t\t<div class=\"elementor-widget-container\">\n\t\t\t\t\t<span class=\"elementor-heading-title elementor-size-default\"><p><a href=\"https:\/\/www.museudalinguaportuguesa.org.br\/memoria\/exposicoes-temporarias\/funk-um-grito-de-ousadia-e-liberdade\/\">Mais informa\u00e7\u00f5es <\/a><\/p>\n<\/span>\t\t\t\t<\/div>\n\t\t\t\t<\/div>\n\t\t\t\t<div class=\"elementor-element elementor-element-0a05e2d elementor-widget elementor-widget-toggle\" data-id=\"0a05e2d\" data-element_type=\"widget\" data-e-type=\"widget\" data-widget_type=\"toggle.default\">\n\t\t\t\t<div class=\"elementor-widget-container\">\n\t\t\t\t\t\t\t<div class=\"elementor-toggle\">\n\t\t\t\t\t\t\t<div class=\"elementor-toggle-item\">\n\t\t\t\t\t<h6 id=\"elementor-tab-title-1051\" class=\"elementor-tab-title\" data-tab=\"1\" role=\"button\" aria-controls=\"elementor-tab-content-1051\" aria-expanded=\"false\">\n\t\t\t\t\t\t\t\t\t\t\t\t<span class=\"elementor-toggle-icon elementor-toggle-icon-left\" aria-hidden=\"true\">\n\t\t\t\t\t\t\t\t\t\t\t\t\t\t\t<span class=\"elementor-toggle-icon-closed\"><i class=\"fas fa-caret-right\"><\/i><\/span>\n\t\t\t\t\t\t\t\t<span class=\"elementor-toggle-icon-opened\"><i class=\"elementor-toggle-icon-opened fas fa-caret-down\"><\/i><\/span>\n\t\t\t\t\t\t\t\t\t\t\t\t\t<\/span>\n\t\t\t\t\t\t\t\t\t\t\t\t<a class=\"elementor-toggle-title\" tabindex=\"0\">Ler resenha<\/a>\n\t\t\t\t\t<\/h6>\n\n\t\t\t\t\t<div id=\"elementor-tab-content-1051\" class=\"elementor-tab-content elementor-clearfix\" data-tab=\"1\" role=\"region\" aria-labelledby=\"elementor-tab-title-1051\"><p>A exposi\u00e7\u00e3o aborda a hist\u00f3ria do funk, que teve forte influ\u00eancia da m\u00fasica negra estadunidense e g\u00eanese nos bailes black ocorridos no Rio de Janeiro e em S\u00e3o Paulo no fim dos anos 1960. Para al\u00e9m da sonoridade, a proposta \u00e9 debater a dimens\u00e3o coreogr\u00e1fica, as comunidades e os desdobramentos est\u00e9ticos, pol\u00edticos e econ\u00f4micos ao imagin\u00e1rio constitu\u00eddo em torno desse g\u00eanero musical.<\/p>\n<\/div>\n\t\t\t\t<\/div>\n\t\t\t\t\t\t\t\t<\/div>\n\t\t\t\t\t\t<\/div>\n\t\t\t\t<\/div>\n\t\t\t\t<\/div>\n\t\t\t\t\t<\/div>\n\t\t\t\t<\/article>\n\t\t\t\t<\/div>\n\t\t\t\t<div data-elementor-type=\"loop-item\" data-elementor-id=\"3001\" class=\"elementor elementor-3001 e-loop-item e-loop-item-4701 post-4701 roteiro type-roteiro status-publish has-post-thumbnail hentry category-ir edicao-edicao-9\" data-elementor-post-type=\"elementor_library\" data-custom-edit-handle=\"1\">\n\t\t\t<article class=\"elementor-element elementor-element-d3fff95 e-flex e-con-boxed e-con e-parent\" data-id=\"d3fff95\" data-element_type=\"container\" data-e-type=\"container\" data-settings=\"{&quot;background_background&quot;:&quot;classic&quot;}\">\n\t\t\t\t\t<div class=\"e-con-inner\">\n\t\t<div class=\"elementor-element elementor-element-f274729 e-con-full e-flex e-con e-child\" data-id=\"f274729\" data-element_type=\"container\" data-e-type=\"container\">\n\t\t<div class=\"elementor-element elementor-element-76f83ea e-con-full e-flex e-con e-child\" data-id=\"76f83ea\" data-element_type=\"container\" data-e-type=\"container\">\n\t\t<div class=\"elementor-element elementor-element-28e1075 e-con-full e-flex e-con e-child\" data-id=\"28e1075\" data-element_type=\"container\" data-e-type=\"container\">\n\t\t\t\t<div class=\"elementor-element elementor-element-10c1e69 elementor-widget elementor-widget-theme-post-featured-image elementor-widget-image\" data-id=\"10c1e69\" data-element_type=\"widget\" data-e-type=\"widget\" data-widget_type=\"theme-post-featured-image.default\">\n\t\t\t\t<div class=\"elementor-widget-container\">\n\t\t\t\t\t\t\t\t\t\t\t\t\t\t\t<img decoding=\"async\" width=\"201\" height=\"251\" src=\"https:\/\/site.veracruz.edu.br\/zumzum\/wp-content\/uploads\/2026\/03\/vivencias.jpeg\" class=\"attachment-full size-full wp-image-4702\" alt=\"\" \/>\t\t\t\t\t\t\t\t\t\t\t\t\t\t\t<\/div>\n\t\t\t\t<\/div>\n\t\t\t\t<\/div>\n\t\t<div class=\"elementor-element elementor-element-35d10c1 e-con-full e-flex e-con e-child\" data-id=\"35d10c1\" data-element_type=\"container\" data-e-type=\"container\">\n\t\t\t\t<div class=\"elementor-element elementor-element-5db758f elementor-widget elementor-widget-heading\" data-id=\"5db758f\" data-element_type=\"widget\" data-e-type=\"widget\" data-widget_type=\"heading.default\">\n\t\t\t\t<div class=\"elementor-widget-container\">\n\t\t\t\t\t<p class=\"elementor-heading-title elementor-size-default\">Sobre viv\u00eancias<\/p>\t\t\t\t<\/div>\n\t\t\t\t<\/div>\n\t\t\t\t<\/div>\n\t\t\t\t<\/div>\n\t\t\t\t<div class=\"elementor-element elementor-element-5071b99 elementor-widget elementor-widget-heading\" data-id=\"5071b99\" data-element_type=\"widget\" data-e-type=\"widget\" data-widget_type=\"heading.default\">\n\t\t\t\t<div class=\"elementor-widget-container\">\n\t\t\t\t\t<span class=\"elementor-heading-title elementor-size-default\"><p><strong>Museu das Favelas<\/strong><\/p>\n<p>Largo P\u00e1teo do Col\u00e9gio, n\u00ba 148, Centro Hist\u00f3rico<\/p>\n<\/span>\t\t\t\t<\/div>\n\t\t\t\t<\/div>\n\t\t\t\t<div class=\"elementor-element elementor-element-33e5914 elementor-widget elementor-widget-heading\" data-id=\"33e5914\" data-element_type=\"widget\" data-e-type=\"widget\" data-widget_type=\"heading.default\">\n\t\t\t\t<div class=\"elementor-widget-container\">\n\t\t\t\t\t<span class=\"elementor-heading-title elementor-size-default\"><p><a href=\"https:\/\/www.museudasfavelas.org.br\/longa-duracao-sobre-vivencias\/\">Mais informa\u00e7\u00f5es<\/a><\/p>\n<\/span>\t\t\t\t<\/div>\n\t\t\t\t<\/div>\n\t\t\t\t<div class=\"elementor-element elementor-element-0a05e2d elementor-widget elementor-widget-toggle\" data-id=\"0a05e2d\" data-element_type=\"widget\" data-e-type=\"widget\" data-widget_type=\"toggle.default\">\n\t\t\t\t<div class=\"elementor-widget-container\">\n\t\t\t\t\t\t\t<div class=\"elementor-toggle\">\n\t\t\t\t\t\t\t<div class=\"elementor-toggle-item\">\n\t\t\t\t\t<h6 id=\"elementor-tab-title-1051\" class=\"elementor-tab-title\" data-tab=\"1\" role=\"button\" aria-controls=\"elementor-tab-content-1051\" aria-expanded=\"false\">\n\t\t\t\t\t\t\t\t\t\t\t\t<span class=\"elementor-toggle-icon elementor-toggle-icon-left\" aria-hidden=\"true\">\n\t\t\t\t\t\t\t\t\t\t\t\t\t\t\t<span class=\"elementor-toggle-icon-closed\"><i class=\"fas fa-caret-right\"><\/i><\/span>\n\t\t\t\t\t\t\t\t<span class=\"elementor-toggle-icon-opened\"><i class=\"elementor-toggle-icon-opened fas fa-caret-down\"><\/i><\/span>\n\t\t\t\t\t\t\t\t\t\t\t\t\t<\/span>\n\t\t\t\t\t\t\t\t\t\t\t\t<a class=\"elementor-toggle-title\" tabindex=\"0\">Ler resenha<\/a>\n\t\t\t\t\t<\/h6>\n\n\t\t\t\t\t<div id=\"elementor-tab-content-1051\" class=\"elementor-tab-content elementor-clearfix\" data-tab=\"1\" role=\"region\" aria-labelledby=\"elementor-tab-title-1051\"><p>A exposi\u00e7\u00e3o prop\u00f5e uma imers\u00e3o nas m\u00faltiplas dimens\u00f5es da vida nas favelas brasileiras, desde a sua forma\u00e7\u00e3o hist\u00f3rica at\u00e9 as manifesta\u00e7\u00f5es culturais e art\u00edsticas contempor\u00e2neas. Dividida em seis m\u00f3dulos tem\u00e1ticos, a exposi\u00e7\u00e3o re\u00fane obras de artistas perif\u00e9ricos e coletivos que refletem a diversidade e a resili\u00eancia desses territ\u00f3rios. S\u00e3o fotografias, instala\u00e7\u00f5es e salas sensoriais, nas quais arte e tecnologia ajudam o\/a visitante a entrar no universo retratado.<\/p>\n<\/div>\n\t\t\t\t<\/div>\n\t\t\t\t\t\t\t\t<\/div>\n\t\t\t\t\t\t<\/div>\n\t\t\t\t<\/div>\n\t\t\t\t<\/div>\n\t\t\t\t\t<\/div>\n\t\t\t\t<\/article>\n\t\t\t\t<\/div>\n\t\t\t\t<\/div>\n\t\t\t\t\t<span class=\"e-load-more-spinner\">\n\t\t\t\t<i aria-hidden=\"true\" class=\"fas fa-spinner\"><\/i>\t\t\t<\/span>\n\t\t\n\t\t\t\t\t\t<\/div>\n\t\t\t\t<\/div>\n\t\t\t\t<\/div>\n\t\t<div class=\"elementor-element elementor-element-14d3aef e-con-full e-flex e-con e-child\" data-id=\"14d3aef\" data-element_type=\"container\" data-e-type=\"container\">\n\t\t\t\t<div class=\"elementor-element elementor-element-15e5a22 elementor-widget elementor-widget-heading\" data-id=\"15e5a22\" data-element_type=\"widget\" data-e-type=\"widget\" data-widget_type=\"heading.default\">\n\t\t\t\t<div class=\"elementor-widget-container\">\n\t\t\t\t\t<h2 class=\"elementor-heading-title elementor-size-default\">Ler<\/h2>\t\t\t\t<\/div>\n\t\t\t\t<\/div>\n\t\t\t\t<div class=\"elementor-element elementor-element-b22c7b6 elementor-grid-1 elementor-grid-tablet-1 elementor-grid-mobile-1 elementor-widget elementor-widget-loop-grid\" data-id=\"b22c7b6\" data-element_type=\"widget\" data-e-type=\"widget\" data-settings=\"{&quot;template_id&quot;:3001,&quot;columns&quot;:1,&quot;pagination_type&quot;:&quot;load_more_on_click&quot;,&quot;columns_tablet&quot;:1,&quot;_skin&quot;:&quot;post&quot;,&quot;columns_mobile&quot;:&quot;1&quot;,&quot;edit_handle_selector&quot;:&quot;[data-elementor-type=\\&quot;loop-item\\&quot;]&quot;,&quot;load_more_spinner&quot;:{&quot;value&quot;:&quot;fas fa-spinner&quot;,&quot;library&quot;:&quot;fa-solid&quot;},&quot;row_gap&quot;:{&quot;unit&quot;:&quot;px&quot;,&quot;size&quot;:&quot;&quot;,&quot;sizes&quot;:[]},&quot;row_gap_tablet&quot;:{&quot;unit&quot;:&quot;px&quot;,&quot;size&quot;:&quot;&quot;,&quot;sizes&quot;:[]},&quot;row_gap_mobile&quot;:{&quot;unit&quot;:&quot;px&quot;,&quot;size&quot;:&quot;&quot;,&quot;sizes&quot;:[]}}\" data-widget_type=\"loop-grid.post\">\n\t\t\t\t<div class=\"elementor-widget-container\">\n\t\t\t\t\t\t\t<div class=\"elementor-loop-container elementor-grid\" role=\"list\">\n\t\t\t\t<div data-elementor-type=\"loop-item\" data-elementor-id=\"3001\" class=\"elementor elementor-3001 e-loop-item e-loop-item-4721 post-4721 roteiro type-roteiro status-publish has-post-thumbnail hentry category-ler edicao-edicao-9\" data-elementor-post-type=\"elementor_library\" data-custom-edit-handle=\"1\">\n\t\t\t<article class=\"elementor-element elementor-element-d3fff95 e-flex e-con-boxed e-con e-parent\" data-id=\"d3fff95\" data-element_type=\"container\" data-e-type=\"container\" data-settings=\"{&quot;background_background&quot;:&quot;classic&quot;}\">\n\t\t\t\t\t<div class=\"e-con-inner\">\n\t\t<div class=\"elementor-element elementor-element-f274729 e-con-full e-flex e-con e-child\" data-id=\"f274729\" data-element_type=\"container\" data-e-type=\"container\">\n\t\t<div class=\"elementor-element elementor-element-76f83ea e-con-full e-flex e-con e-child\" data-id=\"76f83ea\" data-element_type=\"container\" data-e-type=\"container\">\n\t\t<div class=\"elementor-element elementor-element-28e1075 e-con-full e-flex e-con e-child\" data-id=\"28e1075\" data-element_type=\"container\" data-e-type=\"container\">\n\t\t\t\t<div class=\"elementor-element elementor-element-10c1e69 elementor-widget elementor-widget-theme-post-featured-image elementor-widget-image\" data-id=\"10c1e69\" data-element_type=\"widget\" data-e-type=\"widget\" data-widget_type=\"theme-post-featured-image.default\">\n\t\t\t\t<div class=\"elementor-widget-container\">\n\t\t\t\t\t\t\t\t\t\t\t\t\t\t\t<img decoding=\"async\" width=\"1500\" height=\"2080\" src=\"https:\/\/site.veracruz.edu.br\/zumzum\/wp-content\/uploads\/2026\/03\/emergencia.jpg\" class=\"attachment-full size-full wp-image-4722\" alt=\"\" srcset=\"https:\/\/site.veracruz.edu.br\/zumzum\/wp-content\/uploads\/2026\/03\/emergencia.jpg 1500w, https:\/\/site.veracruz.edu.br\/zumzum\/wp-content\/uploads\/2026\/03\/emergencia-216x300.jpg 216w, https:\/\/site.veracruz.edu.br\/zumzum\/wp-content\/uploads\/2026\/03\/emergencia-738x1024.jpg 738w, https:\/\/site.veracruz.edu.br\/zumzum\/wp-content\/uploads\/2026\/03\/emergencia-768x1065.jpg 768w, https:\/\/site.veracruz.edu.br\/zumzum\/wp-content\/uploads\/2026\/03\/emergencia-1108x1536.jpg 1108w, https:\/\/site.veracruz.edu.br\/zumzum\/wp-content\/uploads\/2026\/03\/emergencia-1477x2048.jpg 1477w\" sizes=\"(max-width: 1500px) 100vw, 1500px\" \/>\t\t\t\t\t\t\t\t\t\t\t\t\t\t\t<\/div>\n\t\t\t\t<\/div>\n\t\t\t\t<\/div>\n\t\t<div class=\"elementor-element elementor-element-35d10c1 e-con-full e-flex e-con e-child\" data-id=\"35d10c1\" data-element_type=\"container\" data-e-type=\"container\">\n\t\t\t\t<div class=\"elementor-element elementor-element-5db758f elementor-widget elementor-widget-heading\" data-id=\"5db758f\" data-element_type=\"widget\" data-e-type=\"widget\" data-widget_type=\"heading.default\">\n\t\t\t\t<div class=\"elementor-widget-container\">\n\t\t\t\t\t<p class=\"elementor-heading-title elementor-size-default\">Emerg\u00eancia clim\u00e1tica<\/p>\t\t\t\t<\/div>\n\t\t\t\t<\/div>\n\t\t\t\t<\/div>\n\t\t\t\t<\/div>\n\t\t\t\t<div class=\"elementor-element elementor-element-5071b99 elementor-widget elementor-widget-heading\" data-id=\"5071b99\" data-element_type=\"widget\" data-e-type=\"widget\" data-widget_type=\"heading.default\">\n\t\t\t\t<div class=\"elementor-widget-container\">\n\t\t\t\t\t<span class=\"elementor-heading-title elementor-size-default\"><p>Autor: Matthew Shirts<\/p>\n<\/span>\t\t\t\t<\/div>\n\t\t\t\t<\/div>\n\t\t\t\t<div class=\"elementor-element elementor-element-0a05e2d elementor-widget elementor-widget-toggle\" data-id=\"0a05e2d\" data-element_type=\"widget\" data-e-type=\"widget\" data-widget_type=\"toggle.default\">\n\t\t\t\t<div class=\"elementor-widget-container\">\n\t\t\t\t\t\t\t<div class=\"elementor-toggle\">\n\t\t\t\t\t\t\t<div class=\"elementor-toggle-item\">\n\t\t\t\t\t<h6 id=\"elementor-tab-title-1051\" class=\"elementor-tab-title\" data-tab=\"1\" role=\"button\" aria-controls=\"elementor-tab-content-1051\" aria-expanded=\"false\">\n\t\t\t\t\t\t\t\t\t\t\t\t<span class=\"elementor-toggle-icon elementor-toggle-icon-left\" aria-hidden=\"true\">\n\t\t\t\t\t\t\t\t\t\t\t\t\t\t\t<span class=\"elementor-toggle-icon-closed\"><i class=\"fas fa-caret-right\"><\/i><\/span>\n\t\t\t\t\t\t\t\t<span class=\"elementor-toggle-icon-opened\"><i class=\"elementor-toggle-icon-opened fas fa-caret-down\"><\/i><\/span>\n\t\t\t\t\t\t\t\t\t\t\t\t\t<\/span>\n\t\t\t\t\t\t\t\t\t\t\t\t<a class=\"elementor-toggle-title\" tabindex=\"0\">Ler resenha<\/a>\n\t\t\t\t\t<\/h6>\n\n\t\t\t\t\t<div id=\"elementor-tab-content-1051\" class=\"elementor-tab-content elementor-clearfix\" data-tab=\"1\" role=\"region\" aria-labelledby=\"elementor-tab-title-1051\"><p>A obra, escrita pelo jornalista ambiental Matthew Shirts, explica em detalhes as causas e consequ\u00eancias das mudan\u00e7as clim\u00e1ticas. Feito para apresentar o tema aos jovens, a obra utiliza elementos visuais como gr\u00e1ficos e fotografias para aprofundar as explica\u00e7\u00f5es sobre o fen\u00f4meno e discutir as poss\u00edveis solu\u00e7\u00f5es para ele.<\/p>\n<\/div>\n\t\t\t\t<\/div>\n\t\t\t\t\t\t\t\t<\/div>\n\t\t\t\t\t\t<\/div>\n\t\t\t\t<\/div>\n\t\t\t\t<div class=\"elementor-element elementor-element-add1c07 elementor-align-left elementor-widget elementor-widget-post-info\" data-id=\"add1c07\" data-element_type=\"widget\" data-e-type=\"widget\" data-widget_type=\"post-info.default\">\n\t\t\t\t<div class=\"elementor-widget-container\">\n\t\t\t\t\t\t\t<ul class=\"elementor-icon-list-items elementor-post-info\">\n\t\t\t\t\t\t\t\t<li class=\"elementor-icon-list-item elementor-repeater-item-06e1e2a\">\n\t\t\t\t\t\t\t\t\t\t<span class=\"elementor-icon-list-icon\">\n\t\t\t\t\t\t\t\t<i aria-hidden=\"true\" class=\"fas fa-bookmark\"><\/i>\t\t\t\t\t\t\t<\/span>\n\t\t\t\t\t\t\t\t\t<span class=\"elementor-icon-list-text elementor-post-info__item elementor-post-info__item--type-custom\">\n\t\t\t\t\t\t\t\t\t\tDispon\u00edvel para empr\u00e9stimo \u00e0 equipe do Vera em nossas Bibliotecas\t\t\t\t\t<\/span>\n\t\t\t\t\t\t\t\t<\/li>\n\t\t\t\t<\/ul>\n\t\t\t\t\t\t<\/div>\n\t\t\t\t<\/div>\n\t\t\t\t<\/div>\n\t\t\t\t\t<\/div>\n\t\t\t\t<\/article>\n\t\t\t\t<\/div>\n\t\t\t\t<div data-elementor-type=\"loop-item\" data-elementor-id=\"3001\" class=\"elementor elementor-3001 e-loop-item e-loop-item-4719 post-4719 roteiro type-roteiro status-publish has-post-thumbnail hentry category-ler edicao-edicao-9\" data-elementor-post-type=\"elementor_library\" data-custom-edit-handle=\"1\">\n\t\t\t<article class=\"elementor-element elementor-element-d3fff95 e-flex e-con-boxed e-con e-parent\" data-id=\"d3fff95\" data-element_type=\"container\" data-e-type=\"container\" data-settings=\"{&quot;background_background&quot;:&quot;classic&quot;}\">\n\t\t\t\t\t<div class=\"e-con-inner\">\n\t\t<div class=\"elementor-element elementor-element-f274729 e-con-full e-flex e-con e-child\" data-id=\"f274729\" data-element_type=\"container\" data-e-type=\"container\">\n\t\t<div class=\"elementor-element elementor-element-76f83ea e-con-full e-flex e-con e-child\" data-id=\"76f83ea\" data-element_type=\"container\" data-e-type=\"container\">\n\t\t<div class=\"elementor-element elementor-element-28e1075 e-con-full e-flex e-con e-child\" data-id=\"28e1075\" data-element_type=\"container\" data-e-type=\"container\">\n\t\t\t\t<div class=\"elementor-element elementor-element-10c1e69 elementor-widget elementor-widget-theme-post-featured-image elementor-widget-image\" data-id=\"10c1e69\" data-element_type=\"widget\" data-e-type=\"widget\" data-widget_type=\"theme-post-featured-image.default\">\n\t\t\t\t<div class=\"elementor-widget-container\">\n\t\t\t\t\t\t\t\t\t\t\t\t\t\t\t<img loading=\"lazy\" decoding=\"async\" width=\"1000\" height=\"1000\" src=\"https:\/\/site.veracruz.edu.br\/zumzum\/wp-content\/uploads\/2026\/03\/ninguem.jpg\" class=\"attachment-full size-full wp-image-4720\" alt=\"\" srcset=\"https:\/\/site.veracruz.edu.br\/zumzum\/wp-content\/uploads\/2026\/03\/ninguem.jpg 1000w, https:\/\/site.veracruz.edu.br\/zumzum\/wp-content\/uploads\/2026\/03\/ninguem-300x300.jpg 300w, https:\/\/site.veracruz.edu.br\/zumzum\/wp-content\/uploads\/2026\/03\/ninguem-150x150.jpg 150w, https:\/\/site.veracruz.edu.br\/zumzum\/wp-content\/uploads\/2026\/03\/ninguem-768x768.jpg 768w\" sizes=\"(max-width: 1000px) 100vw, 1000px\" \/>\t\t\t\t\t\t\t\t\t\t\t\t\t\t\t<\/div>\n\t\t\t\t<\/div>\n\t\t\t\t<\/div>\n\t\t<div class=\"elementor-element elementor-element-35d10c1 e-con-full e-flex e-con e-child\" data-id=\"35d10c1\" data-element_type=\"container\" data-e-type=\"container\">\n\t\t\t\t<div class=\"elementor-element elementor-element-5db758f elementor-widget elementor-widget-heading\" data-id=\"5db758f\" data-element_type=\"widget\" data-e-type=\"widget\" data-widget_type=\"heading.default\">\n\t\t\t\t<div class=\"elementor-widget-container\">\n\t\t\t\t\t<p class=\"elementor-heading-title elementor-size-default\">Ningu\u00e9m \u00e9 pequeno demais para fazer a diferen\u00e7a<\/p>\t\t\t\t<\/div>\n\t\t\t\t<\/div>\n\t\t\t\t<\/div>\n\t\t\t\t<\/div>\n\t\t\t\t<div class=\"elementor-element elementor-element-5071b99 elementor-widget elementor-widget-heading\" data-id=\"5071b99\" data-element_type=\"widget\" data-e-type=\"widget\" data-widget_type=\"heading.default\">\n\t\t\t\t<div class=\"elementor-widget-container\">\n\t\t\t\t\t<span class=\"elementor-heading-title elementor-size-default\"><p>Autora: Jeanette Winter<\/p>\n<\/span>\t\t\t\t<\/div>\n\t\t\t\t<\/div>\n\t\t\t\t<div class=\"elementor-element elementor-element-0a05e2d elementor-widget elementor-widget-toggle\" data-id=\"0a05e2d\" data-element_type=\"widget\" data-e-type=\"widget\" data-widget_type=\"toggle.default\">\n\t\t\t\t<div class=\"elementor-widget-container\">\n\t\t\t\t\t\t\t<div class=\"elementor-toggle\">\n\t\t\t\t\t\t\t<div class=\"elementor-toggle-item\">\n\t\t\t\t\t<h6 id=\"elementor-tab-title-1051\" class=\"elementor-tab-title\" data-tab=\"1\" role=\"button\" aria-controls=\"elementor-tab-content-1051\" aria-expanded=\"false\">\n\t\t\t\t\t\t\t\t\t\t\t\t<span class=\"elementor-toggle-icon elementor-toggle-icon-left\" aria-hidden=\"true\">\n\t\t\t\t\t\t\t\t\t\t\t\t\t\t\t<span class=\"elementor-toggle-icon-closed\"><i class=\"fas fa-caret-right\"><\/i><\/span>\n\t\t\t\t\t\t\t\t<span class=\"elementor-toggle-icon-opened\"><i class=\"elementor-toggle-icon-opened fas fa-caret-down\"><\/i><\/span>\n\t\t\t\t\t\t\t\t\t\t\t\t\t<\/span>\n\t\t\t\t\t\t\t\t\t\t\t\t<a class=\"elementor-toggle-title\" tabindex=\"0\">Ler resenha<\/a>\n\t\t\t\t\t<\/h6>\n\n\t\t\t\t\t<div id=\"elementor-tab-content-1051\" class=\"elementor-tab-content elementor-clearfix\" data-tab=\"1\" role=\"region\" aria-labelledby=\"elementor-tab-title-1051\"><p>O livro apresenta a hist\u00f3ria da jovem Greta Thunberg e explica como uma aula sobre mudan\u00e7as clim\u00e1ticas a levou a se tornar uma das principais ativistas ambientais do planeta. A obra refor\u00e7a a import\u00e2ncia da participa\u00e7\u00e3o de crian\u00e7as e jovens nas discuss\u00f5es sobre o futuro do planeta.<\/p>\n<\/div>\n\t\t\t\t<\/div>\n\t\t\t\t\t\t\t\t<\/div>\n\t\t\t\t\t\t<\/div>\n\t\t\t\t<\/div>\n\t\t\t\t<div class=\"elementor-element elementor-element-add1c07 elementor-align-left elementor-widget elementor-widget-post-info\" data-id=\"add1c07\" data-element_type=\"widget\" data-e-type=\"widget\" data-widget_type=\"post-info.default\">\n\t\t\t\t<div class=\"elementor-widget-container\">\n\t\t\t\t\t\t\t<ul class=\"elementor-icon-list-items elementor-post-info\">\n\t\t\t\t\t\t\t\t<li class=\"elementor-icon-list-item elementor-repeater-item-06e1e2a\">\n\t\t\t\t\t\t\t\t\t\t<span class=\"elementor-icon-list-icon\">\n\t\t\t\t\t\t\t\t<i aria-hidden=\"true\" class=\"fas fa-bookmark\"><\/i>\t\t\t\t\t\t\t<\/span>\n\t\t\t\t\t\t\t\t\t<span class=\"elementor-icon-list-text elementor-post-info__item elementor-post-info__item--type-custom\">\n\t\t\t\t\t\t\t\t\t\tDispon\u00edvel para empr\u00e9stimo \u00e0 equipe do Vera em nossas Bibliotecas\t\t\t\t\t<\/span>\n\t\t\t\t\t\t\t\t<\/li>\n\t\t\t\t<\/ul>\n\t\t\t\t\t\t<\/div>\n\t\t\t\t<\/div>\n\t\t\t\t<\/div>\n\t\t\t\t\t<\/div>\n\t\t\t\t<\/article>\n\t\t\t\t<\/div>\n\t\t\t\t<\/div>\n\t\t\t\t\t<span class=\"e-load-more-spinner\">\n\t\t\t\t<i aria-hidden=\"true\" class=\"fas fa-spinner\"><\/i>\t\t\t<\/span>\n\t\t\n\t\t\t\t<div class=\"e-load-more-anchor\" data-page=\"1\" data-max-page=\"4\" data-next-page=\"https:\/\/site.veracruz.edu.br\/zumzum\/wp-json\/wp\/v2\/pages\/299\/page\/2\/\"><\/div>\n\t\t\t\t<div class=\"e-loop__load-more elementor-button-wrapper\">\n\t\t\t<a class=\"elementor-button elementor-size-sm\" role=\"button\">\n\t\t\t\t\t\t<span class=\"elementor-button-content-wrapper\">\n\t\t\t\t\t\t\t\t\t<span class=\"elementor-button-text\">Carregar mais<\/span>\n\t\t\t\t\t<\/span>\n\t\t\t\t\t<\/a>\n\t\t<\/div>\n\t\t\t\t<div class=\"e-load-more-message\"><\/div>\n\t\t\t\t\t\t<\/div>\n\t\t\t\t<\/div>\n\t\t\t\t<\/div>\n\t\t<div class=\"elementor-element elementor-element-a0e7280 e-con-full e-flex e-con e-child\" data-id=\"a0e7280\" data-element_type=\"container\" data-e-type=\"container\">\n\t\t\t\t<div class=\"elementor-element elementor-element-ee1523f elementor-widget elementor-widget-heading\" data-id=\"ee1523f\" data-element_type=\"widget\" data-e-type=\"widget\" data-widget_type=\"heading.default\">\n\t\t\t\t<div class=\"elementor-widget-container\">\n\t\t\t\t\t<h2 class=\"elementor-heading-title elementor-size-default\">Ver ou ouvir<\/h2>\t\t\t\t<\/div>\n\t\t\t\t<\/div>\n\t\t\t\t<div class=\"elementor-element elementor-element-2e837ec elementor-grid-1 elementor-grid-tablet-1 elementor-grid-mobile-1 elementor-widget elementor-widget-loop-grid\" data-id=\"2e837ec\" data-element_type=\"widget\" data-e-type=\"widget\" data-settings=\"{&quot;template_id&quot;:3001,&quot;columns&quot;:1,&quot;pagination_type&quot;:&quot;load_more_on_click&quot;,&quot;columns_tablet&quot;:1,&quot;_skin&quot;:&quot;post&quot;,&quot;columns_mobile&quot;:&quot;1&quot;,&quot;edit_handle_selector&quot;:&quot;[data-elementor-type=\\&quot;loop-item\\&quot;]&quot;,&quot;load_more_spinner&quot;:{&quot;value&quot;:&quot;fas fa-spinner&quot;,&quot;library&quot;:&quot;fa-solid&quot;},&quot;row_gap&quot;:{&quot;unit&quot;:&quot;px&quot;,&quot;size&quot;:&quot;&quot;,&quot;sizes&quot;:[]},&quot;row_gap_tablet&quot;:{&quot;unit&quot;:&quot;px&quot;,&quot;size&quot;:&quot;&quot;,&quot;sizes&quot;:[]},&quot;row_gap_mobile&quot;:{&quot;unit&quot;:&quot;px&quot;,&quot;size&quot;:&quot;&quot;,&quot;sizes&quot;:[]}}\" data-widget_type=\"loop-grid.post\">\n\t\t\t\t<div class=\"elementor-widget-container\">\n\t\t\t\t\t\t\t<div class=\"elementor-loop-container elementor-grid\" role=\"list\">\n\t\t\t\t<div data-elementor-type=\"loop-item\" data-elementor-id=\"3001\" class=\"elementor elementor-3001 e-loop-item e-loop-item-5176 post-5176 roteiro type-roteiro status-publish has-post-thumbnail hentry category-ver tag-podcast edicao-edicao-9\" data-elementor-post-type=\"elementor_library\" data-custom-edit-handle=\"1\">\n\t\t\t<article class=\"elementor-element elementor-element-d3fff95 e-flex e-con-boxed e-con e-parent\" data-id=\"d3fff95\" data-element_type=\"container\" data-e-type=\"container\" data-settings=\"{&quot;background_background&quot;:&quot;classic&quot;}\">\n\t\t\t\t\t<div class=\"e-con-inner\">\n\t\t<div class=\"elementor-element elementor-element-f274729 e-con-full e-flex e-con e-child\" data-id=\"f274729\" data-element_type=\"container\" data-e-type=\"container\">\n\t\t<div class=\"elementor-element elementor-element-76f83ea e-con-full e-flex e-con e-child\" data-id=\"76f83ea\" data-element_type=\"container\" data-e-type=\"container\">\n\t\t<div class=\"elementor-element elementor-element-28e1075 e-con-full e-flex e-con e-child\" data-id=\"28e1075\" data-element_type=\"container\" data-e-type=\"container\">\n\t\t\t\t<div class=\"elementor-element elementor-element-10c1e69 elementor-widget elementor-widget-theme-post-featured-image elementor-widget-image\" data-id=\"10c1e69\" data-element_type=\"widget\" data-e-type=\"widget\" data-widget_type=\"theme-post-featured-image.default\">\n\t\t\t\t<div class=\"elementor-widget-container\">\n\t\t\t\t\t\t\t\t\t\t\t\t\t\t\t<img loading=\"lazy\" decoding=\"async\" width=\"1280\" height=\"720\" src=\"https:\/\/site.veracruz.edu.br\/zumzum\/wp-content\/uploads\/2026\/04\/palmarina.jpg\" class=\"attachment-full size-full wp-image-5177\" alt=\"\" srcset=\"https:\/\/site.veracruz.edu.br\/zumzum\/wp-content\/uploads\/2026\/04\/palmarina.jpg 1280w, https:\/\/site.veracruz.edu.br\/zumzum\/wp-content\/uploads\/2026\/04\/palmarina-300x169.jpg 300w, https:\/\/site.veracruz.edu.br\/zumzum\/wp-content\/uploads\/2026\/04\/palmarina-1024x576.jpg 1024w, https:\/\/site.veracruz.edu.br\/zumzum\/wp-content\/uploads\/2026\/04\/palmarina-768x432.jpg 768w\" sizes=\"(max-width: 1280px) 100vw, 1280px\" \/>\t\t\t\t\t\t\t\t\t\t\t\t\t\t\t<\/div>\n\t\t\t\t<\/div>\n\t\t\t\t<\/div>\n\t\t<div class=\"elementor-element elementor-element-35d10c1 e-con-full e-flex e-con e-child\" data-id=\"35d10c1\" data-element_type=\"container\" data-e-type=\"container\">\n\t\t\t\t<div class=\"elementor-element elementor-element-5db758f elementor-widget elementor-widget-heading\" data-id=\"5db758f\" data-element_type=\"widget\" data-e-type=\"widget\" data-widget_type=\"heading.default\">\n\t\t\t\t<div class=\"elementor-widget-container\">\n\t\t\t\t\t<p class=\"elementor-heading-title elementor-size-default\">Vida Palmarina<\/p>\t\t\t\t<\/div>\n\t\t\t\t<\/div>\n\t\t\t\t<div class=\"elementor-element elementor-element-c241a95 elementor-widget elementor-widget-heading\" data-id=\"c241a95\" data-element_type=\"widget\" data-e-type=\"widget\" data-widget_type=\"heading.default\">\n\t\t\t\t<div class=\"elementor-widget-container\">\n\t\t\t\t\t<p class=\"elementor-heading-title elementor-size-default\"><span>Podcast<\/span><\/p>\t\t\t\t<\/div>\n\t\t\t\t<\/div>\n\t\t\t\t<\/div>\n\t\t\t\t<\/div>\n\t\t\t\t<div class=\"elementor-element elementor-element-5071b99 elementor-widget elementor-widget-heading\" data-id=\"5071b99\" data-element_type=\"widget\" data-e-type=\"widget\" data-widget_type=\"heading.default\">\n\t\t\t\t<div class=\"elementor-widget-container\">\n\t\t\t\t\t<span class=\"elementor-heading-title elementor-size-default\"><p>Dispon\u00edvel no Spotify e em outros servi\u00e7os de podcast<\/p>\n<\/span>\t\t\t\t<\/div>\n\t\t\t\t<\/div>\n\t\t\t\t<div class=\"elementor-element elementor-element-33e5914 elementor-widget elementor-widget-heading\" data-id=\"33e5914\" data-element_type=\"widget\" data-e-type=\"widget\" data-widget_type=\"heading.default\">\n\t\t\t\t<div class=\"elementor-widget-container\">\n\t\t\t\t\t<span class=\"elementor-heading-title elementor-size-default\"><p><a href=\"https:\/\/open.spotify.com\/episode\/6AyeQZl0kVZLm1PrPs3nIf?si=46ad70b8968d43d4&amp;nd=1&amp;dlsi=4be094b14a314015\" target=\"_blank\" rel=\"noopener\">Acessar podcast<\/a><\/p>\n<\/span>\t\t\t\t<\/div>\n\t\t\t\t<\/div>\n\t\t\t\t<div class=\"elementor-element elementor-element-0a05e2d elementor-widget elementor-widget-toggle\" data-id=\"0a05e2d\" data-element_type=\"widget\" data-e-type=\"widget\" data-widget_type=\"toggle.default\">\n\t\t\t\t<div class=\"elementor-widget-container\">\n\t\t\t\t\t\t\t<div class=\"elementor-toggle\">\n\t\t\t\t\t\t\t<div class=\"elementor-toggle-item\">\n\t\t\t\t\t<h6 id=\"elementor-tab-title-1051\" class=\"elementor-tab-title\" data-tab=\"1\" role=\"button\" aria-controls=\"elementor-tab-content-1051\" aria-expanded=\"false\">\n\t\t\t\t\t\t\t\t\t\t\t\t<span class=\"elementor-toggle-icon elementor-toggle-icon-left\" aria-hidden=\"true\">\n\t\t\t\t\t\t\t\t\t\t\t\t\t\t\t<span class=\"elementor-toggle-icon-closed\"><i class=\"fas fa-caret-right\"><\/i><\/span>\n\t\t\t\t\t\t\t\t<span class=\"elementor-toggle-icon-opened\"><i class=\"elementor-toggle-icon-opened fas fa-caret-down\"><\/i><\/span>\n\t\t\t\t\t\t\t\t\t\t\t\t\t<\/span>\n\t\t\t\t\t\t\t\t\t\t\t\t<a class=\"elementor-toggle-title\" tabindex=\"0\">Ler resenha<\/a>\n\t\t\t\t\t<\/h6>\n\n\t\t\t\t\t<div id=\"elementor-tab-content-1051\" class=\"elementor-tab-content elementor-clearfix\" data-tab=\"1\" role=\"region\" aria-labelledby=\"elementor-tab-title-1051\"><p><span data-olk-copy-source=\"MessageBody\">Podcast narrativo em cinco epis\u00f3dios que vai fundo na hist\u00f3ria do Quilombo dos Palmares, um dos grandes s\u00edmbolos de resist\u00eancia negra no Brasil. Explora sua forma\u00e7\u00e3o e organiza\u00e7\u00e3o social, pol\u00edtica e econ\u00f4mica, revelando como os palmarinos constru\u00edram uma sociedade aut\u00f4noma e complexa. O podcast tamb\u00e9m destaca o protagonismo das mulheres quilombolas, conectando suas trajet\u00f3rias \u00e0s lutas contempor\u00e2neas do movimento negro. E traz o di\u00e1logo para o presente, falando da realidade das mais de 6 mil comunidades quilombolas, incluindo reflex\u00f5es sobre justi\u00e7a clim\u00e1tica.\u00a0<\/span><\/p>\n<\/div>\n\t\t\t\t<\/div>\n\t\t\t\t\t\t\t\t<\/div>\n\t\t\t\t\t\t<\/div>\n\t\t\t\t<\/div>\n\t\t\t\t<\/div>\n\t\t\t\t\t<\/div>\n\t\t\t\t<\/article>\n\t\t\t\t<\/div>\n\t\t\t\t<div data-elementor-type=\"loop-item\" data-elementor-id=\"3001\" class=\"elementor elementor-3001 e-loop-item e-loop-item-4707 post-4707 roteiro type-roteiro status-publish has-post-thumbnail hentry category-ver tag-podcast edicao-edicao-9\" data-elementor-post-type=\"elementor_library\" data-custom-edit-handle=\"1\">\n\t\t\t<article class=\"elementor-element elementor-element-d3fff95 e-flex e-con-boxed e-con e-parent\" data-id=\"d3fff95\" data-element_type=\"container\" data-e-type=\"container\" data-settings=\"{&quot;background_background&quot;:&quot;classic&quot;}\">\n\t\t\t\t\t<div class=\"e-con-inner\">\n\t\t<div class=\"elementor-element elementor-element-f274729 e-con-full e-flex e-con e-child\" data-id=\"f274729\" data-element_type=\"container\" data-e-type=\"container\">\n\t\t<div class=\"elementor-element elementor-element-76f83ea e-con-full e-flex e-con e-child\" data-id=\"76f83ea\" data-element_type=\"container\" data-e-type=\"container\">\n\t\t<div class=\"elementor-element elementor-element-28e1075 e-con-full e-flex e-con e-child\" data-id=\"28e1075\" data-element_type=\"container\" data-e-type=\"container\">\n\t\t\t\t<div class=\"elementor-element elementor-element-10c1e69 elementor-widget elementor-widget-theme-post-featured-image elementor-widget-image\" data-id=\"10c1e69\" data-element_type=\"widget\" data-e-type=\"widget\" data-widget_type=\"theme-post-featured-image.default\">\n\t\t\t\t<div class=\"elementor-widget-container\">\n\t\t\t\t\t\t\t\t\t\t\t\t\t\t\t<img loading=\"lazy\" decoding=\"async\" width=\"625\" height=\"1000\" src=\"https:\/\/site.veracruz.edu.br\/zumzum\/wp-content\/uploads\/2026\/03\/chumbo-soul.jpg\" class=\"attachment-full size-full wp-image-4708\" alt=\"\" srcset=\"https:\/\/site.veracruz.edu.br\/zumzum\/wp-content\/uploads\/2026\/03\/chumbo-soul.jpg 625w, https:\/\/site.veracruz.edu.br\/zumzum\/wp-content\/uploads\/2026\/03\/chumbo-soul-188x300.jpg 188w\" sizes=\"(max-width: 625px) 100vw, 625px\" \/>\t\t\t\t\t\t\t\t\t\t\t\t\t\t\t<\/div>\n\t\t\t\t<\/div>\n\t\t\t\t<\/div>\n\t\t<div class=\"elementor-element elementor-element-35d10c1 e-con-full e-flex e-con e-child\" data-id=\"35d10c1\" data-element_type=\"container\" data-e-type=\"container\">\n\t\t\t\t<div class=\"elementor-element elementor-element-5db758f elementor-widget elementor-widget-heading\" data-id=\"5db758f\" data-element_type=\"widget\" data-e-type=\"widget\" data-widget_type=\"heading.default\">\n\t\t\t\t<div class=\"elementor-widget-container\">\n\t\t\t\t\t<p class=\"elementor-heading-title elementor-size-default\">Chumbo Soul<\/p>\t\t\t\t<\/div>\n\t\t\t\t<\/div>\n\t\t\t\t<div class=\"elementor-element elementor-element-c241a95 elementor-widget elementor-widget-heading\" data-id=\"c241a95\" data-element_type=\"widget\" data-e-type=\"widget\" data-widget_type=\"heading.default\">\n\t\t\t\t<div class=\"elementor-widget-container\">\n\t\t\t\t\t<p class=\"elementor-heading-title elementor-size-default\"><span>Podcast<\/span><\/p>\t\t\t\t<\/div>\n\t\t\t\t<\/div>\n\t\t\t\t<\/div>\n\t\t\t\t<\/div>\n\t\t\t\t<div class=\"elementor-element elementor-element-33e5914 elementor-widget elementor-widget-heading\" data-id=\"33e5914\" data-element_type=\"widget\" data-e-type=\"widget\" data-widget_type=\"heading.default\">\n\t\t\t\t<div class=\"elementor-widget-container\">\n\t\t\t\t\t<span class=\"elementor-heading-title elementor-size-default\"><p>Dispon\u00edvel no Spotify e em outros servi\u00e7os de podcast<\/p>\n<\/span>\t\t\t\t<\/div>\n\t\t\t\t<\/div>\n\t\t\t\t<div class=\"elementor-element elementor-element-0a05e2d elementor-widget elementor-widget-toggle\" data-id=\"0a05e2d\" data-element_type=\"widget\" data-e-type=\"widget\" data-widget_type=\"toggle.default\">\n\t\t\t\t<div class=\"elementor-widget-container\">\n\t\t\t\t\t\t\t<div class=\"elementor-toggle\">\n\t\t\t\t\t\t\t<div class=\"elementor-toggle-item\">\n\t\t\t\t\t<h6 id=\"elementor-tab-title-1051\" class=\"elementor-tab-title\" data-tab=\"1\" role=\"button\" aria-controls=\"elementor-tab-content-1051\" aria-expanded=\"false\">\n\t\t\t\t\t\t\t\t\t\t\t\t<span class=\"elementor-toggle-icon elementor-toggle-icon-left\" aria-hidden=\"true\">\n\t\t\t\t\t\t\t\t\t\t\t\t\t\t\t<span class=\"elementor-toggle-icon-closed\"><i class=\"fas fa-caret-right\"><\/i><\/span>\n\t\t\t\t\t\t\t\t<span class=\"elementor-toggle-icon-opened\"><i class=\"elementor-toggle-icon-opened fas fa-caret-down\"><\/i><\/span>\n\t\t\t\t\t\t\t\t\t\t\t\t\t<\/span>\n\t\t\t\t\t\t\t\t\t\t\t\t<a class=\"elementor-toggle-title\" tabindex=\"0\">Ler resenha<\/a>\n\t\t\t\t\t<\/h6>\n\n\t\t\t\t\t<div id=\"elementor-tab-content-1051\" class=\"elementor-tab-content elementor-clearfix\" data-tab=\"1\" role=\"region\" aria-labelledby=\"elementor-tab-title-1051\"><p>Em oito epis\u00f3dios, a s\u00e9rie <em>Chumbo Soul<\/em> retrata a realidade da popula\u00e7\u00e3o negra durante a ditadura militar, tendo como fio condutor a m\u00fasica. Apresenta os bailes blacks dos anos 1970 e 1980 no Rio de Janeiro e conta como o Ex\u00e9rcito brasileiro olhou para aquilo. Relata a hist\u00f3ria de personagens que n\u00e3o foram parar nos livros de hist\u00f3ria, ainda que estivessem protagonizando movimentos de resist\u00eancia.<\/p>\n<\/div>\n\t\t\t\t<\/div>\n\t\t\t\t\t\t\t\t<\/div>\n\t\t\t\t\t\t<\/div>\n\t\t\t\t<\/div>\n\t\t\t\t<\/div>\n\t\t\t\t\t<\/div>\n\t\t\t\t<\/article>\n\t\t\t\t<\/div>\n\t\t\t\t<\/div>\n\t\t\t\t\t<span class=\"e-load-more-spinner\">\n\t\t\t\t<i aria-hidden=\"true\" class=\"fas fa-spinner\"><\/i>\t\t\t<\/span>\n\t\t\n\t\t\t\t<div class=\"e-load-more-anchor\" data-page=\"1\" data-max-page=\"2\" data-next-page=\"https:\/\/site.veracruz.edu.br\/zumzum\/wp-json\/wp\/v2\/pages\/299\/page\/2\/\"><\/div>\n\t\t\t\t<div class=\"e-loop__load-more elementor-button-wrapper\">\n\t\t\t<a class=\"elementor-button elementor-size-sm\" role=\"button\">\n\t\t\t\t\t\t<span class=\"elementor-button-content-wrapper\">\n\t\t\t\t\t\t\t\t\t<span class=\"elementor-button-text\">Carregar mais<\/span>\n\t\t\t\t\t<\/span>\n\t\t\t\t\t<\/a>\n\t\t<\/div>\n\t\t\t\t<div class=\"e-load-more-message\"><\/div>\n\t\t\t\t\t\t<\/div>\n\t\t\t\t<\/div>\n\t\t\t\t<\/div>\n\t\t\t\t\t<\/div>\n\t\t\t\t<\/div>\n\t\t<div class=\"elementor-element elementor-element-932c4d2 e-flex e-con-boxed e-con e-parent\" data-id=\"932c4d2\" data-element_type=\"container\" data-e-type=\"container\">\n\t\t\t\t\t<div class=\"e-con-inner\">\n\t\t<div class=\"elementor-element elementor-element-52bff50 e-con-full e-flex e-con e-child\" data-id=\"52bff50\" data-element_type=\"container\" data-e-type=\"container\">\n\t\t\t\t<div class=\"elementor-element elementor-element-322d44e elementor-widget elementor-widget-heading\" data-id=\"322d44e\" data-element_type=\"widget\" data-e-type=\"widget\" data-widget_type=\"heading.default\">\n\t\t\t\t<div class=\"elementor-widget-container\">\n\t\t\t\t\t<h2 class=\"elementor-heading-title elementor-size-default\">Edi\u00e7\u00e3o 8<\/h2>\t\t\t\t<\/div>\n\t\t\t\t<\/div>\n\t\t\t\t<\/div>\n\t\t\t\t\t<\/div>\n\t\t\t\t<\/div>\n\t\t<div class=\"elementor-element elementor-element-1a8bdb1 e-flex e-con-boxed e-con e-parent\" data-id=\"1a8bdb1\" data-element_type=\"container\" data-e-type=\"container\">\n\t\t\t\t\t<div class=\"e-con-inner\">\n\t\t<div class=\"elementor-element elementor-element-ed415ec e-con-full e-flex e-con e-child\" data-id=\"ed415ec\" data-element_type=\"container\" data-e-type=\"container\">\n\t\t\t\t<div class=\"elementor-element elementor-element-e7bcc62 elementor-widget elementor-widget-heading\" data-id=\"e7bcc62\" data-element_type=\"widget\" data-e-type=\"widget\" data-widget_type=\"heading.default\">\n\t\t\t\t<div class=\"elementor-widget-container\">\n\t\t\t\t\t<h2 class=\"elementor-heading-title elementor-size-default\">Ir<\/h2>\t\t\t\t<\/div>\n\t\t\t\t<\/div>\n\t\t\t\t<div class=\"elementor-element elementor-element-ca82c9a elementor-grid-1 elementor-grid-tablet-1 elementor-grid-mobile-1 elementor-widget elementor-widget-loop-grid\" data-id=\"ca82c9a\" data-element_type=\"widget\" data-e-type=\"widget\" data-settings=\"{&quot;template_id&quot;:3001,&quot;columns&quot;:1,&quot;pagination_type&quot;:&quot;load_more_on_click&quot;,&quot;columns_tablet&quot;:1,&quot;_skin&quot;:&quot;post&quot;,&quot;columns_mobile&quot;:&quot;1&quot;,&quot;edit_handle_selector&quot;:&quot;[data-elementor-type=\\&quot;loop-item\\&quot;]&quot;,&quot;load_more_spinner&quot;:{&quot;value&quot;:&quot;fas fa-spinner&quot;,&quot;library&quot;:&quot;fa-solid&quot;},&quot;row_gap&quot;:{&quot;unit&quot;:&quot;px&quot;,&quot;size&quot;:&quot;&quot;,&quot;sizes&quot;:[]},&quot;row_gap_tablet&quot;:{&quot;unit&quot;:&quot;px&quot;,&quot;size&quot;:&quot;&quot;,&quot;sizes&quot;:[]},&quot;row_gap_mobile&quot;:{&quot;unit&quot;:&quot;px&quot;,&quot;size&quot;:&quot;&quot;,&quot;sizes&quot;:[]}}\" data-widget_type=\"loop-grid.post\">\n\t\t\t\t<div class=\"elementor-widget-container\">\n\t\t\t\t\t\t\t<div class=\"elementor-loop-container elementor-grid\" role=\"list\">\n\t\t\t\t<div data-elementor-type=\"loop-item\" data-elementor-id=\"3001\" class=\"elementor elementor-3001 e-loop-item e-loop-item-4453 post-4453 roteiro type-roteiro status-publish has-post-thumbnail hentry category-ir tag-exposicao edicao-edicao-8\" data-elementor-post-type=\"elementor_library\" data-custom-edit-handle=\"1\">\n\t\t\t<article class=\"elementor-element elementor-element-d3fff95 e-flex e-con-boxed e-con e-parent\" data-id=\"d3fff95\" data-element_type=\"container\" data-e-type=\"container\" data-settings=\"{&quot;background_background&quot;:&quot;classic&quot;}\">\n\t\t\t\t\t<div class=\"e-con-inner\">\n\t\t<div class=\"elementor-element elementor-element-f274729 e-con-full e-flex e-con e-child\" data-id=\"f274729\" data-element_type=\"container\" data-e-type=\"container\">\n\t\t<div class=\"elementor-element elementor-element-76f83ea e-con-full e-flex e-con e-child\" data-id=\"76f83ea\" data-element_type=\"container\" data-e-type=\"container\">\n\t\t<div class=\"elementor-element elementor-element-28e1075 e-con-full e-flex e-con e-child\" data-id=\"28e1075\" data-element_type=\"container\" data-e-type=\"container\">\n\t\t\t\t<div class=\"elementor-element elementor-element-10c1e69 elementor-widget elementor-widget-theme-post-featured-image elementor-widget-image\" data-id=\"10c1e69\" data-element_type=\"widget\" data-e-type=\"widget\" data-widget_type=\"theme-post-featured-image.default\">\n\t\t\t\t<div class=\"elementor-widget-container\">\n\t\t\t\t\t\t\t\t\t\t\t\t\t\t\t<img loading=\"lazy\" decoding=\"async\" width=\"194\" height=\"259\" src=\"https:\/\/site.veracruz.edu.br\/zumzum\/wp-content\/uploads\/2025\/09\/tempora.jpg\" class=\"attachment-full size-full wp-image-4463\" alt=\"\" \/>\t\t\t\t\t\t\t\t\t\t\t\t\t\t\t<\/div>\n\t\t\t\t<\/div>\n\t\t\t\t<\/div>\n\t\t<div class=\"elementor-element elementor-element-35d10c1 e-con-full e-flex e-con e-child\" data-id=\"35d10c1\" data-element_type=\"container\" data-e-type=\"container\">\n\t\t\t\t<div class=\"elementor-element elementor-element-5db758f elementor-widget elementor-widget-heading\" data-id=\"5db758f\" data-element_type=\"widget\" data-e-type=\"widget\" data-widget_type=\"heading.default\">\n\t\t\t\t<div class=\"elementor-widget-container\">\n\t\t\t\t\t<p class=\"elementor-heading-title elementor-size-default\">Juliana dos Santos: Tempor\u00e3<\/p>\t\t\t\t<\/div>\n\t\t\t\t<\/div>\n\t\t\t\t<div class=\"elementor-element elementor-element-c241a95 elementor-widget elementor-widget-heading\" data-id=\"c241a95\" data-element_type=\"widget\" data-e-type=\"widget\" data-widget_type=\"heading.default\">\n\t\t\t\t<div class=\"elementor-widget-container\">\n\t\t\t\t\t<p class=\"elementor-heading-title elementor-size-default\"><span>Exposi\u00e7\u00e3o<\/span><\/p>\t\t\t\t<\/div>\n\t\t\t\t<\/div>\n\t\t\t\t<\/div>\n\t\t\t\t<\/div>\n\t\t\t\t<div class=\"elementor-element elementor-element-5071b99 elementor-widget elementor-widget-heading\" data-id=\"5071b99\" data-element_type=\"widget\" data-e-type=\"widget\" data-widget_type=\"heading.default\">\n\t\t\t\t<div class=\"elementor-widget-container\">\n\t\t\t\t\t<span class=\"elementor-heading-title elementor-size-default\"><p>Pina Contempor\u00e2nea<\/p>\n<\/span>\t\t\t\t<\/div>\n\t\t\t\t<\/div>\n\t\t\t\t<div class=\"elementor-element elementor-element-33e5914 elementor-widget elementor-widget-heading\" data-id=\"33e5914\" data-element_type=\"widget\" data-e-type=\"widget\" data-widget_type=\"heading.default\">\n\t\t\t\t<div class=\"elementor-widget-container\">\n\t\t\t\t\t<span class=\"elementor-heading-title elementor-size-default\"><p><a href=\"https:\/\/pinacoteca.org.br\/programacao\/exposicoes\/juliana-dos-santos\/\" target=\"_blank\" rel=\"noopener\">Mais informa\u00e7\u00f5es<\/a>.<\/p>\n<\/span>\t\t\t\t<\/div>\n\t\t\t\t<\/div>\n\t\t\t\t<div class=\"elementor-element elementor-element-0a05e2d elementor-widget elementor-widget-toggle\" data-id=\"0a05e2d\" data-element_type=\"widget\" data-e-type=\"widget\" data-widget_type=\"toggle.default\">\n\t\t\t\t<div class=\"elementor-widget-container\">\n\t\t\t\t\t\t\t<div class=\"elementor-toggle\">\n\t\t\t\t\t\t\t<div class=\"elementor-toggle-item\">\n\t\t\t\t\t<h6 id=\"elementor-tab-title-1051\" class=\"elementor-tab-title\" data-tab=\"1\" role=\"button\" aria-controls=\"elementor-tab-content-1051\" aria-expanded=\"false\">\n\t\t\t\t\t\t\t\t\t\t\t\t<span class=\"elementor-toggle-icon elementor-toggle-icon-left\" aria-hidden=\"true\">\n\t\t\t\t\t\t\t\t\t\t\t\t\t\t\t<span class=\"elementor-toggle-icon-closed\"><i class=\"fas fa-caret-right\"><\/i><\/span>\n\t\t\t\t\t\t\t\t<span class=\"elementor-toggle-icon-opened\"><i class=\"elementor-toggle-icon-opened fas fa-caret-down\"><\/i><\/span>\n\t\t\t\t\t\t\t\t\t\t\t\t\t<\/span>\n\t\t\t\t\t\t\t\t\t\t\t\t<a class=\"elementor-toggle-title\" tabindex=\"0\">Ler resenha<\/a>\n\t\t\t\t\t<\/h6>\n\n\t\t\t\t\t<div id=\"elementor-tab-content-1051\" class=\"elementor-tab-content elementor-clearfix\" data-tab=\"1\" role=\"region\" aria-labelledby=\"elementor-tab-title-1051\"><p>Exposi\u00e7\u00e3o solo da artista contempor\u00e2nea cuja pesquisa se situa na interse\u00e7\u00e3o entre arte, hist\u00f3ria e educa\u00e7\u00e3o, com interesse nas maneiras como artistas negros desenvolvem pr\u00e1ticas que desafiam os limites da representa\u00e7\u00e3o. Em suas obras, ela explora pigmentos de origem vegetal para formar pinturas que, por conta da origem natural das tintas, se transformam com o tempo.<\/p>\n<\/div>\n\t\t\t\t<\/div>\n\t\t\t\t\t\t\t\t<\/div>\n\t\t\t\t\t\t<\/div>\n\t\t\t\t<\/div>\n\t\t\t\t<\/div>\n\t\t\t\t\t<\/div>\n\t\t\t\t<\/article>\n\t\t\t\t<\/div>\n\t\t\t\t<div data-elementor-type=\"loop-item\" data-elementor-id=\"3001\" class=\"elementor elementor-3001 e-loop-item e-loop-item-4452 post-4452 roteiro type-roteiro status-publish has-post-thumbnail hentry category-ir tag-exposicao edicao-edicao-8\" data-elementor-post-type=\"elementor_library\" data-custom-edit-handle=\"1\">\n\t\t\t<article class=\"elementor-element elementor-element-d3fff95 e-flex e-con-boxed e-con e-parent\" data-id=\"d3fff95\" data-element_type=\"container\" data-e-type=\"container\" data-settings=\"{&quot;background_background&quot;:&quot;classic&quot;}\">\n\t\t\t\t\t<div class=\"e-con-inner\">\n\t\t<div class=\"elementor-element elementor-element-f274729 e-con-full e-flex e-con e-child\" data-id=\"f274729\" data-element_type=\"container\" data-e-type=\"container\">\n\t\t<div class=\"elementor-element elementor-element-76f83ea e-con-full e-flex e-con e-child\" data-id=\"76f83ea\" data-element_type=\"container\" data-e-type=\"container\">\n\t\t<div class=\"elementor-element elementor-element-28e1075 e-con-full e-flex e-con e-child\" data-id=\"28e1075\" data-element_type=\"container\" data-e-type=\"container\">\n\t\t\t\t<div class=\"elementor-element elementor-element-10c1e69 elementor-widget elementor-widget-theme-post-featured-image elementor-widget-image\" data-id=\"10c1e69\" data-element_type=\"widget\" data-e-type=\"widget\" data-widget_type=\"theme-post-featured-image.default\">\n\t\t\t\t<div class=\"elementor-widget-container\">\n\t\t\t\t\t\t\t\t\t\t\t\t\t\t\t<img loading=\"lazy\" decoding=\"async\" width=\"2560\" height=\"2271\" src=\"https:\/\/site.veracruz.edu.br\/zumzum\/wp-content\/uploads\/2025\/09\/eco-scaled.jpg\" class=\"attachment-full size-full wp-image-4461\" alt=\"\" srcset=\"https:\/\/site.veracruz.edu.br\/zumzum\/wp-content\/uploads\/2025\/09\/eco-scaled.jpg 2560w, https:\/\/site.veracruz.edu.br\/zumzum\/wp-content\/uploads\/2025\/09\/eco-300x266.jpg 300w, https:\/\/site.veracruz.edu.br\/zumzum\/wp-content\/uploads\/2025\/09\/eco-1024x908.jpg 1024w, https:\/\/site.veracruz.edu.br\/zumzum\/wp-content\/uploads\/2025\/09\/eco-768x681.jpg 768w, https:\/\/site.veracruz.edu.br\/zumzum\/wp-content\/uploads\/2025\/09\/eco-1536x1363.jpg 1536w, https:\/\/site.veracruz.edu.br\/zumzum\/wp-content\/uploads\/2025\/09\/eco-2048x1817.jpg 2048w\" sizes=\"(max-width: 2560px) 100vw, 2560px\" \/>\t\t\t\t\t\t\t\t\t\t\t\t\t\t\t<\/div>\n\t\t\t\t<\/div>\n\t\t\t\t<\/div>\n\t\t<div class=\"elementor-element elementor-element-35d10c1 e-con-full e-flex e-con e-child\" data-id=\"35d10c1\" data-element_type=\"container\" data-e-type=\"container\">\n\t\t\t\t<div class=\"elementor-element elementor-element-5db758f elementor-widget elementor-widget-heading\" data-id=\"5db758f\" data-element_type=\"widget\" data-e-type=\"widget\" data-widget_type=\"heading.default\">\n\t\t\t\t<div class=\"elementor-widget-container\">\n\t\t\t\t\t<p class=\"elementor-heading-title elementor-size-default\">Hist\u00f3rias da ecologia<\/p>\t\t\t\t<\/div>\n\t\t\t\t<\/div>\n\t\t\t\t<div class=\"elementor-element elementor-element-c241a95 elementor-widget elementor-widget-heading\" data-id=\"c241a95\" data-element_type=\"widget\" data-e-type=\"widget\" data-widget_type=\"heading.default\">\n\t\t\t\t<div class=\"elementor-widget-container\">\n\t\t\t\t\t<p class=\"elementor-heading-title elementor-size-default\"><span>Exposi\u00e7\u00e3o<\/span><\/p>\t\t\t\t<\/div>\n\t\t\t\t<\/div>\n\t\t\t\t<\/div>\n\t\t\t\t<\/div>\n\t\t\t\t<div class=\"elementor-element elementor-element-5071b99 elementor-widget elementor-widget-heading\" data-id=\"5071b99\" data-element_type=\"widget\" data-e-type=\"widget\" data-widget_type=\"heading.default\">\n\t\t\t\t<div class=\"elementor-widget-container\">\n\t\t\t\t\t<span class=\"elementor-heading-title elementor-size-default\"><p>MASP<\/p>\n<\/span>\t\t\t\t<\/div>\n\t\t\t\t<\/div>\n\t\t\t\t<div class=\"elementor-element elementor-element-33e5914 elementor-widget elementor-widget-heading\" data-id=\"33e5914\" data-element_type=\"widget\" data-e-type=\"widget\" data-widget_type=\"heading.default\">\n\t\t\t\t<div class=\"elementor-widget-container\">\n\t\t\t\t\t<span class=\"elementor-heading-title elementor-size-default\"><p><a href=\"https:\/\/masp.org.br\/exposicoes\/historias-da-ecologia\" target=\"_blank\" rel=\"noopener\">Mais informa\u00e7\u00f5es<\/a>.<\/p>\n<\/span>\t\t\t\t<\/div>\n\t\t\t\t<\/div>\n\t\t\t\t<div class=\"elementor-element elementor-element-0a05e2d elementor-widget elementor-widget-toggle\" data-id=\"0a05e2d\" data-element_type=\"widget\" data-e-type=\"widget\" data-widget_type=\"toggle.default\">\n\t\t\t\t<div class=\"elementor-widget-container\">\n\t\t\t\t\t\t\t<div class=\"elementor-toggle\">\n\t\t\t\t\t\t\t<div class=\"elementor-toggle-item\">\n\t\t\t\t\t<h6 id=\"elementor-tab-title-1051\" class=\"elementor-tab-title\" data-tab=\"1\" role=\"button\" aria-controls=\"elementor-tab-content-1051\" aria-expanded=\"false\">\n\t\t\t\t\t\t\t\t\t\t\t\t<span class=\"elementor-toggle-icon elementor-toggle-icon-left\" aria-hidden=\"true\">\n\t\t\t\t\t\t\t\t\t\t\t\t\t\t\t<span class=\"elementor-toggle-icon-closed\"><i class=\"fas fa-caret-right\"><\/i><\/span>\n\t\t\t\t\t\t\t\t<span class=\"elementor-toggle-icon-opened\"><i class=\"elementor-toggle-icon-opened fas fa-caret-down\"><\/i><\/span>\n\t\t\t\t\t\t\t\t\t\t\t\t\t<\/span>\n\t\t\t\t\t\t\t\t\t\t\t\t<a class=\"elementor-toggle-title\" tabindex=\"0\">Ler resenha<\/a>\n\t\t\t\t\t<\/h6>\n\n\t\t\t\t\t<div id=\"elementor-tab-content-1051\" class=\"elementor-tab-content elementor-clearfix\" data-tab=\"1\" role=\"region\" aria-labelledby=\"elementor-tab-title-1051\"><p>A exposi\u00e7\u00e3o expande o conceito de ecologia, analisando, por meio do trabalho de artistas, ativistas e movimentos sociais, as rela\u00e7\u00f5es entre seres humanos e mais-que-humanos \u2014 que incluem animais, plantas, rios, florestas, montanhas e fungos. Muitas obras revelam n\u00e3o apenas os efeitos, mas tamb\u00e9m as ra\u00edzes hist\u00f3ricas do colonialismo, do racismo ambiental e do capitalismo global sobre corpos, territ\u00f3rios e ecossistemas.<\/p>\n<\/div>\n\t\t\t\t<\/div>\n\t\t\t\t\t\t\t\t<\/div>\n\t\t\t\t\t\t<\/div>\n\t\t\t\t<\/div>\n\t\t\t\t<\/div>\n\t\t\t\t\t<\/div>\n\t\t\t\t<\/article>\n\t\t\t\t<\/div>\n\t\t\t\t<\/div>\n\t\t\t\t\t<span class=\"e-load-more-spinner\">\n\t\t\t\t<i aria-hidden=\"true\" class=\"fas fa-spinner\"><\/i>\t\t\t<\/span>\n\t\t\n\t\t\t\t<div class=\"e-load-more-anchor\" data-page=\"1\" data-max-page=\"2\" data-next-page=\"https:\/\/site.veracruz.edu.br\/zumzum\/wp-json\/wp\/v2\/pages\/299\/page\/2\/\"><\/div>\n\t\t\t\t<div class=\"e-loop__load-more elementor-button-wrapper\">\n\t\t\t<a class=\"elementor-button elementor-size-sm\" role=\"button\">\n\t\t\t\t\t\t<span class=\"elementor-button-content-wrapper\">\n\t\t\t\t\t\t\t\t\t<span class=\"elementor-button-text\">Carregar mais<\/span>\n\t\t\t\t\t<\/span>\n\t\t\t\t\t<\/a>\n\t\t<\/div>\n\t\t\t\t<div class=\"e-load-more-message\"><\/div>\n\t\t\t\t\t\t<\/div>\n\t\t\t\t<\/div>\n\t\t\t\t<\/div>\n\t\t<div class=\"elementor-element elementor-element-ad0ae19 e-con-full e-flex e-con e-child\" data-id=\"ad0ae19\" data-element_type=\"container\" data-e-type=\"container\">\n\t\t\t\t<div class=\"elementor-element elementor-element-be432fc elementor-widget elementor-widget-heading\" data-id=\"be432fc\" data-element_type=\"widget\" data-e-type=\"widget\" data-widget_type=\"heading.default\">\n\t\t\t\t<div class=\"elementor-widget-container\">\n\t\t\t\t\t<h2 class=\"elementor-heading-title elementor-size-default\">Ler<\/h2>\t\t\t\t<\/div>\n\t\t\t\t<\/div>\n\t\t\t\t<div class=\"elementor-element elementor-element-77acd33 elementor-grid-1 elementor-grid-tablet-1 elementor-grid-mobile-1 elementor-widget elementor-widget-loop-grid\" data-id=\"77acd33\" data-element_type=\"widget\" data-e-type=\"widget\" data-settings=\"{&quot;template_id&quot;:3001,&quot;columns&quot;:1,&quot;pagination_type&quot;:&quot;load_more_on_click&quot;,&quot;columns_tablet&quot;:1,&quot;_skin&quot;:&quot;post&quot;,&quot;columns_mobile&quot;:&quot;1&quot;,&quot;edit_handle_selector&quot;:&quot;[data-elementor-type=\\&quot;loop-item\\&quot;]&quot;,&quot;load_more_spinner&quot;:{&quot;value&quot;:&quot;fas fa-spinner&quot;,&quot;library&quot;:&quot;fa-solid&quot;},&quot;row_gap&quot;:{&quot;unit&quot;:&quot;px&quot;,&quot;size&quot;:&quot;&quot;,&quot;sizes&quot;:[]},&quot;row_gap_tablet&quot;:{&quot;unit&quot;:&quot;px&quot;,&quot;size&quot;:&quot;&quot;,&quot;sizes&quot;:[]},&quot;row_gap_mobile&quot;:{&quot;unit&quot;:&quot;px&quot;,&quot;size&quot;:&quot;&quot;,&quot;sizes&quot;:[]}}\" data-widget_type=\"loop-grid.post\">\n\t\t\t\t<div class=\"elementor-widget-container\">\n\t\t\t\t\t\t\t<div class=\"elementor-loop-container elementor-grid\" role=\"list\">\n\t\t\t\t<div data-elementor-type=\"loop-item\" data-elementor-id=\"3001\" class=\"elementor elementor-3001 e-loop-item e-loop-item-4455 post-4455 roteiro type-roteiro status-publish has-post-thumbnail hentry category-ler tag-nao-ficcao edicao-edicao-8\" data-elementor-post-type=\"elementor_library\" data-custom-edit-handle=\"1\">\n\t\t\t<article class=\"elementor-element elementor-element-d3fff95 e-flex e-con-boxed e-con e-parent\" data-id=\"d3fff95\" data-element_type=\"container\" data-e-type=\"container\" data-settings=\"{&quot;background_background&quot;:&quot;classic&quot;}\">\n\t\t\t\t\t<div class=\"e-con-inner\">\n\t\t<div class=\"elementor-element elementor-element-f274729 e-con-full e-flex e-con e-child\" data-id=\"f274729\" data-element_type=\"container\" data-e-type=\"container\">\n\t\t<div class=\"elementor-element elementor-element-76f83ea e-con-full e-flex e-con e-child\" data-id=\"76f83ea\" data-element_type=\"container\" data-e-type=\"container\">\n\t\t<div class=\"elementor-element elementor-element-28e1075 e-con-full e-flex e-con e-child\" data-id=\"28e1075\" data-element_type=\"container\" data-e-type=\"container\">\n\t\t\t\t<div class=\"elementor-element elementor-element-10c1e69 elementor-widget elementor-widget-theme-post-featured-image elementor-widget-image\" data-id=\"10c1e69\" data-element_type=\"widget\" data-e-type=\"widget\" data-widget_type=\"theme-post-featured-image.default\">\n\t\t\t\t<div class=\"elementor-widget-container\">\n\t\t\t\t\t\t\t\t\t\t\t\t\t\t\t<img loading=\"lazy\" decoding=\"async\" width=\"667\" height=\"1000\" src=\"https:\/\/site.veracruz.edu.br\/zumzum\/wp-content\/uploads\/2025\/09\/pele.jpg\" class=\"attachment-full size-full wp-image-4465\" alt=\"\" srcset=\"https:\/\/site.veracruz.edu.br\/zumzum\/wp-content\/uploads\/2025\/09\/pele.jpg 667w, https:\/\/site.veracruz.edu.br\/zumzum\/wp-content\/uploads\/2025\/09\/pele-200x300.jpg 200w\" sizes=\"(max-width: 667px) 100vw, 667px\" \/>\t\t\t\t\t\t\t\t\t\t\t\t\t\t\t<\/div>\n\t\t\t\t<\/div>\n\t\t\t\t<\/div>\n\t\t<div class=\"elementor-element elementor-element-35d10c1 e-con-full e-flex e-con e-child\" data-id=\"35d10c1\" data-element_type=\"container\" data-e-type=\"container\">\n\t\t\t\t<div class=\"elementor-element elementor-element-5db758f elementor-widget elementor-widget-heading\" data-id=\"5db758f\" data-element_type=\"widget\" data-e-type=\"widget\" data-widget_type=\"heading.default\">\n\t\t\t\t<div class=\"elementor-widget-container\">\n\t\t\t\t\t<p class=\"elementor-heading-title elementor-size-default\">Na nossa pele: continuando a conversa<\/p>\t\t\t\t<\/div>\n\t\t\t\t<\/div>\n\t\t\t\t<div class=\"elementor-element elementor-element-c241a95 elementor-widget elementor-widget-heading\" data-id=\"c241a95\" data-element_type=\"widget\" data-e-type=\"widget\" data-widget_type=\"heading.default\">\n\t\t\t\t<div class=\"elementor-widget-container\">\n\t\t\t\t\t<p class=\"elementor-heading-title elementor-size-default\"><span>N\u00e3o fic\u00e7\u00e3o<\/span><\/p>\t\t\t\t<\/div>\n\t\t\t\t<\/div>\n\t\t\t\t<\/div>\n\t\t\t\t<\/div>\n\t\t\t\t<div class=\"elementor-element elementor-element-5071b99 elementor-widget elementor-widget-heading\" data-id=\"5071b99\" data-element_type=\"widget\" data-e-type=\"widget\" data-widget_type=\"heading.default\">\n\t\t\t\t<div class=\"elementor-widget-container\">\n\t\t\t\t\t<span class=\"elementor-heading-title elementor-size-default\"><p>Autor: L\u00e1zaro Ramos<\/p>\n<\/span>\t\t\t\t<\/div>\n\t\t\t\t<\/div>\n\t\t\t\t<div class=\"elementor-element elementor-element-33e5914 elementor-widget elementor-widget-heading\" data-id=\"33e5914\" data-element_type=\"widget\" data-e-type=\"widget\" data-widget_type=\"heading.default\">\n\t\t\t\t<div class=\"elementor-widget-container\">\n\t\t\t\t\t<span class=\"elementor-heading-title elementor-size-default\"><p><a href=\"https:\/\/www.companhiadasletras.com.br\/livro\/9788539008551\/na-nossa-pele\">Veja no site da editora<\/a>.<\/p>\n<\/span>\t\t\t\t<\/div>\n\t\t\t\t<\/div>\n\t\t\t\t<div class=\"elementor-element elementor-element-0a05e2d elementor-widget elementor-widget-toggle\" data-id=\"0a05e2d\" data-element_type=\"widget\" data-e-type=\"widget\" data-widget_type=\"toggle.default\">\n\t\t\t\t<div class=\"elementor-widget-container\">\n\t\t\t\t\t\t\t<div class=\"elementor-toggle\">\n\t\t\t\t\t\t\t<div class=\"elementor-toggle-item\">\n\t\t\t\t\t<h6 id=\"elementor-tab-title-1051\" class=\"elementor-tab-title\" data-tab=\"1\" role=\"button\" aria-controls=\"elementor-tab-content-1051\" aria-expanded=\"false\">\n\t\t\t\t\t\t\t\t\t\t\t\t<span class=\"elementor-toggle-icon elementor-toggle-icon-left\" aria-hidden=\"true\">\n\t\t\t\t\t\t\t\t\t\t\t\t\t\t\t<span class=\"elementor-toggle-icon-closed\"><i class=\"fas fa-caret-right\"><\/i><\/span>\n\t\t\t\t\t\t\t\t<span class=\"elementor-toggle-icon-opened\"><i class=\"elementor-toggle-icon-opened fas fa-caret-down\"><\/i><\/span>\n\t\t\t\t\t\t\t\t\t\t\t\t\t<\/span>\n\t\t\t\t\t\t\t\t\t\t\t\t<a class=\"elementor-toggle-title\" tabindex=\"0\">Ler resenha<\/a>\n\t\t\t\t\t<\/h6>\n\n\t\t\t\t\t<div id=\"elementor-tab-content-1051\" class=\"elementor-tab-content elementor-clearfix\" data-tab=\"1\" role=\"region\" aria-labelledby=\"elementor-tab-title-1051\"><p>Neste livro, um L\u00e1zaro mais maduro entrela\u00e7a fatos de sua vida \u00edntima com reflex\u00f5es sobre o of\u00edcio de artista e outros temas como as pautas raciais, emancipa\u00e7\u00e3o e mobilidade social. Ao estabelecer uma ponte com in\u00fameras outras personalidades negras, mostra como seus pensamentos e a\u00e7\u00f5es s\u00e3o forjados numa mesma ancestralidade. Assim, s\u00e3o muitas as vozes que habitam as p\u00e1ginas deste livro. A mais importante delas \u00e9 a de sua m\u00e3e, que faleceu quando ele tinha apenas dezoito anos.<\/p>\n<\/div>\n\t\t\t\t<\/div>\n\t\t\t\t\t\t\t\t<\/div>\n\t\t\t\t\t\t<\/div>\n\t\t\t\t<\/div>\n\t\t\t\t<\/div>\n\t\t\t\t\t<\/div>\n\t\t\t\t<\/article>\n\t\t\t\t<\/div>\n\t\t\t\t<div data-elementor-type=\"loop-item\" data-elementor-id=\"3001\" class=\"elementor elementor-3001 e-loop-item e-loop-item-4454 post-4454 roteiro type-roteiro status-publish has-post-thumbnail hentry category-ler tag-formacao-de-educadores edicao-edicao-8\" data-elementor-post-type=\"elementor_library\" data-custom-edit-handle=\"1\">\n\t\t\t<article class=\"elementor-element elementor-element-d3fff95 e-flex e-con-boxed e-con e-parent\" data-id=\"d3fff95\" data-element_type=\"container\" data-e-type=\"container\" data-settings=\"{&quot;background_background&quot;:&quot;classic&quot;}\">\n\t\t\t\t\t<div class=\"e-con-inner\">\n\t\t<div class=\"elementor-element elementor-element-f274729 e-con-full e-flex e-con e-child\" data-id=\"f274729\" data-element_type=\"container\" data-e-type=\"container\">\n\t\t<div class=\"elementor-element elementor-element-76f83ea e-con-full e-flex e-con e-child\" data-id=\"76f83ea\" data-element_type=\"container\" data-e-type=\"container\">\n\t\t<div class=\"elementor-element elementor-element-28e1075 e-con-full e-flex e-con e-child\" data-id=\"28e1075\" data-element_type=\"container\" data-e-type=\"container\">\n\t\t\t\t<div class=\"elementor-element elementor-element-10c1e69 elementor-widget elementor-widget-theme-post-featured-image elementor-widget-image\" data-id=\"10c1e69\" data-element_type=\"widget\" data-e-type=\"widget\" data-widget_type=\"theme-post-featured-image.default\">\n\t\t\t\t<div class=\"elementor-widget-container\">\n\t\t\t\t\t\t\t\t\t\t\t\t\t\t\t<img loading=\"lazy\" decoding=\"async\" width=\"1707\" height=\"2560\" src=\"https:\/\/site.veracruz.edu.br\/zumzum\/wp-content\/uploads\/2025\/09\/democ.jpg\" class=\"attachment-full size-full wp-image-4464\" alt=\"\" srcset=\"https:\/\/site.veracruz.edu.br\/zumzum\/wp-content\/uploads\/2025\/09\/democ.jpg 1707w, https:\/\/site.veracruz.edu.br\/zumzum\/wp-content\/uploads\/2025\/09\/democ-200x300.jpg 200w, https:\/\/site.veracruz.edu.br\/zumzum\/wp-content\/uploads\/2025\/09\/democ-683x1024.jpg 683w, https:\/\/site.veracruz.edu.br\/zumzum\/wp-content\/uploads\/2025\/09\/democ-768x1152.jpg 768w, https:\/\/site.veracruz.edu.br\/zumzum\/wp-content\/uploads\/2025\/09\/democ-1024x1536.jpg 1024w, https:\/\/site.veracruz.edu.br\/zumzum\/wp-content\/uploads\/2025\/09\/democ-1366x2048.jpg 1366w\" sizes=\"(max-width: 1707px) 100vw, 1707px\" \/>\t\t\t\t\t\t\t\t\t\t\t\t\t\t\t<\/div>\n\t\t\t\t<\/div>\n\t\t\t\t<\/div>\n\t\t<div class=\"elementor-element elementor-element-35d10c1 e-con-full e-flex e-con e-child\" data-id=\"35d10c1\" data-element_type=\"container\" data-e-type=\"container\">\n\t\t\t\t<div class=\"elementor-element elementor-element-5db758f elementor-widget elementor-widget-heading\" data-id=\"5db758f\" data-element_type=\"widget\" data-e-type=\"widget\" data-widget_type=\"heading.default\">\n\t\t\t\t<div class=\"elementor-widget-container\">\n\t\t\t\t\t<p class=\"elementor-heading-title elementor-size-default\">Democratiza\u00e7\u00e3o do colo: educa\u00e7\u00e3o antirracista para e com beb\u00eas e crian\u00e7as pequenas<\/p>\t\t\t\t<\/div>\n\t\t\t\t<\/div>\n\t\t\t\t<div class=\"elementor-element elementor-element-c241a95 elementor-widget elementor-widget-heading\" data-id=\"c241a95\" data-element_type=\"widget\" data-e-type=\"widget\" data-widget_type=\"heading.default\">\n\t\t\t\t<div class=\"elementor-widget-container\">\n\t\t\t\t\t<p class=\"elementor-heading-title elementor-size-default\"><span>Forma\u00e7\u00e3o de educadores<\/span><\/p>\t\t\t\t<\/div>\n\t\t\t\t<\/div>\n\t\t\t\t<\/div>\n\t\t\t\t<\/div>\n\t\t\t\t<div class=\"elementor-element elementor-element-5071b99 elementor-widget elementor-widget-heading\" data-id=\"5071b99\" data-element_type=\"widget\" data-e-type=\"widget\" data-widget_type=\"heading.default\">\n\t\t\t\t<div class=\"elementor-widget-container\">\n\t\t\t\t\t<span class=\"elementor-heading-title elementor-size-default\"><p>Autora: Jussara Santos<\/p>\n<\/span>\t\t\t\t<\/div>\n\t\t\t\t<\/div>\n\t\t\t\t<div class=\"elementor-element elementor-element-33e5914 elementor-widget elementor-widget-heading\" data-id=\"33e5914\" data-element_type=\"widget\" data-e-type=\"widget\" data-widget_type=\"heading.default\">\n\t\t\t\t<div class=\"elementor-widget-container\">\n\t\t\t\t\t<span class=\"elementor-heading-title elementor-size-default\"><p><a href=\"https:\/\/papirus.com.br\/produto\/democratizacao-do-colo-educacao-antirracista-para-e-com-bebes-e-criancas-pequenas\/\">Veja no site da editora<\/a><\/p>\n<\/span>\t\t\t\t<\/div>\n\t\t\t\t<\/div>\n\t\t\t\t<div class=\"elementor-element elementor-element-0a05e2d elementor-widget elementor-widget-toggle\" data-id=\"0a05e2d\" data-element_type=\"widget\" data-e-type=\"widget\" data-widget_type=\"toggle.default\">\n\t\t\t\t<div class=\"elementor-widget-container\">\n\t\t\t\t\t\t\t<div class=\"elementor-toggle\">\n\t\t\t\t\t\t\t<div class=\"elementor-toggle-item\">\n\t\t\t\t\t<h6 id=\"elementor-tab-title-1051\" class=\"elementor-tab-title\" data-tab=\"1\" role=\"button\" aria-controls=\"elementor-tab-content-1051\" aria-expanded=\"false\">\n\t\t\t\t\t\t\t\t\t\t\t\t<span class=\"elementor-toggle-icon elementor-toggle-icon-left\" aria-hidden=\"true\">\n\t\t\t\t\t\t\t\t\t\t\t\t\t\t\t<span class=\"elementor-toggle-icon-closed\"><i class=\"fas fa-caret-right\"><\/i><\/span>\n\t\t\t\t\t\t\t\t<span class=\"elementor-toggle-icon-opened\"><i class=\"elementor-toggle-icon-opened fas fa-caret-down\"><\/i><\/span>\n\t\t\t\t\t\t\t\t\t\t\t\t\t<\/span>\n\t\t\t\t\t\t\t\t\t\t\t\t<a class=\"elementor-toggle-title\" tabindex=\"0\">Ler resenha<\/a>\n\t\t\t\t\t<\/h6>\n\n\t\t\t\t\t<div id=\"elementor-tab-content-1051\" class=\"elementor-tab-content elementor-clearfix\" data-tab=\"1\" role=\"region\" aria-labelledby=\"elementor-tab-title-1051\"><p>O livro \u00e9 fruto de escuta realizada durante os 20 anos em que a autora atuou na Educa\u00e7\u00e3o Infantil. Pesquisas indicam que, historicamente, beb\u00eas negros ganharam e ganham menos colo e precisam ser mais independentes, uma vez que suas presen\u00e7as s\u00e3o ostracizadas em institui\u00e7\u00f5es educacionais. A obra faz uma convoca\u00e7\u00e3o para que o colo seja direito de beb\u00eas e crian\u00e7as negras, migrantes, ind\u00edgenas, brancas.<\/p>\n<\/div>\n\t\t\t\t<\/div>\n\t\t\t\t\t\t\t\t<\/div>\n\t\t\t\t\t\t<\/div>\n\t\t\t\t<\/div>\n\t\t\t\t<\/div>\n\t\t\t\t\t<\/div>\n\t\t\t\t<\/article>\n\t\t\t\t<\/div>\n\t\t\t\t<\/div>\n\t\t\t\t\t<span class=\"e-load-more-spinner\">\n\t\t\t\t<i aria-hidden=\"true\" class=\"fas fa-spinner\"><\/i>\t\t\t<\/span>\n\t\t\n\t\t\t\t\t\t<\/div>\n\t\t\t\t<\/div>\n\t\t\t\t<\/div>\n\t\t<div class=\"elementor-element elementor-element-a332682 e-con-full e-flex e-con e-child\" data-id=\"a332682\" data-element_type=\"container\" data-e-type=\"container\">\n\t\t\t\t<div class=\"elementor-element elementor-element-2135d5f elementor-widget elementor-widget-heading\" data-id=\"2135d5f\" data-element_type=\"widget\" data-e-type=\"widget\" data-widget_type=\"heading.default\">\n\t\t\t\t<div class=\"elementor-widget-container\">\n\t\t\t\t\t<h2 class=\"elementor-heading-title elementor-size-default\">Ver ou ouvir<\/h2>\t\t\t\t<\/div>\n\t\t\t\t<\/div>\n\t\t\t\t<div class=\"elementor-element elementor-element-070ff11 elementor-grid-1 elementor-grid-tablet-2 elementor-grid-mobile-1 elementor-widget elementor-widget-loop-grid\" data-id=\"070ff11\" data-element_type=\"widget\" data-e-type=\"widget\" data-settings=\"{&quot;template_id&quot;:3001,&quot;columns&quot;:1,&quot;pagination_type&quot;:&quot;load_more_on_click&quot;,&quot;_skin&quot;:&quot;post&quot;,&quot;columns_tablet&quot;:&quot;2&quot;,&quot;columns_mobile&quot;:&quot;1&quot;,&quot;edit_handle_selector&quot;:&quot;[data-elementor-type=\\&quot;loop-item\\&quot;]&quot;,&quot;load_more_spinner&quot;:{&quot;value&quot;:&quot;fas fa-spinner&quot;,&quot;library&quot;:&quot;fa-solid&quot;},&quot;row_gap&quot;:{&quot;unit&quot;:&quot;px&quot;,&quot;size&quot;:&quot;&quot;,&quot;sizes&quot;:[]},&quot;row_gap_tablet&quot;:{&quot;unit&quot;:&quot;px&quot;,&quot;size&quot;:&quot;&quot;,&quot;sizes&quot;:[]},&quot;row_gap_mobile&quot;:{&quot;unit&quot;:&quot;px&quot;,&quot;size&quot;:&quot;&quot;,&quot;sizes&quot;:[]}}\" data-widget_type=\"loop-grid.post\">\n\t\t\t\t<div class=\"elementor-widget-container\">\n\t\t\t\t\t\t\t<div class=\"elementor-loop-container elementor-grid\" role=\"list\">\n\t\t\t\t<div data-elementor-type=\"loop-item\" data-elementor-id=\"3001\" class=\"elementor elementor-3001 e-loop-item e-loop-item-4458 post-4458 roteiro type-roteiro status-publish has-post-thumbnail hentry category-ver tag-serie edicao-edicao-8\" data-elementor-post-type=\"elementor_library\" data-custom-edit-handle=\"1\">\n\t\t\t<article class=\"elementor-element elementor-element-d3fff95 e-flex e-con-boxed e-con e-parent\" data-id=\"d3fff95\" data-element_type=\"container\" data-e-type=\"container\" data-settings=\"{&quot;background_background&quot;:&quot;classic&quot;}\">\n\t\t\t\t\t<div class=\"e-con-inner\">\n\t\t<div class=\"elementor-element elementor-element-f274729 e-con-full e-flex e-con e-child\" data-id=\"f274729\" data-element_type=\"container\" data-e-type=\"container\">\n\t\t<div class=\"elementor-element elementor-element-76f83ea e-con-full e-flex e-con e-child\" data-id=\"76f83ea\" data-element_type=\"container\" data-e-type=\"container\">\n\t\t<div class=\"elementor-element elementor-element-28e1075 e-con-full e-flex e-con e-child\" data-id=\"28e1075\" data-element_type=\"container\" data-e-type=\"container\">\n\t\t\t\t<div class=\"elementor-element elementor-element-10c1e69 elementor-widget elementor-widget-theme-post-featured-image elementor-widget-image\" data-id=\"10c1e69\" data-element_type=\"widget\" data-e-type=\"widget\" data-widget_type=\"theme-post-featured-image.default\">\n\t\t\t\t<div class=\"elementor-widget-container\">\n\t\t\t\t\t\t\t\t\t\t\t\t\t\t\t<img loading=\"lazy\" decoding=\"async\" width=\"539\" height=\"672\" src=\"https:\/\/site.veracruz.edu.br\/zumzum\/wp-content\/uploads\/2025\/09\/capoeiras.jpeg\" class=\"attachment-full size-full wp-image-4462\" alt=\"\" srcset=\"https:\/\/site.veracruz.edu.br\/zumzum\/wp-content\/uploads\/2025\/09\/capoeiras.jpeg 539w, https:\/\/site.veracruz.edu.br\/zumzum\/wp-content\/uploads\/2025\/09\/capoeiras-241x300.jpeg 241w\" sizes=\"(max-width: 539px) 100vw, 539px\" \/>\t\t\t\t\t\t\t\t\t\t\t\t\t\t\t<\/div>\n\t\t\t\t<\/div>\n\t\t\t\t<\/div>\n\t\t<div class=\"elementor-element elementor-element-35d10c1 e-con-full e-flex e-con e-child\" data-id=\"35d10c1\" data-element_type=\"container\" data-e-type=\"container\">\n\t\t\t\t<div class=\"elementor-element elementor-element-5db758f elementor-widget elementor-widget-heading\" data-id=\"5db758f\" data-element_type=\"widget\" data-e-type=\"widget\" data-widget_type=\"heading.default\">\n\t\t\t\t<div class=\"elementor-widget-container\">\n\t\t\t\t\t<p class=\"elementor-heading-title elementor-size-default\">Capoeiras<\/p>\t\t\t\t<\/div>\n\t\t\t\t<\/div>\n\t\t\t\t<div class=\"elementor-element elementor-element-c241a95 elementor-widget elementor-widget-heading\" data-id=\"c241a95\" data-element_type=\"widget\" data-e-type=\"widget\" data-widget_type=\"heading.default\">\n\t\t\t\t<div class=\"elementor-widget-container\">\n\t\t\t\t\t<p class=\"elementor-heading-title elementor-size-default\"><span>S\u00e9rie<\/span><\/p>\t\t\t\t<\/div>\n\t\t\t\t<\/div>\n\t\t\t\t<\/div>\n\t\t\t\t<\/div>\n\t\t\t\t<div class=\"elementor-element elementor-element-5071b99 elementor-widget elementor-widget-heading\" data-id=\"5071b99\" data-element_type=\"widget\" data-e-type=\"widget\" data-widget_type=\"heading.default\">\n\t\t\t\t<div class=\"elementor-widget-container\">\n\t\t\t\t\t<span class=\"elementor-heading-title elementor-size-default\"><p>Dispon\u00edvel no Disney+<\/p>\n<\/span>\t\t\t\t<\/div>\n\t\t\t\t<\/div>\n\t\t\t\t<div class=\"elementor-element elementor-element-33e5914 elementor-widget elementor-widget-heading\" data-id=\"33e5914\" data-element_type=\"widget\" data-e-type=\"widget\" data-widget_type=\"heading.default\">\n\t\t\t\t<div class=\"elementor-widget-container\">\n\t\t\t\t\t<span class=\"elementor-heading-title elementor-size-default\"><p><a href=\"https:\/\/www.youtube.com\/watch?v=NHSrzhOmBSY\" target=\"_blank\" rel=\"noopener\">Assista o trailer.<\/a><\/p>\n<\/span>\t\t\t\t<\/div>\n\t\t\t\t<\/div>\n\t\t\t\t<div class=\"elementor-element elementor-element-0a05e2d elementor-widget elementor-widget-toggle\" data-id=\"0a05e2d\" data-element_type=\"widget\" data-e-type=\"widget\" data-widget_type=\"toggle.default\">\n\t\t\t\t<div class=\"elementor-widget-container\">\n\t\t\t\t\t\t\t<div class=\"elementor-toggle\">\n\t\t\t\t\t\t\t<div class=\"elementor-toggle-item\">\n\t\t\t\t\t<h6 id=\"elementor-tab-title-1051\" class=\"elementor-tab-title\" data-tab=\"1\" role=\"button\" aria-controls=\"elementor-tab-content-1051\" aria-expanded=\"false\">\n\t\t\t\t\t\t\t\t\t\t\t\t<span class=\"elementor-toggle-icon elementor-toggle-icon-left\" aria-hidden=\"true\">\n\t\t\t\t\t\t\t\t\t\t\t\t\t\t\t<span class=\"elementor-toggle-icon-closed\"><i class=\"fas fa-caret-right\"><\/i><\/span>\n\t\t\t\t\t\t\t\t<span class=\"elementor-toggle-icon-opened\"><i class=\"elementor-toggle-icon-opened fas fa-caret-down\"><\/i><\/span>\n\t\t\t\t\t\t\t\t\t\t\t\t\t<\/span>\n\t\t\t\t\t\t\t\t\t\t\t\t<a class=\"elementor-toggle-title\" tabindex=\"0\">Ler resenha<\/a>\n\t\t\t\t\t<\/h6>\n\n\t\t\t\t\t<div id=\"elementor-tab-content-1051\" class=\"elementor-tab-content elementor-clearfix\" data-tab=\"1\" role=\"region\" aria-labelledby=\"elementor-tab-title-1051\"><p>Seguindo a hist\u00f3ria dos capoeiristas Veneno e Noivo, a s\u00e9rie mostra os aspectos culturais, sociais, religiosos, de ancestralidade e de comunidade entrela\u00e7ados \u00e0 capoeira. A s\u00e9rie \u00e9 baseada no livro <em>A <\/em><em>balada de Noivo-da-Vida<\/em> <em>e<\/em> <em>Veneno-da-Madrugada<\/em>, de Nestor Capoeira.<\/p>\n<\/div>\n\t\t\t\t<\/div>\n\t\t\t\t\t\t\t\t<\/div>\n\t\t\t\t\t\t<\/div>\n\t\t\t\t<\/div>\n\t\t\t\t<\/div>\n\t\t\t\t\t<\/div>\n\t\t\t\t<\/article>\n\t\t\t\t<\/div>\n\t\t\t\t<\/div>\n\t\t\t\t\t<span class=\"e-load-more-spinner\">\n\t\t\t\t<i aria-hidden=\"true\" class=\"fas fa-spinner\"><\/i>\t\t\t<\/span>\n\t\t\n\t\t\t\t\t\t<\/div>\n\t\t\t\t<\/div>\n\t\t\t\t<\/div>\n\t\t\t\t\t<\/div>\n\t\t\t\t<\/div>\n\t\t<div class=\"elementor-element elementor-element-8bbfe87 e-flex e-con-boxed e-con e-parent\" data-id=\"8bbfe87\" data-element_type=\"container\" data-e-type=\"container\">\n\t\t\t\t\t<div class=\"e-con-inner\">\n\t\t<div class=\"elementor-element elementor-element-d627543 e-con-full e-flex e-con e-child\" data-id=\"d627543\" data-element_type=\"container\" data-e-type=\"container\">\n\t\t\t\t<div class=\"elementor-element elementor-element-44073c3 elementor-widget elementor-widget-heading\" data-id=\"44073c3\" data-element_type=\"widget\" data-e-type=\"widget\" data-widget_type=\"heading.default\">\n\t\t\t\t<div class=\"elementor-widget-container\">\n\t\t\t\t\t<h2 class=\"elementor-heading-title elementor-size-default\">Edi\u00e7\u00e3o 7<\/h2>\t\t\t\t<\/div>\n\t\t\t\t<\/div>\n\t\t\t\t<\/div>\n\t\t\t\t\t<\/div>\n\t\t\t\t<\/div>\n\t\t\t\t<section class=\"elementor-section elementor-top-section elementor-element elementor-element-d398694 elementor-section-boxed elementor-section-height-default elementor-section-height-default\" data-id=\"d398694\" data-element_type=\"section\" data-e-type=\"section\">\n\t\t\t\t\t\t<div class=\"elementor-container elementor-column-gap-extended\">\n\t\t\t\t\t<div class=\"elementor-column elementor-col-33 elementor-top-column elementor-element elementor-element-56b9af6\" data-id=\"56b9af6\" data-element_type=\"column\" data-e-type=\"column\">\n\t\t\t<div class=\"elementor-widget-wrap elementor-element-populated\">\n\t\t\t\t\t\t<div class=\"elementor-element elementor-element-721fc1e elementor-widget elementor-widget-heading\" data-id=\"721fc1e\" data-element_type=\"widget\" data-e-type=\"widget\" data-widget_type=\"heading.default\">\n\t\t\t\t<div class=\"elementor-widget-container\">\n\t\t\t\t\t<h2 class=\"elementor-heading-title elementor-size-default\">Ir<\/h2>\t\t\t\t<\/div>\n\t\t\t\t<\/div>\n\t\t\t\t<div class=\"elementor-element elementor-element-c49159c elementor-grid-1 elementor-grid-tablet-2 elementor-grid-mobile-1 elementor-widget elementor-widget-loop-grid\" data-id=\"c49159c\" data-element_type=\"widget\" data-e-type=\"widget\" data-settings=\"{&quot;template_id&quot;:3001,&quot;columns&quot;:1,&quot;pagination_type&quot;:&quot;load_more_on_click&quot;,&quot;_skin&quot;:&quot;post&quot;,&quot;columns_tablet&quot;:&quot;2&quot;,&quot;columns_mobile&quot;:&quot;1&quot;,&quot;edit_handle_selector&quot;:&quot;[data-elementor-type=\\&quot;loop-item\\&quot;]&quot;,&quot;load_more_spinner&quot;:{&quot;value&quot;:&quot;fas fa-spinner&quot;,&quot;library&quot;:&quot;fa-solid&quot;},&quot;row_gap&quot;:{&quot;unit&quot;:&quot;px&quot;,&quot;size&quot;:&quot;&quot;,&quot;sizes&quot;:[]},&quot;row_gap_tablet&quot;:{&quot;unit&quot;:&quot;px&quot;,&quot;size&quot;:&quot;&quot;,&quot;sizes&quot;:[]},&quot;row_gap_mobile&quot;:{&quot;unit&quot;:&quot;px&quot;,&quot;size&quot;:&quot;&quot;,&quot;sizes&quot;:[]}}\" data-widget_type=\"loop-grid.post\">\n\t\t\t\t<div class=\"elementor-widget-container\">\n\t\t\t\t\t\t\t<div class=\"elementor-loop-container elementor-grid\" role=\"list\">\n\t\t\t\t<div data-elementor-type=\"loop-item\" data-elementor-id=\"3001\" class=\"elementor elementor-3001 e-loop-item e-loop-item-4188 post-4188 roteiro type-roteiro status-publish has-post-thumbnail hentry category-ir tag-exposicao edicao-edicao-7\" data-elementor-post-type=\"elementor_library\" data-custom-edit-handle=\"1\">\n\t\t\t<article class=\"elementor-element elementor-element-d3fff95 e-flex e-con-boxed e-con e-parent\" data-id=\"d3fff95\" data-element_type=\"container\" data-e-type=\"container\" data-settings=\"{&quot;background_background&quot;:&quot;classic&quot;}\">\n\t\t\t\t\t<div class=\"e-con-inner\">\n\t\t<div class=\"elementor-element elementor-element-f274729 e-con-full e-flex e-con e-child\" data-id=\"f274729\" data-element_type=\"container\" data-e-type=\"container\">\n\t\t<div class=\"elementor-element elementor-element-76f83ea e-con-full e-flex e-con e-child\" data-id=\"76f83ea\" data-element_type=\"container\" data-e-type=\"container\">\n\t\t<div class=\"elementor-element elementor-element-28e1075 e-con-full e-flex e-con e-child\" data-id=\"28e1075\" data-element_type=\"container\" data-e-type=\"container\">\n\t\t\t\t<div class=\"elementor-element elementor-element-10c1e69 elementor-widget elementor-widget-theme-post-featured-image elementor-widget-image\" data-id=\"10c1e69\" data-element_type=\"widget\" data-e-type=\"widget\" data-widget_type=\"theme-post-featured-image.default\">\n\t\t\t\t<div class=\"elementor-widget-container\">\n\t\t\t\t\t\t\t\t\t\t\t\t\t\t\t<img loading=\"lazy\" decoding=\"async\" width=\"843\" height=\"655\" src=\"https:\/\/site.veracruz.edu.br\/zumzum\/wp-content\/uploads\/2025\/03\/hendu.jpg\" class=\"attachment-full size-full wp-image-4189\" alt=\"\" srcset=\"https:\/\/site.veracruz.edu.br\/zumzum\/wp-content\/uploads\/2025\/03\/hendu.jpg 843w, https:\/\/site.veracruz.edu.br\/zumzum\/wp-content\/uploads\/2025\/03\/hendu-300x233.jpg 300w, https:\/\/site.veracruz.edu.br\/zumzum\/wp-content\/uploads\/2025\/03\/hendu-768x597.jpg 768w\" sizes=\"(max-width: 843px) 100vw, 843px\" \/>\t\t\t\t\t\t\t\t\t\t\t\t\t\t\t<\/div>\n\t\t\t\t<\/div>\n\t\t\t\t<\/div>\n\t\t<div class=\"elementor-element elementor-element-35d10c1 e-con-full e-flex e-con e-child\" data-id=\"35d10c1\" data-element_type=\"container\" data-e-type=\"container\">\n\t\t\t\t<div class=\"elementor-element elementor-element-5db758f elementor-widget elementor-widget-heading\" data-id=\"5db758f\" data-element_type=\"widget\" data-e-type=\"widget\" data-widget_type=\"heading.default\">\n\t\t\t\t<div class=\"elementor-widget-container\">\n\t\t\t\t\t<p class=\"elementor-heading-title elementor-size-default\">Hendu Por\u00e3\u2019r\u00e3, escutar com o corpo<\/p>\t\t\t\t<\/div>\n\t\t\t\t<\/div>\n\t\t\t\t<div class=\"elementor-element elementor-element-c241a95 elementor-widget elementor-widget-heading\" data-id=\"c241a95\" data-element_type=\"widget\" data-e-type=\"widget\" data-widget_type=\"heading.default\">\n\t\t\t\t<div class=\"elementor-widget-container\">\n\t\t\t\t\t<p class=\"elementor-heading-title elementor-size-default\"><span>Exposi\u00e7\u00e3o<\/span><\/p>\t\t\t\t<\/div>\n\t\t\t\t<\/div>\n\t\t\t\t<\/div>\n\t\t\t\t<\/div>\n\t\t\t\t<div class=\"elementor-element elementor-element-5071b99 elementor-widget elementor-widget-heading\" data-id=\"5071b99\" data-element_type=\"widget\" data-e-type=\"widget\" data-widget_type=\"heading.default\">\n\t\t\t\t<div class=\"elementor-widget-container\">\n\t\t\t\t\t<span class=\"elementor-heading-title elementor-size-default\"><p>Museu das Culturas Ind\u00edgenas. R. Dona Germaine Burchard, 451, \u00c1gua Branca, S\u00e3o Paulo (SP)<\/p>\n<\/span>\t\t\t\t<\/div>\n\t\t\t\t<\/div>\n\t\t\t\t<div class=\"elementor-element elementor-element-33e5914 elementor-widget elementor-widget-heading\" data-id=\"33e5914\" data-element_type=\"widget\" data-e-type=\"widget\" data-widget_type=\"heading.default\">\n\t\t\t\t<div class=\"elementor-widget-container\">\n\t\t\t\t\t<span class=\"elementor-heading-title elementor-size-default\"><p>Em cartaz. Entrada R$ 15.<\/p>\n<\/span>\t\t\t\t<\/div>\n\t\t\t\t<\/div>\n\t\t\t\t<div class=\"elementor-element elementor-element-0a05e2d elementor-widget elementor-widget-toggle\" data-id=\"0a05e2d\" data-element_type=\"widget\" data-e-type=\"widget\" data-widget_type=\"toggle.default\">\n\t\t\t\t<div class=\"elementor-widget-container\">\n\t\t\t\t\t\t\t<div class=\"elementor-toggle\">\n\t\t\t\t\t\t\t<div class=\"elementor-toggle-item\">\n\t\t\t\t\t<h6 id=\"elementor-tab-title-1051\" class=\"elementor-tab-title\" data-tab=\"1\" role=\"button\" aria-controls=\"elementor-tab-content-1051\" aria-expanded=\"false\">\n\t\t\t\t\t\t\t\t\t\t\t\t<span class=\"elementor-toggle-icon elementor-toggle-icon-left\" aria-hidden=\"true\">\n\t\t\t\t\t\t\t\t\t\t\t\t\t\t\t<span class=\"elementor-toggle-icon-closed\"><i class=\"fas fa-caret-right\"><\/i><\/span>\n\t\t\t\t\t\t\t\t<span class=\"elementor-toggle-icon-opened\"><i class=\"elementor-toggle-icon-opened fas fa-caret-down\"><\/i><\/span>\n\t\t\t\t\t\t\t\t\t\t\t\t\t<\/span>\n\t\t\t\t\t\t\t\t\t\t\t\t<a class=\"elementor-toggle-title\" tabindex=\"0\">Ler resenha<\/a>\n\t\t\t\t\t<\/h6>\n\n\t\t\t\t\t<div id=\"elementor-tab-content-1051\" class=\"elementor-tab-content elementor-clearfix\" data-tab=\"1\" role=\"region\" aria-labelledby=\"elementor-tab-title-1051\"><p>A exposi\u00e7\u00e3o coletiva, concebida por curadores ind\u00edgenas, prop\u00f5e uma imers\u00e3o na escuta Guarani, que envolve o corpo inteiro, n\u00e3o apenas os ouvidos. Com um olhar para a resist\u00eancia e a luta por territ\u00f3rio, a mostra destaca a rela\u00e7\u00e3o dos Guarani com a natureza e seus protetores espirituais, os Ijaras. Um convite para compreender a cultura ind\u00edgena al\u00e9m da moradia, envolvendo preserva\u00e7\u00e3o e espiritualidade.<\/p>\n<\/div>\n\t\t\t\t<\/div>\n\t\t\t\t\t\t\t\t<\/div>\n\t\t\t\t\t\t<\/div>\n\t\t\t\t<\/div>\n\t\t\t\t<\/div>\n\t\t\t\t\t<\/div>\n\t\t\t\t<\/article>\n\t\t\t\t<\/div>\n\t\t\t\t<div data-elementor-type=\"loop-item\" data-elementor-id=\"3001\" class=\"elementor elementor-3001 e-loop-item e-loop-item-4186 post-4186 roteiro type-roteiro status-publish has-post-thumbnail hentry category-ir tag-exposicao edicao-edicao-7\" data-elementor-post-type=\"elementor_library\" data-custom-edit-handle=\"1\">\n\t\t\t<article class=\"elementor-element elementor-element-d3fff95 e-flex e-con-boxed e-con e-parent\" data-id=\"d3fff95\" data-element_type=\"container\" data-e-type=\"container\" data-settings=\"{&quot;background_background&quot;:&quot;classic&quot;}\">\n\t\t\t\t\t<div class=\"e-con-inner\">\n\t\t<div class=\"elementor-element elementor-element-f274729 e-con-full e-flex e-con e-child\" data-id=\"f274729\" data-element_type=\"container\" data-e-type=\"container\">\n\t\t<div class=\"elementor-element elementor-element-76f83ea e-con-full e-flex e-con e-child\" data-id=\"76f83ea\" data-element_type=\"container\" data-e-type=\"container\">\n\t\t<div class=\"elementor-element elementor-element-28e1075 e-con-full e-flex e-con e-child\" data-id=\"28e1075\" data-element_type=\"container\" data-e-type=\"container\">\n\t\t\t\t<div class=\"elementor-element elementor-element-10c1e69 elementor-widget elementor-widget-theme-post-featured-image elementor-widget-image\" data-id=\"10c1e69\" data-element_type=\"widget\" data-e-type=\"widget\" data-widget_type=\"theme-post-featured-image.default\">\n\t\t\t\t<div class=\"elementor-widget-container\">\n\t\t\t\t\t\t\t\t\t\t\t\t\t\t\t<img loading=\"lazy\" decoding=\"async\" width=\"1066\" height=\"1600\" src=\"https:\/\/site.veracruz.edu.br\/zumzum\/wp-content\/uploads\/2025\/03\/Uyra-2.jpeg\" class=\"attachment-full size-full wp-image-4187\" alt=\"\" srcset=\"https:\/\/site.veracruz.edu.br\/zumzum\/wp-content\/uploads\/2025\/03\/Uyra-2.jpeg 1066w, https:\/\/site.veracruz.edu.br\/zumzum\/wp-content\/uploads\/2025\/03\/Uyra-2-200x300.jpeg 200w, https:\/\/site.veracruz.edu.br\/zumzum\/wp-content\/uploads\/2025\/03\/Uyra-2-682x1024.jpeg 682w, https:\/\/site.veracruz.edu.br\/zumzum\/wp-content\/uploads\/2025\/03\/Uyra-2-768x1153.jpeg 768w, https:\/\/site.veracruz.edu.br\/zumzum\/wp-content\/uploads\/2025\/03\/Uyra-2-1023x1536.jpeg 1023w\" sizes=\"(max-width: 1066px) 100vw, 1066px\" \/>\t\t\t\t\t\t\t\t\t\t\t\t\t\t\t<\/div>\n\t\t\t\t<\/div>\n\t\t\t\t<\/div>\n\t\t<div class=\"elementor-element elementor-element-35d10c1 e-con-full e-flex e-con e-child\" data-id=\"35d10c1\" data-element_type=\"container\" data-e-type=\"container\">\n\t\t\t\t<div class=\"elementor-element elementor-element-5db758f elementor-widget elementor-widget-heading\" data-id=\"5db758f\" data-element_type=\"widget\" data-e-type=\"widget\" data-widget_type=\"heading.default\">\n\t\t\t\t<div class=\"elementor-widget-container\">\n\t\t\t\t\t<p class=\"elementor-heading-title elementor-size-default\">Ainda n\u00e3o \u00e9 o fim do mundo<\/p>\t\t\t\t<\/div>\n\t\t\t\t<\/div>\n\t\t\t\t<div class=\"elementor-element elementor-element-c241a95 elementor-widget elementor-widget-heading\" data-id=\"c241a95\" data-element_type=\"widget\" data-e-type=\"widget\" data-widget_type=\"heading.default\">\n\t\t\t\t<div class=\"elementor-widget-container\">\n\t\t\t\t\t<p class=\"elementor-heading-title elementor-size-default\"><span>Exposi\u00e7\u00e3o<\/span><\/p>\t\t\t\t<\/div>\n\t\t\t\t<\/div>\n\t\t\t\t<\/div>\n\t\t\t\t<\/div>\n\t\t\t\t<div class=\"elementor-element elementor-element-5071b99 elementor-widget elementor-widget-heading\" data-id=\"5071b99\" data-element_type=\"widget\" data-e-type=\"widget\" data-widget_type=\"heading.default\">\n\t\t\t\t<div class=\"elementor-widget-container\">\n\t\t\t\t\t<span class=\"elementor-heading-title elementor-size-default\"><p>Pa\u00e7o das Artes. Rua Albuquerque Lins, 1345, Higien\u00f3polis, S\u00e3o Paulo (SP)<\/p>\n<\/span>\t\t\t\t<\/div>\n\t\t\t\t<\/div>\n\t\t\t\t<div class=\"elementor-element elementor-element-33e5914 elementor-widget elementor-widget-heading\" data-id=\"33e5914\" data-element_type=\"widget\" data-e-type=\"widget\" data-widget_type=\"heading.default\">\n\t\t\t\t<div class=\"elementor-widget-container\">\n\t\t\t\t\t<span class=\"elementor-heading-title elementor-size-default\"><p>At\u00e9 11 de maio de 2025. Entrada gratuita.<\/p>\n<\/span>\t\t\t\t<\/div>\n\t\t\t\t<\/div>\n\t\t\t\t<div class=\"elementor-element elementor-element-0a05e2d elementor-widget elementor-widget-toggle\" data-id=\"0a05e2d\" data-element_type=\"widget\" data-e-type=\"widget\" data-widget_type=\"toggle.default\">\n\t\t\t\t<div class=\"elementor-widget-container\">\n\t\t\t\t\t\t\t<div class=\"elementor-toggle\">\n\t\t\t\t\t\t\t<div class=\"elementor-toggle-item\">\n\t\t\t\t\t<h6 id=\"elementor-tab-title-1051\" class=\"elementor-tab-title\" data-tab=\"1\" role=\"button\" aria-controls=\"elementor-tab-content-1051\" aria-expanded=\"false\">\n\t\t\t\t\t\t\t\t\t\t\t\t<span class=\"elementor-toggle-icon elementor-toggle-icon-left\" aria-hidden=\"true\">\n\t\t\t\t\t\t\t\t\t\t\t\t\t\t\t<span class=\"elementor-toggle-icon-closed\"><i class=\"fas fa-caret-right\"><\/i><\/span>\n\t\t\t\t\t\t\t\t<span class=\"elementor-toggle-icon-opened\"><i class=\"elementor-toggle-icon-opened fas fa-caret-down\"><\/i><\/span>\n\t\t\t\t\t\t\t\t\t\t\t\t\t<\/span>\n\t\t\t\t\t\t\t\t\t\t\t\t<a class=\"elementor-toggle-title\" tabindex=\"0\">Ler resenha<\/a>\n\t\t\t\t\t<\/h6>\n\n\t\t\t\t\t<div id=\"elementor-tab-content-1051\" class=\"elementor-tab-content elementor-clearfix\" data-tab=\"1\" role=\"region\" aria-labelledby=\"elementor-tab-title-1051\"><p>A exposi\u00e7\u00e3o coletiva, com curadoria de Renato De Cara, re\u00fane 58 trabalhos de 18 artistas que refletem sobre os impactos ambientais das a\u00e7\u00f5es humanas. Por meio de representa\u00e7\u00f5es ut\u00f3picas, apocal\u00edpticas e objetos ficcionais, a mostra prop\u00f5e exerc\u00edcios de imagina\u00e7\u00e3o para um futuro incerto. Obras de Lalo de Almeida, U\u00fdra e Mercedes Lachmann est\u00e3o entre os destaques.<\/p>\n<\/div>\n\t\t\t\t<\/div>\n\t\t\t\t\t\t\t\t<\/div>\n\t\t\t\t\t\t<\/div>\n\t\t\t\t<\/div>\n\t\t\t\t<\/div>\n\t\t\t\t\t<\/div>\n\t\t\t\t<\/article>\n\t\t\t\t<\/div>\n\t\t\t\t<\/div>\n\t\t\t\t\t<span class=\"e-load-more-spinner\">\n\t\t\t\t<i aria-hidden=\"true\" class=\"fas fa-spinner\"><\/i>\t\t\t<\/span>\n\t\t\n\t\t\t\t<div class=\"e-load-more-anchor\" data-page=\"1\" data-max-page=\"2\" data-next-page=\"https:\/\/site.veracruz.edu.br\/zumzum\/wp-json\/wp\/v2\/pages\/299\/page\/2\/\"><\/div>\n\t\t\t\t<div class=\"e-loop__load-more elementor-button-wrapper\">\n\t\t\t<a class=\"elementor-button elementor-size-sm\" role=\"button\">\n\t\t\t\t\t\t<span class=\"elementor-button-content-wrapper\">\n\t\t\t\t\t\t\t\t\t<span class=\"elementor-button-text\">Carregar mais<\/span>\n\t\t\t\t\t<\/span>\n\t\t\t\t\t<\/a>\n\t\t<\/div>\n\t\t\t\t<div class=\"e-load-more-message\"><\/div>\n\t\t\t\t\t\t<\/div>\n\t\t\t\t<\/div>\n\t\t\t\t\t<\/div>\n\t\t<\/div>\n\t\t\t\t<div class=\"elementor-column elementor-col-33 elementor-top-column elementor-element elementor-element-aa2f1e3\" data-id=\"aa2f1e3\" data-element_type=\"column\" data-e-type=\"column\">\n\t\t\t<div class=\"elementor-widget-wrap elementor-element-populated\">\n\t\t\t\t\t\t<div class=\"elementor-element elementor-element-697c480 elementor-widget elementor-widget-heading\" data-id=\"697c480\" data-element_type=\"widget\" data-e-type=\"widget\" data-widget_type=\"heading.default\">\n\t\t\t\t<div class=\"elementor-widget-container\">\n\t\t\t\t\t<h2 class=\"elementor-heading-title elementor-size-default\">Ler<\/h2>\t\t\t\t<\/div>\n\t\t\t\t<\/div>\n\t\t\t\t<div class=\"elementor-element elementor-element-d04efa2 elementor-grid-1 elementor-grid-tablet-2 elementor-grid-mobile-1 elementor-widget elementor-widget-loop-grid\" data-id=\"d04efa2\" data-element_type=\"widget\" data-e-type=\"widget\" data-settings=\"{&quot;template_id&quot;:3001,&quot;columns&quot;:1,&quot;pagination_type&quot;:&quot;load_more_on_click&quot;,&quot;_skin&quot;:&quot;post&quot;,&quot;columns_tablet&quot;:&quot;2&quot;,&quot;columns_mobile&quot;:&quot;1&quot;,&quot;edit_handle_selector&quot;:&quot;[data-elementor-type=\\&quot;loop-item\\&quot;]&quot;,&quot;load_more_spinner&quot;:{&quot;value&quot;:&quot;fas fa-spinner&quot;,&quot;library&quot;:&quot;fa-solid&quot;},&quot;row_gap&quot;:{&quot;unit&quot;:&quot;px&quot;,&quot;size&quot;:&quot;&quot;,&quot;sizes&quot;:[]},&quot;row_gap_tablet&quot;:{&quot;unit&quot;:&quot;px&quot;,&quot;size&quot;:&quot;&quot;,&quot;sizes&quot;:[]},&quot;row_gap_mobile&quot;:{&quot;unit&quot;:&quot;px&quot;,&quot;size&quot;:&quot;&quot;,&quot;sizes&quot;:[]}}\" data-widget_type=\"loop-grid.post\">\n\t\t\t\t<div class=\"elementor-widget-container\">\n\t\t\t\t\t\t\t<div class=\"elementor-loop-container elementor-grid\" role=\"list\">\n\t\t\t\t<div data-elementor-type=\"loop-item\" data-elementor-id=\"3001\" class=\"elementor elementor-3001 e-loop-item e-loop-item-4203 post-4203 roteiro type-roteiro status-publish has-post-thumbnail hentry category-ler edicao-edicao-7\" data-elementor-post-type=\"elementor_library\" data-custom-edit-handle=\"1\">\n\t\t\t<article class=\"elementor-element elementor-element-d3fff95 e-flex e-con-boxed e-con e-parent\" data-id=\"d3fff95\" data-element_type=\"container\" data-e-type=\"container\" data-settings=\"{&quot;background_background&quot;:&quot;classic&quot;}\">\n\t\t\t\t\t<div class=\"e-con-inner\">\n\t\t<div class=\"elementor-element elementor-element-f274729 e-con-full e-flex e-con e-child\" data-id=\"f274729\" data-element_type=\"container\" data-e-type=\"container\">\n\t\t<div class=\"elementor-element elementor-element-76f83ea e-con-full e-flex e-con e-child\" data-id=\"76f83ea\" data-element_type=\"container\" data-e-type=\"container\">\n\t\t<div class=\"elementor-element elementor-element-28e1075 e-con-full e-flex e-con e-child\" data-id=\"28e1075\" data-element_type=\"container\" data-e-type=\"container\">\n\t\t\t\t<div class=\"elementor-element elementor-element-10c1e69 elementor-widget elementor-widget-theme-post-featured-image elementor-widget-image\" data-id=\"10c1e69\" data-element_type=\"widget\" data-e-type=\"widget\" data-widget_type=\"theme-post-featured-image.default\">\n\t\t\t\t<div class=\"elementor-widget-container\">\n\t\t\t\t\t\t\t\t\t\t\t\t\t\t\t<img loading=\"lazy\" decoding=\"async\" width=\"335\" height=\"488\" src=\"https:\/\/site.veracruz.edu.br\/zumzum\/wp-content\/uploads\/2025\/03\/krenak.jpg\" class=\"attachment-full size-full wp-image-4204\" alt=\"\" srcset=\"https:\/\/site.veracruz.edu.br\/zumzum\/wp-content\/uploads\/2025\/03\/krenak.jpg 335w, https:\/\/site.veracruz.edu.br\/zumzum\/wp-content\/uploads\/2025\/03\/krenak-206x300.jpg 206w\" sizes=\"(max-width: 335px) 100vw, 335px\" \/>\t\t\t\t\t\t\t\t\t\t\t\t\t\t\t<\/div>\n\t\t\t\t<\/div>\n\t\t\t\t<\/div>\n\t\t<div class=\"elementor-element elementor-element-35d10c1 e-con-full e-flex e-con e-child\" data-id=\"35d10c1\" data-element_type=\"container\" data-e-type=\"container\">\n\t\t\t\t<div class=\"elementor-element elementor-element-5db758f elementor-widget elementor-widget-heading\" data-id=\"5db758f\" data-element_type=\"widget\" data-e-type=\"widget\" data-widget_type=\"heading.default\">\n\t\t\t\t<div class=\"elementor-widget-container\">\n\t\t\t\t\t<p class=\"elementor-heading-title elementor-size-default\">Krenak, vivos na natureza morta<\/p>\t\t\t\t<\/div>\n\t\t\t\t<\/div>\n\t\t\t\t<\/div>\n\t\t\t\t<\/div>\n\t\t\t\t<div class=\"elementor-element elementor-element-5071b99 elementor-widget elementor-widget-heading\" data-id=\"5071b99\" data-element_type=\"widget\" data-e-type=\"widget\" data-widget_type=\"heading.default\">\n\t\t\t\t<div class=\"elementor-widget-container\">\n\t\t\t\t\t<span class=\"elementor-heading-title elementor-size-default\"><p>Futura<\/p>\n<\/span>\t\t\t\t<\/div>\n\t\t\t\t<\/div>\n\t\t\t\t<div class=\"elementor-element elementor-element-33e5914 elementor-widget elementor-widget-heading\" data-id=\"33e5914\" data-element_type=\"widget\" data-e-type=\"widget\" data-widget_type=\"heading.default\">\n\t\t\t\t<div class=\"elementor-widget-container\">\n\t\t\t\t\t<span class=\"elementor-heading-title elementor-size-default\"><p><a href=\"https:\/\/www.youtube.com\/watch?v=FgYK3IBVgYo&amp;list=PLNM2T4DNzmq5pDAQv5yDwQnE4qHJJ--EW\" target=\"_blank\" rel=\"noopener\">Dispon\u00edvel no YouTube<\/a><\/p>\n<\/span>\t\t\t\t<\/div>\n\t\t\t\t<\/div>\n\t\t\t\t<div class=\"elementor-element elementor-element-0a05e2d elementor-widget elementor-widget-toggle\" data-id=\"0a05e2d\" data-element_type=\"widget\" data-e-type=\"widget\" data-widget_type=\"toggle.default\">\n\t\t\t\t<div class=\"elementor-widget-container\">\n\t\t\t\t\t\t\t<div class=\"elementor-toggle\">\n\t\t\t\t\t\t\t<div class=\"elementor-toggle-item\">\n\t\t\t\t\t<h6 id=\"elementor-tab-title-1051\" class=\"elementor-tab-title\" data-tab=\"1\" role=\"button\" aria-controls=\"elementor-tab-content-1051\" aria-expanded=\"false\">\n\t\t\t\t\t\t\t\t\t\t\t\t<span class=\"elementor-toggle-icon elementor-toggle-icon-left\" aria-hidden=\"true\">\n\t\t\t\t\t\t\t\t\t\t\t\t\t\t\t<span class=\"elementor-toggle-icon-closed\"><i class=\"fas fa-caret-right\"><\/i><\/span>\n\t\t\t\t\t\t\t\t<span class=\"elementor-toggle-icon-opened\"><i class=\"elementor-toggle-icon-opened fas fa-caret-down\"><\/i><\/span>\n\t\t\t\t\t\t\t\t\t\t\t\t\t<\/span>\n\t\t\t\t\t\t\t\t\t\t\t\t<a class=\"elementor-toggle-title\" tabindex=\"0\">Ler resenha<\/a>\n\t\t\t\t\t<\/h6>\n\n\t\t\t\t\t<div id=\"elementor-tab-content-1051\" class=\"elementor-tab-content elementor-clearfix\" data-tab=\"1\" role=\"region\" aria-labelledby=\"elementor-tab-title-1051\"><p>A s\u00e9rie documental mostra como os membros do povo Krenak vivem ap\u00f3s o rompimento de barragens de minera\u00e7\u00e3o que devastaram parte do seu territ\u00f3rio. A s\u00e9rie retrata o profundo impacto do desastre ambiental na cultura e no modo de viver do povo, e mostra o esfor\u00e7o da dessa comunidade para preserv\u00e1-los.<\/p>\n<\/div>\n\t\t\t\t<\/div>\n\t\t\t\t\t\t\t\t<\/div>\n\t\t\t\t\t\t<\/div>\n\t\t\t\t<\/div>\n\t\t\t\t<\/div>\n\t\t\t\t\t<\/div>\n\t\t\t\t<\/article>\n\t\t\t\t<\/div>\n\t\t\t\t<div data-elementor-type=\"loop-item\" data-elementor-id=\"3001\" class=\"elementor elementor-3001 e-loop-item e-loop-item-4196 post-4196 roteiro type-roteiro status-publish has-post-thumbnail hentry category-ler edicao-edicao-7\" data-elementor-post-type=\"elementor_library\" data-custom-edit-handle=\"1\">\n\t\t\t<article class=\"elementor-element elementor-element-d3fff95 e-flex e-con-boxed e-con e-parent\" data-id=\"d3fff95\" data-element_type=\"container\" data-e-type=\"container\" data-settings=\"{&quot;background_background&quot;:&quot;classic&quot;}\">\n\t\t\t\t\t<div class=\"e-con-inner\">\n\t\t<div class=\"elementor-element elementor-element-f274729 e-con-full e-flex e-con e-child\" data-id=\"f274729\" data-element_type=\"container\" data-e-type=\"container\">\n\t\t<div class=\"elementor-element elementor-element-76f83ea e-con-full e-flex e-con e-child\" data-id=\"76f83ea\" data-element_type=\"container\" data-e-type=\"container\">\n\t\t<div class=\"elementor-element elementor-element-28e1075 e-con-full e-flex e-con e-child\" data-id=\"28e1075\" data-element_type=\"container\" data-e-type=\"container\">\n\t\t\t\t<div class=\"elementor-element elementor-element-10c1e69 elementor-widget elementor-widget-theme-post-featured-image elementor-widget-image\" data-id=\"10c1e69\" data-element_type=\"widget\" data-e-type=\"widget\" data-widget_type=\"theme-post-featured-image.default\">\n\t\t\t\t<div class=\"elementor-widget-container\">\n\t\t\t\t\t\t\t\t\t\t\t\t\t\t\t<img loading=\"lazy\" decoding=\"async\" width=\"1500\" height=\"2102\" src=\"https:\/\/site.veracruz.edu.br\/zumzum\/wp-content\/uploads\/2025\/03\/originarias.jpg\" class=\"attachment-full size-full wp-image-4197\" alt=\"\" srcset=\"https:\/\/site.veracruz.edu.br\/zumzum\/wp-content\/uploads\/2025\/03\/originarias.jpg 1500w, https:\/\/site.veracruz.edu.br\/zumzum\/wp-content\/uploads\/2025\/03\/originarias-214x300.jpg 214w, https:\/\/site.veracruz.edu.br\/zumzum\/wp-content\/uploads\/2025\/03\/originarias-731x1024.jpg 731w, https:\/\/site.veracruz.edu.br\/zumzum\/wp-content\/uploads\/2025\/03\/originarias-768x1076.jpg 768w, https:\/\/site.veracruz.edu.br\/zumzum\/wp-content\/uploads\/2025\/03\/originarias-1096x1536.jpg 1096w, https:\/\/site.veracruz.edu.br\/zumzum\/wp-content\/uploads\/2025\/03\/originarias-1461x2048.jpg 1461w\" sizes=\"(max-width: 1500px) 100vw, 1500px\" \/>\t\t\t\t\t\t\t\t\t\t\t\t\t\t\t<\/div>\n\t\t\t\t<\/div>\n\t\t\t\t<\/div>\n\t\t<div class=\"elementor-element elementor-element-35d10c1 e-con-full e-flex e-con e-child\" data-id=\"35d10c1\" data-element_type=\"container\" data-e-type=\"container\">\n\t\t\t\t<div class=\"elementor-element elementor-element-5db758f elementor-widget elementor-widget-heading\" data-id=\"5db758f\" data-element_type=\"widget\" data-e-type=\"widget\" data-widget_type=\"heading.default\">\n\t\t\t\t<div class=\"elementor-widget-container\">\n\t\t\t\t\t<p class=\"elementor-heading-title elementor-size-default\">Origin\u00e1rias: uma antologia feminina de literatura ind\u00edgena<\/p>\t\t\t\t<\/div>\n\t\t\t\t<\/div>\n\t\t\t\t<\/div>\n\t\t\t\t<\/div>\n\t\t\t\t<div class=\"elementor-element elementor-element-5071b99 elementor-widget elementor-widget-heading\" data-id=\"5071b99\" data-element_type=\"widget\" data-e-type=\"widget\" data-widget_type=\"heading.default\">\n\t\t\t\t<div class=\"elementor-widget-container\">\n\t\t\t\t\t<span class=\"elementor-heading-title elementor-size-default\"><p>Trudru\u00e1 Dorrico, Maur\u00edcio Negro (Org.)<\/p>\n<\/span>\t\t\t\t<\/div>\n\t\t\t\t<\/div>\n\t\t\t\t<div class=\"elementor-element elementor-element-33e5914 elementor-widget elementor-widget-heading\" data-id=\"33e5914\" data-element_type=\"widget\" data-e-type=\"widget\" data-widget_type=\"heading.default\">\n\t\t\t\t<div class=\"elementor-widget-container\">\n\t\t\t\t\t<span class=\"elementor-heading-title elementor-size-default\"><p>144 p., Companhia das Letrinhas<\/p>\n<\/span>\t\t\t\t<\/div>\n\t\t\t\t<\/div>\n\t\t\t\t<div class=\"elementor-element elementor-element-0a05e2d elementor-widget elementor-widget-toggle\" data-id=\"0a05e2d\" data-element_type=\"widget\" data-e-type=\"widget\" data-widget_type=\"toggle.default\">\n\t\t\t\t<div class=\"elementor-widget-container\">\n\t\t\t\t\t\t\t<div class=\"elementor-toggle\">\n\t\t\t\t\t\t\t<div class=\"elementor-toggle-item\">\n\t\t\t\t\t<h6 id=\"elementor-tab-title-1051\" class=\"elementor-tab-title\" data-tab=\"1\" role=\"button\" aria-controls=\"elementor-tab-content-1051\" aria-expanded=\"false\">\n\t\t\t\t\t\t\t\t\t\t\t\t<span class=\"elementor-toggle-icon elementor-toggle-icon-left\" aria-hidden=\"true\">\n\t\t\t\t\t\t\t\t\t\t\t\t\t\t\t<span class=\"elementor-toggle-icon-closed\"><i class=\"fas fa-caret-right\"><\/i><\/span>\n\t\t\t\t\t\t\t\t<span class=\"elementor-toggle-icon-opened\"><i class=\"elementor-toggle-icon-opened fas fa-caret-down\"><\/i><\/span>\n\t\t\t\t\t\t\t\t\t\t\t\t\t<\/span>\n\t\t\t\t\t\t\t\t\t\t\t\t<a class=\"elementor-toggle-title\" tabindex=\"0\">Ler resenha<\/a>\n\t\t\t\t\t<\/h6>\n\n\t\t\t\t\t<div id=\"elementor-tab-content-1051\" class=\"elementor-tab-content elementor-clearfix\" data-tab=\"1\" role=\"region\" aria-labelledby=\"elementor-tab-title-1051\"><p>Nesta antologia, doze escritoras ind\u00edgenas compartilham hist\u00f3rias inspiradas em sonhos, viv\u00eancias comunit\u00e1rias e saberes ancestrais. Os contos mesclam fic\u00e7\u00e3o e n\u00e3o fic\u00e7\u00e3o, abordando temas como amor, amizade e rela\u00e7\u00f5es familiares. Al\u00e9m das narrativas, o livro traz um gloss\u00e1rio, informa\u00e7\u00f5es sobre os povos ind\u00edgenas das autoras e pequenas biografias, ampliando o contexto cultural das hist\u00f3rias.<\/p>\n<\/div>\n\t\t\t\t<\/div>\n\t\t\t\t\t\t\t\t<\/div>\n\t\t\t\t\t\t<\/div>\n\t\t\t\t<\/div>\n\t\t\t\t<div class=\"elementor-element elementor-element-add1c07 elementor-align-left elementor-widget elementor-widget-post-info\" data-id=\"add1c07\" data-element_type=\"widget\" data-e-type=\"widget\" data-widget_type=\"post-info.default\">\n\t\t\t\t<div class=\"elementor-widget-container\">\n\t\t\t\t\t\t\t<ul class=\"elementor-icon-list-items elementor-post-info\">\n\t\t\t\t\t\t\t\t<li class=\"elementor-icon-list-item elementor-repeater-item-06e1e2a\">\n\t\t\t\t\t\t\t\t\t\t<span class=\"elementor-icon-list-icon\">\n\t\t\t\t\t\t\t\t<i aria-hidden=\"true\" class=\"fas fa-bookmark\"><\/i>\t\t\t\t\t\t\t<\/span>\n\t\t\t\t\t\t\t\t\t<span class=\"elementor-icon-list-text elementor-post-info__item elementor-post-info__item--type-custom\">\n\t\t\t\t\t\t\t\t\t\tDispon\u00edvel para empr\u00e9stimo \u00e0 equipe do Vera em nossas Bibliotecas\t\t\t\t\t<\/span>\n\t\t\t\t\t\t\t\t<\/li>\n\t\t\t\t<\/ul>\n\t\t\t\t\t\t<\/div>\n\t\t\t\t<\/div>\n\t\t\t\t<\/div>\n\t\t\t\t\t<\/div>\n\t\t\t\t<\/article>\n\t\t\t\t<\/div>\n\t\t\t\t<\/div>\n\t\t\t\t\t<span class=\"e-load-more-spinner\">\n\t\t\t\t<i aria-hidden=\"true\" class=\"fas fa-spinner\"><\/i>\t\t\t<\/span>\n\t\t\n\t\t\t\t<div class=\"e-load-more-anchor\" data-page=\"1\" data-max-page=\"3\" data-next-page=\"https:\/\/site.veracruz.edu.br\/zumzum\/wp-json\/wp\/v2\/pages\/299\/page\/2\/\"><\/div>\n\t\t\t\t<div class=\"e-loop__load-more elementor-button-wrapper\">\n\t\t\t<a class=\"elementor-button elementor-size-sm\" role=\"button\">\n\t\t\t\t\t\t<span class=\"elementor-button-content-wrapper\">\n\t\t\t\t\t\t\t\t\t<span class=\"elementor-button-text\">Carregar mais<\/span>\n\t\t\t\t\t<\/span>\n\t\t\t\t\t<\/a>\n\t\t<\/div>\n\t\t\t\t<div class=\"e-load-more-message\"><\/div>\n\t\t\t\t\t\t<\/div>\n\t\t\t\t<\/div>\n\t\t\t\t\t<\/div>\n\t\t<\/div>\n\t\t\t\t<div class=\"elementor-column elementor-col-33 elementor-top-column elementor-element elementor-element-524f65d\" data-id=\"524f65d\" data-element_type=\"column\" data-e-type=\"column\">\n\t\t\t<div class=\"elementor-widget-wrap elementor-element-populated\">\n\t\t\t\t\t\t<div class=\"elementor-element elementor-element-4238cd8 elementor-widget elementor-widget-heading\" data-id=\"4238cd8\" data-element_type=\"widget\" data-e-type=\"widget\" data-widget_type=\"heading.default\">\n\t\t\t\t<div class=\"elementor-widget-container\">\n\t\t\t\t\t<h2 class=\"elementor-heading-title elementor-size-default\">Ver ou ouvir<\/h2>\t\t\t\t<\/div>\n\t\t\t\t<\/div>\n\t\t\t\t<div class=\"elementor-element elementor-element-570bbe8 elementor-grid-1 elementor-grid-tablet-2 elementor-grid-mobile-1 elementor-widget elementor-widget-loop-grid\" data-id=\"570bbe8\" data-element_type=\"widget\" data-e-type=\"widget\" data-settings=\"{&quot;template_id&quot;:3001,&quot;columns&quot;:1,&quot;pagination_type&quot;:&quot;load_more_on_click&quot;,&quot;_skin&quot;:&quot;post&quot;,&quot;columns_tablet&quot;:&quot;2&quot;,&quot;columns_mobile&quot;:&quot;1&quot;,&quot;edit_handle_selector&quot;:&quot;[data-elementor-type=\\&quot;loop-item\\&quot;]&quot;,&quot;load_more_spinner&quot;:{&quot;value&quot;:&quot;fas fa-spinner&quot;,&quot;library&quot;:&quot;fa-solid&quot;},&quot;row_gap&quot;:{&quot;unit&quot;:&quot;px&quot;,&quot;size&quot;:&quot;&quot;,&quot;sizes&quot;:[]},&quot;row_gap_tablet&quot;:{&quot;unit&quot;:&quot;px&quot;,&quot;size&quot;:&quot;&quot;,&quot;sizes&quot;:[]},&quot;row_gap_mobile&quot;:{&quot;unit&quot;:&quot;px&quot;,&quot;size&quot;:&quot;&quot;,&quot;sizes&quot;:[]}}\" data-widget_type=\"loop-grid.post\">\n\t\t\t\t<div class=\"elementor-widget-container\">\n\t\t\t\t\t\t\t<div class=\"elementor-loop-container elementor-grid\" role=\"list\">\n\t\t\t\t<div data-elementor-type=\"loop-item\" data-elementor-id=\"3001\" class=\"elementor elementor-3001 e-loop-item e-loop-item-4200 post-4200 roteiro type-roteiro status-publish has-post-thumbnail hentry category-ver edicao-edicao-7\" data-elementor-post-type=\"elementor_library\" data-custom-edit-handle=\"1\">\n\t\t\t<article class=\"elementor-element elementor-element-d3fff95 e-flex e-con-boxed e-con e-parent\" data-id=\"d3fff95\" data-element_type=\"container\" data-e-type=\"container\" data-settings=\"{&quot;background_background&quot;:&quot;classic&quot;}\">\n\t\t\t\t\t<div class=\"e-con-inner\">\n\t\t<div class=\"elementor-element elementor-element-f274729 e-con-full e-flex e-con e-child\" data-id=\"f274729\" data-element_type=\"container\" data-e-type=\"container\">\n\t\t<div class=\"elementor-element elementor-element-76f83ea e-con-full e-flex e-con e-child\" data-id=\"76f83ea\" data-element_type=\"container\" data-e-type=\"container\">\n\t\t<div class=\"elementor-element elementor-element-28e1075 e-con-full e-flex e-con e-child\" data-id=\"28e1075\" data-element_type=\"container\" data-e-type=\"container\">\n\t\t\t\t<div class=\"elementor-element elementor-element-10c1e69 elementor-widget elementor-widget-theme-post-featured-image elementor-widget-image\" data-id=\"10c1e69\" data-element_type=\"widget\" data-e-type=\"widget\" data-widget_type=\"theme-post-featured-image.default\">\n\t\t\t\t<div class=\"elementor-widget-container\">\n\t\t\t\t\t\t\t\t\t\t\t\t\t\t\t<img loading=\"lazy\" decoding=\"async\" width=\"1600\" height=\"900\" src=\"https:\/\/site.veracruz.edu.br\/zumzum\/wp-content\/uploads\/2025\/03\/arqueologia.webp\" class=\"attachment-full size-full wp-image-4201\" alt=\"\" srcset=\"https:\/\/site.veracruz.edu.br\/zumzum\/wp-content\/uploads\/2025\/03\/arqueologia.webp 1600w, https:\/\/site.veracruz.edu.br\/zumzum\/wp-content\/uploads\/2025\/03\/arqueologia-300x169.webp 300w, https:\/\/site.veracruz.edu.br\/zumzum\/wp-content\/uploads\/2025\/03\/arqueologia-1024x576.webp 1024w, https:\/\/site.veracruz.edu.br\/zumzum\/wp-content\/uploads\/2025\/03\/arqueologia-768x432.webp 768w, https:\/\/site.veracruz.edu.br\/zumzum\/wp-content\/uploads\/2025\/03\/arqueologia-1536x864.webp 1536w\" sizes=\"(max-width: 1600px) 100vw, 1600px\" \/>\t\t\t\t\t\t\t\t\t\t\t\t\t\t\t<\/div>\n\t\t\t\t<\/div>\n\t\t\t\t<\/div>\n\t\t<div class=\"elementor-element elementor-element-35d10c1 e-con-full e-flex e-con e-child\" data-id=\"35d10c1\" data-element_type=\"container\" data-e-type=\"container\">\n\t\t\t\t<div class=\"elementor-element elementor-element-5db758f elementor-widget elementor-widget-heading\" data-id=\"5db758f\" data-element_type=\"widget\" data-e-type=\"widget\" data-widget_type=\"heading.default\">\n\t\t\t\t<div class=\"elementor-widget-container\">\n\t\t\t\t\t<p class=\"elementor-heading-title elementor-size-default\">Arqueologia do futuro<\/p>\t\t\t\t<\/div>\n\t\t\t\t<\/div>\n\t\t\t\t<\/div>\n\t\t\t\t<\/div>\n\t\t\t\t<div class=\"elementor-element elementor-element-5071b99 elementor-widget elementor-widget-heading\" data-id=\"5071b99\" data-element_type=\"widget\" data-e-type=\"widget\" data-widget_type=\"heading.default\">\n\t\t\t\t<div class=\"elementor-widget-container\">\n\t\t\t\t\t<span class=\"elementor-heading-title elementor-size-default\"><p>Rep. Leticia Leite<\/p>\n<\/span>\t\t\t\t<\/div>\n\t\t\t\t<\/div>\n\t\t\t\t<div class=\"elementor-element elementor-element-33e5914 elementor-widget elementor-widget-heading\" data-id=\"33e5914\" data-element_type=\"widget\" data-e-type=\"widget\" data-widget_type=\"heading.default\">\n\t\t\t\t<div class=\"elementor-widget-container\">\n\t\t\t\t\t<span class=\"elementor-heading-title elementor-size-default\"><p><a href=\"https:\/\/radionovelo.com.br\/originais\/apresenta\/arqueologia-do-futuro\/\" target=\"_blank\" rel=\"noopener\">Dispon\u00edvel em R\u00e1dio Novelo<\/a><\/p>\n<\/span>\t\t\t\t<\/div>\n\t\t\t\t<\/div>\n\t\t\t\t<div class=\"elementor-element elementor-element-0a05e2d elementor-widget elementor-widget-toggle\" data-id=\"0a05e2d\" data-element_type=\"widget\" data-e-type=\"widget\" data-widget_type=\"toggle.default\">\n\t\t\t\t<div class=\"elementor-widget-container\">\n\t\t\t\t\t\t\t<div class=\"elementor-toggle\">\n\t\t\t\t\t\t\t<div class=\"elementor-toggle-item\">\n\t\t\t\t\t<h6 id=\"elementor-tab-title-1051\" class=\"elementor-tab-title\" data-tab=\"1\" role=\"button\" aria-controls=\"elementor-tab-content-1051\" aria-expanded=\"false\">\n\t\t\t\t\t\t\t\t\t\t\t\t<span class=\"elementor-toggle-icon elementor-toggle-icon-left\" aria-hidden=\"true\">\n\t\t\t\t\t\t\t\t\t\t\t\t\t\t\t<span class=\"elementor-toggle-icon-closed\"><i class=\"fas fa-caret-right\"><\/i><\/span>\n\t\t\t\t\t\t\t\t<span class=\"elementor-toggle-icon-opened\"><i class=\"elementor-toggle-icon-opened fas fa-caret-down\"><\/i><\/span>\n\t\t\t\t\t\t\t\t\t\t\t\t\t<\/span>\n\t\t\t\t\t\t\t\t\t\t\t\t<a class=\"elementor-toggle-title\" tabindex=\"0\">Ler resenha<\/a>\n\t\t\t\t\t<\/h6>\n\n\t\t\t\t\t<div id=\"elementor-tab-content-1051\" class=\"elementor-tab-content elementor-clearfix\" data-tab=\"1\" role=\"region\" aria-labelledby=\"elementor-tab-title-1051\"><p>O epis\u00f3dio do podcast conta como um grupo de arque\u00f3logos est\u00e3o descobrindo novas informa\u00e7\u00f5es sobre como povos origin\u00e1rios da Amaz\u00f4nia viviam e administravam a floresta antes da coloniza\u00e7\u00e3o no pa\u00eds. Os achados recentes contradizem narrativas antigas, que retratam os povos amaz\u00f4nicos como menos desenvolvidos ou primitivos.<\/p>\n<\/div>\n\t\t\t\t<\/div>\n\t\t\t\t\t\t\t\t<\/div>\n\t\t\t\t\t\t<\/div>\n\t\t\t\t<\/div>\n\t\t\t\t<\/div>\n\t\t\t\t\t<\/div>\n\t\t\t\t<\/article>\n\t\t\t\t<\/div>\n\t\t\t\t<div data-elementor-type=\"loop-item\" data-elementor-id=\"3001\" class=\"elementor elementor-3001 e-loop-item e-loop-item-4198 post-4198 roteiro type-roteiro status-publish has-post-thumbnail hentry category-ver edicao-edicao-7\" data-elementor-post-type=\"elementor_library\" data-custom-edit-handle=\"1\">\n\t\t\t<article class=\"elementor-element elementor-element-d3fff95 e-flex e-con-boxed e-con e-parent\" data-id=\"d3fff95\" data-element_type=\"container\" data-e-type=\"container\" data-settings=\"{&quot;background_background&quot;:&quot;classic&quot;}\">\n\t\t\t\t\t<div class=\"e-con-inner\">\n\t\t<div class=\"elementor-element elementor-element-f274729 e-con-full e-flex e-con e-child\" data-id=\"f274729\" data-element_type=\"container\" data-e-type=\"container\">\n\t\t<div class=\"elementor-element elementor-element-76f83ea e-con-full e-flex e-con e-child\" data-id=\"76f83ea\" data-element_type=\"container\" data-e-type=\"container\">\n\t\t<div class=\"elementor-element elementor-element-28e1075 e-con-full e-flex e-con e-child\" data-id=\"28e1075\" data-element_type=\"container\" data-e-type=\"container\">\n\t\t\t\t<div class=\"elementor-element elementor-element-10c1e69 elementor-widget elementor-widget-theme-post-featured-image elementor-widget-image\" data-id=\"10c1e69\" data-element_type=\"widget\" data-e-type=\"widget\" data-widget_type=\"theme-post-featured-image.default\">\n\t\t\t\t<div class=\"elementor-widget-container\">\n\t\t\t\t\t\t\t\t\t\t\t\t\t\t\t<img loading=\"lazy\" decoding=\"async\" width=\"450\" height=\"630\" src=\"https:\/\/site.veracruz.edu.br\/zumzum\/wp-content\/uploads\/2025\/03\/batalhao.webp\" class=\"attachment-full size-full wp-image-4199\" alt=\"\" srcset=\"https:\/\/site.veracruz.edu.br\/zumzum\/wp-content\/uploads\/2025\/03\/batalhao.webp 450w, https:\/\/site.veracruz.edu.br\/zumzum\/wp-content\/uploads\/2025\/03\/batalhao-214x300.webp 214w\" sizes=\"(max-width: 450px) 100vw, 450px\" \/>\t\t\t\t\t\t\t\t\t\t\t\t\t\t\t<\/div>\n\t\t\t\t<\/div>\n\t\t\t\t<\/div>\n\t\t<div class=\"elementor-element elementor-element-35d10c1 e-con-full e-flex e-con e-child\" data-id=\"35d10c1\" data-element_type=\"container\" data-e-type=\"container\">\n\t\t\t\t<div class=\"elementor-element elementor-element-5db758f elementor-widget elementor-widget-heading\" data-id=\"5db758f\" data-element_type=\"widget\" data-e-type=\"widget\" data-widget_type=\"heading.default\">\n\t\t\t\t<div class=\"elementor-widget-container\">\n\t\t\t\t\t<p class=\"elementor-heading-title elementor-size-default\">Batalh\u00e3o 6888<\/p>\t\t\t\t<\/div>\n\t\t\t\t<\/div>\n\t\t\t\t<\/div>\n\t\t\t\t<\/div>\n\t\t\t\t<div class=\"elementor-element elementor-element-5071b99 elementor-widget elementor-widget-heading\" data-id=\"5071b99\" data-element_type=\"widget\" data-e-type=\"widget\" data-widget_type=\"heading.default\">\n\t\t\t\t<div class=\"elementor-widget-container\">\n\t\t\t\t\t<span class=\"elementor-heading-title elementor-size-default\"><p>Dir. Tyler Perry<\/p>\n<\/span>\t\t\t\t<\/div>\n\t\t\t\t<\/div>\n\t\t\t\t<div class=\"elementor-element elementor-element-33e5914 elementor-widget elementor-widget-heading\" data-id=\"33e5914\" data-element_type=\"widget\" data-e-type=\"widget\" data-widget_type=\"heading.default\">\n\t\t\t\t<div class=\"elementor-widget-container\">\n\t\t\t\t\t<span class=\"elementor-heading-title elementor-size-default\"><p><a href=\"https:\/\/www.netflix.com\/title\/81590591\">Dispon\u00edvel em Netflix<\/a><\/p>\n<\/span>\t\t\t\t<\/div>\n\t\t\t\t<\/div>\n\t\t\t\t<div class=\"elementor-element elementor-element-0a05e2d elementor-widget elementor-widget-toggle\" data-id=\"0a05e2d\" data-element_type=\"widget\" data-e-type=\"widget\" data-widget_type=\"toggle.default\">\n\t\t\t\t<div class=\"elementor-widget-container\">\n\t\t\t\t\t\t\t<div class=\"elementor-toggle\">\n\t\t\t\t\t\t\t<div class=\"elementor-toggle-item\">\n\t\t\t\t\t<h6 id=\"elementor-tab-title-1051\" class=\"elementor-tab-title\" data-tab=\"1\" role=\"button\" aria-controls=\"elementor-tab-content-1051\" aria-expanded=\"false\">\n\t\t\t\t\t\t\t\t\t\t\t\t<span class=\"elementor-toggle-icon elementor-toggle-icon-left\" aria-hidden=\"true\">\n\t\t\t\t\t\t\t\t\t\t\t\t\t\t\t<span class=\"elementor-toggle-icon-closed\"><i class=\"fas fa-caret-right\"><\/i><\/span>\n\t\t\t\t\t\t\t\t<span class=\"elementor-toggle-icon-opened\"><i class=\"elementor-toggle-icon-opened fas fa-caret-down\"><\/i><\/span>\n\t\t\t\t\t\t\t\t\t\t\t\t\t<\/span>\n\t\t\t\t\t\t\t\t\t\t\t\t<a class=\"elementor-toggle-title\" tabindex=\"0\">Ler resenha<\/a>\n\t\t\t\t\t<\/h6>\n\n\t\t\t\t\t<div id=\"elementor-tab-content-1051\" class=\"elementor-tab-content elementor-clearfix\" data-tab=\"1\" role=\"region\" aria-labelledby=\"elementor-tab-title-1051\"><p>O filme \u00e9 baseado na hist\u00f3ria real do Batalh\u00e3o 6888, encarregado de restabelecer o servi\u00e7o de correspond\u00eancia durante a Segunda Grande Guerra. O filme mostra acompanha o grupo formado por mulheres negras na miss\u00e3o de reorganizar 17 milh\u00f5es de correspond\u00eancias entre soldados e suas fam\u00edlias durante o conflito e destaca os desafios trazidos pelo machismo e racismo presentes na for\u00e7a militar.<\/p>\n<\/div>\n\t\t\t\t<\/div>\n\t\t\t\t\t\t\t\t<\/div>\n\t\t\t\t\t\t<\/div>\n\t\t\t\t<\/div>\n\t\t\t\t<\/div>\n\t\t\t\t\t<\/div>\n\t\t\t\t<\/article>\n\t\t\t\t<\/div>\n\t\t\t\t<\/div>\n\t\t\t\t\t<span class=\"e-load-more-spinner\">\n\t\t\t\t<i aria-hidden=\"true\" class=\"fas fa-spinner\"><\/i>\t\t\t<\/span>\n\t\t\n\t\t\t\t\t\t<\/div>\n\t\t\t\t<\/div>\n\t\t\t\t\t<\/div>\n\t\t<\/div>\n\t\t\t\t\t<\/div>\n\t\t<\/section>\n\t\t<div class=\"elementor-element elementor-element-4bcd14c e-flex e-con-boxed e-con e-parent\" data-id=\"4bcd14c\" data-element_type=\"container\" data-e-type=\"container\">\n\t\t\t\t\t<div class=\"e-con-inner\">\n\t\t<div class=\"elementor-element elementor-element-d016e4e e-con-full e-flex e-con e-child\" data-id=\"d016e4e\" data-element_type=\"container\" data-e-type=\"container\">\n\t\t\t\t<div class=\"elementor-element elementor-element-4cf7b3a elementor-widget elementor-widget-heading\" data-id=\"4cf7b3a\" data-element_type=\"widget\" data-e-type=\"widget\" data-widget_type=\"heading.default\">\n\t\t\t\t<div class=\"elementor-widget-container\">\n\t\t\t\t\t<h2 class=\"elementor-heading-title elementor-size-default\">Edi\u00e7\u00e3o 6<\/h2>\t\t\t\t<\/div>\n\t\t\t\t<\/div>\n\t\t\t\t<\/div>\n\t\t\t\t\t<\/div>\n\t\t\t\t<\/div>\n\t\t\t\t<section class=\"elementor-section elementor-top-section elementor-element elementor-element-d9145a7 elementor-section-boxed elementor-section-height-default elementor-section-height-default\" data-id=\"d9145a7\" data-element_type=\"section\" data-e-type=\"section\">\n\t\t\t\t\t\t<div class=\"elementor-container elementor-column-gap-extended\">\n\t\t\t\t\t<div class=\"elementor-column elementor-col-33 elementor-top-column elementor-element elementor-element-6ed77a3\" data-id=\"6ed77a3\" data-element_type=\"column\" data-e-type=\"column\">\n\t\t\t<div class=\"elementor-widget-wrap elementor-element-populated\">\n\t\t\t\t\t\t<div class=\"elementor-element elementor-element-bc2d781 elementor-widget elementor-widget-heading\" data-id=\"bc2d781\" data-element_type=\"widget\" data-e-type=\"widget\" data-widget_type=\"heading.default\">\n\t\t\t\t<div class=\"elementor-widget-container\">\n\t\t\t\t\t<h2 class=\"elementor-heading-title elementor-size-default\">Ir<\/h2>\t\t\t\t<\/div>\n\t\t\t\t<\/div>\n\t\t\t\t<div class=\"elementor-element elementor-element-3e1e7dd elementor-grid-1 elementor-grid-tablet-2 elementor-grid-mobile-1 elementor-widget elementor-widget-loop-grid\" data-id=\"3e1e7dd\" data-element_type=\"widget\" data-e-type=\"widget\" data-settings=\"{&quot;template_id&quot;:3001,&quot;columns&quot;:1,&quot;_skin&quot;:&quot;post&quot;,&quot;columns_tablet&quot;:&quot;2&quot;,&quot;columns_mobile&quot;:&quot;1&quot;,&quot;edit_handle_selector&quot;:&quot;[data-elementor-type=\\&quot;loop-item\\&quot;]&quot;,&quot;row_gap&quot;:{&quot;unit&quot;:&quot;px&quot;,&quot;size&quot;:&quot;&quot;,&quot;sizes&quot;:[]},&quot;row_gap_tablet&quot;:{&quot;unit&quot;:&quot;px&quot;,&quot;size&quot;:&quot;&quot;,&quot;sizes&quot;:[]},&quot;row_gap_mobile&quot;:{&quot;unit&quot;:&quot;px&quot;,&quot;size&quot;:&quot;&quot;,&quot;sizes&quot;:[]}}\" data-widget_type=\"loop-grid.post\">\n\t\t\t\t<div class=\"elementor-widget-container\">\n\t\t\t\t\t\t\t<div class=\"elementor-loop-container elementor-grid\" role=\"list\">\n\t\t\t\t<div data-elementor-type=\"loop-item\" data-elementor-id=\"3001\" class=\"elementor elementor-3001 e-loop-item e-loop-item-3881 post-3881 roteiro type-roteiro status-publish has-post-thumbnail hentry category-ir tag-tour-guiado edicao-edicao-6\" data-elementor-post-type=\"elementor_library\" data-custom-edit-handle=\"1\">\n\t\t\t<article class=\"elementor-element elementor-element-d3fff95 e-flex e-con-boxed e-con e-parent\" data-id=\"d3fff95\" data-element_type=\"container\" data-e-type=\"container\" data-settings=\"{&quot;background_background&quot;:&quot;classic&quot;}\">\n\t\t\t\t\t<div class=\"e-con-inner\">\n\t\t<div class=\"elementor-element elementor-element-f274729 e-con-full e-flex e-con e-child\" data-id=\"f274729\" data-element_type=\"container\" data-e-type=\"container\">\n\t\t<div class=\"elementor-element elementor-element-76f83ea e-con-full e-flex e-con e-child\" data-id=\"76f83ea\" data-element_type=\"container\" data-e-type=\"container\">\n\t\t<div class=\"elementor-element elementor-element-28e1075 e-con-full e-flex e-con e-child\" data-id=\"28e1075\" data-element_type=\"container\" data-e-type=\"container\">\n\t\t\t\t<div class=\"elementor-element elementor-element-10c1e69 elementor-widget elementor-widget-theme-post-featured-image elementor-widget-image\" data-id=\"10c1e69\" data-element_type=\"widget\" data-e-type=\"widget\" data-widget_type=\"theme-post-featured-image.default\">\n\t\t\t\t<div class=\"elementor-widget-container\">\n\t\t\t\t\t\t\t\t\t\t\t\t\t\t\t<img loading=\"lazy\" decoding=\"async\" width=\"200\" height=\"200\" src=\"https:\/\/site.veracruz.edu.br\/zumzum\/wp-content\/uploads\/2024\/08\/guia-negro.jpg\" class=\"attachment-full size-full wp-image-3882\" alt=\"\" srcset=\"https:\/\/site.veracruz.edu.br\/zumzum\/wp-content\/uploads\/2024\/08\/guia-negro.jpg 200w, https:\/\/site.veracruz.edu.br\/zumzum\/wp-content\/uploads\/2024\/08\/guia-negro-150x150.jpg 150w\" sizes=\"(max-width: 200px) 100vw, 200px\" \/>\t\t\t\t\t\t\t\t\t\t\t\t\t\t\t<\/div>\n\t\t\t\t<\/div>\n\t\t\t\t<\/div>\n\t\t<div class=\"elementor-element elementor-element-35d10c1 e-con-full e-flex e-con e-child\" data-id=\"35d10c1\" data-element_type=\"container\" data-e-type=\"container\">\n\t\t\t\t<div class=\"elementor-element elementor-element-5db758f elementor-widget elementor-widget-heading\" data-id=\"5db758f\" data-element_type=\"widget\" data-e-type=\"widget\" data-widget_type=\"heading.default\">\n\t\t\t\t<div class=\"elementor-widget-container\">\n\t\t\t\t\t<p class=\"elementor-heading-title elementor-size-default\">Caminhadas do Guia Negro<\/p>\t\t\t\t<\/div>\n\t\t\t\t<\/div>\n\t\t\t\t<div class=\"elementor-element elementor-element-c241a95 elementor-widget elementor-widget-heading\" data-id=\"c241a95\" data-element_type=\"widget\" data-e-type=\"widget\" data-widget_type=\"heading.default\">\n\t\t\t\t<div class=\"elementor-widget-container\">\n\t\t\t\t\t<p class=\"elementor-heading-title elementor-size-default\"><span>Tour Guiado<\/span><\/p>\t\t\t\t<\/div>\n\t\t\t\t<\/div>\n\t\t\t\t<\/div>\n\t\t\t\t<\/div>\n\t\t\t\t<div class=\"elementor-element elementor-element-5071b99 elementor-widget elementor-widget-heading\" data-id=\"5071b99\" data-element_type=\"widget\" data-e-type=\"widget\" data-widget_type=\"heading.default\">\n\t\t\t\t<div class=\"elementor-widget-container\">\n\t\t\t\t\t<span class=\"elementor-heading-title elementor-size-default\"><p><a href=\"https:\/\/linktr.ee\/guianegro\">Diversas datas e locais. A partir de 75 reais.<\/a><\/p>\n<\/span>\t\t\t\t<\/div>\n\t\t\t\t<\/div>\n\t\t\t\t<div class=\"elementor-element elementor-element-0a05e2d elementor-widget elementor-widget-toggle\" data-id=\"0a05e2d\" data-element_type=\"widget\" data-e-type=\"widget\" data-widget_type=\"toggle.default\">\n\t\t\t\t<div class=\"elementor-widget-container\">\n\t\t\t\t\t\t\t<div class=\"elementor-toggle\">\n\t\t\t\t\t\t\t<div class=\"elementor-toggle-item\">\n\t\t\t\t\t<h6 id=\"elementor-tab-title-1051\" class=\"elementor-tab-title\" data-tab=\"1\" role=\"button\" aria-controls=\"elementor-tab-content-1051\" aria-expanded=\"false\">\n\t\t\t\t\t\t\t\t\t\t\t\t<span class=\"elementor-toggle-icon elementor-toggle-icon-left\" aria-hidden=\"true\">\n\t\t\t\t\t\t\t\t\t\t\t\t\t\t\t<span class=\"elementor-toggle-icon-closed\"><i class=\"fas fa-caret-right\"><\/i><\/span>\n\t\t\t\t\t\t\t\t<span class=\"elementor-toggle-icon-opened\"><i class=\"elementor-toggle-icon-opened fas fa-caret-down\"><\/i><\/span>\n\t\t\t\t\t\t\t\t\t\t\t\t\t<\/span>\n\t\t\t\t\t\t\t\t\t\t\t\t<a class=\"elementor-toggle-title\" tabindex=\"0\">Ler resenha<\/a>\n\t\t\t\t\t<\/h6>\n\n\t\t\t\t\t<div id=\"elementor-tab-content-1051\" class=\"elementor-tab-content elementor-clearfix\" data-tab=\"1\" role=\"region\" aria-labelledby=\"elementor-tab-title-1051\"><p>Do bairro da Liberdade ao Bixiga, ou uma volta pelo Jaragu\u00e1, a plataforma afroturista <em>Guia Negro<\/em> promove passeios por pontos da cidade de S\u00e3o Paulo que s\u00e3o s\u00edmbolo da mem\u00f3ria e resist\u00eancias das popula\u00e7\u00f5es afro-brasileiras. A caminhada pelo centro da capital paulistana fez parte do roteiro do Grupo Makota Valdina, formado pelos funcion\u00e1rios administrativos do Vera (<a href=\"https:\/\/site.veracruz.edu.br\/zumzum\/capitulos\/a-comunidade-toda-em-acao-como-as-formacoes-chegam-a-equipe-administrativa\/\"><em>leia mais aqui<\/em><\/a>), mas outros passeios est\u00e3o dispon\u00edveis em diversas partes da cidade. A plataforma tamb\u00e9m oferece passeios em outros locais da cidade, incluindo uma viagem a Macei\u00f3 e ao Parque Memorial Quilombo dos Palmares.<\/p>\n<\/div>\n\t\t\t\t<\/div>\n\t\t\t\t\t\t\t\t<\/div>\n\t\t\t\t\t\t<\/div>\n\t\t\t\t<\/div>\n\t\t\t\t<\/div>\n\t\t\t\t\t<\/div>\n\t\t\t\t<\/article>\n\t\t\t\t<\/div>\n\t\t\t\t<div data-elementor-type=\"loop-item\" data-elementor-id=\"3001\" class=\"elementor elementor-3001 e-loop-item e-loop-item-3874 post-3874 roteiro type-roteiro status-publish has-post-thumbnail hentry category-ir tag-exposicao edicao-edicao-6\" data-elementor-post-type=\"elementor_library\" data-custom-edit-handle=\"1\">\n\t\t\t<article class=\"elementor-element elementor-element-d3fff95 e-flex e-con-boxed e-con e-parent\" data-id=\"d3fff95\" data-element_type=\"container\" data-e-type=\"container\" data-settings=\"{&quot;background_background&quot;:&quot;classic&quot;}\">\n\t\t\t\t\t<div class=\"e-con-inner\">\n\t\t<div class=\"elementor-element elementor-element-f274729 e-con-full e-flex e-con e-child\" data-id=\"f274729\" data-element_type=\"container\" data-e-type=\"container\">\n\t\t<div class=\"elementor-element elementor-element-76f83ea e-con-full e-flex e-con e-child\" data-id=\"76f83ea\" data-element_type=\"container\" data-e-type=\"container\">\n\t\t<div class=\"elementor-element elementor-element-28e1075 e-con-full e-flex e-con e-child\" data-id=\"28e1075\" data-element_type=\"container\" data-e-type=\"container\">\n\t\t\t\t<div class=\"elementor-element elementor-element-10c1e69 elementor-widget elementor-widget-theme-post-featured-image elementor-widget-image\" data-id=\"10c1e69\" data-element_type=\"widget\" data-e-type=\"widget\" data-widget_type=\"theme-post-featured-image.default\">\n\t\t\t\t<div class=\"elementor-widget-container\">\n\t\t\t\t\t\t\t\t\t\t\t\t\t\t\t<img loading=\"lazy\" decoding=\"async\" width=\"451\" height=\"564\" src=\"https:\/\/site.veracruz.edu.br\/zumzum\/wp-content\/uploads\/2024\/08\/defeito-cor-expo.jpg\" class=\"attachment-full size-full wp-image-3875\" alt=\"\" srcset=\"https:\/\/site.veracruz.edu.br\/zumzum\/wp-content\/uploads\/2024\/08\/defeito-cor-expo.jpg 451w, https:\/\/site.veracruz.edu.br\/zumzum\/wp-content\/uploads\/2024\/08\/defeito-cor-expo-240x300.jpg 240w\" sizes=\"(max-width: 451px) 100vw, 451px\" \/>\t\t\t\t\t\t\t\t\t\t\t\t\t\t\t<\/div>\n\t\t\t\t<\/div>\n\t\t\t\t<\/div>\n\t\t<div class=\"elementor-element elementor-element-35d10c1 e-con-full e-flex e-con e-child\" data-id=\"35d10c1\" data-element_type=\"container\" data-e-type=\"container\">\n\t\t\t\t<div class=\"elementor-element elementor-element-5db758f elementor-widget elementor-widget-heading\" data-id=\"5db758f\" data-element_type=\"widget\" data-e-type=\"widget\" data-widget_type=\"heading.default\">\n\t\t\t\t<div class=\"elementor-widget-container\">\n\t\t\t\t\t<p class=\"elementor-heading-title elementor-size-default\">Um defeito de cor<\/p>\t\t\t\t<\/div>\n\t\t\t\t<\/div>\n\t\t\t\t<div class=\"elementor-element elementor-element-c241a95 elementor-widget elementor-widget-heading\" data-id=\"c241a95\" data-element_type=\"widget\" data-e-type=\"widget\" data-widget_type=\"heading.default\">\n\t\t\t\t<div class=\"elementor-widget-container\">\n\t\t\t\t\t<p class=\"elementor-heading-title elementor-size-default\"><span>Exposi\u00e7\u00e3o<\/span><\/p>\t\t\t\t<\/div>\n\t\t\t\t<\/div>\n\t\t\t\t<\/div>\n\t\t\t\t<\/div>\n\t\t\t\t<div class=\"elementor-element elementor-element-5071b99 elementor-widget elementor-widget-heading\" data-id=\"5071b99\" data-element_type=\"widget\" data-e-type=\"widget\" data-widget_type=\"heading.default\">\n\t\t\t\t<div class=\"elementor-widget-container\">\n\t\t\t\t\t<span class=\"elementor-heading-title elementor-size-default\"><p>SESC Pinheiros \u2013 Rua Pais Leme, 195<\/p>\n<\/span>\t\t\t\t<\/div>\n\t\t\t\t<\/div>\n\t\t\t\t<div class=\"elementor-element elementor-element-33e5914 elementor-widget elementor-widget-heading\" data-id=\"33e5914\" data-element_type=\"widget\" data-e-type=\"widget\" data-widget_type=\"heading.default\">\n\t\t\t\t<div class=\"elementor-widget-container\">\n\t\t\t\t\t<span class=\"elementor-heading-title elementor-size-default\"><p>At\u00e9 1\/12. Entrada gratuita.<\/p>\n<\/span>\t\t\t\t<\/div>\n\t\t\t\t<\/div>\n\t\t\t\t<div class=\"elementor-element elementor-element-0a05e2d elementor-widget elementor-widget-toggle\" data-id=\"0a05e2d\" data-element_type=\"widget\" data-e-type=\"widget\" data-widget_type=\"toggle.default\">\n\t\t\t\t<div class=\"elementor-widget-container\">\n\t\t\t\t\t\t\t<div class=\"elementor-toggle\">\n\t\t\t\t\t\t\t<div class=\"elementor-toggle-item\">\n\t\t\t\t\t<h6 id=\"elementor-tab-title-1051\" class=\"elementor-tab-title\" data-tab=\"1\" role=\"button\" aria-controls=\"elementor-tab-content-1051\" aria-expanded=\"false\">\n\t\t\t\t\t\t\t\t\t\t\t\t<span class=\"elementor-toggle-icon elementor-toggle-icon-left\" aria-hidden=\"true\">\n\t\t\t\t\t\t\t\t\t\t\t\t\t\t\t<span class=\"elementor-toggle-icon-closed\"><i class=\"fas fa-caret-right\"><\/i><\/span>\n\t\t\t\t\t\t\t\t<span class=\"elementor-toggle-icon-opened\"><i class=\"elementor-toggle-icon-opened fas fa-caret-down\"><\/i><\/span>\n\t\t\t\t\t\t\t\t\t\t\t\t\t<\/span>\n\t\t\t\t\t\t\t\t\t\t\t\t<a class=\"elementor-toggle-title\" tabindex=\"0\">Ler resenha<\/a>\n\t\t\t\t\t<\/h6>\n\n\t\t\t\t\t<div id=\"elementor-tab-content-1051\" class=\"elementor-tab-content elementor-clearfix\" data-tab=\"1\" role=\"region\" aria-labelledby=\"elementor-tab-title-1051\"><p><em>O painel de Emerson Rocha, em frente ao SESC Pinheiros, \u00e9 um dos pontos de destaque da exposi\u00e7\u00e3o. <\/em><\/p>\n<p><em>Foto: Wellington Soares<\/em><\/p>\n<p>Na exposi\u00e7\u00e3o \u201cUm defeito de cor\u201d, no SESC Pinheiros, o livro de Ana Maria Gon\u00e7alves ganha novas dimens\u00f5es ao interagir com as obras selecionadas. Se voc\u00ea j\u00e1 leu o livro, a exposi\u00e7\u00e3o inspirada no romance de Ana Maria Gon\u00e7alves expande o seu olhar sobre os elementos culturais, religiosos, geogr\u00e1ficos e hist\u00f3ricos afro-brasileiros presentes na obra e no cotidiano brasileiro. Se voc\u00ea ainda n\u00e3o leu, n\u00e3o se preocupe. O cuidadoso trabalho de curadoria de quadros, instala\u00e7\u00f5es, fotografias, esculturas, v\u00eddeos e at\u00e9 pe\u00e7as de vestu\u00e1rio n\u00e3o estraga a experi\u00eancia da leitura, mas apresenta alguns momentos hist\u00f3ricos registrados no livro, como o tr\u00e1fico negreiro, a Revolta dos Mal\u00eas e a influ\u00eancia da arquitetura brasileira na cidade de Lagos, na Nig\u00e9ria; enquanto resgata as hist\u00f3rias das principais personagens femininas da trama. Dif\u00edcil sair da exposi\u00e7\u00e3o sem querer ler \u2013 ou reler \u2013 a obra, que j\u00e1 \u00e9 considerada um cl\u00e1ssico da literatura brasileira.<\/p>\n<\/div>\n\t\t\t\t<\/div>\n\t\t\t\t\t\t\t\t<\/div>\n\t\t\t\t\t\t<\/div>\n\t\t\t\t<\/div>\n\t\t\t\t<\/div>\n\t\t\t\t\t<\/div>\n\t\t\t\t<\/article>\n\t\t\t\t<\/div>\n\t\t\t\t<\/div>\n\t\t\n\t\t\t\t\t\t<\/div>\n\t\t\t\t<\/div>\n\t\t\t\t\t<\/div>\n\t\t<\/div>\n\t\t\t\t<div class=\"elementor-column elementor-col-33 elementor-top-column elementor-element elementor-element-b0a7a86\" data-id=\"b0a7a86\" data-element_type=\"column\" data-e-type=\"column\">\n\t\t\t<div class=\"elementor-widget-wrap elementor-element-populated\">\n\t\t\t\t\t\t<div class=\"elementor-element elementor-element-e1a9aed elementor-widget elementor-widget-heading\" data-id=\"e1a9aed\" data-element_type=\"widget\" data-e-type=\"widget\" data-widget_type=\"heading.default\">\n\t\t\t\t<div class=\"elementor-widget-container\">\n\t\t\t\t\t<h2 class=\"elementor-heading-title elementor-size-default\">Ler<\/h2>\t\t\t\t<\/div>\n\t\t\t\t<\/div>\n\t\t\t\t<div class=\"elementor-element elementor-element-67d3ca6 elementor-grid-1 elementor-grid-tablet-2 elementor-grid-mobile-1 elementor-widget elementor-widget-loop-grid\" data-id=\"67d3ca6\" data-element_type=\"widget\" data-e-type=\"widget\" data-settings=\"{&quot;template_id&quot;:3001,&quot;columns&quot;:1,&quot;pagination_type&quot;:&quot;load_more_on_click&quot;,&quot;_skin&quot;:&quot;post&quot;,&quot;columns_tablet&quot;:&quot;2&quot;,&quot;columns_mobile&quot;:&quot;1&quot;,&quot;edit_handle_selector&quot;:&quot;[data-elementor-type=\\&quot;loop-item\\&quot;]&quot;,&quot;load_more_spinner&quot;:{&quot;value&quot;:&quot;fas fa-spinner&quot;,&quot;library&quot;:&quot;fa-solid&quot;},&quot;row_gap&quot;:{&quot;unit&quot;:&quot;px&quot;,&quot;size&quot;:&quot;&quot;,&quot;sizes&quot;:[]},&quot;row_gap_tablet&quot;:{&quot;unit&quot;:&quot;px&quot;,&quot;size&quot;:&quot;&quot;,&quot;sizes&quot;:[]},&quot;row_gap_mobile&quot;:{&quot;unit&quot;:&quot;px&quot;,&quot;size&quot;:&quot;&quot;,&quot;sizes&quot;:[]}}\" data-widget_type=\"loop-grid.post\">\n\t\t\t\t<div class=\"elementor-widget-container\">\n\t\t\t\t\t\t\t<div class=\"elementor-loop-container elementor-grid\" role=\"list\">\n\t\t\t\t<div data-elementor-type=\"loop-item\" data-elementor-id=\"3001\" class=\"elementor elementor-3001 e-loop-item e-loop-item-3891 post-3891 roteiro type-roteiro status-publish has-post-thumbnail hentry category-ler edicao-edicao-6\" data-elementor-post-type=\"elementor_library\" data-custom-edit-handle=\"1\">\n\t\t\t<article class=\"elementor-element elementor-element-d3fff95 e-flex e-con-boxed e-con e-parent\" data-id=\"d3fff95\" data-element_type=\"container\" data-e-type=\"container\" data-settings=\"{&quot;background_background&quot;:&quot;classic&quot;}\">\n\t\t\t\t\t<div class=\"e-con-inner\">\n\t\t<div class=\"elementor-element elementor-element-f274729 e-con-full e-flex e-con e-child\" data-id=\"f274729\" data-element_type=\"container\" data-e-type=\"container\">\n\t\t<div class=\"elementor-element elementor-element-76f83ea e-con-full e-flex e-con e-child\" data-id=\"76f83ea\" data-element_type=\"container\" data-e-type=\"container\">\n\t\t<div class=\"elementor-element elementor-element-28e1075 e-con-full e-flex e-con e-child\" data-id=\"28e1075\" data-element_type=\"container\" data-e-type=\"container\">\n\t\t\t\t<div class=\"elementor-element elementor-element-10c1e69 elementor-widget elementor-widget-theme-post-featured-image elementor-widget-image\" data-id=\"10c1e69\" data-element_type=\"widget\" data-e-type=\"widget\" data-widget_type=\"theme-post-featured-image.default\">\n\t\t\t\t<div class=\"elementor-widget-container\">\n\t\t\t\t\t\t\t\t\t\t\t\t\t\t\t<img loading=\"lazy\" decoding=\"async\" width=\"480\" height=\"690\" src=\"https:\/\/site.veracruz.edu.br\/zumzum\/wp-content\/uploads\/2024\/08\/aguas-barrela.webp\" class=\"attachment-full size-full wp-image-3892\" alt=\"\" srcset=\"https:\/\/site.veracruz.edu.br\/zumzum\/wp-content\/uploads\/2024\/08\/aguas-barrela.webp 480w, https:\/\/site.veracruz.edu.br\/zumzum\/wp-content\/uploads\/2024\/08\/aguas-barrela-209x300.webp 209w\" sizes=\"(max-width: 480px) 100vw, 480px\" \/>\t\t\t\t\t\t\t\t\t\t\t\t\t\t\t<\/div>\n\t\t\t\t<\/div>\n\t\t\t\t<\/div>\n\t\t<div class=\"elementor-element elementor-element-35d10c1 e-con-full e-flex e-con e-child\" data-id=\"35d10c1\" data-element_type=\"container\" data-e-type=\"container\">\n\t\t\t\t<div class=\"elementor-element elementor-element-5db758f elementor-widget elementor-widget-heading\" data-id=\"5db758f\" data-element_type=\"widget\" data-e-type=\"widget\" data-widget_type=\"heading.default\">\n\t\t\t\t<div class=\"elementor-widget-container\">\n\t\t\t\t\t<p class=\"elementor-heading-title elementor-size-default\">\u00c1gua de barrela<\/p>\t\t\t\t<\/div>\n\t\t\t\t<\/div>\n\t\t\t\t<\/div>\n\t\t\t\t<\/div>\n\t\t\t\t<div class=\"elementor-element elementor-element-5071b99 elementor-widget elementor-widget-heading\" data-id=\"5071b99\" data-element_type=\"widget\" data-e-type=\"widget\" data-widget_type=\"heading.default\">\n\t\t\t\t<div class=\"elementor-widget-container\">\n\t\t\t\t\t<span class=\"elementor-heading-title elementor-size-default\"><p>Eliana Alves Cruz<\/p>\n<\/span>\t\t\t\t<\/div>\n\t\t\t\t<\/div>\n\t\t\t\t<div class=\"elementor-element elementor-element-33e5914 elementor-widget elementor-widget-heading\" data-id=\"33e5914\" data-element_type=\"widget\" data-e-type=\"widget\" data-widget_type=\"heading.default\">\n\t\t\t\t<div class=\"elementor-widget-container\">\n\t\t\t\t\t<span class=\"elementor-heading-title elementor-size-default\"><p>322 p., Ed. Mal\u00ea<\/p>\n<p>R$ 62,00<\/p>\n<\/span>\t\t\t\t<\/div>\n\t\t\t\t<\/div>\n\t\t\t\t<div class=\"elementor-element elementor-element-0a05e2d elementor-widget elementor-widget-toggle\" data-id=\"0a05e2d\" data-element_type=\"widget\" data-e-type=\"widget\" data-widget_type=\"toggle.default\">\n\t\t\t\t<div class=\"elementor-widget-container\">\n\t\t\t\t\t\t\t<div class=\"elementor-toggle\">\n\t\t\t\t\t\t\t<div class=\"elementor-toggle-item\">\n\t\t\t\t\t<h6 id=\"elementor-tab-title-1051\" class=\"elementor-tab-title\" data-tab=\"1\" role=\"button\" aria-controls=\"elementor-tab-content-1051\" aria-expanded=\"false\">\n\t\t\t\t\t\t\t\t\t\t\t\t<span class=\"elementor-toggle-icon elementor-toggle-icon-left\" aria-hidden=\"true\">\n\t\t\t\t\t\t\t\t\t\t\t\t\t\t\t<span class=\"elementor-toggle-icon-closed\"><i class=\"fas fa-caret-right\"><\/i><\/span>\n\t\t\t\t\t\t\t\t<span class=\"elementor-toggle-icon-opened\"><i class=\"elementor-toggle-icon-opened fas fa-caret-down\"><\/i><\/span>\n\t\t\t\t\t\t\t\t\t\t\t\t\t<\/span>\n\t\t\t\t\t\t\t\t\t\t\t\t<a class=\"elementor-toggle-title\" tabindex=\"0\">Ler resenha<\/a>\n\t\t\t\t\t<\/h6>\n\n\t\t\t\t\t<div id=\"elementor-tab-content-1051\" class=\"elementor-tab-content elementor-clearfix\" data-tab=\"1\" role=\"region\" aria-labelledby=\"elementor-tab-title-1051\"><p>A obra narra a hist\u00f3ria de lavadeiras desde o Brasil colonial at\u00e9 o s\u00e9culo 20. Focado nas narrativas de mulheres negras, a obra desenha um panorama da hist\u00f3ria daqueles que foram trazidos contra a sua vontade ao Brasil e das consequ\u00eancias desse processo nas gera\u00e7\u00f5es que se seguiram.<\/p>\n<\/div>\n\t\t\t\t<\/div>\n\t\t\t\t\t\t\t\t<\/div>\n\t\t\t\t\t\t<\/div>\n\t\t\t\t<\/div>\n\t\t\t\t<\/div>\n\t\t\t\t\t<\/div>\n\t\t\t\t<\/article>\n\t\t\t\t<\/div>\n\t\t\t\t<div data-elementor-type=\"loop-item\" data-elementor-id=\"3001\" class=\"elementor elementor-3001 e-loop-item e-loop-item-3889 post-3889 roteiro type-roteiro status-publish has-post-thumbnail hentry category-ler edicao-edicao-6\" data-elementor-post-type=\"elementor_library\" data-custom-edit-handle=\"1\">\n\t\t\t<article class=\"elementor-element elementor-element-d3fff95 e-flex e-con-boxed e-con e-parent\" data-id=\"d3fff95\" data-element_type=\"container\" data-e-type=\"container\" data-settings=\"{&quot;background_background&quot;:&quot;classic&quot;}\">\n\t\t\t\t\t<div class=\"e-con-inner\">\n\t\t<div class=\"elementor-element elementor-element-f274729 e-con-full e-flex e-con e-child\" data-id=\"f274729\" data-element_type=\"container\" data-e-type=\"container\">\n\t\t<div class=\"elementor-element elementor-element-76f83ea e-con-full e-flex e-con e-child\" data-id=\"76f83ea\" data-element_type=\"container\" data-e-type=\"container\">\n\t\t<div class=\"elementor-element elementor-element-28e1075 e-con-full e-flex e-con e-child\" data-id=\"28e1075\" data-element_type=\"container\" data-e-type=\"container\">\n\t\t\t\t<div class=\"elementor-element elementor-element-10c1e69 elementor-widget elementor-widget-theme-post-featured-image elementor-widget-image\" data-id=\"10c1e69\" data-element_type=\"widget\" data-e-type=\"widget\" data-widget_type=\"theme-post-featured-image.default\">\n\t\t\t\t<div class=\"elementor-widget-container\">\n\t\t\t\t\t\t\t\t\t\t\t\t\t\t\t<img loading=\"lazy\" decoding=\"async\" width=\"433\" height=\"650\" src=\"https:\/\/site.veracruz.edu.br\/zumzum\/wp-content\/uploads\/2024\/08\/filho-nativo.jpg\" class=\"attachment-full size-full wp-image-3890\" alt=\"\" srcset=\"https:\/\/site.veracruz.edu.br\/zumzum\/wp-content\/uploads\/2024\/08\/filho-nativo.jpg 433w, https:\/\/site.veracruz.edu.br\/zumzum\/wp-content\/uploads\/2024\/08\/filho-nativo-200x300.jpg 200w\" sizes=\"(max-width: 433px) 100vw, 433px\" \/>\t\t\t\t\t\t\t\t\t\t\t\t\t\t\t<\/div>\n\t\t\t\t<\/div>\n\t\t\t\t<\/div>\n\t\t<div class=\"elementor-element elementor-element-35d10c1 e-con-full e-flex e-con e-child\" data-id=\"35d10c1\" data-element_type=\"container\" data-e-type=\"container\">\n\t\t\t\t<div class=\"elementor-element elementor-element-5db758f elementor-widget elementor-widget-heading\" data-id=\"5db758f\" data-element_type=\"widget\" data-e-type=\"widget\" data-widget_type=\"heading.default\">\n\t\t\t\t<div class=\"elementor-widget-container\">\n\t\t\t\t\t<p class=\"elementor-heading-title elementor-size-default\">Notas de um filho nativo<\/p>\t\t\t\t<\/div>\n\t\t\t\t<\/div>\n\t\t\t\t<\/div>\n\t\t\t\t<\/div>\n\t\t\t\t<div class=\"elementor-element elementor-element-5071b99 elementor-widget elementor-widget-heading\" data-id=\"5071b99\" data-element_type=\"widget\" data-e-type=\"widget\" data-widget_type=\"heading.default\">\n\t\t\t\t<div class=\"elementor-widget-container\">\n\t\t\t\t\t<span class=\"elementor-heading-title elementor-size-default\"><p>James Baldwin<\/p>\n<\/span>\t\t\t\t<\/div>\n\t\t\t\t<\/div>\n\t\t\t\t<div class=\"elementor-element elementor-element-33e5914 elementor-widget elementor-widget-heading\" data-id=\"33e5914\" data-element_type=\"widget\" data-e-type=\"widget\" data-widget_type=\"heading.default\">\n\t\t\t\t<div class=\"elementor-widget-container\">\n\t\t\t\t\t<span class=\"elementor-heading-title elementor-size-default\"><p>248 p., Ed. das Letras<\/p>\n<p>R$ 66,41<\/p>\n<\/span>\t\t\t\t<\/div>\n\t\t\t\t<\/div>\n\t\t\t\t<div class=\"elementor-element elementor-element-0a05e2d elementor-widget elementor-widget-toggle\" data-id=\"0a05e2d\" data-element_type=\"widget\" data-e-type=\"widget\" data-widget_type=\"toggle.default\">\n\t\t\t\t<div class=\"elementor-widget-container\">\n\t\t\t\t\t\t\t<div class=\"elementor-toggle\">\n\t\t\t\t\t\t\t<div class=\"elementor-toggle-item\">\n\t\t\t\t\t<h6 id=\"elementor-tab-title-1051\" class=\"elementor-tab-title\" data-tab=\"1\" role=\"button\" aria-controls=\"elementor-tab-content-1051\" aria-expanded=\"false\">\n\t\t\t\t\t\t\t\t\t\t\t\t<span class=\"elementor-toggle-icon elementor-toggle-icon-left\" aria-hidden=\"true\">\n\t\t\t\t\t\t\t\t\t\t\t\t\t\t\t<span class=\"elementor-toggle-icon-closed\"><i class=\"fas fa-caret-right\"><\/i><\/span>\n\t\t\t\t\t\t\t\t<span class=\"elementor-toggle-icon-opened\"><i class=\"elementor-toggle-icon-opened fas fa-caret-down\"><\/i><\/span>\n\t\t\t\t\t\t\t\t\t\t\t\t\t<\/span>\n\t\t\t\t\t\t\t\t\t\t\t\t<a class=\"elementor-toggle-title\" tabindex=\"0\">Ler resenha<\/a>\n\t\t\t\t\t<\/h6>\n\n\t\t\t\t\t<div id=\"elementor-tab-content-1051\" class=\"elementor-tab-content elementor-clearfix\" data-tab=\"1\" role=\"region\" aria-labelledby=\"elementor-tab-title-1051\"><p>Baldwin, que completaria 100 anos no m\u00eas de agosto, \u00e9 considerado o maior ensa\u00edsta americano e um dos principais autores do s\u00e9culo 20. Nessa obra, que re\u00fane diversos ensaios de n\u00e3o fic\u00e7\u00e3o, o autor, negro e homossexual, mostra seu pioneirismo. Nascido e criado no Harlem, bairro negro de Nova York, Baldwin usa sua trajet\u00f3ria pessoal e intelectual para refletir sobre temas como fam\u00edlia, hist\u00f3ria e a tens\u00e3o racial presente nos EUA.<\/p>\n<\/div>\n\t\t\t\t<\/div>\n\t\t\t\t\t\t\t\t<\/div>\n\t\t\t\t\t\t<\/div>\n\t\t\t\t<\/div>\n\t\t\t\t<\/div>\n\t\t\t\t\t<\/div>\n\t\t\t\t<\/article>\n\t\t\t\t<\/div>\n\t\t\t\t<\/div>\n\t\t\t\t\t<span class=\"e-load-more-spinner\">\n\t\t\t\t<i aria-hidden=\"true\" class=\"fas fa-spinner\"><\/i>\t\t\t<\/span>\n\t\t\n\t\t\t\t<div class=\"e-load-more-anchor\" data-page=\"1\" data-max-page=\"2\" data-next-page=\"https:\/\/site.veracruz.edu.br\/zumzum\/wp-json\/wp\/v2\/pages\/299\/page\/2\/\"><\/div>\n\t\t\t\t<div class=\"e-loop__load-more elementor-button-wrapper\">\n\t\t\t<a class=\"elementor-button elementor-size-sm\" role=\"button\">\n\t\t\t\t\t\t<span class=\"elementor-button-content-wrapper\">\n\t\t\t\t\t\t\t\t\t<span class=\"elementor-button-text\">Carregar mais<\/span>\n\t\t\t\t\t<\/span>\n\t\t\t\t\t<\/a>\n\t\t<\/div>\n\t\t\t\t<div class=\"e-load-more-message\"><\/div>\n\t\t\t\t\t\t<\/div>\n\t\t\t\t<\/div>\n\t\t\t\t\t<\/div>\n\t\t<\/div>\n\t\t\t\t<div class=\"elementor-column elementor-col-33 elementor-top-column elementor-element elementor-element-3979e37\" data-id=\"3979e37\" data-element_type=\"column\" data-e-type=\"column\">\n\t\t\t<div class=\"elementor-widget-wrap elementor-element-populated\">\n\t\t\t\t\t\t<div class=\"elementor-element elementor-element-1143489 elementor-widget elementor-widget-heading\" data-id=\"1143489\" data-element_type=\"widget\" data-e-type=\"widget\" data-widget_type=\"heading.default\">\n\t\t\t\t<div class=\"elementor-widget-container\">\n\t\t\t\t\t<h2 class=\"elementor-heading-title elementor-size-default\">Ver<\/h2>\t\t\t\t<\/div>\n\t\t\t\t<\/div>\n\t\t\t\t<div class=\"elementor-element elementor-element-59c9a2e elementor-grid-1 elementor-grid-tablet-2 elementor-grid-mobile-1 elementor-widget elementor-widget-loop-grid\" data-id=\"59c9a2e\" data-element_type=\"widget\" data-e-type=\"widget\" data-settings=\"{&quot;template_id&quot;:3001,&quot;columns&quot;:1,&quot;pagination_type&quot;:&quot;load_more_on_click&quot;,&quot;_skin&quot;:&quot;post&quot;,&quot;columns_tablet&quot;:&quot;2&quot;,&quot;columns_mobile&quot;:&quot;1&quot;,&quot;edit_handle_selector&quot;:&quot;[data-elementor-type=\\&quot;loop-item\\&quot;]&quot;,&quot;load_more_spinner&quot;:{&quot;value&quot;:&quot;fas fa-spinner&quot;,&quot;library&quot;:&quot;fa-solid&quot;},&quot;row_gap&quot;:{&quot;unit&quot;:&quot;px&quot;,&quot;size&quot;:&quot;&quot;,&quot;sizes&quot;:[]},&quot;row_gap_tablet&quot;:{&quot;unit&quot;:&quot;px&quot;,&quot;size&quot;:&quot;&quot;,&quot;sizes&quot;:[]},&quot;row_gap_mobile&quot;:{&quot;unit&quot;:&quot;px&quot;,&quot;size&quot;:&quot;&quot;,&quot;sizes&quot;:[]}}\" data-widget_type=\"loop-grid.post\">\n\t\t\t\t<div class=\"elementor-widget-container\">\n\t\t\t\t\t\t\t<div class=\"elementor-loop-container elementor-grid\" role=\"list\">\n\t\t\t\t<div data-elementor-type=\"loop-item\" data-elementor-id=\"3001\" class=\"elementor elementor-3001 e-loop-item e-loop-item-3897 post-3897 roteiro type-roteiro status-publish has-post-thumbnail hentry category-ver edicao-edicao-6\" data-elementor-post-type=\"elementor_library\" data-custom-edit-handle=\"1\">\n\t\t\t<article class=\"elementor-element elementor-element-d3fff95 e-flex e-con-boxed e-con e-parent\" data-id=\"d3fff95\" data-element_type=\"container\" data-e-type=\"container\" data-settings=\"{&quot;background_background&quot;:&quot;classic&quot;}\">\n\t\t\t\t\t<div class=\"e-con-inner\">\n\t\t<div class=\"elementor-element elementor-element-f274729 e-con-full e-flex e-con e-child\" data-id=\"f274729\" data-element_type=\"container\" data-e-type=\"container\">\n\t\t<div class=\"elementor-element elementor-element-76f83ea e-con-full e-flex e-con e-child\" data-id=\"76f83ea\" data-element_type=\"container\" data-e-type=\"container\">\n\t\t<div class=\"elementor-element elementor-element-28e1075 e-con-full e-flex e-con e-child\" data-id=\"28e1075\" data-element_type=\"container\" data-e-type=\"container\">\n\t\t\t\t<div class=\"elementor-element elementor-element-10c1e69 elementor-widget elementor-widget-theme-post-featured-image elementor-widget-image\" data-id=\"10c1e69\" data-element_type=\"widget\" data-e-type=\"widget\" data-widget_type=\"theme-post-featured-image.default\">\n\t\t\t\t<div class=\"elementor-widget-container\">\n\t\t\t\t\t\t\t\t\t\t\t\t\t\t\t<img loading=\"lazy\" decoding=\"async\" width=\"210\" height=\"312\" src=\"https:\/\/site.veracruz.edu.br\/zumzum\/wp-content\/uploads\/2024\/08\/tras-pele.webp\" class=\"attachment-full size-full wp-image-3899\" alt=\"\" srcset=\"https:\/\/site.veracruz.edu.br\/zumzum\/wp-content\/uploads\/2024\/08\/tras-pele.webp 210w, https:\/\/site.veracruz.edu.br\/zumzum\/wp-content\/uploads\/2024\/08\/tras-pele-202x300.webp 202w\" sizes=\"(max-width: 210px) 100vw, 210px\" \/>\t\t\t\t\t\t\t\t\t\t\t\t\t\t\t<\/div>\n\t\t\t\t<\/div>\n\t\t\t\t<\/div>\n\t\t<div class=\"elementor-element elementor-element-35d10c1 e-con-full e-flex e-con e-child\" data-id=\"35d10c1\" data-element_type=\"container\" data-e-type=\"container\">\n\t\t\t\t<div class=\"elementor-element elementor-element-5db758f elementor-widget elementor-widget-heading\" data-id=\"5db758f\" data-element_type=\"widget\" data-e-type=\"widget\" data-widget_type=\"heading.default\">\n\t\t\t\t<div class=\"elementor-widget-container\">\n\t\t\t\t\t<p class=\"elementor-heading-title elementor-size-default\">Por tr\u00e1s da pele<\/p>\t\t\t\t<\/div>\n\t\t\t\t<\/div>\n\t\t\t\t<\/div>\n\t\t\t\t<\/div>\n\t\t\t\t<div class=\"elementor-element elementor-element-5071b99 elementor-widget elementor-widget-heading\" data-id=\"5071b99\" data-element_type=\"widget\" data-e-type=\"widget\" data-widget_type=\"heading.default\">\n\t\t\t\t<div class=\"elementor-widget-container\">\n\t\t\t\t\t<span class=\"elementor-heading-title elementor-size-default\"><p>Dir. Cristian Cancino<\/p>\n<\/span>\t\t\t\t<\/div>\n\t\t\t\t<\/div>\n\t\t\t\t<div class=\"elementor-element elementor-element-33e5914 elementor-widget elementor-widget-heading\" data-id=\"33e5914\" data-element_type=\"widget\" data-e-type=\"widget\" data-widget_type=\"heading.default\">\n\t\t\t\t<div class=\"elementor-widget-container\">\n\t\t\t\t\t<span class=\"elementor-heading-title elementor-size-default\"><p>Dispon\u00edvel em <a href=\"http:\/\/spcineplay.com.br\" target=\"_blank\" rel=\"noopener\">spcineplay.com.br<\/a><\/p>\n<\/span>\t\t\t\t<\/div>\n\t\t\t\t<\/div>\n\t\t\t\t<div class=\"elementor-element elementor-element-0a05e2d elementor-widget elementor-widget-toggle\" data-id=\"0a05e2d\" data-element_type=\"widget\" data-e-type=\"widget\" data-widget_type=\"toggle.default\">\n\t\t\t\t<div class=\"elementor-widget-container\">\n\t\t\t\t\t\t\t<div class=\"elementor-toggle\">\n\t\t\t\t\t\t\t<div class=\"elementor-toggle-item\">\n\t\t\t\t\t<h6 id=\"elementor-tab-title-1051\" class=\"elementor-tab-title\" data-tab=\"1\" role=\"button\" aria-controls=\"elementor-tab-content-1051\" aria-expanded=\"false\">\n\t\t\t\t\t\t\t\t\t\t\t\t<span class=\"elementor-toggle-icon elementor-toggle-icon-left\" aria-hidden=\"true\">\n\t\t\t\t\t\t\t\t\t\t\t\t\t\t\t<span class=\"elementor-toggle-icon-closed\"><i class=\"fas fa-caret-right\"><\/i><\/span>\n\t\t\t\t\t\t\t\t<span class=\"elementor-toggle-icon-opened\"><i class=\"elementor-toggle-icon-opened fas fa-caret-down\"><\/i><\/span>\n\t\t\t\t\t\t\t\t\t\t\t\t\t<\/span>\n\t\t\t\t\t\t\t\t\t\t\t\t<a class=\"elementor-toggle-title\" tabindex=\"0\">Ler resenha<\/a>\n\t\t\t\t\t<\/h6>\n\n\t\t\t\t\t<div id=\"elementor-tab-content-1051\" class=\"elementor-tab-content elementor-clearfix\" data-tab=\"1\" role=\"region\" aria-labelledby=\"elementor-tab-title-1051\"><p>Joris, vindo do Haiti, enfrenta os desafios de navegar, como imigrante, pela cidade de S\u00e3o Paulo. Nesse desafio conhece Juan, um imigrante boliviano, que o ajuda nessa jornada.<\/p>\n<\/div>\n\t\t\t\t<\/div>\n\t\t\t\t\t\t\t\t<\/div>\n\t\t\t\t\t\t<\/div>\n\t\t\t\t<\/div>\n\t\t\t\t<\/div>\n\t\t\t\t\t<\/div>\n\t\t\t\t<\/article>\n\t\t\t\t<\/div>\n\t\t\t\t<div data-elementor-type=\"loop-item\" data-elementor-id=\"3001\" class=\"elementor elementor-3001 e-loop-item e-loop-item-3895 post-3895 roteiro type-roteiro status-publish has-post-thumbnail hentry category-ver edicao-edicao-6\" data-elementor-post-type=\"elementor_library\" data-custom-edit-handle=\"1\">\n\t\t\t<article class=\"elementor-element elementor-element-d3fff95 e-flex e-con-boxed e-con e-parent\" data-id=\"d3fff95\" data-element_type=\"container\" data-e-type=\"container\" data-settings=\"{&quot;background_background&quot;:&quot;classic&quot;}\">\n\t\t\t\t\t<div class=\"e-con-inner\">\n\t\t<div class=\"elementor-element elementor-element-f274729 e-con-full e-flex e-con e-child\" data-id=\"f274729\" data-element_type=\"container\" data-e-type=\"container\">\n\t\t<div class=\"elementor-element elementor-element-76f83ea e-con-full e-flex e-con e-child\" data-id=\"76f83ea\" data-element_type=\"container\" data-e-type=\"container\">\n\t\t<div class=\"elementor-element elementor-element-28e1075 e-con-full e-flex e-con e-child\" data-id=\"28e1075\" data-element_type=\"container\" data-e-type=\"container\">\n\t\t\t\t<div class=\"elementor-element elementor-element-10c1e69 elementor-widget elementor-widget-theme-post-featured-image elementor-widget-image\" data-id=\"10c1e69\" data-element_type=\"widget\" data-e-type=\"widget\" data-widget_type=\"theme-post-featured-image.default\">\n\t\t\t\t<div class=\"elementor-widget-container\">\n\t\t\t\t\t\t\t\t\t\t\t\t\t\t\t<img loading=\"lazy\" decoding=\"async\" width=\"2560\" height=\"1706\" src=\"https:\/\/site.veracruz.edu.br\/zumzum\/wp-content\/uploads\/2024\/08\/males-scaled.jpg\" class=\"attachment-full size-full wp-image-3896\" alt=\"\" srcset=\"https:\/\/site.veracruz.edu.br\/zumzum\/wp-content\/uploads\/2024\/08\/males-scaled.jpg 2560w, https:\/\/site.veracruz.edu.br\/zumzum\/wp-content\/uploads\/2024\/08\/males-300x200.jpg 300w, https:\/\/site.veracruz.edu.br\/zumzum\/wp-content\/uploads\/2024\/08\/males-1024x683.jpg 1024w, https:\/\/site.veracruz.edu.br\/zumzum\/wp-content\/uploads\/2024\/08\/males-768x512.jpg 768w, https:\/\/site.veracruz.edu.br\/zumzum\/wp-content\/uploads\/2024\/08\/males-1536x1024.jpg 1536w, https:\/\/site.veracruz.edu.br\/zumzum\/wp-content\/uploads\/2024\/08\/males-2048x1365.jpg 2048w\" sizes=\"(max-width: 2560px) 100vw, 2560px\" \/>\t\t\t\t\t\t\t\t\t\t\t\t\t\t\t<\/div>\n\t\t\t\t<\/div>\n\t\t\t\t<\/div>\n\t\t<div class=\"elementor-element elementor-element-35d10c1 e-con-full e-flex e-con e-child\" data-id=\"35d10c1\" data-element_type=\"container\" data-e-type=\"container\">\n\t\t\t\t<div class=\"elementor-element elementor-element-5db758f elementor-widget elementor-widget-heading\" data-id=\"5db758f\" data-element_type=\"widget\" data-e-type=\"widget\" data-widget_type=\"heading.default\">\n\t\t\t\t<div class=\"elementor-widget-container\">\n\t\t\t\t\t<p class=\"elementor-heading-title elementor-size-default\">Mal\u00eas<\/p>\t\t\t\t<\/div>\n\t\t\t\t<\/div>\n\t\t\t\t<\/div>\n\t\t\t\t<\/div>\n\t\t\t\t<div class=\"elementor-element elementor-element-5071b99 elementor-widget elementor-widget-heading\" data-id=\"5071b99\" data-element_type=\"widget\" data-e-type=\"widget\" data-widget_type=\"heading.default\">\n\t\t\t\t<div class=\"elementor-widget-container\">\n\t\t\t\t\t<span class=\"elementor-heading-title elementor-size-default\"><p>Dir. Antonio Pitanga<\/p>\n<\/span>\t\t\t\t<\/div>\n\t\t\t\t<\/div>\n\t\t\t\t<div class=\"elementor-element elementor-element-33e5914 elementor-widget elementor-widget-heading\" data-id=\"33e5914\" data-element_type=\"widget\" data-e-type=\"widget\" data-widget_type=\"heading.default\">\n\t\t\t\t<div class=\"elementor-widget-container\">\n\t\t\t\t\t<span class=\"elementor-heading-title elementor-size-default\"><p>Estreia em 14\/11<\/p>\n<\/span>\t\t\t\t<\/div>\n\t\t\t\t<\/div>\n\t\t\t\t<div class=\"elementor-element elementor-element-0a05e2d elementor-widget elementor-widget-toggle\" data-id=\"0a05e2d\" data-element_type=\"widget\" data-e-type=\"widget\" data-widget_type=\"toggle.default\">\n\t\t\t\t<div class=\"elementor-widget-container\">\n\t\t\t\t\t\t\t<div class=\"elementor-toggle\">\n\t\t\t\t\t\t\t<div class=\"elementor-toggle-item\">\n\t\t\t\t\t<h6 id=\"elementor-tab-title-1051\" class=\"elementor-tab-title\" data-tab=\"1\" role=\"button\" aria-controls=\"elementor-tab-content-1051\" aria-expanded=\"false\">\n\t\t\t\t\t\t\t\t\t\t\t\t<span class=\"elementor-toggle-icon elementor-toggle-icon-left\" aria-hidden=\"true\">\n\t\t\t\t\t\t\t\t\t\t\t\t\t\t\t<span class=\"elementor-toggle-icon-closed\"><i class=\"fas fa-caret-right\"><\/i><\/span>\n\t\t\t\t\t\t\t\t<span class=\"elementor-toggle-icon-opened\"><i class=\"elementor-toggle-icon-opened fas fa-caret-down\"><\/i><\/span>\n\t\t\t\t\t\t\t\t\t\t\t\t\t<\/span>\n\t\t\t\t\t\t\t\t\t\t\t\t<a class=\"elementor-toggle-title\" tabindex=\"0\">Ler resenha<\/a>\n\t\t\t\t\t<\/h6>\n\n\t\t\t\t\t<div id=\"elementor-tab-content-1051\" class=\"elementor-tab-content elementor-clearfix\" data-tab=\"1\" role=\"region\" aria-labelledby=\"elementor-tab-title-1051\"><p>O filme conta a hist\u00f3ria da Revolta dos Mal\u00eas, maior levante de pessoas escravizadas da hist\u00f3ria do Brasil, ocorrida em 1835, em Salvador. A obra explora temas como racismo e intoler\u00e2ncia religiosa e tamb\u00e9m retrata a dura repress\u00e3o que atingiu os mobilizadores da revolta.<\/p>\n<\/div>\n\t\t\t\t<\/div>\n\t\t\t\t\t\t\t\t<\/div>\n\t\t\t\t\t\t<\/div>\n\t\t\t\t<\/div>\n\t\t\t\t<\/div>\n\t\t\t\t\t<\/div>\n\t\t\t\t<\/article>\n\t\t\t\t<\/div>\n\t\t\t\t<\/div>\n\t\t\t\t\t<span class=\"e-load-more-spinner\">\n\t\t\t\t<i aria-hidden=\"true\" class=\"fas fa-spinner\"><\/i>\t\t\t<\/span>\n\t\t\n\t\t\t\t\t\t<\/div>\n\t\t\t\t<\/div>\n\t\t\t\t\t<\/div>\n\t\t<\/div>\n\t\t\t\t\t<\/div>\n\t\t<\/section>\n\t\t<div class=\"elementor-element elementor-element-14ced52 e-flex e-con-boxed e-con e-parent\" data-id=\"14ced52\" data-element_type=\"container\" data-e-type=\"container\">\n\t\t\t\t\t<div class=\"e-con-inner\">\n\t\t<div class=\"elementor-element elementor-element-afae884 e-con-full e-flex e-con e-child\" data-id=\"afae884\" data-element_type=\"container\" data-e-type=\"container\">\n\t\t\t\t<div class=\"elementor-element elementor-element-a7242e3 elementor-widget elementor-widget-heading\" data-id=\"a7242e3\" data-element_type=\"widget\" data-e-type=\"widget\" data-widget_type=\"heading.default\">\n\t\t\t\t<div class=\"elementor-widget-container\">\n\t\t\t\t\t<h2 class=\"elementor-heading-title elementor-size-default\">Edi\u00e7\u00e3o 5<\/h2>\t\t\t\t<\/div>\n\t\t\t\t<\/div>\n\t\t\t\t<\/div>\n\t\t\t\t\t<\/div>\n\t\t\t\t<\/div>\n\t\t\t\t<section class=\"elementor-section elementor-top-section elementor-element elementor-element-596fde0 elementor-section-boxed elementor-section-height-default elementor-section-height-default\" data-id=\"596fde0\" data-element_type=\"section\" data-e-type=\"section\">\n\t\t\t\t\t\t<div class=\"elementor-container elementor-column-gap-extended\">\n\t\t\t\t\t<div class=\"elementor-column elementor-col-33 elementor-top-column elementor-element elementor-element-fa78d45\" data-id=\"fa78d45\" data-element_type=\"column\" data-e-type=\"column\">\n\t\t\t<div class=\"elementor-widget-wrap elementor-element-populated\">\n\t\t\t\t\t\t<div class=\"elementor-element elementor-element-19eeb37 elementor-widget elementor-widget-heading\" data-id=\"19eeb37\" data-element_type=\"widget\" data-e-type=\"widget\" data-widget_type=\"heading.default\">\n\t\t\t\t<div class=\"elementor-widget-container\">\n\t\t\t\t\t<h2 class=\"elementor-heading-title elementor-size-default\">Ir<\/h2>\t\t\t\t<\/div>\n\t\t\t\t<\/div>\n\t\t\t\t<div class=\"elementor-element elementor-element-26905b8 elementor-grid-1 elementor-grid-tablet-2 elementor-grid-mobile-1 elementor-widget elementor-widget-loop-grid\" data-id=\"26905b8\" data-element_type=\"widget\" data-e-type=\"widget\" data-settings=\"{&quot;template_id&quot;:3001,&quot;columns&quot;:1,&quot;_skin&quot;:&quot;post&quot;,&quot;columns_tablet&quot;:&quot;2&quot;,&quot;columns_mobile&quot;:&quot;1&quot;,&quot;edit_handle_selector&quot;:&quot;[data-elementor-type=\\&quot;loop-item\\&quot;]&quot;,&quot;row_gap&quot;:{&quot;unit&quot;:&quot;px&quot;,&quot;size&quot;:&quot;&quot;,&quot;sizes&quot;:[]},&quot;row_gap_tablet&quot;:{&quot;unit&quot;:&quot;px&quot;,&quot;size&quot;:&quot;&quot;,&quot;sizes&quot;:[]},&quot;row_gap_mobile&quot;:{&quot;unit&quot;:&quot;px&quot;,&quot;size&quot;:&quot;&quot;,&quot;sizes&quot;:[]}}\" data-widget_type=\"loop-grid.post\">\n\t\t\t\t<div class=\"elementor-widget-container\">\n\t\t\t\t\t\t\t<div class=\"elementor-loop-container elementor-grid\" role=\"list\">\n\t\t\t\t<div data-elementor-type=\"loop-item\" data-elementor-id=\"3001\" class=\"elementor elementor-3001 e-loop-item e-loop-item-3714 post-3714 roteiro type-roteiro status-publish has-post-thumbnail hentry category-ir tag-exposicao edicao-edicao-5\" data-elementor-post-type=\"elementor_library\" data-custom-edit-handle=\"1\">\n\t\t\t<article class=\"elementor-element elementor-element-d3fff95 e-flex e-con-boxed e-con e-parent\" data-id=\"d3fff95\" data-element_type=\"container\" data-e-type=\"container\" data-settings=\"{&quot;background_background&quot;:&quot;classic&quot;}\">\n\t\t\t\t\t<div class=\"e-con-inner\">\n\t\t<div class=\"elementor-element elementor-element-f274729 e-con-full e-flex e-con e-child\" data-id=\"f274729\" data-element_type=\"container\" data-e-type=\"container\">\n\t\t<div class=\"elementor-element elementor-element-76f83ea e-con-full e-flex e-con e-child\" data-id=\"76f83ea\" data-element_type=\"container\" data-e-type=\"container\">\n\t\t<div class=\"elementor-element elementor-element-28e1075 e-con-full e-flex e-con e-child\" data-id=\"28e1075\" data-element_type=\"container\" data-e-type=\"container\">\n\t\t\t\t<div class=\"elementor-element elementor-element-10c1e69 elementor-widget elementor-widget-theme-post-featured-image elementor-widget-image\" data-id=\"10c1e69\" data-element_type=\"widget\" data-e-type=\"widget\" data-widget_type=\"theme-post-featured-image.default\">\n\t\t\t\t<div class=\"elementor-widget-container\">\n\t\t\t\t\t\t\t\t\t\t\t\t\t\t\t<img loading=\"lazy\" decoding=\"async\" width=\"602\" height=\"339\" src=\"https:\/\/site.veracruz.edu.br\/zumzum\/wp-content\/uploads\/2024\/03\/pequenas-africas.jpg\" class=\"attachment-full size-full wp-image-3715\" alt=\"\" srcset=\"https:\/\/site.veracruz.edu.br\/zumzum\/wp-content\/uploads\/2024\/03\/pequenas-africas.jpg 602w, https:\/\/site.veracruz.edu.br\/zumzum\/wp-content\/uploads\/2024\/03\/pequenas-africas-300x169.jpg 300w\" sizes=\"(max-width: 602px) 100vw, 602px\" \/>\t\t\t\t\t\t\t\t\t\t\t\t\t\t\t<\/div>\n\t\t\t\t<\/div>\n\t\t\t\t<\/div>\n\t\t<div class=\"elementor-element elementor-element-35d10c1 e-con-full e-flex e-con e-child\" data-id=\"35d10c1\" data-element_type=\"container\" data-e-type=\"container\">\n\t\t\t\t<div class=\"elementor-element elementor-element-5db758f elementor-widget elementor-widget-heading\" data-id=\"5db758f\" data-element_type=\"widget\" data-e-type=\"widget\" data-widget_type=\"heading.default\">\n\t\t\t\t<div class=\"elementor-widget-container\">\n\t\t\t\t\t<p class=\"elementor-heading-title elementor-size-default\">Pequenas \u00c1fricas: o Rio que o samba inventou<\/p>\t\t\t\t<\/div>\n\t\t\t\t<\/div>\n\t\t\t\t<div class=\"elementor-element elementor-element-c241a95 elementor-widget elementor-widget-heading\" data-id=\"c241a95\" data-element_type=\"widget\" data-e-type=\"widget\" data-widget_type=\"heading.default\">\n\t\t\t\t<div class=\"elementor-widget-container\">\n\t\t\t\t\t<p class=\"elementor-heading-title elementor-size-default\"><span>Exposi\u00e7\u00e3o<\/span><\/p>\t\t\t\t<\/div>\n\t\t\t\t<\/div>\n\t\t\t\t<\/div>\n\t\t\t\t<\/div>\n\t\t\t\t<div class=\"elementor-element elementor-element-5071b99 elementor-widget elementor-widget-heading\" data-id=\"5071b99\" data-element_type=\"widget\" data-e-type=\"widget\" data-widget_type=\"heading.default\">\n\t\t\t\t<div class=\"elementor-widget-container\">\n\t\t\t\t\t<span class=\"elementor-heading-title elementor-size-default\"><p><em>IMS Paulista &#8211; Avenida Paulista, 2424<\/em><\/p>\n<p>At\u00e9 21 de abril. Entrada gratuita.<\/p>\n<\/span>\t\t\t\t<\/div>\n\t\t\t\t<\/div>\n\t\t\t\t<div class=\"elementor-element elementor-element-33e5914 elementor-widget elementor-widget-heading\" data-id=\"33e5914\" data-element_type=\"widget\" data-e-type=\"widget\" data-widget_type=\"heading.default\">\n\t\t\t\t<div class=\"elementor-widget-container\">\n\t\t\t\t\t<span class=\"elementor-heading-title elementor-size-default\"><p><a href=\"https:\/\/ims.com.br\/exposicao\/pequenas-africas_o-rio-que-o-samba-inventou_ims-paulista\/\"><em>Pequenas \u00c1fricas: o Rio que o samba inventou<\/em><\/a><\/p>\n<\/span>\t\t\t\t<\/div>\n\t\t\t\t<\/div>\n\t\t\t\t<div class=\"elementor-element elementor-element-0a05e2d elementor-widget elementor-widget-toggle\" data-id=\"0a05e2d\" data-element_type=\"widget\" data-e-type=\"widget\" data-widget_type=\"toggle.default\">\n\t\t\t\t<div class=\"elementor-widget-container\">\n\t\t\t\t\t\t\t<div class=\"elementor-toggle\">\n\t\t\t\t\t\t\t<div class=\"elementor-toggle-item\">\n\t\t\t\t\t<h6 id=\"elementor-tab-title-1051\" class=\"elementor-tab-title\" data-tab=\"1\" role=\"button\" aria-controls=\"elementor-tab-content-1051\" aria-expanded=\"false\">\n\t\t\t\t\t\t\t\t\t\t\t\t<span class=\"elementor-toggle-icon elementor-toggle-icon-left\" aria-hidden=\"true\">\n\t\t\t\t\t\t\t\t\t\t\t\t\t\t\t<span class=\"elementor-toggle-icon-closed\"><i class=\"fas fa-caret-right\"><\/i><\/span>\n\t\t\t\t\t\t\t\t<span class=\"elementor-toggle-icon-opened\"><i class=\"elementor-toggle-icon-opened fas fa-caret-down\"><\/i><\/span>\n\t\t\t\t\t\t\t\t\t\t\t\t\t<\/span>\n\t\t\t\t\t\t\t\t\t\t\t\t<a class=\"elementor-toggle-title\" tabindex=\"0\">Ler resenha<\/a>\n\t\t\t\t\t<\/h6>\n\n\t\t\t\t\t<div id=\"elementor-tab-content-1051\" class=\"elementor-tab-content elementor-clearfix\" data-tab=\"1\" role=\"region\" aria-labelledby=\"elementor-tab-title-1051\"><p>A exposi\u00e7\u00e3o <a href=\"https:\/\/ims.com.br\/exposicao\/pequenas-africas_o-rio-que-o-samba-inventou_ims-paulista\/\"><em>Pequenas \u00c1fricas: <\/em><\/a><a href=\"https:\/\/ims.com.br\/exposicao\/pequenas-africas_o-rio-que-o-samba-inventou_ims-paulista\/\" target=\"_blank\" rel=\"noopener\"><em>o Rio que o samba inventou<\/em><\/a> conta como, entre as d\u00e9cadas de 1910 e 1940, o ritmo criado por negras e negros do Rio de Janeiro se tornou uma das mais potentes manifesta\u00e7\u00f5es culturais brasileiras. O ritmo \u00e9 ponto de partida para discutir a hist\u00f3ria da <em>Pequena \u00c1frica<\/em>, regi\u00e3o da capital fluminense na divisa entre o centro, os sub\u00farbios e o Cais do Valongo, maior porto de chegada de escravizados no mundo. A exposi\u00e7\u00e3o conta com a contribui\u00e7\u00e3o da professora Ang\u00e9lica Ferrarez de Almeida, do Ensino Fundamental 2, e foi visitada pelos educadores do Vera, como parte do projeto de forma\u00e7\u00e3o antirracista.<\/p>\n<\/div>\n\t\t\t\t<\/div>\n\t\t\t\t\t\t\t\t<\/div>\n\t\t\t\t\t\t<\/div>\n\t\t\t\t<\/div>\n\t\t\t\t<\/div>\n\t\t\t\t\t<\/div>\n\t\t\t\t<\/article>\n\t\t\t\t<\/div>\n\t\t\t\t<\/div>\n\t\t\n\t\t\t\t\t\t<\/div>\n\t\t\t\t<\/div>\n\t\t\t\t\t<\/div>\n\t\t<\/div>\n\t\t\t\t<div class=\"elementor-column elementor-col-33 elementor-top-column elementor-element elementor-element-febd0b8\" data-id=\"febd0b8\" data-element_type=\"column\" data-e-type=\"column\">\n\t\t\t<div class=\"elementor-widget-wrap elementor-element-populated\">\n\t\t\t\t\t\t<div class=\"elementor-element elementor-element-b5a4e4d elementor-widget elementor-widget-heading\" data-id=\"b5a4e4d\" data-element_type=\"widget\" data-e-type=\"widget\" data-widget_type=\"heading.default\">\n\t\t\t\t<div class=\"elementor-widget-container\">\n\t\t\t\t\t<h2 class=\"elementor-heading-title elementor-size-default\">Ler<\/h2>\t\t\t\t<\/div>\n\t\t\t\t<\/div>\n\t\t\t\t<div class=\"elementor-element elementor-element-41a20c1 elementor-grid-1 elementor-grid-tablet-2 elementor-grid-mobile-1 elementor-widget elementor-widget-loop-grid\" data-id=\"41a20c1\" data-element_type=\"widget\" data-e-type=\"widget\" data-settings=\"{&quot;template_id&quot;:3001,&quot;columns&quot;:1,&quot;pagination_type&quot;:&quot;load_more_on_click&quot;,&quot;_skin&quot;:&quot;post&quot;,&quot;columns_tablet&quot;:&quot;2&quot;,&quot;columns_mobile&quot;:&quot;1&quot;,&quot;edit_handle_selector&quot;:&quot;[data-elementor-type=\\&quot;loop-item\\&quot;]&quot;,&quot;load_more_spinner&quot;:{&quot;value&quot;:&quot;fas fa-spinner&quot;,&quot;library&quot;:&quot;fa-solid&quot;},&quot;row_gap&quot;:{&quot;unit&quot;:&quot;px&quot;,&quot;size&quot;:&quot;&quot;,&quot;sizes&quot;:[]},&quot;row_gap_tablet&quot;:{&quot;unit&quot;:&quot;px&quot;,&quot;size&quot;:&quot;&quot;,&quot;sizes&quot;:[]},&quot;row_gap_mobile&quot;:{&quot;unit&quot;:&quot;px&quot;,&quot;size&quot;:&quot;&quot;,&quot;sizes&quot;:[]}}\" data-widget_type=\"loop-grid.post\">\n\t\t\t\t<div class=\"elementor-widget-container\">\n\t\t\t\t\t\t\t<div class=\"elementor-loop-container elementor-grid\" role=\"list\">\n\t\t\t\t<div data-elementor-type=\"loop-item\" data-elementor-id=\"3001\" class=\"elementor elementor-3001 e-loop-item e-loop-item-3720 post-3720 roteiro type-roteiro status-publish has-post-thumbnail hentry category-ler tag-livro edicao-edicao-5\" data-elementor-post-type=\"elementor_library\" data-custom-edit-handle=\"1\">\n\t\t\t<article class=\"elementor-element elementor-element-d3fff95 e-flex e-con-boxed e-con e-parent\" data-id=\"d3fff95\" data-element_type=\"container\" data-e-type=\"container\" data-settings=\"{&quot;background_background&quot;:&quot;classic&quot;}\">\n\t\t\t\t\t<div class=\"e-con-inner\">\n\t\t<div class=\"elementor-element elementor-element-f274729 e-con-full e-flex e-con e-child\" data-id=\"f274729\" data-element_type=\"container\" data-e-type=\"container\">\n\t\t<div class=\"elementor-element elementor-element-76f83ea e-con-full e-flex e-con e-child\" data-id=\"76f83ea\" data-element_type=\"container\" data-e-type=\"container\">\n\t\t<div class=\"elementor-element elementor-element-28e1075 e-con-full e-flex e-con e-child\" data-id=\"28e1075\" data-element_type=\"container\" data-e-type=\"container\">\n\t\t\t\t<div class=\"elementor-element elementor-element-10c1e69 elementor-widget elementor-widget-theme-post-featured-image elementor-widget-image\" data-id=\"10c1e69\" data-element_type=\"widget\" data-e-type=\"widget\" data-widget_type=\"theme-post-featured-image.default\">\n\t\t\t\t<div class=\"elementor-widget-container\">\n\t\t\t\t\t\t\t\t\t\t\t\t\t\t\t<img loading=\"lazy\" decoding=\"async\" width=\"500\" height=\"500\" src=\"https:\/\/site.veracruz.edu.br\/zumzum\/wp-content\/uploads\/2024\/03\/avesso-da-pele.jpg\" class=\"attachment-full size-full wp-image-3721\" alt=\"\" srcset=\"https:\/\/site.veracruz.edu.br\/zumzum\/wp-content\/uploads\/2024\/03\/avesso-da-pele.jpg 500w, https:\/\/site.veracruz.edu.br\/zumzum\/wp-content\/uploads\/2024\/03\/avesso-da-pele-300x300.jpg 300w, https:\/\/site.veracruz.edu.br\/zumzum\/wp-content\/uploads\/2024\/03\/avesso-da-pele-150x150.jpg 150w\" sizes=\"(max-width: 500px) 100vw, 500px\" \/>\t\t\t\t\t\t\t\t\t\t\t\t\t\t\t<\/div>\n\t\t\t\t<\/div>\n\t\t\t\t<\/div>\n\t\t<div class=\"elementor-element elementor-element-35d10c1 e-con-full e-flex e-con e-child\" data-id=\"35d10c1\" data-element_type=\"container\" data-e-type=\"container\">\n\t\t\t\t<div class=\"elementor-element elementor-element-5db758f elementor-widget elementor-widget-heading\" data-id=\"5db758f\" data-element_type=\"widget\" data-e-type=\"widget\" data-widget_type=\"heading.default\">\n\t\t\t\t<div class=\"elementor-widget-container\">\n\t\t\t\t\t<p class=\"elementor-heading-title elementor-size-default\">O avesso da pele<\/p>\t\t\t\t<\/div>\n\t\t\t\t<\/div>\n\t\t\t\t<div class=\"elementor-element elementor-element-c241a95 elementor-widget elementor-widget-heading\" data-id=\"c241a95\" data-element_type=\"widget\" data-e-type=\"widget\" data-widget_type=\"heading.default\">\n\t\t\t\t<div class=\"elementor-widget-container\">\n\t\t\t\t\t<p class=\"elementor-heading-title elementor-size-default\"><span>Livro<\/span><\/p>\t\t\t\t<\/div>\n\t\t\t\t<\/div>\n\t\t\t\t<\/div>\n\t\t\t\t<\/div>\n\t\t\t\t<div class=\"elementor-element elementor-element-5071b99 elementor-widget elementor-widget-heading\" data-id=\"5071b99\" data-element_type=\"widget\" data-e-type=\"widget\" data-widget_type=\"heading.default\">\n\t\t\t\t<div class=\"elementor-widget-container\">\n\t\t\t\t\t<span class=\"elementor-heading-title elementor-size-default\"><p>Jeferson Ten\u00f3rio<\/p>\n<\/span>\t\t\t\t<\/div>\n\t\t\t\t<\/div>\n\t\t\t\t<div class=\"elementor-element elementor-element-33e5914 elementor-widget elementor-widget-heading\" data-id=\"33e5914\" data-element_type=\"widget\" data-e-type=\"widget\" data-widget_type=\"heading.default\">\n\t\t\t\t<div class=\"elementor-widget-container\">\n\t\t\t\t\t<span class=\"elementor-heading-title elementor-size-default\"><p>Ganhador do Pr\u00eamio Jabuti 2021 \u2013 Categoria Romance Liter\u00e1rio.<\/p>\n<p>192 p\u00e1gs. Ed. Cia. Das Letras<\/p>\n<p>R$ 58,32<\/p>\n<\/span>\t\t\t\t<\/div>\n\t\t\t\t<\/div>\n\t\t\t\t<div class=\"elementor-element elementor-element-0a05e2d elementor-widget elementor-widget-toggle\" data-id=\"0a05e2d\" data-element_type=\"widget\" data-e-type=\"widget\" data-widget_type=\"toggle.default\">\n\t\t\t\t<div class=\"elementor-widget-container\">\n\t\t\t\t\t\t\t<div class=\"elementor-toggle\">\n\t\t\t\t\t\t\t<div class=\"elementor-toggle-item\">\n\t\t\t\t\t<h6 id=\"elementor-tab-title-1051\" class=\"elementor-tab-title\" data-tab=\"1\" role=\"button\" aria-controls=\"elementor-tab-content-1051\" aria-expanded=\"false\">\n\t\t\t\t\t\t\t\t\t\t\t\t<span class=\"elementor-toggle-icon elementor-toggle-icon-left\" aria-hidden=\"true\">\n\t\t\t\t\t\t\t\t\t\t\t\t\t\t\t<span class=\"elementor-toggle-icon-closed\"><i class=\"fas fa-caret-right\"><\/i><\/span>\n\t\t\t\t\t\t\t\t<span class=\"elementor-toggle-icon-opened\"><i class=\"elementor-toggle-icon-opened fas fa-caret-down\"><\/i><\/span>\n\t\t\t\t\t\t\t\t\t\t\t\t\t<\/span>\n\t\t\t\t\t\t\t\t\t\t\t\t<a class=\"elementor-toggle-title\" tabindex=\"0\">Ler resenha<\/a>\n\t\t\t\t\t<\/h6>\n\n\t\t\t\t\t<div id=\"elementor-tab-content-1051\" class=\"elementor-tab-content elementor-clearfix\" data-tab=\"1\" role=\"region\" aria-labelledby=\"elementor-tab-title-1051\"><p>Ap\u00f3s a morte do pai em uma abordagem policial, o protagonista Pedro, um jovem negro, decide investigar o passado de sua fam\u00edlia e refazer os caminhos paternos. Ao longo da narrativa, Pedro confronta o racismo estrutural presente na sociedade brasileira e as diferentes formas de viol\u00eancia que afetam a comunidade negra. O livro tamb\u00e9m retrata a complexa rela\u00e7\u00e3o entre pais e filhos, o legado da escravid\u00e3o e a import\u00e2ncia da mem\u00f3ria. Recentemente, foi alvo de ataques e tentativas de censura em pelo menos tr\u00eas estados, cujas Secretarias de Educa\u00e7\u00e3o consideraram a obra \u201cinadequada\u201d. Os ataques refor\u00e7am a import\u00e2ncia de l\u00ea-la e debater o racismo, que ainda \u00e9 ignorado em muitas partes do pa\u00eds.<\/p>\n<\/div>\n\t\t\t\t<\/div>\n\t\t\t\t\t\t\t\t<\/div>\n\t\t\t\t\t\t<\/div>\n\t\t\t\t<\/div>\n\t\t\t\t<\/div>\n\t\t\t\t\t<\/div>\n\t\t\t\t<\/article>\n\t\t\t\t<\/div>\n\t\t\t\t<div data-elementor-type=\"loop-item\" data-elementor-id=\"3001\" class=\"elementor elementor-3001 e-loop-item e-loop-item-3716 post-3716 roteiro type-roteiro status-publish has-post-thumbnail hentry category-ler edicao-edicao-5\" data-elementor-post-type=\"elementor_library\" data-custom-edit-handle=\"1\">\n\t\t\t<article class=\"elementor-element elementor-element-d3fff95 e-flex e-con-boxed e-con e-parent\" data-id=\"d3fff95\" data-element_type=\"container\" data-e-type=\"container\" data-settings=\"{&quot;background_background&quot;:&quot;classic&quot;}\">\n\t\t\t\t\t<div class=\"e-con-inner\">\n\t\t<div class=\"elementor-element elementor-element-f274729 e-con-full e-flex e-con e-child\" data-id=\"f274729\" data-element_type=\"container\" data-e-type=\"container\">\n\t\t<div class=\"elementor-element elementor-element-76f83ea e-con-full e-flex e-con e-child\" data-id=\"76f83ea\" data-element_type=\"container\" data-e-type=\"container\">\n\t\t<div class=\"elementor-element elementor-element-28e1075 e-con-full e-flex e-con e-child\" data-id=\"28e1075\" data-element_type=\"container\" data-e-type=\"container\">\n\t\t\t\t<div class=\"elementor-element elementor-element-10c1e69 elementor-widget elementor-widget-theme-post-featured-image elementor-widget-image\" data-id=\"10c1e69\" data-element_type=\"widget\" data-e-type=\"widget\" data-widget_type=\"theme-post-featured-image.default\">\n\t\t\t\t<div class=\"elementor-widget-container\">\n\t\t\t\t\t\t\t\t\t\t\t\t\t\t\t<img loading=\"lazy\" decoding=\"async\" width=\"667\" height=\"1000\" src=\"https:\/\/site.veracruz.edu.br\/zumzum\/wp-content\/uploads\/2024\/03\/livreiro-alemao.jpg\" class=\"attachment-full size-full wp-image-3717\" alt=\"\" srcset=\"https:\/\/site.veracruz.edu.br\/zumzum\/wp-content\/uploads\/2024\/03\/livreiro-alemao.jpg 667w, https:\/\/site.veracruz.edu.br\/zumzum\/wp-content\/uploads\/2024\/03\/livreiro-alemao-200x300.jpg 200w\" sizes=\"(max-width: 667px) 100vw, 667px\" \/>\t\t\t\t\t\t\t\t\t\t\t\t\t\t\t<\/div>\n\t\t\t\t<\/div>\n\t\t\t\t<\/div>\n\t\t<div class=\"elementor-element elementor-element-35d10c1 e-con-full e-flex e-con e-child\" data-id=\"35d10c1\" data-element_type=\"container\" data-e-type=\"container\">\n\t\t\t\t<div class=\"elementor-element elementor-element-5db758f elementor-widget elementor-widget-heading\" data-id=\"5db758f\" data-element_type=\"widget\" data-e-type=\"widget\" data-widget_type=\"heading.default\">\n\t\t\t\t<div class=\"elementor-widget-container\">\n\t\t\t\t\t<p class=\"elementor-heading-title elementor-size-default\">O livreiro do Alem\u00e3o<\/p>\t\t\t\t<\/div>\n\t\t\t\t<\/div>\n\t\t\t\t<\/div>\n\t\t\t\t<\/div>\n\t\t\t\t<div class=\"elementor-element elementor-element-5071b99 elementor-widget elementor-widget-heading\" data-id=\"5071b99\" data-element_type=\"widget\" data-e-type=\"widget\" data-widget_type=\"heading.default\">\n\t\t\t\t<div class=\"elementor-widget-container\">\n\t\t\t\t\t<span class=\"elementor-heading-title elementor-size-default\"><p>Ot\u00e1vio J\u00fanior<\/p>\n<\/span>\t\t\t\t<\/div>\n\t\t\t\t<\/div>\n\t\t\t\t<div class=\"elementor-element elementor-element-33e5914 elementor-widget elementor-widget-heading\" data-id=\"33e5914\" data-element_type=\"widget\" data-e-type=\"widget\" data-widget_type=\"heading.default\">\n\t\t\t\t<div class=\"elementor-widget-container\">\n\t\t\t\t\t<span class=\"elementor-heading-title elementor-size-default\"><p>80 p\u00e1gs. Ed. Panda Books<\/p>\n<p>R$42,90<\/p>\n<\/span>\t\t\t\t<\/div>\n\t\t\t\t<\/div>\n\t\t\t\t<div class=\"elementor-element elementor-element-0a05e2d elementor-widget elementor-widget-toggle\" data-id=\"0a05e2d\" data-element_type=\"widget\" data-e-type=\"widget\" data-widget_type=\"toggle.default\">\n\t\t\t\t<div class=\"elementor-widget-container\">\n\t\t\t\t\t\t\t<div class=\"elementor-toggle\">\n\t\t\t\t\t\t\t<div class=\"elementor-toggle-item\">\n\t\t\t\t\t<h6 id=\"elementor-tab-title-1051\" class=\"elementor-tab-title\" data-tab=\"1\" role=\"button\" aria-controls=\"elementor-tab-content-1051\" aria-expanded=\"false\">\n\t\t\t\t\t\t\t\t\t\t\t\t<span class=\"elementor-toggle-icon elementor-toggle-icon-left\" aria-hidden=\"true\">\n\t\t\t\t\t\t\t\t\t\t\t\t\t\t\t<span class=\"elementor-toggle-icon-closed\"><i class=\"fas fa-caret-right\"><\/i><\/span>\n\t\t\t\t\t\t\t\t<span class=\"elementor-toggle-icon-opened\"><i class=\"elementor-toggle-icon-opened fas fa-caret-down\"><\/i><\/span>\n\t\t\t\t\t\t\t\t\t\t\t\t\t<\/span>\n\t\t\t\t\t\t\t\t\t\t\t\t<a class=\"elementor-toggle-title\" tabindex=\"0\">Ler resenha<\/a>\n\t\t\t\t\t<\/h6>\n\n\t\t\t\t\t<div id=\"elementor-tab-content-1051\" class=\"elementor-tab-content elementor-clearfix\" data-tab=\"1\" role=\"region\" aria-labelledby=\"elementor-tab-title-1051\"><p>Em <em>O livreiro do Alem\u00e3o<\/em>, o carioca Ot\u00e1vio J\u00fanior conta como um livro que ele encontrou no lixo alterou profundamente sua vida. O livro foi lido pelas turmas de 6\u00ba ano, que tiveram a oportunidade de dialogar com o autor em palestra no Vera. A intera\u00e7\u00e3o com o autor impactou toda a escola, que se dedicou a estudar a obra do autor, que tamb\u00e9m criou diversos programas de incentivo \u00e0 leitura nas comunidades da Penha e do Complexo do Alem\u00e3o, no Rio de Janeiro.<\/p>\n<p><em>Ou\u00e7a coment\u00e1rios dos estudantes do Vera sobre o livro no podcast Zum-Zum no Vera.<\/em><\/p>\n<\/div>\n\t\t\t\t<\/div>\n\t\t\t\t\t\t\t\t<\/div>\n\t\t\t\t\t\t<\/div>\n\t\t\t\t<\/div>\n\t\t\t\t<\/div>\n\t\t\t\t\t<\/div>\n\t\t\t\t<\/article>\n\t\t\t\t<\/div>\n\t\t\t\t<\/div>\n\t\t\t\t\t<span class=\"e-load-more-spinner\">\n\t\t\t\t<i aria-hidden=\"true\" class=\"fas fa-spinner\"><\/i>\t\t\t<\/span>\n\t\t\n\t\t\t\t<div class=\"e-load-more-anchor\" data-page=\"1\" data-max-page=\"2\" data-next-page=\"https:\/\/site.veracruz.edu.br\/zumzum\/wp-json\/wp\/v2\/pages\/299\/page\/2\/\"><\/div>\n\t\t\t\t<div class=\"e-loop__load-more elementor-button-wrapper\">\n\t\t\t<a class=\"elementor-button elementor-size-sm\" role=\"button\">\n\t\t\t\t\t\t<span class=\"elementor-button-content-wrapper\">\n\t\t\t\t\t\t\t\t\t<span class=\"elementor-button-text\">Carregar mais<\/span>\n\t\t\t\t\t<\/span>\n\t\t\t\t\t<\/a>\n\t\t<\/div>\n\t\t\t\t<div class=\"e-load-more-message\"><\/div>\n\t\t\t\t\t\t<\/div>\n\t\t\t\t<\/div>\n\t\t\t\t\t<\/div>\n\t\t<\/div>\n\t\t\t\t<div class=\"elementor-column elementor-col-33 elementor-top-column elementor-element elementor-element-f8aa3a1\" data-id=\"f8aa3a1\" data-element_type=\"column\" data-e-type=\"column\">\n\t\t\t<div class=\"elementor-widget-wrap elementor-element-populated\">\n\t\t\t\t\t\t<div class=\"elementor-element elementor-element-919dee5 elementor-widget elementor-widget-heading\" data-id=\"919dee5\" data-element_type=\"widget\" data-e-type=\"widget\" data-widget_type=\"heading.default\">\n\t\t\t\t<div class=\"elementor-widget-container\">\n\t\t\t\t\t<h2 class=\"elementor-heading-title elementor-size-default\">Ver<\/h2>\t\t\t\t<\/div>\n\t\t\t\t<\/div>\n\t\t\t\t<div class=\"elementor-element elementor-element-1aff8ce elementor-grid-1 elementor-grid-tablet-2 elementor-grid-mobile-1 elementor-widget elementor-widget-loop-grid\" data-id=\"1aff8ce\" data-element_type=\"widget\" data-e-type=\"widget\" data-settings=\"{&quot;template_id&quot;:3001,&quot;columns&quot;:1,&quot;pagination_type&quot;:&quot;load_more_on_click&quot;,&quot;_skin&quot;:&quot;post&quot;,&quot;columns_tablet&quot;:&quot;2&quot;,&quot;columns_mobile&quot;:&quot;1&quot;,&quot;edit_handle_selector&quot;:&quot;[data-elementor-type=\\&quot;loop-item\\&quot;]&quot;,&quot;load_more_spinner&quot;:{&quot;value&quot;:&quot;fas fa-spinner&quot;,&quot;library&quot;:&quot;fa-solid&quot;},&quot;row_gap&quot;:{&quot;unit&quot;:&quot;px&quot;,&quot;size&quot;:&quot;&quot;,&quot;sizes&quot;:[]},&quot;row_gap_tablet&quot;:{&quot;unit&quot;:&quot;px&quot;,&quot;size&quot;:&quot;&quot;,&quot;sizes&quot;:[]},&quot;row_gap_mobile&quot;:{&quot;unit&quot;:&quot;px&quot;,&quot;size&quot;:&quot;&quot;,&quot;sizes&quot;:[]}}\" data-widget_type=\"loop-grid.post\">\n\t\t\t\t<div class=\"elementor-widget-container\">\n\t\t\t\t\t\t\t<div class=\"elementor-loop-container elementor-grid\" role=\"list\">\n\t\t\t\t<div data-elementor-type=\"loop-item\" data-elementor-id=\"3001\" class=\"elementor elementor-3001 e-loop-item e-loop-item-3724 post-3724 roteiro type-roteiro status-publish has-post-thumbnail hentry category-ver tag-podcast edicao-edicao-5\" data-elementor-post-type=\"elementor_library\" data-custom-edit-handle=\"1\">\n\t\t\t<article class=\"elementor-element elementor-element-d3fff95 e-flex e-con-boxed e-con e-parent\" data-id=\"d3fff95\" data-element_type=\"container\" data-e-type=\"container\" data-settings=\"{&quot;background_background&quot;:&quot;classic&quot;}\">\n\t\t\t\t\t<div class=\"e-con-inner\">\n\t\t<div class=\"elementor-element elementor-element-f274729 e-con-full e-flex e-con e-child\" data-id=\"f274729\" data-element_type=\"container\" data-e-type=\"container\">\n\t\t<div class=\"elementor-element elementor-element-76f83ea e-con-full e-flex e-con e-child\" data-id=\"76f83ea\" data-element_type=\"container\" data-e-type=\"container\">\n\t\t<div class=\"elementor-element elementor-element-28e1075 e-con-full e-flex e-con e-child\" data-id=\"28e1075\" data-element_type=\"container\" data-e-type=\"container\">\n\t\t\t\t<div class=\"elementor-element elementor-element-10c1e69 elementor-widget elementor-widget-theme-post-featured-image elementor-widget-image\" data-id=\"10c1e69\" data-element_type=\"widget\" data-e-type=\"widget\" data-widget_type=\"theme-post-featured-image.default\">\n\t\t\t\t<div class=\"elementor-widget-container\">\n\t\t\t\t\t\t\t\t\t\t\t\t\t\t\t<img loading=\"lazy\" decoding=\"async\" width=\"2000\" height=\"2000\" src=\"https:\/\/site.veracruz.edu.br\/zumzum\/wp-content\/uploads\/2024\/03\/projeto-querino.jpg\" class=\"attachment-full size-full wp-image-3725\" alt=\"\" srcset=\"https:\/\/site.veracruz.edu.br\/zumzum\/wp-content\/uploads\/2024\/03\/projeto-querino.jpg 2000w, https:\/\/site.veracruz.edu.br\/zumzum\/wp-content\/uploads\/2024\/03\/projeto-querino-300x300.jpg 300w, https:\/\/site.veracruz.edu.br\/zumzum\/wp-content\/uploads\/2024\/03\/projeto-querino-1024x1024.jpg 1024w, https:\/\/site.veracruz.edu.br\/zumzum\/wp-content\/uploads\/2024\/03\/projeto-querino-150x150.jpg 150w, https:\/\/site.veracruz.edu.br\/zumzum\/wp-content\/uploads\/2024\/03\/projeto-querino-768x768.jpg 768w, https:\/\/site.veracruz.edu.br\/zumzum\/wp-content\/uploads\/2024\/03\/projeto-querino-1536x1536.jpg 1536w\" sizes=\"(max-width: 2000px) 100vw, 2000px\" \/>\t\t\t\t\t\t\t\t\t\t\t\t\t\t\t<\/div>\n\t\t\t\t<\/div>\n\t\t\t\t<\/div>\n\t\t<div class=\"elementor-element elementor-element-35d10c1 e-con-full e-flex e-con e-child\" data-id=\"35d10c1\" data-element_type=\"container\" data-e-type=\"container\">\n\t\t\t\t<div class=\"elementor-element elementor-element-5db758f elementor-widget elementor-widget-heading\" data-id=\"5db758f\" data-element_type=\"widget\" data-e-type=\"widget\" data-widget_type=\"heading.default\">\n\t\t\t\t<div class=\"elementor-widget-container\">\n\t\t\t\t\t<p class=\"elementor-heading-title elementor-size-default\">Projeto Querino<\/p>\t\t\t\t<\/div>\n\t\t\t\t<\/div>\n\t\t\t\t<div class=\"elementor-element elementor-element-c241a95 elementor-widget elementor-widget-heading\" data-id=\"c241a95\" data-element_type=\"widget\" data-e-type=\"widget\" data-widget_type=\"heading.default\">\n\t\t\t\t<div class=\"elementor-widget-container\">\n\t\t\t\t\t<p class=\"elementor-heading-title elementor-size-default\"><span>Podcast<\/span><\/p>\t\t\t\t<\/div>\n\t\t\t\t<\/div>\n\t\t\t\t<\/div>\n\t\t\t\t<\/div>\n\t\t\t\t<div class=\"elementor-element elementor-element-5071b99 elementor-widget elementor-widget-heading\" data-id=\"5071b99\" data-element_type=\"widget\" data-e-type=\"widget\" data-widget_type=\"heading.default\">\n\t\t\t\t<div class=\"elementor-widget-container\">\n\t\t\t\t\t<span class=\"elementor-heading-title elementor-size-default\"><p>Tiago Rogero<\/p>\n<\/span>\t\t\t\t<\/div>\n\t\t\t\t<\/div>\n\t\t\t\t<div class=\"elementor-element elementor-element-33e5914 elementor-widget elementor-widget-heading\" data-id=\"33e5914\" data-element_type=\"widget\" data-e-type=\"widget\" data-widget_type=\"heading.default\">\n\t\t\t\t<div class=\"elementor-widget-container\">\n\t\t\t\t\t<span class=\"elementor-heading-title elementor-size-default\"><p>Dispon\u00edvel no Spotify, e em outros servi\u00e7os de podcast<\/p>\n<\/span>\t\t\t\t<\/div>\n\t\t\t\t<\/div>\n\t\t\t\t<div class=\"elementor-element elementor-element-0a05e2d elementor-widget elementor-widget-toggle\" data-id=\"0a05e2d\" data-element_type=\"widget\" data-e-type=\"widget\" data-widget_type=\"toggle.default\">\n\t\t\t\t<div class=\"elementor-widget-container\">\n\t\t\t\t\t\t\t<div class=\"elementor-toggle\">\n\t\t\t\t\t\t\t<div class=\"elementor-toggle-item\">\n\t\t\t\t\t<h6 id=\"elementor-tab-title-1051\" class=\"elementor-tab-title\" data-tab=\"1\" role=\"button\" aria-controls=\"elementor-tab-content-1051\" aria-expanded=\"false\">\n\t\t\t\t\t\t\t\t\t\t\t\t<span class=\"elementor-toggle-icon elementor-toggle-icon-left\" aria-hidden=\"true\">\n\t\t\t\t\t\t\t\t\t\t\t\t\t\t\t<span class=\"elementor-toggle-icon-closed\"><i class=\"fas fa-caret-right\"><\/i><\/span>\n\t\t\t\t\t\t\t\t<span class=\"elementor-toggle-icon-opened\"><i class=\"elementor-toggle-icon-opened fas fa-caret-down\"><\/i><\/span>\n\t\t\t\t\t\t\t\t\t\t\t\t\t<\/span>\n\t\t\t\t\t\t\t\t\t\t\t\t<a class=\"elementor-toggle-title\" tabindex=\"0\">Ler resenha<\/a>\n\t\t\t\t\t<\/h6>\n\n\t\t\t\t\t<div id=\"elementor-tab-content-1051\" class=\"elementor-tab-content elementor-clearfix\" data-tab=\"1\" role=\"region\" aria-labelledby=\"elementor-tab-title-1051\"><p>O podcast aborda a hist\u00f3ria brasileira a partir de um olhar afrocentrado. Ao longo dos epis\u00f3dios, temas como a di\u00e1spora africana, a escravid\u00e3o, a forma\u00e7\u00e3o dos quilombos, a luta por aboli\u00e7\u00e3o, entre outros, s\u00e3o apresentados sob essa nova perspectiva, que ressalta o protagonismo e a participa\u00e7\u00e3o de pessoas negras na forma\u00e7\u00e3o do Brasil.<\/p>\n<\/div>\n\t\t\t\t<\/div>\n\t\t\t\t\t\t\t\t<\/div>\n\t\t\t\t\t\t<\/div>\n\t\t\t\t<\/div>\n\t\t\t\t<\/div>\n\t\t\t\t\t<\/div>\n\t\t\t\t<\/article>\n\t\t\t\t<\/div>\n\t\t\t\t<div data-elementor-type=\"loop-item\" data-elementor-id=\"3001\" class=\"elementor elementor-3001 e-loop-item e-loop-item-3722 post-3722 roteiro type-roteiro status-publish has-post-thumbnail hentry category-ver tag-filme edicao-edicao-5\" data-elementor-post-type=\"elementor_library\" data-custom-edit-handle=\"1\">\n\t\t\t<article class=\"elementor-element elementor-element-d3fff95 e-flex e-con-boxed e-con e-parent\" data-id=\"d3fff95\" data-element_type=\"container\" data-e-type=\"container\" data-settings=\"{&quot;background_background&quot;:&quot;classic&quot;}\">\n\t\t\t\t\t<div class=\"e-con-inner\">\n\t\t<div class=\"elementor-element elementor-element-f274729 e-con-full e-flex e-con e-child\" data-id=\"f274729\" data-element_type=\"container\" data-e-type=\"container\">\n\t\t<div class=\"elementor-element elementor-element-76f83ea e-con-full e-flex e-con e-child\" data-id=\"76f83ea\" data-element_type=\"container\" data-e-type=\"container\">\n\t\t<div class=\"elementor-element elementor-element-28e1075 e-con-full e-flex e-con e-child\" data-id=\"28e1075\" data-element_type=\"container\" data-e-type=\"container\">\n\t\t\t\t<div class=\"elementor-element elementor-element-10c1e69 elementor-widget elementor-widget-theme-post-featured-image elementor-widget-image\" data-id=\"10c1e69\" data-element_type=\"widget\" data-e-type=\"widget\" data-widget_type=\"theme-post-featured-image.default\">\n\t\t\t\t<div class=\"elementor-widget-container\">\n\t\t\t\t\t\t\t\t\t\t\t\t\t\t\t<img loading=\"lazy\" decoding=\"async\" width=\"1920\" height=\"2560\" src=\"https:\/\/site.veracruz.edu.br\/zumzum\/wp-content\/uploads\/2024\/03\/ficcao-americana.jpg\" class=\"attachment-full size-full wp-image-3723\" alt=\"\" srcset=\"https:\/\/site.veracruz.edu.br\/zumzum\/wp-content\/uploads\/2024\/03\/ficcao-americana.jpg 1920w, https:\/\/site.veracruz.edu.br\/zumzum\/wp-content\/uploads\/2024\/03\/ficcao-americana-225x300.jpg 225w, https:\/\/site.veracruz.edu.br\/zumzum\/wp-content\/uploads\/2024\/03\/ficcao-americana-768x1024.jpg 768w, https:\/\/site.veracruz.edu.br\/zumzum\/wp-content\/uploads\/2024\/03\/ficcao-americana-1152x1536.jpg 1152w, https:\/\/site.veracruz.edu.br\/zumzum\/wp-content\/uploads\/2024\/03\/ficcao-americana-1536x2048.jpg 1536w\" sizes=\"(max-width: 1920px) 100vw, 1920px\" \/>\t\t\t\t\t\t\t\t\t\t\t\t\t\t\t<\/div>\n\t\t\t\t<\/div>\n\t\t\t\t<\/div>\n\t\t<div class=\"elementor-element elementor-element-35d10c1 e-con-full e-flex e-con e-child\" data-id=\"35d10c1\" data-element_type=\"container\" data-e-type=\"container\">\n\t\t\t\t<div class=\"elementor-element elementor-element-5db758f elementor-widget elementor-widget-heading\" data-id=\"5db758f\" data-element_type=\"widget\" data-e-type=\"widget\" data-widget_type=\"heading.default\">\n\t\t\t\t<div class=\"elementor-widget-container\">\n\t\t\t\t\t<p class=\"elementor-heading-title elementor-size-default\">Fic\u00e7\u00e3o Americana<\/p>\t\t\t\t<\/div>\n\t\t\t\t<\/div>\n\t\t\t\t<div class=\"elementor-element elementor-element-c241a95 elementor-widget elementor-widget-heading\" data-id=\"c241a95\" data-element_type=\"widget\" data-e-type=\"widget\" data-widget_type=\"heading.default\">\n\t\t\t\t<div class=\"elementor-widget-container\">\n\t\t\t\t\t<p class=\"elementor-heading-title elementor-size-default\"><span>Filme<\/span><\/p>\t\t\t\t<\/div>\n\t\t\t\t<\/div>\n\t\t\t\t<\/div>\n\t\t\t\t<\/div>\n\t\t\t\t<div class=\"elementor-element elementor-element-5071b99 elementor-widget elementor-widget-heading\" data-id=\"5071b99\" data-element_type=\"widget\" data-e-type=\"widget\" data-widget_type=\"heading.default\">\n\t\t\t\t<div class=\"elementor-widget-container\">\n\t\t\t\t\t<span class=\"elementor-heading-title elementor-size-default\"><p>Cord Jefferson, 2023.<\/p>\n<\/span>\t\t\t\t<\/div>\n\t\t\t\t<\/div>\n\t\t\t\t<div class=\"elementor-element elementor-element-33e5914 elementor-widget elementor-widget-heading\" data-id=\"33e5914\" data-element_type=\"widget\" data-e-type=\"widget\" data-widget_type=\"heading.default\">\n\t\t\t\t<div class=\"elementor-widget-container\">\n\t\t\t\t\t<span class=\"elementor-heading-title elementor-size-default\"><p>Dispon\u00edvel no Prime V\u00eddeo.<\/p>\n<\/span>\t\t\t\t<\/div>\n\t\t\t\t<\/div>\n\t\t\t\t<div class=\"elementor-element elementor-element-0a05e2d elementor-widget elementor-widget-toggle\" data-id=\"0a05e2d\" data-element_type=\"widget\" data-e-type=\"widget\" data-widget_type=\"toggle.default\">\n\t\t\t\t<div class=\"elementor-widget-container\">\n\t\t\t\t\t\t\t<div class=\"elementor-toggle\">\n\t\t\t\t\t\t\t<div class=\"elementor-toggle-item\">\n\t\t\t\t\t<h6 id=\"elementor-tab-title-1051\" class=\"elementor-tab-title\" data-tab=\"1\" role=\"button\" aria-controls=\"elementor-tab-content-1051\" aria-expanded=\"false\">\n\t\t\t\t\t\t\t\t\t\t\t\t<span class=\"elementor-toggle-icon elementor-toggle-icon-left\" aria-hidden=\"true\">\n\t\t\t\t\t\t\t\t\t\t\t\t\t\t\t<span class=\"elementor-toggle-icon-closed\"><i class=\"fas fa-caret-right\"><\/i><\/span>\n\t\t\t\t\t\t\t\t<span class=\"elementor-toggle-icon-opened\"><i class=\"elementor-toggle-icon-opened fas fa-caret-down\"><\/i><\/span>\n\t\t\t\t\t\t\t\t\t\t\t\t\t<\/span>\n\t\t\t\t\t\t\t\t\t\t\t\t<a class=\"elementor-toggle-title\" tabindex=\"0\">Ler resenha<\/a>\n\t\t\t\t\t<\/h6>\n\n\t\t\t\t\t<div id=\"elementor-tab-content-1051\" class=\"elementor-tab-content elementor-clearfix\" data-tab=\"1\" role=\"region\" aria-labelledby=\"elementor-tab-title-1051\"><p>Thelonious \u201cMonk\u201d Ellison (Jeffrey Wright) \u00e9 um escritor e professor universit\u00e1rio frustrado porque sua carreira est\u00e1 estagnada. Pressionado por suas obras n\u00e3o serem \u201cnegras o suficiente\u201d, Monk decide escrever um livro em que satiriza a maneira como outros escritores exploram a realidade das fam\u00edlias negras americanas. Cheio de estere\u00f3tipos e clich\u00eas, o livro se torna um best-seller instant\u00e2neo. O sucesso traz fama e fortuna, mas Monk se v\u00ea obrigado a viver uma farsa, interpretando um personagem que ele mesmo satirizou. O filme, que ganhou o Oscar de Melhor Roteiro adaptado, \u00e9 uma divertida cr\u00edtica \u00e0s representa\u00e7\u00f5es da negritude pela ind\u00fastria cultural.<\/p>\n<\/div>\n\t\t\t\t<\/div>\n\t\t\t\t\t\t\t\t<\/div>\n\t\t\t\t\t\t<\/div>\n\t\t\t\t<\/div>\n\t\t\t\t<\/div>\n\t\t\t\t\t<\/div>\n\t\t\t\t<\/article>\n\t\t\t\t<\/div>\n\t\t\t\t<\/div>\n\t\t\t\t\t<span class=\"e-load-more-spinner\">\n\t\t\t\t<i aria-hidden=\"true\" class=\"fas fa-spinner\"><\/i>\t\t\t<\/span>\n\t\t\n\t\t\t\t\t\t<\/div>\n\t\t\t\t<\/div>\n\t\t\t\t\t<\/div>\n\t\t<\/div>\n\t\t\t\t\t<\/div>\n\t\t<\/section>\n\t\t<div class=\"elementor-element elementor-element-9e618c2 e-flex e-con-boxed e-con e-parent\" data-id=\"9e618c2\" data-element_type=\"container\" data-e-type=\"container\">\n\t\t\t\t\t<div class=\"e-con-inner\">\n\t\t<div class=\"elementor-element elementor-element-f0d5b8b e-con-full e-flex e-con e-child\" data-id=\"f0d5b8b\" data-element_type=\"container\" data-e-type=\"container\">\n\t\t\t\t<div class=\"elementor-element elementor-element-e673191 elementor-widget elementor-widget-heading\" data-id=\"e673191\" data-element_type=\"widget\" data-e-type=\"widget\" data-widget_type=\"heading.default\">\n\t\t\t\t<div class=\"elementor-widget-container\">\n\t\t\t\t\t<h2 class=\"elementor-heading-title elementor-size-default\">Edi\u00e7\u00e3o 4<\/h2>\t\t\t\t<\/div>\n\t\t\t\t<\/div>\n\t\t\t\t<\/div>\n\t\t\t\t\t<\/div>\n\t\t\t\t<\/div>\n\t\t\t\t<section class=\"elementor-section elementor-top-section elementor-element elementor-element-24095d8 elementor-section-boxed elementor-section-height-default elementor-section-height-default\" data-id=\"24095d8\" data-element_type=\"section\" data-e-type=\"section\">\n\t\t\t\t\t\t<div class=\"elementor-container elementor-column-gap-extended\">\n\t\t\t\t\t<div class=\"elementor-column elementor-col-100 elementor-top-column elementor-element elementor-element-173c6c6\" data-id=\"173c6c6\" data-element_type=\"column\" data-e-type=\"column\">\n\t\t\t<div class=\"elementor-widget-wrap elementor-element-populated\">\n\t\t\t\t\t\t<div class=\"elementor-element elementor-element-523a2ec elementor-widget elementor-widget-heading\" data-id=\"523a2ec\" data-element_type=\"widget\" data-e-type=\"widget\" data-widget_type=\"heading.default\">\n\t\t\t\t<div class=\"elementor-widget-container\">\n\t\t\t\t\t<h2 class=\"elementor-heading-title elementor-size-default\">Ir<\/h2>\t\t\t\t<\/div>\n\t\t\t\t<\/div>\n\t\t\t\t\t<\/div>\n\t\t<\/div>\n\t\t\t\t\t<\/div>\n\t\t<\/section>\n\t\t\t\t<section class=\"elementor-section elementor-top-section elementor-element elementor-element-23ab3e8 elementor-section-boxed elementor-section-height-default elementor-section-height-default\" data-id=\"23ab3e8\" data-element_type=\"section\" data-e-type=\"section\">\n\t\t\t\t\t\t<div class=\"elementor-container elementor-column-gap-extended\">\n\t\t\t\t\t<div class=\"elementor-column elementor-col-33 elementor-top-column elementor-element elementor-element-8a6f330\" data-id=\"8a6f330\" data-element_type=\"column\" data-e-type=\"column\">\n\t\t\t<div class=\"elementor-widget-wrap elementor-element-populated\">\n\t\t\t\t<div class=\"elementor-element elementor-element-ffe5ed9 e-flex e-con-boxed e-con e-parent\" data-id=\"ffe5ed9\" data-element_type=\"container\" data-e-type=\"container\" data-settings=\"{&quot;background_background&quot;:&quot;classic&quot;}\">\n\t\t\t\t\t<div class=\"e-con-inner\">\n\t\t\t\t<div class=\"elementor-element elementor-element-91b403a elementor-widget__width-initial elementor-widget elementor-widget-image\" data-id=\"91b403a\" data-element_type=\"widget\" data-e-type=\"widget\" data-widget_type=\"image.default\">\n\t\t\t\t<div class=\"elementor-widget-container\">\n\t\t\t\t\t\t\t\t\t\t\t\t\t\t\t\t<a href=\"https:\/\/site.veracruz.edu.br\/zumzum\/capitulos\/a-potencia-da-arte-alunos-do-vera-conhecem-revoada-de-antonio-oba\/\">\n\t\t\t\t\t\t\t<img loading=\"lazy\" decoding=\"async\" width=\"600\" height=\"900\" src=\"https:\/\/site.veracruz.edu.br\/zumzum\/wp-content\/uploads\/2023\/09\/antonio-oba.jpeg\" class=\"attachment-large size-large wp-image-3229\" alt=\"\" srcset=\"https:\/\/site.veracruz.edu.br\/zumzum\/wp-content\/uploads\/2023\/09\/antonio-oba.jpeg 600w, https:\/\/site.veracruz.edu.br\/zumzum\/wp-content\/uploads\/2023\/09\/antonio-oba-200x300.jpeg 200w\" sizes=\"(max-width: 600px) 100vw, 600px\" \/>\t\t\t\t\t\t\t\t<\/a>\n\t\t\t\t\t\t\t\t\t\t\t\t\t\t\t<\/div>\n\t\t\t\t<\/div>\n\t\t\t\t<div class=\"elementor-element elementor-element-94731df elementor-widget__width-initial elementor-widget elementor-widget-heading\" data-id=\"94731df\" data-element_type=\"widget\" data-e-type=\"widget\" data-widget_type=\"heading.default\">\n\t\t\t\t<div class=\"elementor-widget-container\">\n\t\t\t\t\t<span class=\"elementor-heading-title elementor-size-default\"><a href=\"https:\/\/site.veracruz.edu.br\/zumzum\/capitulos\/a-potencia-da-arte-alunos-do-vera-conhecem-revoada-de-antonio-oba\/\">A pot\u00eancia da arte: alunos do Vera conhecem \u2018Revoada\u2019, de Antonio Ob\u00e1<\/a><\/span>\t\t\t\t<\/div>\n\t\t\t\t<\/div>\n\t\t\t\t<div class=\"elementor-element elementor-element-d00311a elementor-position-inline-start elementor-widget__width-inherit elementor-view-default elementor-mobile-position-block-start elementor-widget elementor-widget-icon-box\" data-id=\"d00311a\" data-element_type=\"widget\" data-e-type=\"widget\" data-widget_type=\"icon-box.default\">\n\t\t\t\t<div class=\"elementor-widget-container\">\n\t\t\t\t\t\t\t<div class=\"elementor-icon-box-wrapper\">\n\n\t\t\t\t\t\t<div class=\"elementor-icon-box-icon\">\n\t\t\t\t<a href=\"https:\/\/site.veracruz.edu.br\/zumzum\/capitulos\/a-potencia-da-arte-alunos-do-vera-conhecem-revoada-de-antonio-oba\/\" class=\"elementor-icon\" tabindex=\"-1\" aria-label=\"Saiba mais\">\n\t\t\t\t<svg xmlns=\"http:\/\/www.w3.org\/2000\/svg\" xmlns:xlink=\"http:\/\/www.w3.org\/1999\/xlink\" height=\"512px\" id=\"Layer_1\" style=\"enable-background:new 0 0 512 512;\" viewBox=\"0 0 512 512\" width=\"512px\" xml:space=\"preserve\"><path d=\"M184.7,413.1l2.1-1.8l156.5-136c5.3-4.6,8.6-11.5,8.6-19.2c0-7.7-3.4-14.6-8.6-19.2L187.1,101l-2.6-2.3  C182,97,179,96,175.8,96c-8.7,0-15.8,7.4-15.8,16.6h0v286.8h0c0,9.2,7.1,16.6,15.8,16.6C179.1,416,182.2,414.9,184.7,413.1z\"><\/path><\/svg>\t\t\t\t<\/a>\n\t\t\t<\/div>\n\t\t\t\n\t\t\t\t\t\t<div class=\"elementor-icon-box-content\">\n\n\t\t\t\t\t\t\t\t\t<h3 class=\"elementor-icon-box-title\">\n\t\t\t\t\t\t<a href=\"https:\/\/site.veracruz.edu.br\/zumzum\/capitulos\/a-potencia-da-arte-alunos-do-vera-conhecem-revoada-de-antonio-oba\/\" >\n\t\t\t\t\t\t\tSaiba mais\t\t\t\t\t\t<\/a>\n\t\t\t\t\t<\/h3>\n\t\t\t\t\n\t\t\t\t\n\t\t\t<\/div>\n\t\t\t\n\t\t<\/div>\n\t\t\t\t\t\t<\/div>\n\t\t\t\t<\/div>\n\t\t\t\t\t<\/div>\n\t\t\t\t<\/div>\n\t\t\t\t\t<\/div>\n\t\t<\/div>\n\t\t\t\t<div class=\"elementor-column elementor-col-33 elementor-top-column elementor-element elementor-element-f0b3116\" data-id=\"f0b3116\" data-element_type=\"column\" data-e-type=\"column\">\n\t\t\t<div class=\"elementor-widget-wrap\">\n\t\t\t\t\t\t\t<\/div>\n\t\t<\/div>\n\t\t\t\t<div class=\"elementor-column elementor-col-33 elementor-top-column elementor-element elementor-element-a62d290\" data-id=\"a62d290\" data-element_type=\"column\" data-e-type=\"column\">\n\t\t\t<div class=\"elementor-widget-wrap\">\n\t\t\t\t\t\t\t<\/div>\n\t\t<\/div>\n\t\t\t\t\t<\/div>\n\t\t<\/section>\n\t\t<div class=\"elementor-element elementor-element-279901d e-flex e-con-boxed e-con e-parent\" data-id=\"279901d\" data-element_type=\"container\" data-e-type=\"container\">\n\t\t\t\t\t<div class=\"e-con-inner\">\n\t\t<div class=\"elementor-element elementor-element-7906b94 e-con-full e-flex e-con e-child\" data-id=\"7906b94\" data-element_type=\"container\" data-e-type=\"container\">\n\t\t\t\t<div class=\"elementor-element elementor-element-83928bb elementor-widget elementor-widget-heading\" data-id=\"83928bb\" data-element_type=\"widget\" data-e-type=\"widget\" data-widget_type=\"heading.default\">\n\t\t\t\t<div class=\"elementor-widget-container\">\n\t\t\t\t\t<h2 class=\"elementor-heading-title elementor-size-default\">Edi\u00e7\u00e3o 3<\/h2>\t\t\t\t<\/div>\n\t\t\t\t<\/div>\n\t\t\t\t<\/div>\n\t\t\t\t\t<\/div>\n\t\t\t\t<\/div>\n\t\t\t\t<section class=\"elementor-section elementor-top-section elementor-element elementor-element-d2e2deb elementor-section-boxed elementor-section-height-default elementor-section-height-default\" data-id=\"d2e2deb\" data-element_type=\"section\" data-e-type=\"section\">\n\t\t\t\t\t\t<div class=\"elementor-container elementor-column-gap-extended\">\n\t\t\t\t\t<div class=\"elementor-column elementor-col-100 elementor-top-column elementor-element elementor-element-d7be94e\" data-id=\"d7be94e\" data-element_type=\"column\" data-e-type=\"column\">\n\t\t\t<div class=\"elementor-widget-wrap elementor-element-populated\">\n\t\t\t\t\t\t<div class=\"elementor-element elementor-element-f7d50b1 elementor-widget elementor-widget-heading\" data-id=\"f7d50b1\" data-element_type=\"widget\" data-e-type=\"widget\" data-widget_type=\"heading.default\">\n\t\t\t\t<div class=\"elementor-widget-container\">\n\t\t\t\t\t<h2 class=\"elementor-heading-title elementor-size-default\">Ler<\/h2>\t\t\t\t<\/div>\n\t\t\t\t<\/div>\n\t\t\t\t\t<\/div>\n\t\t<\/div>\n\t\t\t\t\t<\/div>\n\t\t<\/section>\n\t\t\t\t<section class=\"elementor-section elementor-top-section elementor-element elementor-element-eec4720 elementor-section-boxed elementor-section-height-default elementor-section-height-default\" data-id=\"eec4720\" data-element_type=\"section\" data-e-type=\"section\">\n\t\t\t\t\t\t<div class=\"elementor-container elementor-column-gap-extended\">\n\t\t\t\t\t<div class=\"elementor-column elementor-col-33 elementor-top-column elementor-element elementor-element-dfb97cf\" data-id=\"dfb97cf\" data-element_type=\"column\" data-e-type=\"column\">\n\t\t\t<div class=\"elementor-widget-wrap elementor-element-populated\">\n\t\t\t\t<article class=\"elementor-element elementor-element-3d3fed7 e-flex e-con-boxed e-con e-parent\" data-id=\"3d3fed7\" data-element_type=\"container\" data-e-type=\"container\" data-settings=\"{&quot;background_background&quot;:&quot;classic&quot;}\">\n\t\t\t\t\t<div class=\"e-con-inner\">\n\t\t\t\t<div class=\"elementor-element elementor-element-29fb0c9 elementor-widget elementor-widget-image\" data-id=\"29fb0c9\" data-element_type=\"widget\" data-e-type=\"widget\" data-widget_type=\"image.default\">\n\t\t\t\t<div class=\"elementor-widget-container\">\n\t\t\t\t\t\t\t\t\t\t\t\t\t\t\t\t<a href=\"https:\/\/site.veracruz.edu.br\/zumzum\/pra-ir-ler-e-ver-4o-ano\/\">\n\t\t\t\t\t\t\t<img loading=\"lazy\" decoding=\"async\" width=\"800\" height=\"420\" src=\"https:\/\/site.veracruz.edu.br\/zumzum\/wp-content\/uploads\/2023\/02\/Grupo-91-1024x537.png\" class=\"attachment-large size-large wp-image-2923\" alt=\"\" srcset=\"https:\/\/site.veracruz.edu.br\/zumzum\/wp-content\/uploads\/2023\/02\/Grupo-91-1024x537.png 1024w, https:\/\/site.veracruz.edu.br\/zumzum\/wp-content\/uploads\/2023\/02\/Grupo-91-300x157.png 300w, https:\/\/site.veracruz.edu.br\/zumzum\/wp-content\/uploads\/2023\/02\/Grupo-91-768x403.png 768w, https:\/\/site.veracruz.edu.br\/zumzum\/wp-content\/uploads\/2023\/02\/Grupo-91-1536x806.png 1536w, https:\/\/site.veracruz.edu.br\/zumzum\/wp-content\/uploads\/2023\/02\/Grupo-91-2048x1074.png 2048w\" sizes=\"(max-width: 800px) 100vw, 800px\" \/>\t\t\t\t\t\t\t\t<\/a>\n\t\t\t\t\t\t\t\t\t\t\t\t\t\t\t<\/div>\n\t\t\t\t<\/div>\n\t\t\t\t<div class=\"elementor-element elementor-element-15feaa0 elementor-widget elementor-widget-heading\" data-id=\"15feaa0\" data-element_type=\"widget\" data-e-type=\"widget\" data-widget_type=\"heading.default\">\n\t\t\t\t<div class=\"elementor-widget-container\">\n\t\t\t\t\t<span class=\"elementor-heading-title elementor-size-default\"><a href=\"https:\/\/site.veracruz.edu.br\/zumzum\/pra-ir-ler-e-ver-4o-ano\/\">Indica\u00e7\u00f5es especiais, feitas por alunos e alunas do 4\u00ba ano<\/a><\/span>\t\t\t\t<\/div>\n\t\t\t\t<\/div>\n\t\t\t\t<div class=\"elementor-element elementor-element-4dc70ee elementor-position-inline-start elementor-view-default elementor-mobile-position-block-start elementor-widget elementor-widget-icon-box\" data-id=\"4dc70ee\" data-element_type=\"widget\" data-e-type=\"widget\" data-widget_type=\"icon-box.default\">\n\t\t\t\t<div class=\"elementor-widget-container\">\n\t\t\t\t\t\t\t<div class=\"elementor-icon-box-wrapper\">\n\n\t\t\t\t\t\t<div class=\"elementor-icon-box-icon\">\n\t\t\t\t<a href=\"https:\/\/site.veracruz.edu.br\/zumzum\/pra-ir-ler-e-ver-4o-ano\/\" class=\"elementor-icon\" tabindex=\"-1\" aria-label=\"Saiba mais\">\n\t\t\t\t<svg xmlns=\"http:\/\/www.w3.org\/2000\/svg\" xmlns:xlink=\"http:\/\/www.w3.org\/1999\/xlink\" height=\"512px\" id=\"Layer_1\" style=\"enable-background:new 0 0 512 512;\" viewBox=\"0 0 512 512\" width=\"512px\" xml:space=\"preserve\"><path d=\"M184.7,413.1l2.1-1.8l156.5-136c5.3-4.6,8.6-11.5,8.6-19.2c0-7.7-3.4-14.6-8.6-19.2L187.1,101l-2.6-2.3  C182,97,179,96,175.8,96c-8.7,0-15.8,7.4-15.8,16.6h0v286.8h0c0,9.2,7.1,16.6,15.8,16.6C179.1,416,182.2,414.9,184.7,413.1z\"><\/path><\/svg>\t\t\t\t<\/a>\n\t\t\t<\/div>\n\t\t\t\n\t\t\t\t\t\t<div class=\"elementor-icon-box-content\">\n\n\t\t\t\t\t\t\t\t\t<h3 class=\"elementor-icon-box-title\">\n\t\t\t\t\t\t<a href=\"https:\/\/site.veracruz.edu.br\/zumzum\/pra-ir-ler-e-ver-4o-ano\/\" >\n\t\t\t\t\t\t\tSaiba mais\t\t\t\t\t\t<\/a>\n\t\t\t\t\t<\/h3>\n\t\t\t\t\n\t\t\t\t\n\t\t\t<\/div>\n\t\t\t\n\t\t<\/div>\n\t\t\t\t\t\t<\/div>\n\t\t\t\t<\/div>\n\t\t\t\t\t<\/div>\n\t\t\t\t<\/article>\n\t\t\t\t\t<\/div>\n\t\t<\/div>\n\t\t\t\t<div class=\"elementor-column elementor-col-33 elementor-top-column elementor-element elementor-element-f6b7a55\" data-id=\"f6b7a55\" data-element_type=\"column\" data-e-type=\"column\">\n\t\t\t<div class=\"elementor-widget-wrap\">\n\t\t\t\t\t\t\t<\/div>\n\t\t<\/div>\n\t\t\t\t<div class=\"elementor-column elementor-col-33 elementor-top-column elementor-element elementor-element-7f30578\" data-id=\"7f30578\" data-element_type=\"column\" data-e-type=\"column\">\n\t\t\t<div class=\"elementor-widget-wrap\">\n\t\t\t\t\t\t\t<\/div>\n\t\t<\/div>\n\t\t\t\t\t<\/div>\n\t\t<\/section>\n\t\t<div class=\"elementor-element elementor-element-b2dfabf e-flex e-con-boxed e-con e-parent\" data-id=\"b2dfabf\" data-element_type=\"container\" data-e-type=\"container\">\n\t\t\t\t\t<div class=\"e-con-inner\">\n\t\t<div class=\"elementor-element elementor-element-ecbe206 e-con-full e-flex e-con e-child\" data-id=\"ecbe206\" data-element_type=\"container\" data-e-type=\"container\">\n\t\t\t\t<div class=\"elementor-element elementor-element-debab30 elementor-widget elementor-widget-heading\" data-id=\"debab30\" data-element_type=\"widget\" data-e-type=\"widget\" data-widget_type=\"heading.default\">\n\t\t\t\t<div class=\"elementor-widget-container\">\n\t\t\t\t\t<h2 class=\"elementor-heading-title elementor-size-default\">Edi\u00e7\u00e3o 2<\/h2>\t\t\t\t<\/div>\n\t\t\t\t<\/div>\n\t\t\t\t<\/div>\n\t\t\t\t\t<\/div>\n\t\t\t\t<\/div>\n\t\t\t\t<section class=\"elementor-section elementor-top-section elementor-element elementor-element-11dc3d5 elementor-section-boxed elementor-section-height-default elementor-section-height-default\" data-id=\"11dc3d5\" data-element_type=\"section\" data-e-type=\"section\">\n\t\t\t\t\t\t<div class=\"elementor-container elementor-column-gap-extended\">\n\t\t\t\t\t<div class=\"elementor-column elementor-col-33 elementor-top-column elementor-element elementor-element-0d9495a\" data-id=\"0d9495a\" data-element_type=\"column\" data-e-type=\"column\">\n\t\t\t<div class=\"elementor-widget-wrap elementor-element-populated\">\n\t\t\t\t\t\t<div class=\"elementor-element elementor-element-23958c7 elementor-widget elementor-widget-heading\" data-id=\"23958c7\" data-element_type=\"widget\" data-e-type=\"widget\" data-widget_type=\"heading.default\">\n\t\t\t\t<div class=\"elementor-widget-container\">\n\t\t\t\t\t<h2 class=\"elementor-heading-title elementor-size-default\">Ir<\/h2>\t\t\t\t<\/div>\n\t\t\t\t<\/div>\n\t\t\t\t<div class=\"elementor-element elementor-element-db7819e elementor-grid-1 elementor-grid-tablet-2 elementor-grid-mobile-1 elementor-widget elementor-widget-loop-grid\" data-id=\"db7819e\" data-element_type=\"widget\" data-e-type=\"widget\" data-settings=\"{&quot;template_id&quot;:3001,&quot;columns&quot;:1,&quot;_skin&quot;:&quot;post&quot;,&quot;columns_tablet&quot;:&quot;2&quot;,&quot;columns_mobile&quot;:&quot;1&quot;,&quot;edit_handle_selector&quot;:&quot;[data-elementor-type=\\&quot;loop-item\\&quot;]&quot;,&quot;row_gap&quot;:{&quot;unit&quot;:&quot;px&quot;,&quot;size&quot;:&quot;&quot;,&quot;sizes&quot;:[]},&quot;row_gap_tablet&quot;:{&quot;unit&quot;:&quot;px&quot;,&quot;size&quot;:&quot;&quot;,&quot;sizes&quot;:[]},&quot;row_gap_mobile&quot;:{&quot;unit&quot;:&quot;px&quot;,&quot;size&quot;:&quot;&quot;,&quot;sizes&quot;:[]}}\" data-widget_type=\"loop-grid.post\">\n\t\t\t\t<div class=\"elementor-widget-container\">\n\t\t\t\t\t\t\t<div class=\"elementor-loop-container elementor-grid\" role=\"list\">\n\t\t\t\t<div data-elementor-type=\"loop-item\" data-elementor-id=\"3001\" class=\"elementor elementor-3001 e-loop-item e-loop-item-2006 post-2006 roteiro type-roteiro status-publish has-post-thumbnail hentry category-ir tag-exposicao edicao-edicao-2\" data-elementor-post-type=\"elementor_library\" data-custom-edit-handle=\"1\">\n\t\t\t<article class=\"elementor-element elementor-element-d3fff95 e-flex e-con-boxed e-con e-parent\" data-id=\"d3fff95\" data-element_type=\"container\" data-e-type=\"container\" data-settings=\"{&quot;background_background&quot;:&quot;classic&quot;}\">\n\t\t\t\t\t<div class=\"e-con-inner\">\n\t\t<div class=\"elementor-element elementor-element-f274729 e-con-full e-flex e-con e-child\" data-id=\"f274729\" data-element_type=\"container\" data-e-type=\"container\">\n\t\t<div class=\"elementor-element elementor-element-76f83ea e-con-full e-flex e-con e-child\" data-id=\"76f83ea\" data-element_type=\"container\" data-e-type=\"container\">\n\t\t<div class=\"elementor-element elementor-element-28e1075 e-con-full e-flex e-con e-child\" data-id=\"28e1075\" data-element_type=\"container\" data-e-type=\"container\">\n\t\t\t\t<div class=\"elementor-element elementor-element-10c1e69 elementor-widget elementor-widget-theme-post-featured-image elementor-widget-image\" data-id=\"10c1e69\" data-element_type=\"widget\" data-e-type=\"widget\" data-widget_type=\"theme-post-featured-image.default\">\n\t\t\t\t<div class=\"elementor-widget-container\">\n\t\t\t\t\t\t\t\t\t\t\t\t\t\t\t<img loading=\"lazy\" decoding=\"async\" width=\"326\" height=\"155\" src=\"https:\/\/site.veracruz.edu.br\/zumzum\/wp-content\/uploads\/2022\/09\/yoru.jpg\" class=\"attachment-full size-full wp-image-2007\" alt=\"\" srcset=\"https:\/\/site.veracruz.edu.br\/zumzum\/wp-content\/uploads\/2022\/09\/yoru.jpg 326w, https:\/\/site.veracruz.edu.br\/zumzum\/wp-content\/uploads\/2022\/09\/yoru-300x143.jpg 300w\" sizes=\"(max-width: 326px) 100vw, 326px\" \/>\t\t\t\t\t\t\t\t\t\t\t\t\t\t\t<\/div>\n\t\t\t\t<\/div>\n\t\t\t\t<\/div>\n\t\t<div class=\"elementor-element elementor-element-35d10c1 e-con-full e-flex e-con e-child\" data-id=\"35d10c1\" data-element_type=\"container\" data-e-type=\"container\">\n\t\t\t\t<div class=\"elementor-element elementor-element-5db758f elementor-widget elementor-widget-heading\" data-id=\"5db758f\" data-element_type=\"widget\" data-e-type=\"widget\" data-widget_type=\"heading.default\">\n\t\t\t\t<div class=\"elementor-widget-container\">\n\t\t\t\t\t<p class=\"elementor-heading-title elementor-size-default\">Yor\u00f9b\u00e1iano<\/p>\t\t\t\t<\/div>\n\t\t\t\t<\/div>\n\t\t\t\t<div class=\"elementor-element elementor-element-c241a95 elementor-widget elementor-widget-heading\" data-id=\"c241a95\" data-element_type=\"widget\" data-e-type=\"widget\" data-widget_type=\"heading.default\">\n\t\t\t\t<div class=\"elementor-widget-container\">\n\t\t\t\t\t<p class=\"elementor-heading-title elementor-size-default\"><span>Exposi\u00e7\u00e3o<\/span><\/p>\t\t\t\t<\/div>\n\t\t\t\t<\/div>\n\t\t\t\t<\/div>\n\t\t\t\t<\/div>\n\t\t\t\t<div class=\"elementor-element elementor-element-5071b99 elementor-widget elementor-widget-heading\" data-id=\"5071b99\" data-element_type=\"widget\" data-e-type=\"widget\" data-widget_type=\"heading.default\">\n\t\t\t\t<div class=\"elementor-widget-container\">\n\t\t\t\t\t<span class=\"elementor-heading-title elementor-size-default\"><p>Pinacoteca de S\u00e3o Paulo<\/p>\n<\/span>\t\t\t\t<\/div>\n\t\t\t\t<\/div>\n\t\t\t\t<div class=\"elementor-element elementor-element-0a05e2d elementor-widget elementor-widget-toggle\" data-id=\"0a05e2d\" data-element_type=\"widget\" data-e-type=\"widget\" data-widget_type=\"toggle.default\">\n\t\t\t\t<div class=\"elementor-widget-container\">\n\t\t\t\t\t\t\t<div class=\"elementor-toggle\">\n\t\t\t\t\t\t\t<div class=\"elementor-toggle-item\">\n\t\t\t\t\t<h6 id=\"elementor-tab-title-1051\" class=\"elementor-tab-title\" data-tab=\"1\" role=\"button\" aria-controls=\"elementor-tab-content-1051\" aria-expanded=\"false\">\n\t\t\t\t\t\t\t\t\t\t\t\t<span class=\"elementor-toggle-icon elementor-toggle-icon-left\" aria-hidden=\"true\">\n\t\t\t\t\t\t\t\t\t\t\t\t\t\t\t<span class=\"elementor-toggle-icon-closed\"><i class=\"fas fa-caret-right\"><\/i><\/span>\n\t\t\t\t\t\t\t\t<span class=\"elementor-toggle-icon-opened\"><i class=\"elementor-toggle-icon-opened fas fa-caret-down\"><\/i><\/span>\n\t\t\t\t\t\t\t\t\t\t\t\t\t<\/span>\n\t\t\t\t\t\t\t\t\t\t\t\t<a class=\"elementor-toggle-title\" tabindex=\"0\">Ler resenha<\/a>\n\t\t\t\t\t<\/h6>\n\n\t\t\t\t\t<div id=\"elementor-tab-content-1051\" class=\"elementor-tab-content elementor-clearfix\" data-tab=\"1\" role=\"region\" aria-labelledby=\"elementor-tab-title-1051\"><p>A Pinacoteca de S\u00e3o Paulo apresenta a exposi\u00e7\u00e3o individual de Ayrson Her\u00e1clito, artista baiano que aborda as mitologias africanas que permanecem enraizadas no Brasil ap\u00f3s o per\u00edodo de escravid\u00e3o, sobretudo a partir do s\u00e9culo XIX. Com 63 obras, entre instala\u00e7\u00f5es, fotografias, v\u00eddeos e performances, a mostra ficar\u00e1 aberta para visita\u00e7\u00f5es at\u00e9 22 de agosto.<\/p>\n<\/div>\n\t\t\t\t<\/div>\n\t\t\t\t\t\t\t\t<\/div>\n\t\t\t\t\t\t<\/div>\n\t\t\t\t<\/div>\n\t\t\t\t<\/div>\n\t\t\t\t\t<\/div>\n\t\t\t\t<\/article>\n\t\t\t\t<\/div>\n\t\t\t\t<div data-elementor-type=\"loop-item\" data-elementor-id=\"3001\" class=\"elementor elementor-3001 e-loop-item e-loop-item-2004 post-2004 roteiro type-roteiro status-publish has-post-thumbnail hentry category-ir tag-exposicao edicao-edicao-2\" data-elementor-post-type=\"elementor_library\" data-custom-edit-handle=\"1\">\n\t\t\t<article class=\"elementor-element elementor-element-d3fff95 e-flex e-con-boxed e-con e-parent\" data-id=\"d3fff95\" data-element_type=\"container\" data-e-type=\"container\" data-settings=\"{&quot;background_background&quot;:&quot;classic&quot;}\">\n\t\t\t\t\t<div class=\"e-con-inner\">\n\t\t<div class=\"elementor-element elementor-element-f274729 e-con-full e-flex e-con e-child\" data-id=\"f274729\" data-element_type=\"container\" data-e-type=\"container\">\n\t\t<div class=\"elementor-element elementor-element-76f83ea e-con-full e-flex e-con e-child\" data-id=\"76f83ea\" data-element_type=\"container\" data-e-type=\"container\">\n\t\t<div class=\"elementor-element elementor-element-28e1075 e-con-full e-flex e-con e-child\" data-id=\"28e1075\" data-element_type=\"container\" data-e-type=\"container\">\n\t\t\t\t<div class=\"elementor-element elementor-element-10c1e69 elementor-widget elementor-widget-theme-post-featured-image elementor-widget-image\" data-id=\"10c1e69\" data-element_type=\"widget\" data-e-type=\"widget\" data-widget_type=\"theme-post-featured-image.default\">\n\t\t\t\t<div class=\"elementor-widget-container\">\n\t\t\t\t\t\t\t\t\t\t\t\t\t\t\t<img loading=\"lazy\" decoding=\"async\" width=\"687\" height=\"1000\" src=\"https:\/\/site.veracruz.edu.br\/zumzum\/wp-content\/uploads\/2022\/09\/joseca.webp\" class=\"attachment-full size-full wp-image-2005\" alt=\"\" srcset=\"https:\/\/site.veracruz.edu.br\/zumzum\/wp-content\/uploads\/2022\/09\/joseca.webp 687w, https:\/\/site.veracruz.edu.br\/zumzum\/wp-content\/uploads\/2022\/09\/joseca-206x300.webp 206w\" sizes=\"(max-width: 687px) 100vw, 687px\" \/>\t\t\t\t\t\t\t\t\t\t\t\t\t\t\t<\/div>\n\t\t\t\t<\/div>\n\t\t\t\t<\/div>\n\t\t<div class=\"elementor-element elementor-element-35d10c1 e-con-full e-flex e-con e-child\" data-id=\"35d10c1\" data-element_type=\"container\" data-e-type=\"container\">\n\t\t\t\t<div class=\"elementor-element elementor-element-5db758f elementor-widget elementor-widget-heading\" data-id=\"5db758f\" data-element_type=\"widget\" data-e-type=\"widget\" data-widget_type=\"heading.default\">\n\t\t\t\t<div class=\"elementor-widget-container\">\n\t\t\t\t\t<p class=\"elementor-heading-title elementor-size-default\">Joseca Yanomami: Nossa Terra-Floresta<\/p>\t\t\t\t<\/div>\n\t\t\t\t<\/div>\n\t\t\t\t<div class=\"elementor-element elementor-element-c241a95 elementor-widget elementor-widget-heading\" data-id=\"c241a95\" data-element_type=\"widget\" data-e-type=\"widget\" data-widget_type=\"heading.default\">\n\t\t\t\t<div class=\"elementor-widget-container\">\n\t\t\t\t\t<p class=\"elementor-heading-title elementor-size-default\"><span>Exposi\u00e7\u00e3o<\/span><\/p>\t\t\t\t<\/div>\n\t\t\t\t<\/div>\n\t\t\t\t<\/div>\n\t\t\t\t<\/div>\n\t\t\t\t<div class=\"elementor-element elementor-element-5071b99 elementor-widget elementor-widget-heading\" data-id=\"5071b99\" data-element_type=\"widget\" data-e-type=\"widget\" data-widget_type=\"heading.default\">\n\t\t\t\t<div class=\"elementor-widget-container\">\n\t\t\t\t\t<span class=\"elementor-heading-title elementor-size-default\"><p>MASP<\/p>\n<\/span>\t\t\t\t<\/div>\n\t\t\t\t<\/div>\n\t\t\t\t<div class=\"elementor-element elementor-element-0a05e2d elementor-widget elementor-widget-toggle\" data-id=\"0a05e2d\" data-element_type=\"widget\" data-e-type=\"widget\" data-widget_type=\"toggle.default\">\n\t\t\t\t<div class=\"elementor-widget-container\">\n\t\t\t\t\t\t\t<div class=\"elementor-toggle\">\n\t\t\t\t\t\t\t<div class=\"elementor-toggle-item\">\n\t\t\t\t\t<h6 id=\"elementor-tab-title-1051\" class=\"elementor-tab-title\" data-tab=\"1\" role=\"button\" aria-controls=\"elementor-tab-content-1051\" aria-expanded=\"false\">\n\t\t\t\t\t\t\t\t\t\t\t\t<span class=\"elementor-toggle-icon elementor-toggle-icon-left\" aria-hidden=\"true\">\n\t\t\t\t\t\t\t\t\t\t\t\t\t\t\t<span class=\"elementor-toggle-icon-closed\"><i class=\"fas fa-caret-right\"><\/i><\/span>\n\t\t\t\t\t\t\t\t<span class=\"elementor-toggle-icon-opened\"><i class=\"elementor-toggle-icon-opened fas fa-caret-down\"><\/i><\/span>\n\t\t\t\t\t\t\t\t\t\t\t\t\t<\/span>\n\t\t\t\t\t\t\t\t\t\t\t\t<a class=\"elementor-toggle-title\" tabindex=\"0\">Ler resenha<\/a>\n\t\t\t\t\t<\/h6>\n\n\t\t\t\t\t<div id=\"elementor-tab-content-1051\" class=\"elementor-tab-content elementor-clearfix\" data-tab=\"1\" role=\"region\" aria-labelledby=\"elementor-tab-title-1051\"><p>Integrante da comunidade Watoriki, na regi\u00e3o do Demini, Amazonas, Joseca Yanomami \u00e9 um artista visual reconhecido pela representa\u00e7\u00e3o do cotidiano e cosmologia de seu povo. Na mostra do MASP, o desenhista reunir\u00e1, entre julho e outubro, uma vasta cole\u00e7\u00e3o de 93 obras, sendo a maior parte delas em papel. Al\u00e9m disso, um cat\u00e1logo ser\u00e1 publicado com a reprodu\u00e7\u00e3o de todos os desenhos e ensaios de especialistas especialmente comissionados para a ocasi\u00e3o.<\/p>\n<\/div>\n\t\t\t\t<\/div>\n\t\t\t\t\t\t\t\t<\/div>\n\t\t\t\t\t\t<\/div>\n\t\t\t\t<\/div>\n\t\t\t\t<\/div>\n\t\t\t\t\t<\/div>\n\t\t\t\t<\/article>\n\t\t\t\t<\/div>\n\t\t\t\t<div data-elementor-type=\"loop-item\" data-elementor-id=\"3001\" class=\"elementor elementor-3001 e-loop-item e-loop-item-2002 post-2002 roteiro type-roteiro status-publish has-post-thumbnail hentry category-ir tag-exposicao edicao-edicao-2\" data-elementor-post-type=\"elementor_library\" data-custom-edit-handle=\"1\">\n\t\t\t<article class=\"elementor-element elementor-element-d3fff95 e-flex e-con-boxed e-con e-parent\" data-id=\"d3fff95\" data-element_type=\"container\" data-e-type=\"container\" data-settings=\"{&quot;background_background&quot;:&quot;classic&quot;}\">\n\t\t\t\t\t<div class=\"e-con-inner\">\n\t\t<div class=\"elementor-element elementor-element-f274729 e-con-full e-flex e-con e-child\" data-id=\"f274729\" data-element_type=\"container\" data-e-type=\"container\">\n\t\t<div class=\"elementor-element elementor-element-76f83ea e-con-full e-flex e-con e-child\" data-id=\"76f83ea\" data-element_type=\"container\" data-e-type=\"container\">\n\t\t<div class=\"elementor-element elementor-element-28e1075 e-con-full e-flex e-con e-child\" data-id=\"28e1075\" data-element_type=\"container\" data-e-type=\"container\">\n\t\t\t\t<div class=\"elementor-element elementor-element-10c1e69 elementor-widget elementor-widget-theme-post-featured-image elementor-widget-image\" data-id=\"10c1e69\" data-element_type=\"widget\" data-e-type=\"widget\" data-widget_type=\"theme-post-featured-image.default\">\n\t\t\t\t<div class=\"elementor-widget-container\">\n\t\t\t\t\t\t\t\t\t\t\t\t\t\t\t<img loading=\"lazy\" decoding=\"async\" width=\"1401\" height=\"1401\" src=\"https:\/\/site.veracruz.edu.br\/zumzum\/wp-content\/uploads\/2022\/09\/memorias.jpg\" class=\"attachment-full size-full wp-image-2003\" alt=\"\" srcset=\"https:\/\/site.veracruz.edu.br\/zumzum\/wp-content\/uploads\/2022\/09\/memorias.jpg 1401w, https:\/\/site.veracruz.edu.br\/zumzum\/wp-content\/uploads\/2022\/09\/memorias-300x300.jpg 300w, https:\/\/site.veracruz.edu.br\/zumzum\/wp-content\/uploads\/2022\/09\/memorias-1024x1024.jpg 1024w, https:\/\/site.veracruz.edu.br\/zumzum\/wp-content\/uploads\/2022\/09\/memorias-150x150.jpg 150w, https:\/\/site.veracruz.edu.br\/zumzum\/wp-content\/uploads\/2022\/09\/memorias-768x768.jpg 768w\" sizes=\"(max-width: 1401px) 100vw, 1401px\" \/>\t\t\t\t\t\t\t\t\t\t\t\t\t\t\t<\/div>\n\t\t\t\t<\/div>\n\t\t\t\t<\/div>\n\t\t<div class=\"elementor-element elementor-element-35d10c1 e-con-full e-flex e-con e-child\" data-id=\"35d10c1\" data-element_type=\"container\" data-e-type=\"container\">\n\t\t\t\t<div class=\"elementor-element elementor-element-5db758f elementor-widget elementor-widget-heading\" data-id=\"5db758f\" data-element_type=\"widget\" data-e-type=\"widget\" data-widget_type=\"heading.default\">\n\t\t\t\t<div class=\"elementor-widget-container\">\n\t\t\t\t\t<p class=\"elementor-heading-title elementor-size-default\">Mem\u00f3rias do Futuro: Cidadania Negra, Antirracismo e Resist\u00eancia<\/p>\t\t\t\t<\/div>\n\t\t\t\t<\/div>\n\t\t\t\t<div class=\"elementor-element elementor-element-c241a95 elementor-widget elementor-widget-heading\" data-id=\"c241a95\" data-element_type=\"widget\" data-e-type=\"widget\" data-widget_type=\"heading.default\">\n\t\t\t\t<div class=\"elementor-widget-container\">\n\t\t\t\t\t<p class=\"elementor-heading-title elementor-size-default\"><span>Exposi\u00e7\u00e3o<\/span><\/p>\t\t\t\t<\/div>\n\t\t\t\t<\/div>\n\t\t\t\t<\/div>\n\t\t\t\t<\/div>\n\t\t\t\t<div class=\"elementor-element elementor-element-5071b99 elementor-widget elementor-widget-heading\" data-id=\"5071b99\" data-element_type=\"widget\" data-e-type=\"widget\" data-widget_type=\"heading.default\">\n\t\t\t\t<div class=\"elementor-widget-container\">\n\t\t\t\t\t<span class=\"elementor-heading-title elementor-size-default\"><p>Memorial da Resist\u00eancia de S\u00e3o Paulo<\/p>\n<\/span>\t\t\t\t<\/div>\n\t\t\t\t<\/div>\n\t\t\t\t<div class=\"elementor-element elementor-element-0a05e2d elementor-widget elementor-widget-toggle\" data-id=\"0a05e2d\" data-element_type=\"widget\" data-e-type=\"widget\" data-widget_type=\"toggle.default\">\n\t\t\t\t<div class=\"elementor-widget-container\">\n\t\t\t\t\t\t\t<div class=\"elementor-toggle\">\n\t\t\t\t\t\t\t<div class=\"elementor-toggle-item\">\n\t\t\t\t\t<h6 id=\"elementor-tab-title-1051\" class=\"elementor-tab-title\" data-tab=\"1\" role=\"button\" aria-controls=\"elementor-tab-content-1051\" aria-expanded=\"false\">\n\t\t\t\t\t\t\t\t\t\t\t\t<span class=\"elementor-toggle-icon elementor-toggle-icon-left\" aria-hidden=\"true\">\n\t\t\t\t\t\t\t\t\t\t\t\t\t\t\t<span class=\"elementor-toggle-icon-closed\"><i class=\"fas fa-caret-right\"><\/i><\/span>\n\t\t\t\t\t\t\t\t<span class=\"elementor-toggle-icon-opened\"><i class=\"elementor-toggle-icon-opened fas fa-caret-down\"><\/i><\/span>\n\t\t\t\t\t\t\t\t\t\t\t\t\t<\/span>\n\t\t\t\t\t\t\t\t\t\t\t\t<a class=\"elementor-toggle-title\" tabindex=\"0\">Ler resenha<\/a>\n\t\t\t\t\t<\/h6>\n\n\t\t\t\t\t<div id=\"elementor-tab-content-1051\" class=\"elementor-tab-content elementor-clearfix\" data-tab=\"1\" role=\"region\" aria-labelledby=\"elementor-tab-title-1051\"><p>Com curadoria do soci\u00f3logo e escritor M\u00e1rio Medeiros, a exposi\u00e7\u00e3o apresenta ao p\u00fablico paulista um panorama hist\u00f3rico das lutas por direitos promovidas pela popula\u00e7\u00e3o negra do estado. Nesse contexto, o museu ir\u00e1 abrigar, at\u00e9 maio de 2023, uma extensa pesquisa de fotografias, jornais, documentos, manifestos e cartazes que exp\u00f5e as for\u00e7as de repress\u00e3o e viol\u00eancia que permeiam a hist\u00f3ria do pa\u00eds. Alguns dos artistas que integram a exibi\u00e7\u00e3o s\u00e3o Jesus Carlos, Mariana Ser, Monica Cardim e Tiago Alexandre.<\/p>\n<\/div>\n\t\t\t\t<\/div>\n\t\t\t\t\t\t\t\t<\/div>\n\t\t\t\t\t\t<\/div>\n\t\t\t\t<\/div>\n\t\t\t\t<\/div>\n\t\t\t\t\t<\/div>\n\t\t\t\t<\/article>\n\t\t\t\t<\/div>\n\t\t\t\t<\/div>\n\t\t\n\t\t\t\t\t\t<\/div>\n\t\t\t\t<\/div>\n\t\t\t\t\t<\/div>\n\t\t<\/div>\n\t\t\t\t<div class=\"elementor-column elementor-col-33 elementor-top-column elementor-element elementor-element-e92c222\" data-id=\"e92c222\" data-element_type=\"column\" data-e-type=\"column\">\n\t\t\t<div class=\"elementor-widget-wrap elementor-element-populated\">\n\t\t\t\t\t\t<div class=\"elementor-element elementor-element-3de20c1 elementor-widget elementor-widget-heading\" data-id=\"3de20c1\" data-element_type=\"widget\" data-e-type=\"widget\" data-widget_type=\"heading.default\">\n\t\t\t\t<div class=\"elementor-widget-container\">\n\t\t\t\t\t<h2 class=\"elementor-heading-title elementor-size-default\">Ler<\/h2>\t\t\t\t<\/div>\n\t\t\t\t<\/div>\n\t\t\t\t<div class=\"elementor-element elementor-element-319d35c elementor-grid-1 elementor-grid-tablet-2 elementor-grid-mobile-1 elementor-widget elementor-widget-loop-grid\" data-id=\"319d35c\" data-element_type=\"widget\" data-e-type=\"widget\" data-settings=\"{&quot;template_id&quot;:3001,&quot;columns&quot;:1,&quot;pagination_type&quot;:&quot;load_more_on_click&quot;,&quot;_skin&quot;:&quot;post&quot;,&quot;columns_tablet&quot;:&quot;2&quot;,&quot;columns_mobile&quot;:&quot;1&quot;,&quot;edit_handle_selector&quot;:&quot;[data-elementor-type=\\&quot;loop-item\\&quot;]&quot;,&quot;load_more_spinner&quot;:{&quot;value&quot;:&quot;fas fa-spinner&quot;,&quot;library&quot;:&quot;fa-solid&quot;},&quot;row_gap&quot;:{&quot;unit&quot;:&quot;px&quot;,&quot;size&quot;:&quot;&quot;,&quot;sizes&quot;:[]},&quot;row_gap_tablet&quot;:{&quot;unit&quot;:&quot;px&quot;,&quot;size&quot;:&quot;&quot;,&quot;sizes&quot;:[]},&quot;row_gap_mobile&quot;:{&quot;unit&quot;:&quot;px&quot;,&quot;size&quot;:&quot;&quot;,&quot;sizes&quot;:[]}}\" data-widget_type=\"loop-grid.post\">\n\t\t\t\t<div class=\"elementor-widget-container\">\n\t\t\t\t\t\t\t<div class=\"elementor-loop-container elementor-grid\" role=\"list\">\n\t\t\t\t<div data-elementor-type=\"loop-item\" data-elementor-id=\"3001\" class=\"elementor elementor-3001 e-loop-item e-loop-item-2405 post-2405 roteiro type-roteiro status-publish has-post-thumbnail hentry category-ler edicao-edicao-2\" data-elementor-post-type=\"elementor_library\" data-custom-edit-handle=\"1\">\n\t\t\t<article class=\"elementor-element elementor-element-d3fff95 e-flex e-con-boxed e-con e-parent\" data-id=\"d3fff95\" data-element_type=\"container\" data-e-type=\"container\" data-settings=\"{&quot;background_background&quot;:&quot;classic&quot;}\">\n\t\t\t\t\t<div class=\"e-con-inner\">\n\t\t<div class=\"elementor-element elementor-element-f274729 e-con-full e-flex e-con e-child\" data-id=\"f274729\" data-element_type=\"container\" data-e-type=\"container\">\n\t\t<div class=\"elementor-element elementor-element-76f83ea e-con-full e-flex e-con e-child\" data-id=\"76f83ea\" data-element_type=\"container\" data-e-type=\"container\">\n\t\t<div class=\"elementor-element elementor-element-28e1075 e-con-full e-flex e-con e-child\" data-id=\"28e1075\" data-element_type=\"container\" data-e-type=\"container\">\n\t\t\t\t<div class=\"elementor-element elementor-element-10c1e69 elementor-widget elementor-widget-theme-post-featured-image elementor-widget-image\" data-id=\"10c1e69\" data-element_type=\"widget\" data-e-type=\"widget\" data-widget_type=\"theme-post-featured-image.default\">\n\t\t\t\t<div class=\"elementor-widget-container\">\n\t\t\t\t\t\t\t\t\t\t\t\t\t\t\t<img loading=\"lazy\" decoding=\"async\" width=\"526\" height=\"544\" src=\"https:\/\/site.veracruz.edu.br\/zumzum\/wp-content\/uploads\/2022\/09\/racista-eu.png\" class=\"attachment-full size-full wp-image-2409\" alt=\"\" srcset=\"https:\/\/site.veracruz.edu.br\/zumzum\/wp-content\/uploads\/2022\/09\/racista-eu.png 526w, https:\/\/site.veracruz.edu.br\/zumzum\/wp-content\/uploads\/2022\/09\/racista-eu-290x300.png 290w\" sizes=\"(max-width: 526px) 100vw, 526px\" \/>\t\t\t\t\t\t\t\t\t\t\t\t\t\t\t<\/div>\n\t\t\t\t<\/div>\n\t\t\t\t<\/div>\n\t\t<div class=\"elementor-element elementor-element-35d10c1 e-con-full e-flex e-con e-child\" data-id=\"35d10c1\" data-element_type=\"container\" data-e-type=\"container\">\n\t\t\t\t<div class=\"elementor-element elementor-element-5db758f elementor-widget elementor-widget-heading\" data-id=\"5db758f\" data-element_type=\"widget\" data-e-type=\"widget\" data-widget_type=\"heading.default\">\n\t\t\t\t<div class=\"elementor-widget-container\">\n\t\t\t\t\t<p class=\"elementor-heading-title elementor-size-default\">Racista, eu? &#8211; Afrobrasilidades e a luta antirracista<\/p>\t\t\t\t<\/div>\n\t\t\t\t<\/div>\n\t\t\t\t<\/div>\n\t\t\t\t<\/div>\n\t\t\t\t<div class=\"elementor-element elementor-element-5071b99 elementor-widget elementor-widget-heading\" data-id=\"5071b99\" data-element_type=\"widget\" data-e-type=\"widget\" data-widget_type=\"heading.default\">\n\t\t\t\t<div class=\"elementor-widget-container\">\n\t\t\t\t\t<span class=\"elementor-heading-title elementor-size-default\"><p>Cristina Astolfi, Flavia Nat\u00e9rcia, Silvia Panazzo<\/p>\n<\/span>\t\t\t\t<\/div>\n\t\t\t\t<\/div>\n\t\t\t\t<div class=\"elementor-element elementor-element-33e5914 elementor-widget elementor-widget-heading\" data-id=\"33e5914\" data-element_type=\"widget\" data-e-type=\"widget\" data-widget_type=\"heading.default\">\n\t\t\t\t<div class=\"elementor-widget-container\">\n\t\t\t\t\t<span class=\"elementor-heading-title elementor-size-default\"><p>Editora do Brasil, R$ 89,70 <a href=\"https:\/\/lojavirtual.editoradobrasil.com.br\/74426149211-racista-eu-afrobrasilidades-e-a-luta-antirracista.html\" target=\"_blank\" rel=\"noopener\">no site da editora<\/a><\/p>\n<\/span>\t\t\t\t<\/div>\n\t\t\t\t<\/div>\n\t\t\t\t<div class=\"elementor-element elementor-element-0a05e2d elementor-widget elementor-widget-toggle\" data-id=\"0a05e2d\" data-element_type=\"widget\" data-e-type=\"widget\" data-widget_type=\"toggle.default\">\n\t\t\t\t<div class=\"elementor-widget-container\">\n\t\t\t\t\t\t\t<div class=\"elementor-toggle\">\n\t\t\t\t\t\t\t<div class=\"elementor-toggle-item\">\n\t\t\t\t\t<h6 id=\"elementor-tab-title-1051\" class=\"elementor-tab-title\" data-tab=\"1\" role=\"button\" aria-controls=\"elementor-tab-content-1051\" aria-expanded=\"false\">\n\t\t\t\t\t\t\t\t\t\t\t\t<span class=\"elementor-toggle-icon elementor-toggle-icon-left\" aria-hidden=\"true\">\n\t\t\t\t\t\t\t\t\t\t\t\t\t\t\t<span class=\"elementor-toggle-icon-closed\"><i class=\"fas fa-caret-right\"><\/i><\/span>\n\t\t\t\t\t\t\t\t<span class=\"elementor-toggle-icon-opened\"><i class=\"elementor-toggle-icon-opened fas fa-caret-down\"><\/i><\/span>\n\t\t\t\t\t\t\t\t\t\t\t\t\t<\/span>\n\t\t\t\t\t\t\t\t\t\t\t\t<a class=\"elementor-toggle-title\" tabindex=\"0\">Ler resenha<\/a>\n\t\t\t\t\t<\/h6>\n\n\t\t\t\t\t<div id=\"elementor-tab-content-1051\" class=\"elementor-tab-content elementor-clearfix\" data-tab=\"1\" role=\"region\" aria-labelledby=\"elementor-tab-title-1051\"><p>Cristina Astolfi, que trabalha na equipe de edi\u00e7\u00e3o de materiais did\u00e1ticos da Casa Vera Cruz, \u00e9 a autora da obra que trata da hist\u00f3ria e da cultura africana e afro-brasileira a partir de uma abordagem antirracista. Voltado sobretudo para alunos do anos finais do Fundamental 2 e M\u00e9dio, o livro traz provoca\u00e7\u00f5es sobre o significado do racismo. Cristina argumenta que somos racistas n\u00e3o apenas quando manifestamos \u00f3dio a um grupo por conta da cor da pele, mas quando, por exemplo, n\u00e3o nos mexemos para defender algu\u00e9m que sofre ataques raciais. Conforme a autora, uma &#8220;provoca\u00e7\u00e3o e um convite&#8221; para ser antirracista o tempo todo, todos os dias, em todos os lugares.<\/p>\n<\/div>\n\t\t\t\t<\/div>\n\t\t\t\t\t\t\t\t<\/div>\n\t\t\t\t\t\t<\/div>\n\t\t\t\t<\/div>\n\t\t\t\t<div class=\"elementor-element elementor-element-add1c07 elementor-align-left elementor-widget elementor-widget-post-info\" data-id=\"add1c07\" data-element_type=\"widget\" data-e-type=\"widget\" data-widget_type=\"post-info.default\">\n\t\t\t\t<div class=\"elementor-widget-container\">\n\t\t\t\t\t\t\t<ul class=\"elementor-icon-list-items elementor-post-info\">\n\t\t\t\t\t\t\t\t<li class=\"elementor-icon-list-item elementor-repeater-item-06e1e2a\">\n\t\t\t\t\t\t\t\t\t\t<span class=\"elementor-icon-list-icon\">\n\t\t\t\t\t\t\t\t<i aria-hidden=\"true\" class=\"fas fa-bookmark\"><\/i>\t\t\t\t\t\t\t<\/span>\n\t\t\t\t\t\t\t\t\t<span class=\"elementor-icon-list-text elementor-post-info__item elementor-post-info__item--type-custom\">\n\t\t\t\t\t\t\t\t\t\tDispon\u00edvel para empr\u00e9stimo \u00e0 equipe do Vera em nossas Bibliotecas\t\t\t\t\t<\/span>\n\t\t\t\t\t\t\t\t<\/li>\n\t\t\t\t<\/ul>\n\t\t\t\t\t\t<\/div>\n\t\t\t\t<\/div>\n\t\t\t\t<\/div>\n\t\t\t\t\t<\/div>\n\t\t\t\t<\/article>\n\t\t\t\t<\/div>\n\t\t\t\t<div data-elementor-type=\"loop-item\" data-elementor-id=\"3001\" class=\"elementor elementor-3001 e-loop-item e-loop-item-2022 post-2022 roteiro type-roteiro status-publish has-post-thumbnail hentry category-ler edicao-edicao-2\" data-elementor-post-type=\"elementor_library\" data-custom-edit-handle=\"1\">\n\t\t\t<article class=\"elementor-element elementor-element-d3fff95 e-flex e-con-boxed e-con e-parent\" data-id=\"d3fff95\" data-element_type=\"container\" data-e-type=\"container\" data-settings=\"{&quot;background_background&quot;:&quot;classic&quot;}\">\n\t\t\t\t\t<div class=\"e-con-inner\">\n\t\t<div class=\"elementor-element elementor-element-f274729 e-con-full e-flex e-con e-child\" data-id=\"f274729\" data-element_type=\"container\" data-e-type=\"container\">\n\t\t<div class=\"elementor-element elementor-element-76f83ea e-con-full e-flex e-con e-child\" data-id=\"76f83ea\" data-element_type=\"container\" data-e-type=\"container\">\n\t\t<div class=\"elementor-element elementor-element-28e1075 e-con-full e-flex e-con e-child\" data-id=\"28e1075\" data-element_type=\"container\" data-e-type=\"container\">\n\t\t\t\t<div class=\"elementor-element elementor-element-10c1e69 elementor-widget elementor-widget-theme-post-featured-image elementor-widget-image\" data-id=\"10c1e69\" data-element_type=\"widget\" data-e-type=\"widget\" data-widget_type=\"theme-post-featured-image.default\">\n\t\t\t\t<div class=\"elementor-widget-container\">\n\t\t\t\t\t\t\t\t\t\t\t\t\t\t\t<img loading=\"lazy\" decoding=\"async\" width=\"335\" height=\"500\" src=\"https:\/\/site.veracruz.edu.br\/zumzum\/wp-content\/uploads\/2022\/09\/antirrac.jpg\" class=\"attachment-full size-full wp-image-2023\" alt=\"\" srcset=\"https:\/\/site.veracruz.edu.br\/zumzum\/wp-content\/uploads\/2022\/09\/antirrac.jpg 335w, https:\/\/site.veracruz.edu.br\/zumzum\/wp-content\/uploads\/2022\/09\/antirrac-201x300.jpg 201w\" sizes=\"(max-width: 335px) 100vw, 335px\" \/>\t\t\t\t\t\t\t\t\t\t\t\t\t\t\t<\/div>\n\t\t\t\t<\/div>\n\t\t\t\t<\/div>\n\t\t<div class=\"elementor-element elementor-element-35d10c1 e-con-full e-flex e-con e-child\" data-id=\"35d10c1\" data-element_type=\"container\" data-e-type=\"container\">\n\t\t\t\t<div class=\"elementor-element elementor-element-5db758f elementor-widget elementor-widget-heading\" data-id=\"5db758f\" data-element_type=\"widget\" data-e-type=\"widget\" data-widget_type=\"heading.default\">\n\t\t\t\t<div class=\"elementor-widget-container\">\n\t\t\t\t\t<p class=\"elementor-heading-title elementor-size-default\">N\u00e3o basta n\u00e3o ser racista &#8211; sejamos antirracistas<\/p>\t\t\t\t<\/div>\n\t\t\t\t<\/div>\n\t\t\t\t<\/div>\n\t\t\t\t<\/div>\n\t\t\t\t<div class=\"elementor-element elementor-element-5071b99 elementor-widget elementor-widget-heading\" data-id=\"5071b99\" data-element_type=\"widget\" data-e-type=\"widget\" data-widget_type=\"heading.default\">\n\t\t\t\t<div class=\"elementor-widget-container\">\n\t\t\t\t\t<span class=\"elementor-heading-title elementor-size-default\"><p>Robin Diangelo<\/p>\n<\/span>\t\t\t\t<\/div>\n\t\t\t\t<\/div>\n\t\t\t\t<div class=\"elementor-element elementor-element-33e5914 elementor-widget elementor-widget-heading\" data-id=\"33e5914\" data-element_type=\"widget\" data-e-type=\"widget\" data-widget_type=\"heading.default\">\n\t\t\t\t<div class=\"elementor-widget-container\">\n\t\t\t\t\t<span class=\"elementor-heading-title elementor-size-default\"><p><span style=\"font-weight: 400\">Faro Editorial, R$ 44,90 <\/span><a href=\"https:\/\/faroeditorial.com.br\/produto\/nao-basta-nao-ser-racista-sejamos-antirracistas\/\" target=\"_blank\" rel=\"noopener\"><span style=\"font-weight: 400\">no site da editora<\/span><\/a><\/p>\n<\/span>\t\t\t\t<\/div>\n\t\t\t\t<\/div>\n\t\t\t\t<div class=\"elementor-element elementor-element-0a05e2d elementor-widget elementor-widget-toggle\" data-id=\"0a05e2d\" data-element_type=\"widget\" data-e-type=\"widget\" data-widget_type=\"toggle.default\">\n\t\t\t\t<div class=\"elementor-widget-container\">\n\t\t\t\t\t\t\t<div class=\"elementor-toggle\">\n\t\t\t\t\t\t\t<div class=\"elementor-toggle-item\">\n\t\t\t\t\t<h6 id=\"elementor-tab-title-1051\" class=\"elementor-tab-title\" data-tab=\"1\" role=\"button\" aria-controls=\"elementor-tab-content-1051\" aria-expanded=\"false\">\n\t\t\t\t\t\t\t\t\t\t\t\t<span class=\"elementor-toggle-icon elementor-toggle-icon-left\" aria-hidden=\"true\">\n\t\t\t\t\t\t\t\t\t\t\t\t\t\t\t<span class=\"elementor-toggle-icon-closed\"><i class=\"fas fa-caret-right\"><\/i><\/span>\n\t\t\t\t\t\t\t\t<span class=\"elementor-toggle-icon-opened\"><i class=\"elementor-toggle-icon-opened fas fa-caret-down\"><\/i><\/span>\n\t\t\t\t\t\t\t\t\t\t\t\t\t<\/span>\n\t\t\t\t\t\t\t\t\t\t\t\t<a class=\"elementor-toggle-title\" tabindex=\"0\">Ler resenha<\/a>\n\t\t\t\t\t<\/h6>\n\n\t\t\t\t\t<div id=\"elementor-tab-content-1051\" class=\"elementor-tab-content elementor-clearfix\" data-tab=\"1\" role=\"region\" aria-labelledby=\"elementor-tab-title-1051\"><p><span style=\"font-weight: 400\">Segundo estudo de 2021, 84% dos brasileiros reconhecem a exist\u00eancia do racismo no pa\u00eds, mas, no entanto, apenas 4% destes se consideram vetores desse preconceito. \u00c9 a partir desse cen\u00e1rio &#8211; de um racismo que \u00e9 discutido \u00e0 dist\u00e2ncia por boa parte da popula\u00e7\u00e3o branca &#8211; que a escritora norte-americana Robin DiAngelo nos convoca a um engajamento ativo na luta antirracista, engajamento este que come\u00e7a no reconhecimento do racismo estrutural que condiciona muitas das nossas pr\u00e1ticas do dia a dia. Nesse sentido, <\/span><i><span style=\"font-weight: 400\">N\u00e3o basta n\u00e3o ser racista &#8211; sejamos antirracistas<\/span><\/i><span style=\"font-weight: 400\"> \u00e9 um chamado \u00e0 conversa p\u00fablica sobre aquilo que, para ser superado, deve, antes de tudo, ser trazido \u00e0 tona &#8211; sem nega\u00e7\u00e3o e com honestidade.<\/span><\/p>\n<p><b>Sinopse oficial: <\/b><span style=\"font-weight: 400\">\u00c9 hora de todos os brancos abandonarem a ideia de superioridade e, de fato, atuarem no combate ao racismo. Nega\u00e7\u00e3o, sil\u00eancio, raiva, medo, culpa&#8230; essas s\u00e3o algumas das rea\u00e7\u00f5es mais comuns quando se diz a uma pessoa que agiu, geralmente sem inten\u00e7\u00e3o, de modo racista. Ser abertamente racista n\u00e3o \u00e9 algo socialmente aceit\u00e1vel. Ningu\u00e9m quer ser visto assim. Mas cada vez que se nega o racismo, impedimos que ele seja abordado e que nossos preconceitos sejam discutidos. As rea\u00e7\u00f5es de nega\u00e7\u00e3o n\u00e3o servem apenas para silenciar quem sofre o preconceito, tamb\u00e9m escondem um sentimento que a autora Robin Diangelo passou a chamar de fragilidade branca. Em seus estudos, Diangelo catalogou frases, palavras e sentimentos de volunt\u00e1rios que se veem sem qualquer preconceito e demonstrou que, no fundo, ele estava l\u00e1. Sua proposta \u00e9 que todos comecem a ouvir melhor, estabele\u00e7am conversas mais honestas e reajam a cr\u00edticas com educa\u00e7\u00e3o e tentando se colocar no lugar do outro. N\u00e3o basta apenas sustentar vis\u00f5es liberais ou condenar os racistas nas redes sociais. A mudan\u00e7a come\u00e7a conosco.<\/span><\/p>\n<\/div>\n\t\t\t\t<\/div>\n\t\t\t\t\t\t\t\t<\/div>\n\t\t\t\t\t\t<\/div>\n\t\t\t\t<\/div>\n\t\t\t\t<div class=\"elementor-element elementor-element-add1c07 elementor-align-left elementor-widget elementor-widget-post-info\" data-id=\"add1c07\" data-element_type=\"widget\" data-e-type=\"widget\" data-widget_type=\"post-info.default\">\n\t\t\t\t<div class=\"elementor-widget-container\">\n\t\t\t\t\t\t\t<ul class=\"elementor-icon-list-items elementor-post-info\">\n\t\t\t\t\t\t\t\t<li class=\"elementor-icon-list-item elementor-repeater-item-06e1e2a\">\n\t\t\t\t\t\t\t\t\t\t<span class=\"elementor-icon-list-icon\">\n\t\t\t\t\t\t\t\t<i aria-hidden=\"true\" class=\"fas fa-bookmark\"><\/i>\t\t\t\t\t\t\t<\/span>\n\t\t\t\t\t\t\t\t\t<span class=\"elementor-icon-list-text elementor-post-info__item elementor-post-info__item--type-custom\">\n\t\t\t\t\t\t\t\t\t\tDispon\u00edvel para empr\u00e9stimo \u00e0 equipe do Vera em nossas Bibliotecas\t\t\t\t\t<\/span>\n\t\t\t\t\t\t\t\t<\/li>\n\t\t\t\t<\/ul>\n\t\t\t\t\t\t<\/div>\n\t\t\t\t<\/div>\n\t\t\t\t<\/div>\n\t\t\t\t\t<\/div>\n\t\t\t\t<\/article>\n\t\t\t\t<\/div>\n\t\t\t\t<div data-elementor-type=\"loop-item\" data-elementor-id=\"3001\" class=\"elementor elementor-3001 e-loop-item e-loop-item-2020 post-2020 roteiro type-roteiro status-publish has-post-thumbnail hentry category-ler edicao-edicao-2\" data-elementor-post-type=\"elementor_library\" data-custom-edit-handle=\"1\">\n\t\t\t<article class=\"elementor-element elementor-element-d3fff95 e-flex e-con-boxed e-con e-parent\" data-id=\"d3fff95\" data-element_type=\"container\" data-e-type=\"container\" data-settings=\"{&quot;background_background&quot;:&quot;classic&quot;}\">\n\t\t\t\t\t<div class=\"e-con-inner\">\n\t\t<div class=\"elementor-element elementor-element-f274729 e-con-full e-flex e-con e-child\" data-id=\"f274729\" data-element_type=\"container\" data-e-type=\"container\">\n\t\t<div class=\"elementor-element elementor-element-76f83ea e-con-full e-flex e-con e-child\" data-id=\"76f83ea\" data-element_type=\"container\" data-e-type=\"container\">\n\t\t<div class=\"elementor-element elementor-element-28e1075 e-con-full e-flex e-con e-child\" data-id=\"28e1075\" data-element_type=\"container\" data-e-type=\"container\">\n\t\t\t\t<div class=\"elementor-element elementor-element-10c1e69 elementor-widget elementor-widget-theme-post-featured-image elementor-widget-image\" data-id=\"10c1e69\" data-element_type=\"widget\" data-e-type=\"widget\" data-widget_type=\"theme-post-featured-image.default\">\n\t\t\t\t<div class=\"elementor-widget-container\">\n\t\t\t\t\t\t\t\t\t\t\t\t\t\t\t<img loading=\"lazy\" decoding=\"async\" width=\"1773\" height=\"2560\" src=\"https:\/\/site.veracruz.edu.br\/zumzum\/wp-content\/uploads\/2022\/09\/angola.jpg\" class=\"attachment-full size-full wp-image-2021\" alt=\"\" srcset=\"https:\/\/site.veracruz.edu.br\/zumzum\/wp-content\/uploads\/2022\/09\/angola.jpg 1773w, https:\/\/site.veracruz.edu.br\/zumzum\/wp-content\/uploads\/2022\/09\/angola-208x300.jpg 208w, https:\/\/site.veracruz.edu.br\/zumzum\/wp-content\/uploads\/2022\/09\/angola-709x1024.jpg 709w, https:\/\/site.veracruz.edu.br\/zumzum\/wp-content\/uploads\/2022\/09\/angola-768x1109.jpg 768w, https:\/\/site.veracruz.edu.br\/zumzum\/wp-content\/uploads\/2022\/09\/angola-1064x1536.jpg 1064w, https:\/\/site.veracruz.edu.br\/zumzum\/wp-content\/uploads\/2022\/09\/angola-1418x2048.jpg 1418w\" sizes=\"(max-width: 1773px) 100vw, 1773px\" \/>\t\t\t\t\t\t\t\t\t\t\t\t\t\t\t<\/div>\n\t\t\t\t<\/div>\n\t\t\t\t<\/div>\n\t\t<div class=\"elementor-element elementor-element-35d10c1 e-con-full e-flex e-con e-child\" data-id=\"35d10c1\" data-element_type=\"container\" data-e-type=\"container\">\n\t\t\t\t<div class=\"elementor-element elementor-element-5db758f elementor-widget elementor-widget-heading\" data-id=\"5db758f\" data-element_type=\"widget\" data-e-type=\"widget\" data-widget_type=\"heading.default\">\n\t\t\t\t<div class=\"elementor-widget-container\">\n\t\t\t\t\t<p class=\"elementor-heading-title elementor-size-default\">Angola Janga<\/p>\t\t\t\t<\/div>\n\t\t\t\t<\/div>\n\t\t\t\t<\/div>\n\t\t\t\t<\/div>\n\t\t\t\t<div class=\"elementor-element elementor-element-5071b99 elementor-widget elementor-widget-heading\" data-id=\"5071b99\" data-element_type=\"widget\" data-e-type=\"widget\" data-widget_type=\"heading.default\">\n\t\t\t\t<div class=\"elementor-widget-container\">\n\t\t\t\t\t<span class=\"elementor-heading-title elementor-size-default\"><p><span style=\"font-weight: 400\">Marcelo D\u2019Salete<\/span><\/p>\n<\/span>\t\t\t\t<\/div>\n\t\t\t\t<\/div>\n\t\t\t\t<div class=\"elementor-element elementor-element-33e5914 elementor-widget elementor-widget-heading\" data-id=\"33e5914\" data-element_type=\"widget\" data-e-type=\"widget\" data-widget_type=\"heading.default\">\n\t\t\t\t<div class=\"elementor-widget-container\">\n\t\t\t\t\t<span class=\"elementor-heading-title elementor-size-default\"><p><span style=\"font-weight: 400\">Veneta, R$ 94,90 <\/span><a href=\"https:\/\/veneta.com.br\/produto\/angola-janga\/\" target=\"_blank\" rel=\"noopener\"><span style=\"font-weight: 400\">no site da editora<\/span><\/a><\/p>\n<\/span>\t\t\t\t<\/div>\n\t\t\t\t<\/div>\n\t\t\t\t<div class=\"elementor-element elementor-element-0a05e2d elementor-widget elementor-widget-toggle\" data-id=\"0a05e2d\" data-element_type=\"widget\" data-e-type=\"widget\" data-widget_type=\"toggle.default\">\n\t\t\t\t<div class=\"elementor-widget-container\">\n\t\t\t\t\t\t\t<div class=\"elementor-toggle\">\n\t\t\t\t\t\t\t<div class=\"elementor-toggle-item\">\n\t\t\t\t\t<h6 id=\"elementor-tab-title-1051\" class=\"elementor-tab-title\" data-tab=\"1\" role=\"button\" aria-controls=\"elementor-tab-content-1051\" aria-expanded=\"false\">\n\t\t\t\t\t\t\t\t\t\t\t\t<span class=\"elementor-toggle-icon elementor-toggle-icon-left\" aria-hidden=\"true\">\n\t\t\t\t\t\t\t\t\t\t\t\t\t\t\t<span class=\"elementor-toggle-icon-closed\"><i class=\"fas fa-caret-right\"><\/i><\/span>\n\t\t\t\t\t\t\t\t<span class=\"elementor-toggle-icon-opened\"><i class=\"elementor-toggle-icon-opened fas fa-caret-down\"><\/i><\/span>\n\t\t\t\t\t\t\t\t\t\t\t\t\t<\/span>\n\t\t\t\t\t\t\t\t\t\t\t\t<a class=\"elementor-toggle-title\" tabindex=\"0\">Ler resenha<\/a>\n\t\t\t\t\t<\/h6>\n\n\t\t\t\t\t<div id=\"elementor-tab-content-1051\" class=\"elementor-tab-content elementor-clearfix\" data-tab=\"1\" role=\"region\" aria-labelledby=\"elementor-tab-title-1051\"><p><span style=\"font-weight: 400\">Em formato de quadrinhos, <\/span><i><span style=\"font-weight: 400\">Angola Janga<\/span><\/i><span style=\"font-weight: 400\"> conta a hist\u00f3ria do Quilombo dos Palmares, formado no fim do s\u00e9culo 16 na capitania de Pernambuco. S\u00edmbolo da resist\u00eancia contra a escravid\u00e3o no Brasil, Angola Janga chegou a reunir cerca de 20 mil habitantes, que resistiram contra os ataques das for\u00e7as coloniais por mais de 100 anos. A obra aborda a presen\u00e7a e import\u00e2ncia do l\u00edder quilombola Zumbi dos Palmares, al\u00e9m de Ganga Zumba, Domingos Jorge Velho, Ganga Zona e outros protagonistas da luta pela liberdade no pa\u00eds. Vencedor do Pr\u00eamio Jabuti em 2018 na categoria Hist\u00f3ria em Quadrinhos.<\/span><\/p>\n<p><b>Sinopse oficial:<\/b><span style=\"font-weight: 400\"> Angola Janga, &#8220;pequena Angola&#8221; ou, como dizem os livros de hist\u00f3ria, Palmares. Por mais de cem anos, foi como um reino africano dentro da Am\u00e9rica do Sul. Formada no fim do s\u00e9culo XVI, em Pernambuco, a partir dos mocambos criados por fugitivos da escravid\u00e3o, Angola Janga cresceu, organizou-se e resistiu aos ataques dos militares holandeses e das for\u00e7as coloniais portuguesas. Tornou-se o grande alvo do \u00f3dio dos colonizadores e um s\u00edmbolo de liberdade para os escravizados. Durante onze anos, Marcelo D\u2019Salete pesquisou e preparou-se para contar a hist\u00f3ria dessa rebeli\u00e3o que tornou-se na\u00e7\u00e3o, refer\u00eancia maior da luta contra a opress\u00e3o e o racismo no Brasil. O resultado \u00e9 um \u00e9pico no qual o destino do pa\u00eds \u00e9 decidido em batalhas sangrentas, mas que demonstra a delicada flexibilidade da resist\u00eancia \u00e0s derrotas. Um romance hist\u00f3rico em quadrinhos que fala de Zumbi, e de v\u00e1rios outros personagens complexos como Ganga Zumba, Domingos Jorge Velho, Ganga Zona e diversos homens e mulheres que comp\u00f5em o retrato de um momento definidor do Brasil.<\/span><\/p>\n<\/div>\n\t\t\t\t<\/div>\n\t\t\t\t\t\t\t\t<\/div>\n\t\t\t\t\t\t<\/div>\n\t\t\t\t<\/div>\n\t\t\t\t<div class=\"elementor-element elementor-element-add1c07 elementor-align-left elementor-widget elementor-widget-post-info\" data-id=\"add1c07\" data-element_type=\"widget\" data-e-type=\"widget\" data-widget_type=\"post-info.default\">\n\t\t\t\t<div class=\"elementor-widget-container\">\n\t\t\t\t\t\t\t<ul class=\"elementor-icon-list-items elementor-post-info\">\n\t\t\t\t\t\t\t\t<li class=\"elementor-icon-list-item elementor-repeater-item-06e1e2a\">\n\t\t\t\t\t\t\t\t\t\t<span class=\"elementor-icon-list-icon\">\n\t\t\t\t\t\t\t\t<i aria-hidden=\"true\" class=\"fas fa-bookmark\"><\/i>\t\t\t\t\t\t\t<\/span>\n\t\t\t\t\t\t\t\t\t<span class=\"elementor-icon-list-text elementor-post-info__item elementor-post-info__item--type-custom\">\n\t\t\t\t\t\t\t\t\t\tDispon\u00edvel para empr\u00e9stimo \u00e0 equipe do Vera em nossas Bibliotecas\t\t\t\t\t<\/span>\n\t\t\t\t\t\t\t\t<\/li>\n\t\t\t\t<\/ul>\n\t\t\t\t\t\t<\/div>\n\t\t\t\t<\/div>\n\t\t\t\t<\/div>\n\t\t\t\t\t<\/div>\n\t\t\t\t<\/article>\n\t\t\t\t<\/div>\n\t\t\t\t<\/div>\n\t\t\t\t\t<span class=\"e-load-more-spinner\">\n\t\t\t\t<i aria-hidden=\"true\" class=\"fas fa-spinner\"><\/i>\t\t\t<\/span>\n\t\t\n\t\t\t\t<div class=\"e-load-more-anchor\" data-page=\"1\" data-max-page=\"3\" data-next-page=\"https:\/\/site.veracruz.edu.br\/zumzum\/wp-json\/wp\/v2\/pages\/299\/page\/2\/\"><\/div>\n\t\t\t\t<div class=\"e-loop__load-more elementor-button-wrapper\">\n\t\t\t<a class=\"elementor-button elementor-size-sm\" role=\"button\">\n\t\t\t\t\t\t<span class=\"elementor-button-content-wrapper\">\n\t\t\t\t\t\t\t\t\t<span class=\"elementor-button-text\">Carregar mais<\/span>\n\t\t\t\t\t<\/span>\n\t\t\t\t\t<\/a>\n\t\t<\/div>\n\t\t\t\t<div class=\"e-load-more-message\"><\/div>\n\t\t\t\t\t\t<\/div>\n\t\t\t\t<\/div>\n\t\t\t\t\t<\/div>\n\t\t<\/div>\n\t\t\t\t<div class=\"elementor-column elementor-col-33 elementor-top-column elementor-element elementor-element-c9a67f8\" data-id=\"c9a67f8\" data-element_type=\"column\" data-e-type=\"column\">\n\t\t\t<div class=\"elementor-widget-wrap elementor-element-populated\">\n\t\t\t\t\t\t<div class=\"elementor-element elementor-element-12e393d elementor-widget elementor-widget-heading\" data-id=\"12e393d\" data-element_type=\"widget\" data-e-type=\"widget\" data-widget_type=\"heading.default\">\n\t\t\t\t<div class=\"elementor-widget-container\">\n\t\t\t\t\t<h2 class=\"elementor-heading-title elementor-size-default\">Ver<\/h2>\t\t\t\t<\/div>\n\t\t\t\t<\/div>\n\t\t\t\t<div class=\"elementor-element elementor-element-fe32a84 elementor-grid-1 elementor-grid-tablet-2 elementor-grid-mobile-1 elementor-widget elementor-widget-loop-grid\" data-id=\"fe32a84\" data-element_type=\"widget\" data-e-type=\"widget\" data-settings=\"{&quot;template_id&quot;:3001,&quot;columns&quot;:1,&quot;pagination_type&quot;:&quot;load_more_on_click&quot;,&quot;_skin&quot;:&quot;post&quot;,&quot;columns_tablet&quot;:&quot;2&quot;,&quot;columns_mobile&quot;:&quot;1&quot;,&quot;edit_handle_selector&quot;:&quot;[data-elementor-type=\\&quot;loop-item\\&quot;]&quot;,&quot;load_more_spinner&quot;:{&quot;value&quot;:&quot;fas fa-spinner&quot;,&quot;library&quot;:&quot;fa-solid&quot;},&quot;row_gap&quot;:{&quot;unit&quot;:&quot;px&quot;,&quot;size&quot;:&quot;&quot;,&quot;sizes&quot;:[]},&quot;row_gap_tablet&quot;:{&quot;unit&quot;:&quot;px&quot;,&quot;size&quot;:&quot;&quot;,&quot;sizes&quot;:[]},&quot;row_gap_mobile&quot;:{&quot;unit&quot;:&quot;px&quot;,&quot;size&quot;:&quot;&quot;,&quot;sizes&quot;:[]}}\" data-widget_type=\"loop-grid.post\">\n\t\t\t\t<div class=\"elementor-widget-container\">\n\t\t\t\t\t\t\t<div class=\"elementor-loop-container elementor-grid\" role=\"list\">\n\t\t\t\t<div data-elementor-type=\"loop-item\" data-elementor-id=\"3001\" class=\"elementor elementor-3001 e-loop-item e-loop-item-2026 post-2026 roteiro type-roteiro status-publish has-post-thumbnail hentry category-ver tag-filme edicao-edicao-2\" data-elementor-post-type=\"elementor_library\" data-custom-edit-handle=\"1\">\n\t\t\t<article class=\"elementor-element elementor-element-d3fff95 e-flex e-con-boxed e-con e-parent\" data-id=\"d3fff95\" data-element_type=\"container\" data-e-type=\"container\" data-settings=\"{&quot;background_background&quot;:&quot;classic&quot;}\">\n\t\t\t\t\t<div class=\"e-con-inner\">\n\t\t<div class=\"elementor-element elementor-element-f274729 e-con-full e-flex e-con e-child\" data-id=\"f274729\" data-element_type=\"container\" data-e-type=\"container\">\n\t\t<div class=\"elementor-element elementor-element-76f83ea e-con-full e-flex e-con e-child\" data-id=\"76f83ea\" data-element_type=\"container\" data-e-type=\"container\">\n\t\t<div class=\"elementor-element elementor-element-28e1075 e-con-full e-flex e-con e-child\" data-id=\"28e1075\" data-element_type=\"container\" data-e-type=\"container\">\n\t\t\t\t<div class=\"elementor-element elementor-element-10c1e69 elementor-widget elementor-widget-theme-post-featured-image elementor-widget-image\" data-id=\"10c1e69\" data-element_type=\"widget\" data-e-type=\"widget\" data-widget_type=\"theme-post-featured-image.default\">\n\t\t\t\t<div class=\"elementor-widget-container\">\n\t\t\t\t\t\t\t\t\t\t\t\t\t\t\t<img loading=\"lazy\" decoding=\"async\" width=\"551\" height=\"651\" src=\"https:\/\/site.veracruz.edu.br\/zumzum\/wp-content\/uploads\/2022\/09\/kiriku.webp\" class=\"attachment-full size-full wp-image-2027\" alt=\"\" srcset=\"https:\/\/site.veracruz.edu.br\/zumzum\/wp-content\/uploads\/2022\/09\/kiriku.webp 551w, https:\/\/site.veracruz.edu.br\/zumzum\/wp-content\/uploads\/2022\/09\/kiriku-254x300.webp 254w\" sizes=\"(max-width: 551px) 100vw, 551px\" \/>\t\t\t\t\t\t\t\t\t\t\t\t\t\t\t<\/div>\n\t\t\t\t<\/div>\n\t\t\t\t<\/div>\n\t\t<div class=\"elementor-element elementor-element-35d10c1 e-con-full e-flex e-con e-child\" data-id=\"35d10c1\" data-element_type=\"container\" data-e-type=\"container\">\n\t\t\t\t<div class=\"elementor-element elementor-element-5db758f elementor-widget elementor-widget-heading\" data-id=\"5db758f\" data-element_type=\"widget\" data-e-type=\"widget\" data-widget_type=\"heading.default\">\n\t\t\t\t<div class=\"elementor-widget-container\">\n\t\t\t\t\t<p class=\"elementor-heading-title elementor-size-default\">Kiriku e a feiticeira<\/p>\t\t\t\t<\/div>\n\t\t\t\t<\/div>\n\t\t\t\t<div class=\"elementor-element elementor-element-c241a95 elementor-widget elementor-widget-heading\" data-id=\"c241a95\" data-element_type=\"widget\" data-e-type=\"widget\" data-widget_type=\"heading.default\">\n\t\t\t\t<div class=\"elementor-widget-container\">\n\t\t\t\t\t<p class=\"elementor-heading-title elementor-size-default\"><span>Filme<\/span><\/p>\t\t\t\t<\/div>\n\t\t\t\t<\/div>\n\t\t\t\t<\/div>\n\t\t\t\t<\/div>\n\t\t\t\t<div class=\"elementor-element elementor-element-5071b99 elementor-widget elementor-widget-heading\" data-id=\"5071b99\" data-element_type=\"widget\" data-e-type=\"widget\" data-widget_type=\"heading.default\">\n\t\t\t\t<div class=\"elementor-widget-container\">\n\t\t\t\t\t<span class=\"elementor-heading-title elementor-size-default\"><p><span style=\"font-weight: 400\">Michel Ocelot, 1998<\/span><\/p>\n<\/span>\t\t\t\t<\/div>\n\t\t\t\t<\/div>\n\t\t\t\t<div class=\"elementor-element elementor-element-33e5914 elementor-widget elementor-widget-heading\" data-id=\"33e5914\" data-element_type=\"widget\" data-e-type=\"widget\" data-widget_type=\"heading.default\">\n\t\t\t\t<div class=\"elementor-widget-container\">\n\t\t\t\t\t<span class=\"elementor-heading-title elementor-size-default\"><p><span style=\"font-weight: 400\">Dispon\u00edvel no YouTube\u00a0<\/span><\/p>\n<\/span>\t\t\t\t<\/div>\n\t\t\t\t<\/div>\n\t\t\t\t<div class=\"elementor-element elementor-element-0a05e2d elementor-widget elementor-widget-toggle\" data-id=\"0a05e2d\" data-element_type=\"widget\" data-e-type=\"widget\" data-widget_type=\"toggle.default\">\n\t\t\t\t<div class=\"elementor-widget-container\">\n\t\t\t\t\t\t\t<div class=\"elementor-toggle\">\n\t\t\t\t\t\t\t<div class=\"elementor-toggle-item\">\n\t\t\t\t\t<h6 id=\"elementor-tab-title-1051\" class=\"elementor-tab-title\" data-tab=\"1\" role=\"button\" aria-controls=\"elementor-tab-content-1051\" aria-expanded=\"false\">\n\t\t\t\t\t\t\t\t\t\t\t\t<span class=\"elementor-toggle-icon elementor-toggle-icon-left\" aria-hidden=\"true\">\n\t\t\t\t\t\t\t\t\t\t\t\t\t\t\t<span class=\"elementor-toggle-icon-closed\"><i class=\"fas fa-caret-right\"><\/i><\/span>\n\t\t\t\t\t\t\t\t<span class=\"elementor-toggle-icon-opened\"><i class=\"elementor-toggle-icon-opened fas fa-caret-down\"><\/i><\/span>\n\t\t\t\t\t\t\t\t\t\t\t\t\t<\/span>\n\t\t\t\t\t\t\t\t\t\t\t\t<a class=\"elementor-toggle-title\" tabindex=\"0\">Ler resenha<\/a>\n\t\t\t\t\t<\/h6>\n\n\t\t\t\t\t<div id=\"elementor-tab-content-1051\" class=\"elementor-tab-content elementor-clearfix\" data-tab=\"1\" role=\"region\" aria-labelledby=\"elementor-tab-title-1051\"><p><span style=\"font-weight: 400\">Adaptando uma antiga lenda da \u00c1frica Ocidental, a anima\u00e7\u00e3o franco-belga de 1998 conta a hist\u00f3ria de Kiriku, um menino africano que nasceu min\u00fasculo. Ele n\u00e3o alcan\u00e7a nem o joelho de um adulto, mas o seu destino possui um desafio gigantesco: enfrentar a feiticeira Karab\u00e1, que secou a fonte d&#8217;\u00e1gua da aldeia, engoliu todos os homens que foram enfrent\u00e1-la e ainda pegou todo o ouro que tinham. Para isso, Kiriku enfrenta muitos perigos e se aventura por lugares que somente pessoas pequeninas conseguem acessar.\u00a0<\/span><\/p>\n<p>&nbsp;<\/p>\n<p><b>Sinopse oficial:<\/b><span style=\"font-weight: 400\"> Na \u00c1frica nasce um menino min\u00fasculo, cujo tamanho n\u00e3o alcan\u00e7a nem o joelho de um adulto, com um destino: enfrentar a poderosa e malvada feiticeira Karab\u00e1, que secou a fonte d&#8217;\u00e1gua da aldeia, engoliu todos os homens que foram enfrent\u00e1-la e ainda pegou todo o ouro que tinham. Para isso, Kiriku enfrenta muitos perigos e se aventura por lugares onde somente pessoas pequeninas poderiam entrar. Hist\u00f3ria baseada em uma lenda da \u00c1frica Ocidental.<\/span><\/p>\n<\/div>\n\t\t\t\t<\/div>\n\t\t\t\t\t\t\t\t<\/div>\n\t\t\t\t\t\t<\/div>\n\t\t\t\t<\/div>\n\t\t\t\t<div class=\"elementor-element elementor-element-add1c07 elementor-align-left elementor-widget elementor-widget-post-info\" data-id=\"add1c07\" data-element_type=\"widget\" data-e-type=\"widget\" data-widget_type=\"post-info.default\">\n\t\t\t\t<div class=\"elementor-widget-container\">\n\t\t\t\t\t\t\t<ul class=\"elementor-icon-list-items elementor-post-info\">\n\t\t\t\t\t\t\t\t<li class=\"elementor-icon-list-item elementor-repeater-item-06e1e2a\">\n\t\t\t\t\t\t\t\t\t\t<span class=\"elementor-icon-list-icon\">\n\t\t\t\t\t\t\t\t<i aria-hidden=\"true\" class=\"fas fa-bookmark\"><\/i>\t\t\t\t\t\t\t<\/span>\n\t\t\t\t\t\t\t\t\t<span class=\"elementor-icon-list-text elementor-post-info__item elementor-post-info__item--type-custom\">\n\t\t\t\t\t\t\t\t\t\tDispon\u00edvel para empr\u00e9stimo \u00e0 equipe do Vera em nossas Bibliotecas\t\t\t\t\t<\/span>\n\t\t\t\t\t\t\t\t<\/li>\n\t\t\t\t<\/ul>\n\t\t\t\t\t\t<\/div>\n\t\t\t\t<\/div>\n\t\t\t\t<\/div>\n\t\t\t\t\t<\/div>\n\t\t\t\t<\/article>\n\t\t\t\t<\/div>\n\t\t\t\t<div data-elementor-type=\"loop-item\" data-elementor-id=\"3001\" class=\"elementor elementor-3001 e-loop-item e-loop-item-2024 post-2024 roteiro type-roteiro status-publish has-post-thumbnail hentry category-ver tag-filme edicao-edicao-2\" data-elementor-post-type=\"elementor_library\" data-custom-edit-handle=\"1\">\n\t\t\t<article class=\"elementor-element elementor-element-d3fff95 e-flex e-con-boxed e-con e-parent\" data-id=\"d3fff95\" data-element_type=\"container\" data-e-type=\"container\" data-settings=\"{&quot;background_background&quot;:&quot;classic&quot;}\">\n\t\t\t\t\t<div class=\"e-con-inner\">\n\t\t<div class=\"elementor-element elementor-element-f274729 e-con-full e-flex e-con e-child\" data-id=\"f274729\" data-element_type=\"container\" data-e-type=\"container\">\n\t\t<div class=\"elementor-element elementor-element-76f83ea e-con-full e-flex e-con e-child\" data-id=\"76f83ea\" data-element_type=\"container\" data-e-type=\"container\">\n\t\t<div class=\"elementor-element elementor-element-28e1075 e-con-full e-flex e-con e-child\" data-id=\"28e1075\" data-element_type=\"container\" data-e-type=\"container\">\n\t\t\t\t<div class=\"elementor-element elementor-element-10c1e69 elementor-widget elementor-widget-theme-post-featured-image elementor-widget-image\" data-id=\"10c1e69\" data-element_type=\"widget\" data-e-type=\"widget\" data-widget_type=\"theme-post-featured-image.default\">\n\t\t\t\t<div class=\"elementor-widget-container\">\n\t\t\t\t\t\t\t\t\t\t\t\t\t\t\t<img loading=\"lazy\" decoding=\"async\" width=\"300\" height=\"400\" src=\"https:\/\/site.veracruz.edu.br\/zumzum\/wp-content\/uploads\/2022\/09\/ori.webp\" class=\"attachment-full size-full wp-image-2025\" alt=\"\" srcset=\"https:\/\/site.veracruz.edu.br\/zumzum\/wp-content\/uploads\/2022\/09\/ori.webp 300w, https:\/\/site.veracruz.edu.br\/zumzum\/wp-content\/uploads\/2022\/09\/ori-225x300.webp 225w\" sizes=\"(max-width: 300px) 100vw, 300px\" \/>\t\t\t\t\t\t\t\t\t\t\t\t\t\t\t<\/div>\n\t\t\t\t<\/div>\n\t\t\t\t<\/div>\n\t\t<div class=\"elementor-element elementor-element-35d10c1 e-con-full e-flex e-con e-child\" data-id=\"35d10c1\" data-element_type=\"container\" data-e-type=\"container\">\n\t\t\t\t<div class=\"elementor-element elementor-element-5db758f elementor-widget elementor-widget-heading\" data-id=\"5db758f\" data-element_type=\"widget\" data-e-type=\"widget\" data-widget_type=\"heading.default\">\n\t\t\t\t<div class=\"elementor-widget-container\">\n\t\t\t\t\t<p class=\"elementor-heading-title elementor-size-default\">\u00d4R\u00cd<\/p>\t\t\t\t<\/div>\n\t\t\t\t<\/div>\n\t\t\t\t<div class=\"elementor-element elementor-element-c241a95 elementor-widget elementor-widget-heading\" data-id=\"c241a95\" data-element_type=\"widget\" data-e-type=\"widget\" data-widget_type=\"heading.default\">\n\t\t\t\t<div class=\"elementor-widget-container\">\n\t\t\t\t\t<p class=\"elementor-heading-title elementor-size-default\"><span>Filme<\/span><\/p>\t\t\t\t<\/div>\n\t\t\t\t<\/div>\n\t\t\t\t<\/div>\n\t\t\t\t<\/div>\n\t\t\t\t<div class=\"elementor-element elementor-element-5071b99 elementor-widget elementor-widget-heading\" data-id=\"5071b99\" data-element_type=\"widget\" data-e-type=\"widget\" data-widget_type=\"heading.default\">\n\t\t\t\t<div class=\"elementor-widget-container\">\n\t\t\t\t\t<span class=\"elementor-heading-title elementor-size-default\"><p><span style=\"font-weight: 400\">Raquel Gerber, 1989<\/span><\/p>\n<\/span>\t\t\t\t<\/div>\n\t\t\t\t<\/div>\n\t\t\t\t<div class=\"elementor-element elementor-element-33e5914 elementor-widget elementor-widget-heading\" data-id=\"33e5914\" data-element_type=\"widget\" data-e-type=\"widget\" data-widget_type=\"heading.default\">\n\t\t\t\t<div class=\"elementor-widget-container\">\n\t\t\t\t\t<span class=\"elementor-heading-title elementor-size-default\"><p>Dispon\u00edvel no YouTube<\/p>\n<\/span>\t\t\t\t<\/div>\n\t\t\t\t<\/div>\n\t\t\t\t<div class=\"elementor-element elementor-element-0a05e2d elementor-widget elementor-widget-toggle\" data-id=\"0a05e2d\" data-element_type=\"widget\" data-e-type=\"widget\" data-widget_type=\"toggle.default\">\n\t\t\t\t<div class=\"elementor-widget-container\">\n\t\t\t\t\t\t\t<div class=\"elementor-toggle\">\n\t\t\t\t\t\t\t<div class=\"elementor-toggle-item\">\n\t\t\t\t\t<h6 id=\"elementor-tab-title-1051\" class=\"elementor-tab-title\" data-tab=\"1\" role=\"button\" aria-controls=\"elementor-tab-content-1051\" aria-expanded=\"false\">\n\t\t\t\t\t\t\t\t\t\t\t\t<span class=\"elementor-toggle-icon elementor-toggle-icon-left\" aria-hidden=\"true\">\n\t\t\t\t\t\t\t\t\t\t\t\t\t\t\t<span class=\"elementor-toggle-icon-closed\"><i class=\"fas fa-caret-right\"><\/i><\/span>\n\t\t\t\t\t\t\t\t<span class=\"elementor-toggle-icon-opened\"><i class=\"elementor-toggle-icon-opened fas fa-caret-down\"><\/i><\/span>\n\t\t\t\t\t\t\t\t\t\t\t\t\t<\/span>\n\t\t\t\t\t\t\t\t\t\t\t\t<a class=\"elementor-toggle-title\" tabindex=\"0\">Ler resenha<\/a>\n\t\t\t\t\t<\/h6>\n\n\t\t\t\t\t<div id=\"elementor-tab-content-1051\" class=\"elementor-tab-content elementor-clearfix\" data-tab=\"1\" role=\"region\" aria-labelledby=\"elementor-tab-title-1051\"><p><span style=\"font-weight: 400\">Lan\u00e7ado em 1989, o document\u00e1rio <\/span><i><span style=\"font-weight: 400\">\u00d4r\u00ed<\/span><\/i><span style=\"font-weight: 400\"> mostra, a partir da vida da ativista Beatriz Nascimento, a hist\u00f3ria dos movimentos negros no Brasil entre 1977 e 1988. Com dire\u00e7\u00e3o de Raquel Gerber, o filme tra\u00e7a um panorama social, pol\u00edtico e cultural do pa\u00eds, mostrando a import\u00e2ncia dos quilombos na forma\u00e7\u00e3o da nacionalidade. A obra tamb\u00e9m possui uma linguagem po\u00e9tica ao mostrar a rela\u00e7\u00e3o da comunidade negra com o tempo, o espa\u00e7o e a ancestralidade &#8211; poesia que pode ser percebida no t\u00edtulo do document\u00e1rio, visto que \u201c\u00d4r\u00ed\u201d significa \u201ccabe\u00e7a\u201d, ou \u201cconsci\u00eancia negra\u201d em l\u00edngua yorub\u00e1.\u00a0<\/span><\/p>\n<p>&nbsp;<\/p>\n<p><b>Sinopse oficial:<\/b><span style=\"font-weight: 400\"> \u00d4r\u00ed significa &#8220;cabe\u00e7a&#8221;, &#8220;consci\u00eancia negra&#8221;, em l\u00edngua yorub\u00e1. A m\u00fasica, a dan\u00e7a, o gesto, o ritual, na express\u00e3o da cultura mais antiga da humanidade. \u201c\u00d4r\u00ed\u201d documenta os movimentos negros brasileiros entre 1977 e 1988, passando pela rela\u00e7\u00e3o entre Brasil e \u00c1frica, tendo o quilombo como ideia central de um cont\u00ednuo hist\u00f3rico e apresentando como fio condutor a hist\u00f3ria pessoal de Beatriz Nascimento, historiadora e militante negra, falecida prematuramente no Rio de Janeiro, em 1995. O filme mostra tamb\u00e9m a comunidade negra em sua rela\u00e7\u00e3o com o tempo, o espa\u00e7o e a ancestralidade, atrav\u00e9s da concep\u00e7\u00e3o do projeto de Beatriz, do &#8220;quilombo&#8221; como corre\u00e7\u00e3o da nacionalidade brasileira.<\/span><\/p>\n<\/div>\n\t\t\t\t<\/div>\n\t\t\t\t\t\t\t\t<\/div>\n\t\t\t\t\t\t<\/div>\n\t\t\t\t<\/div>\n\t\t\t\t<div class=\"elementor-element elementor-element-add1c07 elementor-align-left elementor-widget elementor-widget-post-info\" data-id=\"add1c07\" data-element_type=\"widget\" data-e-type=\"widget\" data-widget_type=\"post-info.default\">\n\t\t\t\t<div class=\"elementor-widget-container\">\n\t\t\t\t\t\t\t<ul class=\"elementor-icon-list-items elementor-post-info\">\n\t\t\t\t\t\t\t\t<li class=\"elementor-icon-list-item elementor-repeater-item-06e1e2a\">\n\t\t\t\t\t\t\t\t\t\t<span class=\"elementor-icon-list-icon\">\n\t\t\t\t\t\t\t\t<i aria-hidden=\"true\" class=\"fas fa-bookmark\"><\/i>\t\t\t\t\t\t\t<\/span>\n\t\t\t\t\t\t\t\t\t<span class=\"elementor-icon-list-text elementor-post-info__item elementor-post-info__item--type-custom\">\n\t\t\t\t\t\t\t\t\t\tDispon\u00edvel para empr\u00e9stimo \u00e0 equipe do Vera em nossas Bibliotecas\t\t\t\t\t<\/span>\n\t\t\t\t\t\t\t\t<\/li>\n\t\t\t\t<\/ul>\n\t\t\t\t\t\t<\/div>\n\t\t\t\t<\/div>\n\t\t\t\t<\/div>\n\t\t\t\t\t<\/div>\n\t\t\t\t<\/article>\n\t\t\t\t<\/div>\n\t\t\t\t<\/div>\n\t\t\t\t\t<span class=\"e-load-more-spinner\">\n\t\t\t\t<i aria-hidden=\"true\" class=\"fas fa-spinner\"><\/i>\t\t\t<\/span>\n\t\t\n\t\t\t\t\t\t<\/div>\n\t\t\t\t<\/div>\n\t\t\t\t\t<\/div>\n\t\t<\/div>\n\t\t\t\t\t<\/div>\n\t\t<\/section>\n\t\t<div class=\"elementor-element elementor-element-8f7fdd9 e-flex e-con-boxed e-con e-parent\" data-id=\"8f7fdd9\" data-element_type=\"container\" data-e-type=\"container\">\n\t\t\t\t\t<div class=\"e-con-inner\">\n\t\t<div class=\"elementor-element elementor-element-4f196a1 e-con-full e-flex e-con e-child\" data-id=\"4f196a1\" data-element_type=\"container\" data-e-type=\"container\">\n\t\t\t\t<div class=\"elementor-element elementor-element-ef8a8a5 elementor-widget elementor-widget-heading\" data-id=\"ef8a8a5\" data-element_type=\"widget\" data-e-type=\"widget\" data-widget_type=\"heading.default\">\n\t\t\t\t<div class=\"elementor-widget-container\">\n\t\t\t\t\t<h2 class=\"elementor-heading-title elementor-size-default\">Edi\u00e7\u00e3o 1<\/h2>\t\t\t\t<\/div>\n\t\t\t\t<\/div>\n\t\t\t\t<\/div>\n\t\t\t\t\t<\/div>\n\t\t\t\t<\/div>\n\t\t\t\t<section class=\"elementor-section elementor-top-section elementor-element elementor-element-4ca6318 elementor-section-boxed elementor-section-height-default elementor-section-height-default\" data-id=\"4ca6318\" data-element_type=\"section\" data-e-type=\"section\">\n\t\t\t\t\t\t<div class=\"elementor-container elementor-column-gap-extended\">\n\t\t\t\t\t<div class=\"elementor-column elementor-col-33 elementor-top-column elementor-element elementor-element-5ca58c2\" data-id=\"5ca58c2\" data-element_type=\"column\" data-e-type=\"column\">\n\t\t\t<div class=\"elementor-widget-wrap elementor-element-populated\">\n\t\t\t\t\t\t<div class=\"elementor-element elementor-element-700820c elementor-widget elementor-widget-heading\" data-id=\"700820c\" data-element_type=\"widget\" data-e-type=\"widget\" data-widget_type=\"heading.default\">\n\t\t\t\t<div class=\"elementor-widget-container\">\n\t\t\t\t\t<h2 class=\"elementor-heading-title elementor-size-default\">Ir<\/h2>\t\t\t\t<\/div>\n\t\t\t\t<\/div>\n\t\t\t\t<div class=\"elementor-element elementor-element-4257269 elementor-grid-1 elementor-grid-tablet-2 elementor-grid-mobile-1 elementor-widget elementor-widget-loop-grid\" data-id=\"4257269\" data-element_type=\"widget\" data-e-type=\"widget\" data-settings=\"{&quot;template_id&quot;:3001,&quot;columns&quot;:1,&quot;_skin&quot;:&quot;post&quot;,&quot;columns_tablet&quot;:&quot;2&quot;,&quot;columns_mobile&quot;:&quot;1&quot;,&quot;edit_handle_selector&quot;:&quot;[data-elementor-type=\\&quot;loop-item\\&quot;]&quot;,&quot;row_gap&quot;:{&quot;unit&quot;:&quot;px&quot;,&quot;size&quot;:&quot;&quot;,&quot;sizes&quot;:[]},&quot;row_gap_tablet&quot;:{&quot;unit&quot;:&quot;px&quot;,&quot;size&quot;:&quot;&quot;,&quot;sizes&quot;:[]},&quot;row_gap_mobile&quot;:{&quot;unit&quot;:&quot;px&quot;,&quot;size&quot;:&quot;&quot;,&quot;sizes&quot;:[]}}\" data-widget_type=\"loop-grid.post\">\n\t\t\t\t<div class=\"elementor-widget-container\">\n\t\t\t\t\t\t\t<div class=\"elementor-loop-container elementor-grid\" role=\"list\">\n\t\t\t\t<div data-elementor-type=\"loop-item\" data-elementor-id=\"3001\" class=\"elementor elementor-3001 e-loop-item e-loop-item-512 post-512 roteiro type-roteiro status-publish has-post-thumbnail hentry category-ir tag-exposicao edicao-edicao-1\" data-elementor-post-type=\"elementor_library\" data-custom-edit-handle=\"1\">\n\t\t\t<article class=\"elementor-element elementor-element-d3fff95 e-flex e-con-boxed e-con e-parent\" data-id=\"d3fff95\" data-element_type=\"container\" data-e-type=\"container\" data-settings=\"{&quot;background_background&quot;:&quot;classic&quot;}\">\n\t\t\t\t\t<div class=\"e-con-inner\">\n\t\t<div class=\"elementor-element elementor-element-f274729 e-con-full e-flex e-con e-child\" data-id=\"f274729\" data-element_type=\"container\" data-e-type=\"container\">\n\t\t<div class=\"elementor-element elementor-element-76f83ea e-con-full e-flex e-con e-child\" data-id=\"76f83ea\" data-element_type=\"container\" data-e-type=\"container\">\n\t\t<div class=\"elementor-element elementor-element-28e1075 e-con-full e-flex e-con e-child\" data-id=\"28e1075\" data-element_type=\"container\" data-e-type=\"container\">\n\t\t\t\t<div class=\"elementor-element elementor-element-10c1e69 elementor-widget elementor-widget-theme-post-featured-image elementor-widget-image\" data-id=\"10c1e69\" data-element_type=\"widget\" data-e-type=\"widget\" data-widget_type=\"theme-post-featured-image.default\">\n\t\t\t\t<div class=\"elementor-widget-container\">\n\t\t\t\t\t\t\t\t\t\t\t\t\t\t\t<img loading=\"lazy\" decoding=\"async\" width=\"1869\" height=\"862\" src=\"https:\/\/site.veracruz.edu.br\/zumzum\/wp-content\/uploads\/2022\/03\/arts.png\" class=\"attachment-full size-full wp-image-1041\" alt=\"\" srcset=\"https:\/\/site.veracruz.edu.br\/zumzum\/wp-content\/uploads\/2022\/03\/arts.png 1869w, https:\/\/site.veracruz.edu.br\/zumzum\/wp-content\/uploads\/2022\/03\/arts-300x138.png 300w, https:\/\/site.veracruz.edu.br\/zumzum\/wp-content\/uploads\/2022\/03\/arts-1024x472.png 1024w, https:\/\/site.veracruz.edu.br\/zumzum\/wp-content\/uploads\/2022\/03\/arts-768x354.png 768w, https:\/\/site.veracruz.edu.br\/zumzum\/wp-content\/uploads\/2022\/03\/arts-1536x708.png 1536w\" sizes=\"(max-width: 1869px) 100vw, 1869px\" \/>\t\t\t\t\t\t\t\t\t\t\t\t\t\t\t<\/div>\n\t\t\t\t<\/div>\n\t\t\t\t<\/div>\n\t\t<div class=\"elementor-element elementor-element-35d10c1 e-con-full e-flex e-con e-child\" data-id=\"35d10c1\" data-element_type=\"container\" data-e-type=\"container\">\n\t\t\t\t<div class=\"elementor-element elementor-element-5db758f elementor-widget elementor-widget-heading\" data-id=\"5db758f\" data-element_type=\"widget\" data-e-type=\"widget\" data-widget_type=\"heading.default\">\n\t\t\t\t<div class=\"elementor-widget-container\">\n\t\t\t\t\t<p class=\"elementor-heading-title elementor-size-default\">Design e Tecnologia no Tempo da Escravid\u00e3o<\/p>\t\t\t\t<\/div>\n\t\t\t\t<\/div>\n\t\t\t\t<div class=\"elementor-element elementor-element-c241a95 elementor-widget elementor-widget-heading\" data-id=\"c241a95\" data-element_type=\"widget\" data-e-type=\"widget\" data-widget_type=\"heading.default\">\n\t\t\t\t<div class=\"elementor-widget-container\">\n\t\t\t\t\t<p class=\"elementor-heading-title elementor-size-default\"><span>Exposi\u00e7\u00e3o<\/span><\/p>\t\t\t\t<\/div>\n\t\t\t\t<\/div>\n\t\t\t\t<\/div>\n\t\t\t\t<\/div>\n\t\t\t\t<div class=\"elementor-element elementor-element-5071b99 elementor-widget elementor-widget-heading\" data-id=\"5071b99\" data-element_type=\"widget\" data-e-type=\"widget\" data-widget_type=\"heading.default\">\n\t\t\t\t<div class=\"elementor-widget-container\">\n\t\t\t\t\t<span class=\"elementor-heading-title elementor-size-default\"><p>Museu Afro Brasil<\/p>\n<\/span>\t\t\t\t<\/div>\n\t\t\t\t<\/div>\n\t\t\t\t<div class=\"elementor-element elementor-element-33e5914 elementor-widget elementor-widget-heading\" data-id=\"33e5914\" data-element_type=\"widget\" data-e-type=\"widget\" data-widget_type=\"heading.default\">\n\t\t\t\t<div class=\"elementor-widget-container\">\n\t\t\t\t\t<span class=\"elementor-heading-title elementor-size-default\"><p>Av. Pedro \u00c1lvares Cabral, Parque Ibirapuera, Port\u00e3o 10<br \/>\nTour virtual dispon\u00edvel no <a href=\"https:\/\/artsandculture.google.com\/story\/design-e-tecnologia-na-escravid%C3%A3o\/FgLSoMWwAyyxIg?hl=pt-BR\" target=\"_blank\" rel=\"noopener\">Google Arts &amp; Culture<\/a><\/p>\n<\/span>\t\t\t\t<\/div>\n\t\t\t\t<\/div>\n\t\t\t\t<div class=\"elementor-element elementor-element-0a05e2d elementor-widget elementor-widget-toggle\" data-id=\"0a05e2d\" data-element_type=\"widget\" data-e-type=\"widget\" data-widget_type=\"toggle.default\">\n\t\t\t\t<div class=\"elementor-widget-container\">\n\t\t\t\t\t\t\t<div class=\"elementor-toggle\">\n\t\t\t\t\t\t\t<div class=\"elementor-toggle-item\">\n\t\t\t\t\t<h6 id=\"elementor-tab-title-1051\" class=\"elementor-tab-title\" data-tab=\"1\" role=\"button\" aria-controls=\"elementor-tab-content-1051\" aria-expanded=\"false\">\n\t\t\t\t\t\t\t\t\t\t\t\t<span class=\"elementor-toggle-icon elementor-toggle-icon-left\" aria-hidden=\"true\">\n\t\t\t\t\t\t\t\t\t\t\t\t\t\t\t<span class=\"elementor-toggle-icon-closed\"><i class=\"fas fa-caret-right\"><\/i><\/span>\n\t\t\t\t\t\t\t\t<span class=\"elementor-toggle-icon-opened\"><i class=\"elementor-toggle-icon-opened fas fa-caret-down\"><\/i><\/span>\n\t\t\t\t\t\t\t\t\t\t\t\t\t<\/span>\n\t\t\t\t\t\t\t\t\t\t\t\t<a class=\"elementor-toggle-title\" tabindex=\"0\">Ler resenha<\/a>\n\t\t\t\t\t<\/h6>\n\n\t\t\t\t\t<div id=\"elementor-tab-content-1051\" class=\"elementor-tab-content elementor-clearfix\" data-tab=\"1\" role=\"region\" aria-labelledby=\"elementor-tab-title-1051\"><p>A mostra permanente questiona a vis\u00e3o de que a presen\u00e7a africana na forma\u00e7\u00e3o do Brasil se restringe \u00e0s artes e \u00e0 cultura. A exposi\u00e7\u00e3o apresenta a contribui\u00e7\u00e3o tecnol\u00f3gica dos povos africanos em campos como astronomia, minera\u00e7\u00e3o e agricultura \u2013 e a explora\u00e7\u00e3o dessas inova\u00e7\u00f5es pelos colonizadores portugueses.<\/p>\n<\/div>\n\t\t\t\t<\/div>\n\t\t\t\t\t\t\t\t<\/div>\n\t\t\t\t\t\t<\/div>\n\t\t\t\t<\/div>\n\t\t\t\t<\/div>\n\t\t\t\t\t<\/div>\n\t\t\t\t<\/article>\n\t\t\t\t<\/div>\n\t\t\t\t<\/div>\n\t\t\n\t\t\t\t\t\t<\/div>\n\t\t\t\t<\/div>\n\t\t\t\t\t<\/div>\n\t\t<\/div>\n\t\t\t\t<div class=\"elementor-column elementor-col-33 elementor-top-column elementor-element elementor-element-508a9d1\" data-id=\"508a9d1\" data-element_type=\"column\" data-e-type=\"column\">\n\t\t\t<div class=\"elementor-widget-wrap elementor-element-populated\">\n\t\t\t\t\t\t<div class=\"elementor-element elementor-element-ce9dab5 elementor-widget elementor-widget-heading\" data-id=\"ce9dab5\" data-element_type=\"widget\" data-e-type=\"widget\" data-widget_type=\"heading.default\">\n\t\t\t\t<div class=\"elementor-widget-container\">\n\t\t\t\t\t<h2 class=\"elementor-heading-title elementor-size-default\">Ler<\/h2>\t\t\t\t<\/div>\n\t\t\t\t<\/div>\n\t\t\t\t<div class=\"elementor-element elementor-element-0b0efdb elementor-grid-1 elementor-grid-tablet-2 elementor-grid-mobile-1 elementor-widget elementor-widget-loop-grid\" data-id=\"0b0efdb\" data-element_type=\"widget\" data-e-type=\"widget\" data-settings=\"{&quot;template_id&quot;:3001,&quot;columns&quot;:1,&quot;pagination_type&quot;:&quot;load_more_on_click&quot;,&quot;_skin&quot;:&quot;post&quot;,&quot;columns_tablet&quot;:&quot;2&quot;,&quot;columns_mobile&quot;:&quot;1&quot;,&quot;edit_handle_selector&quot;:&quot;[data-elementor-type=\\&quot;loop-item\\&quot;]&quot;,&quot;load_more_spinner&quot;:{&quot;value&quot;:&quot;fas fa-spinner&quot;,&quot;library&quot;:&quot;fa-solid&quot;},&quot;row_gap&quot;:{&quot;unit&quot;:&quot;px&quot;,&quot;size&quot;:&quot;&quot;,&quot;sizes&quot;:[]},&quot;row_gap_tablet&quot;:{&quot;unit&quot;:&quot;px&quot;,&quot;size&quot;:&quot;&quot;,&quot;sizes&quot;:[]},&quot;row_gap_mobile&quot;:{&quot;unit&quot;:&quot;px&quot;,&quot;size&quot;:&quot;&quot;,&quot;sizes&quot;:[]}}\" data-widget_type=\"loop-grid.post\">\n\t\t\t\t<div class=\"elementor-widget-container\">\n\t\t\t\t\t\t\t<div class=\"elementor-loop-container elementor-grid\" role=\"list\">\n\t\t\t\t<div data-elementor-type=\"loop-item\" data-elementor-id=\"3001\" class=\"elementor elementor-3001 e-loop-item e-loop-item-519 post-519 roteiro type-roteiro status-publish has-post-thumbnail hentry category-ler tag-literatura edicao-edicao-1\" data-elementor-post-type=\"elementor_library\" data-custom-edit-handle=\"1\">\n\t\t\t<article class=\"elementor-element elementor-element-d3fff95 e-flex e-con-boxed e-con e-parent\" data-id=\"d3fff95\" data-element_type=\"container\" data-e-type=\"container\" data-settings=\"{&quot;background_background&quot;:&quot;classic&quot;}\">\n\t\t\t\t\t<div class=\"e-con-inner\">\n\t\t<div class=\"elementor-element elementor-element-f274729 e-con-full e-flex e-con e-child\" data-id=\"f274729\" data-element_type=\"container\" data-e-type=\"container\">\n\t\t<div class=\"elementor-element elementor-element-76f83ea e-con-full e-flex e-con e-child\" data-id=\"76f83ea\" data-element_type=\"container\" data-e-type=\"container\">\n\t\t<div class=\"elementor-element elementor-element-28e1075 e-con-full e-flex e-con e-child\" data-id=\"28e1075\" data-element_type=\"container\" data-e-type=\"container\">\n\t\t\t\t<div class=\"elementor-element elementor-element-10c1e69 elementor-widget elementor-widget-theme-post-featured-image elementor-widget-image\" data-id=\"10c1e69\" data-element_type=\"widget\" data-e-type=\"widget\" data-widget_type=\"theme-post-featured-image.default\">\n\t\t\t\t<div class=\"elementor-widget-container\">\n\t\t\t\t\t\t\t\t\t\t\t\t\t\t\t<img loading=\"lazy\" decoding=\"async\" width=\"1739\" height=\"2560\" src=\"https:\/\/site.veracruz.edu.br\/zumzum\/wp-content\/uploads\/2022\/03\/cor.jpg\" class=\"attachment-full size-full wp-image-1051\" alt=\"\" srcset=\"https:\/\/site.veracruz.edu.br\/zumzum\/wp-content\/uploads\/2022\/03\/cor.jpg 1739w, https:\/\/site.veracruz.edu.br\/zumzum\/wp-content\/uploads\/2022\/03\/cor-204x300.jpg 204w, https:\/\/site.veracruz.edu.br\/zumzum\/wp-content\/uploads\/2022\/03\/cor-696x1024.jpg 696w, https:\/\/site.veracruz.edu.br\/zumzum\/wp-content\/uploads\/2022\/03\/cor-768x1131.jpg 768w, https:\/\/site.veracruz.edu.br\/zumzum\/wp-content\/uploads\/2022\/03\/cor-1043x1536.jpg 1043w, https:\/\/site.veracruz.edu.br\/zumzum\/wp-content\/uploads\/2022\/03\/cor-1391x2048.jpg 1391w\" sizes=\"(max-width: 1739px) 100vw, 1739px\" \/>\t\t\t\t\t\t\t\t\t\t\t\t\t\t\t<\/div>\n\t\t\t\t<\/div>\n\t\t\t\t<\/div>\n\t\t<div class=\"elementor-element elementor-element-35d10c1 e-con-full e-flex e-con e-child\" data-id=\"35d10c1\" data-element_type=\"container\" data-e-type=\"container\">\n\t\t\t\t<div class=\"elementor-element elementor-element-5db758f elementor-widget elementor-widget-heading\" data-id=\"5db758f\" data-element_type=\"widget\" data-e-type=\"widget\" data-widget_type=\"heading.default\">\n\t\t\t\t<div class=\"elementor-widget-container\">\n\t\t\t\t\t<p class=\"elementor-heading-title elementor-size-default\">A cor p\u00farpura<\/p>\t\t\t\t<\/div>\n\t\t\t\t<\/div>\n\t\t\t\t<div class=\"elementor-element elementor-element-c241a95 elementor-widget elementor-widget-heading\" data-id=\"c241a95\" data-element_type=\"widget\" data-e-type=\"widget\" data-widget_type=\"heading.default\">\n\t\t\t\t<div class=\"elementor-widget-container\">\n\t\t\t\t\t<p class=\"elementor-heading-title elementor-size-default\"><span>Literatura<\/span><\/p>\t\t\t\t<\/div>\n\t\t\t\t<\/div>\n\t\t\t\t<\/div>\n\t\t\t\t<\/div>\n\t\t\t\t<div class=\"elementor-element elementor-element-5071b99 elementor-widget elementor-widget-heading\" data-id=\"5071b99\" data-element_type=\"widget\" data-e-type=\"widget\" data-widget_type=\"heading.default\">\n\t\t\t\t<div class=\"elementor-widget-container\">\n\t\t\t\t\t<span class=\"elementor-heading-title elementor-size-default\"><p>Alice Walker<\/p>\n<\/span>\t\t\t\t<\/div>\n\t\t\t\t<\/div>\n\t\t\t\t<div class=\"elementor-element elementor-element-33e5914 elementor-widget elementor-widget-heading\" data-id=\"33e5914\" data-element_type=\"widget\" data-e-type=\"widget\" data-widget_type=\"heading.default\">\n\t\t\t\t<div class=\"elementor-widget-container\">\n\t\t\t\t\t<span class=\"elementor-heading-title elementor-size-default\"><p>Adapta\u00e7\u00e3o para o cinema por Steven Spielberg, 1985<\/p>\n<p>Jos\u00e9 Olympio, R$ 61,60 <a href=\"https:\/\/www.record.com.br\/produto\/a-cor-purpura\/\" target=\"_blank\" rel=\"noopener\">no site da editora<\/a>Dispon\u00edvel no HBO Max, Apple TV, Amazon Prime Video, Youtube e Google Play (aluguel)<\/p>\n<\/span>\t\t\t\t<\/div>\n\t\t\t\t<\/div>\n\t\t\t\t<div class=\"elementor-element elementor-element-0a05e2d elementor-widget elementor-widget-toggle\" data-id=\"0a05e2d\" data-element_type=\"widget\" data-e-type=\"widget\" data-widget_type=\"toggle.default\">\n\t\t\t\t<div class=\"elementor-widget-container\">\n\t\t\t\t\t\t\t<div class=\"elementor-toggle\">\n\t\t\t\t\t\t\t<div class=\"elementor-toggle-item\">\n\t\t\t\t\t<h6 id=\"elementor-tab-title-1051\" class=\"elementor-tab-title\" data-tab=\"1\" role=\"button\" aria-controls=\"elementor-tab-content-1051\" aria-expanded=\"false\">\n\t\t\t\t\t\t\t\t\t\t\t\t<span class=\"elementor-toggle-icon elementor-toggle-icon-left\" aria-hidden=\"true\">\n\t\t\t\t\t\t\t\t\t\t\t\t\t\t\t<span class=\"elementor-toggle-icon-closed\"><i class=\"fas fa-caret-right\"><\/i><\/span>\n\t\t\t\t\t\t\t\t<span class=\"elementor-toggle-icon-opened\"><i class=\"elementor-toggle-icon-opened fas fa-caret-down\"><\/i><\/span>\n\t\t\t\t\t\t\t\t\t\t\t\t\t<\/span>\n\t\t\t\t\t\t\t\t\t\t\t\t<a class=\"elementor-toggle-title\" tabindex=\"0\">Ler resenha<\/a>\n\t\t\t\t\t<\/h6>\n\n\t\t\t\t\t<div id=\"elementor-tab-content-1051\" class=\"elementor-tab-content elementor-clearfix\" data-tab=\"1\" role=\"region\" aria-labelledby=\"elementor-tab-title-1051\"><p>Vencedor do Pr\u00eamio Pulitzer de 1983, o romance epistolar \u2013 narrativa caracterizada pelo uso predominante do g\u00eanero carta \u2013 escrito pela ativista norte-americana Alice Walker. Ao longo das 200 p\u00e1ginas da obra, o leitor passa a conhecer a hist\u00f3ria de Celie, uma adolescente negra de 14 anos de idade que \u00e9 abusada sexualmente pelo pai, de quem acaba engravidando de dois filhos. Sua condi\u00e7\u00e3o ainda piora quando ela se v\u00ea, tempos depois, separada da fam\u00edlia, est\u00e9ril e casada \u00e0 for\u00e7a com um homem mais velho. Sem ter a quem compartilhar seus anseios, a protagonista passa a escrever cartas \u2013 nunca enviadas \u2013 para Deus e para a irm\u00e3, Nettie, a quem ela sonha em reencontrar. A obra acabou inspirando o filme hom\u00f4nimo dirigido por Steven Spielberg, em 1985.<\/p>\n<\/div>\n\t\t\t\t<\/div>\n\t\t\t\t\t\t\t\t<\/div>\n\t\t\t\t\t\t<\/div>\n\t\t\t\t<\/div>\n\t\t\t\t<div class=\"elementor-element elementor-element-add1c07 elementor-align-left elementor-widget elementor-widget-post-info\" data-id=\"add1c07\" data-element_type=\"widget\" data-e-type=\"widget\" data-widget_type=\"post-info.default\">\n\t\t\t\t<div class=\"elementor-widget-container\">\n\t\t\t\t\t\t\t<ul class=\"elementor-icon-list-items elementor-post-info\">\n\t\t\t\t\t\t\t\t<li class=\"elementor-icon-list-item elementor-repeater-item-06e1e2a\">\n\t\t\t\t\t\t\t\t\t\t<span class=\"elementor-icon-list-icon\">\n\t\t\t\t\t\t\t\t<i aria-hidden=\"true\" class=\"fas fa-bookmark\"><\/i>\t\t\t\t\t\t\t<\/span>\n\t\t\t\t\t\t\t\t\t<span class=\"elementor-icon-list-text elementor-post-info__item elementor-post-info__item--type-custom\">\n\t\t\t\t\t\t\t\t\t\tDispon\u00edvel para empr\u00e9stimo \u00e0 equipe do Vera em nossas Bibliotecas\t\t\t\t\t<\/span>\n\t\t\t\t\t\t\t\t<\/li>\n\t\t\t\t<\/ul>\n\t\t\t\t\t\t<\/div>\n\t\t\t\t<\/div>\n\t\t\t\t<\/div>\n\t\t\t\t\t<\/div>\n\t\t\t\t<\/article>\n\t\t\t\t<\/div>\n\t\t\t\t<div data-elementor-type=\"loop-item\" data-elementor-id=\"3001\" class=\"elementor elementor-3001 e-loop-item e-loop-item-518 post-518 roteiro type-roteiro status-publish has-post-thumbnail hentry category-ler tag-literatura edicao-edicao-1\" data-elementor-post-type=\"elementor_library\" data-custom-edit-handle=\"1\">\n\t\t\t<article class=\"elementor-element elementor-element-d3fff95 e-flex e-con-boxed e-con e-parent\" data-id=\"d3fff95\" data-element_type=\"container\" data-e-type=\"container\" data-settings=\"{&quot;background_background&quot;:&quot;classic&quot;}\">\n\t\t\t\t\t<div class=\"e-con-inner\">\n\t\t<div class=\"elementor-element elementor-element-f274729 e-con-full e-flex e-con e-child\" data-id=\"f274729\" data-element_type=\"container\" data-e-type=\"container\">\n\t\t<div class=\"elementor-element elementor-element-76f83ea e-con-full e-flex e-con e-child\" data-id=\"76f83ea\" data-element_type=\"container\" data-e-type=\"container\">\n\t\t<div class=\"elementor-element elementor-element-28e1075 e-con-full e-flex e-con e-child\" data-id=\"28e1075\" data-element_type=\"container\" data-e-type=\"container\">\n\t\t\t\t<div class=\"elementor-element elementor-element-10c1e69 elementor-widget elementor-widget-theme-post-featured-image elementor-widget-image\" data-id=\"10c1e69\" data-element_type=\"widget\" data-e-type=\"widget\" data-widget_type=\"theme-post-featured-image.default\">\n\t\t\t\t<div class=\"elementor-widget-container\">\n\t\t\t\t\t\t\t\t\t\t\t\t\t\t\t<img loading=\"lazy\" decoding=\"async\" width=\"1618\" height=\"2500\" src=\"https:\/\/site.veracruz.edu.br\/zumzum\/wp-content\/uploads\/2022\/03\/quarto.jpg\" class=\"attachment-full size-full wp-image-1056\" alt=\"\" srcset=\"https:\/\/site.veracruz.edu.br\/zumzum\/wp-content\/uploads\/2022\/03\/quarto.jpg 1618w, https:\/\/site.veracruz.edu.br\/zumzum\/wp-content\/uploads\/2022\/03\/quarto-194x300.jpg 194w, https:\/\/site.veracruz.edu.br\/zumzum\/wp-content\/uploads\/2022\/03\/quarto-663x1024.jpg 663w, https:\/\/site.veracruz.edu.br\/zumzum\/wp-content\/uploads\/2022\/03\/quarto-768x1187.jpg 768w, https:\/\/site.veracruz.edu.br\/zumzum\/wp-content\/uploads\/2022\/03\/quarto-994x1536.jpg 994w, https:\/\/site.veracruz.edu.br\/zumzum\/wp-content\/uploads\/2022\/03\/quarto-1325x2048.jpg 1325w\" sizes=\"(max-width: 1618px) 100vw, 1618px\" \/>\t\t\t\t\t\t\t\t\t\t\t\t\t\t\t<\/div>\n\t\t\t\t<\/div>\n\t\t\t\t<\/div>\n\t\t<div class=\"elementor-element elementor-element-35d10c1 e-con-full e-flex e-con e-child\" data-id=\"35d10c1\" data-element_type=\"container\" data-e-type=\"container\">\n\t\t\t\t<div class=\"elementor-element elementor-element-5db758f elementor-widget elementor-widget-heading\" data-id=\"5db758f\" data-element_type=\"widget\" data-e-type=\"widget\" data-widget_type=\"heading.default\">\n\t\t\t\t<div class=\"elementor-widget-container\">\n\t\t\t\t\t<p class=\"elementor-heading-title elementor-size-default\">Quarto de despejo: Di\u00e1rio de uma favelada<\/p>\t\t\t\t<\/div>\n\t\t\t\t<\/div>\n\t\t\t\t<div class=\"elementor-element elementor-element-c241a95 elementor-widget elementor-widget-heading\" data-id=\"c241a95\" data-element_type=\"widget\" data-e-type=\"widget\" data-widget_type=\"heading.default\">\n\t\t\t\t<div class=\"elementor-widget-container\">\n\t\t\t\t\t<p class=\"elementor-heading-title elementor-size-default\"><span>Literatura<\/span><\/p>\t\t\t\t<\/div>\n\t\t\t\t<\/div>\n\t\t\t\t<\/div>\n\t\t\t\t<\/div>\n\t\t\t\t<div class=\"elementor-element elementor-element-5071b99 elementor-widget elementor-widget-heading\" data-id=\"5071b99\" data-element_type=\"widget\" data-e-type=\"widget\" data-widget_type=\"heading.default\">\n\t\t\t\t<div class=\"elementor-widget-container\">\n\t\t\t\t\t<span class=\"elementor-heading-title elementor-size-default\"><p>Carolina Maria de Jesus<\/p>\n<\/span>\t\t\t\t<\/div>\n\t\t\t\t<\/div>\n\t\t\t\t<div class=\"elementor-element elementor-element-33e5914 elementor-widget elementor-widget-heading\" data-id=\"33e5914\" data-element_type=\"widget\" data-e-type=\"widget\" data-widget_type=\"heading.default\">\n\t\t\t\t<div class=\"elementor-widget-container\">\n\t\t\t\t\t<span class=\"elementor-heading-title elementor-size-default\"><p>Editora \u00c1tica, R$ 59,00 <a href=\"https:\/\/www.coletivoleitor.com.br\/nossos-livros\/quarto-de-despejo-diario-de-uma-favelada\/\" target=\"_blank\" rel=\"noopener\">no site da editora<\/a><\/p>\n<\/span>\t\t\t\t<\/div>\n\t\t\t\t<\/div>\n\t\t\t\t<div class=\"elementor-element elementor-element-0a05e2d elementor-widget elementor-widget-toggle\" data-id=\"0a05e2d\" data-element_type=\"widget\" data-e-type=\"widget\" data-widget_type=\"toggle.default\">\n\t\t\t\t<div class=\"elementor-widget-container\">\n\t\t\t\t\t\t\t<div class=\"elementor-toggle\">\n\t\t\t\t\t\t\t<div class=\"elementor-toggle-item\">\n\t\t\t\t\t<h6 id=\"elementor-tab-title-1051\" class=\"elementor-tab-title\" data-tab=\"1\" role=\"button\" aria-controls=\"elementor-tab-content-1051\" aria-expanded=\"false\">\n\t\t\t\t\t\t\t\t\t\t\t\t<span class=\"elementor-toggle-icon elementor-toggle-icon-left\" aria-hidden=\"true\">\n\t\t\t\t\t\t\t\t\t\t\t\t\t\t\t<span class=\"elementor-toggle-icon-closed\"><i class=\"fas fa-caret-right\"><\/i><\/span>\n\t\t\t\t\t\t\t\t<span class=\"elementor-toggle-icon-opened\"><i class=\"elementor-toggle-icon-opened fas fa-caret-down\"><\/i><\/span>\n\t\t\t\t\t\t\t\t\t\t\t\t\t<\/span>\n\t\t\t\t\t\t\t\t\t\t\t\t<a class=\"elementor-toggle-title\" tabindex=\"0\">Ler resenha<\/a>\n\t\t\t\t\t<\/h6>\n\n\t\t\t\t\t<div id=\"elementor-tab-content-1051\" class=\"elementor-tab-content elementor-clearfix\" data-tab=\"1\" role=\"region\" aria-labelledby=\"elementor-tab-title-1051\"><p>Neta de escravos, filha de uma lavadeira analfabeta e uma das maiores escritoras negras do Brasil, Carolina Maria de Jesus atinge o \u00e1pice de sua produ\u00e7\u00e3o liter\u00e1ria em \u201cQuarto de despejo\u201d. Publicado em 1960, o livro traz uma esp\u00e9cie de di\u00e1rio autobiogr\u00e1fico com o sofrimento cotidiano das mulheres nas periferias de S\u00e3o Paulo. Marcado pela oralidade, o texto se aprofunda nas ang\u00fastias di\u00e1rias dos moradores, permeando temas como a viol\u00eancia, a fome e o descaso. No lan\u00e7amento, a obra chegou a esgotar a tiragem inicial em uma semana. Mais de seis d\u00e9cadas depois, a escrita da mineira atravessou o mundo, sendo traduzida para 13 idiomas e somando 1 milh\u00e3o de c\u00f3pias vendidas.<\/p>\n<\/div>\n\t\t\t\t<\/div>\n\t\t\t\t\t\t\t\t<\/div>\n\t\t\t\t\t\t<\/div>\n\t\t\t\t<\/div>\n\t\t\t\t<div class=\"elementor-element elementor-element-add1c07 elementor-align-left elementor-widget elementor-widget-post-info\" data-id=\"add1c07\" data-element_type=\"widget\" data-e-type=\"widget\" data-widget_type=\"post-info.default\">\n\t\t\t\t<div class=\"elementor-widget-container\">\n\t\t\t\t\t\t\t<ul class=\"elementor-icon-list-items elementor-post-info\">\n\t\t\t\t\t\t\t\t<li class=\"elementor-icon-list-item elementor-repeater-item-06e1e2a\">\n\t\t\t\t\t\t\t\t\t\t<span class=\"elementor-icon-list-icon\">\n\t\t\t\t\t\t\t\t<i aria-hidden=\"true\" class=\"fas fa-bookmark\"><\/i>\t\t\t\t\t\t\t<\/span>\n\t\t\t\t\t\t\t\t\t<span class=\"elementor-icon-list-text elementor-post-info__item elementor-post-info__item--type-custom\">\n\t\t\t\t\t\t\t\t\t\tDispon\u00edvel para empr\u00e9stimo \u00e0 equipe do Vera em nossas Bibliotecas\t\t\t\t\t<\/span>\n\t\t\t\t\t\t\t\t<\/li>\n\t\t\t\t<\/ul>\n\t\t\t\t\t\t<\/div>\n\t\t\t\t<\/div>\n\t\t\t\t<\/div>\n\t\t\t\t\t<\/div>\n\t\t\t\t<\/article>\n\t\t\t\t<\/div>\n\t\t\t\t<div data-elementor-type=\"loop-item\" data-elementor-id=\"3001\" class=\"elementor elementor-3001 e-loop-item e-loop-item-517 post-517 roteiro type-roteiro status-publish has-post-thumbnail hentry category-ler tag-nao-ficcao edicao-edicao-1\" data-elementor-post-type=\"elementor_library\" data-custom-edit-handle=\"1\">\n\t\t\t<article class=\"elementor-element elementor-element-d3fff95 e-flex e-con-boxed e-con e-parent\" data-id=\"d3fff95\" data-element_type=\"container\" data-e-type=\"container\" data-settings=\"{&quot;background_background&quot;:&quot;classic&quot;}\">\n\t\t\t\t\t<div class=\"e-con-inner\">\n\t\t<div class=\"elementor-element elementor-element-f274729 e-con-full e-flex e-con e-child\" data-id=\"f274729\" data-element_type=\"container\" data-e-type=\"container\">\n\t\t<div class=\"elementor-element elementor-element-76f83ea e-con-full e-flex e-con e-child\" data-id=\"76f83ea\" data-element_type=\"container\" data-e-type=\"container\">\n\t\t<div class=\"elementor-element elementor-element-28e1075 e-con-full e-flex e-con e-child\" data-id=\"28e1075\" data-element_type=\"container\" data-e-type=\"container\">\n\t\t\t\t<div class=\"elementor-element elementor-element-10c1e69 elementor-widget elementor-widget-theme-post-featured-image elementor-widget-image\" data-id=\"10c1e69\" data-element_type=\"widget\" data-e-type=\"widget\" data-widget_type=\"theme-post-featured-image.default\">\n\t\t\t\t<div class=\"elementor-widget-container\">\n\t\t\t\t\t\t\t\t\t\t\t\t\t\t\t<img loading=\"lazy\" decoding=\"async\" width=\"1727\" height=\"2560\" src=\"https:\/\/site.veracruz.edu.br\/zumzum\/wp-content\/uploads\/2022\/03\/mulheres.jpg\" class=\"attachment-full size-full wp-image-1054\" alt=\"\" srcset=\"https:\/\/site.veracruz.edu.br\/zumzum\/wp-content\/uploads\/2022\/03\/mulheres.jpg 1727w, https:\/\/site.veracruz.edu.br\/zumzum\/wp-content\/uploads\/2022\/03\/mulheres-202x300.jpg 202w, https:\/\/site.veracruz.edu.br\/zumzum\/wp-content\/uploads\/2022\/03\/mulheres-691x1024.jpg 691w, https:\/\/site.veracruz.edu.br\/zumzum\/wp-content\/uploads\/2022\/03\/mulheres-768x1138.jpg 768w, https:\/\/site.veracruz.edu.br\/zumzum\/wp-content\/uploads\/2022\/03\/mulheres-1036x1536.jpg 1036w, https:\/\/site.veracruz.edu.br\/zumzum\/wp-content\/uploads\/2022\/03\/mulheres-1382x2048.jpg 1382w\" sizes=\"(max-width: 1727px) 100vw, 1727px\" \/>\t\t\t\t\t\t\t\t\t\t\t\t\t\t\t<\/div>\n\t\t\t\t<\/div>\n\t\t\t\t<\/div>\n\t\t<div class=\"elementor-element elementor-element-35d10c1 e-con-full e-flex e-con e-child\" data-id=\"35d10c1\" data-element_type=\"container\" data-e-type=\"container\">\n\t\t\t\t<div class=\"elementor-element elementor-element-5db758f elementor-widget elementor-widget-heading\" data-id=\"5db758f\" data-element_type=\"widget\" data-e-type=\"widget\" data-widget_type=\"heading.default\">\n\t\t\t\t<div class=\"elementor-widget-container\">\n\t\t\t\t\t<p class=\"elementor-heading-title elementor-size-default\">Mulheres, ra\u00e7a e classe<\/p>\t\t\t\t<\/div>\n\t\t\t\t<\/div>\n\t\t\t\t<div class=\"elementor-element elementor-element-c241a95 elementor-widget elementor-widget-heading\" data-id=\"c241a95\" data-element_type=\"widget\" data-e-type=\"widget\" data-widget_type=\"heading.default\">\n\t\t\t\t<div class=\"elementor-widget-container\">\n\t\t\t\t\t<p class=\"elementor-heading-title elementor-size-default\"><span>N\u00e3o fic\u00e7\u00e3o<\/span><\/p>\t\t\t\t<\/div>\n\t\t\t\t<\/div>\n\t\t\t\t<\/div>\n\t\t\t\t<\/div>\n\t\t\t\t<div class=\"elementor-element elementor-element-5071b99 elementor-widget elementor-widget-heading\" data-id=\"5071b99\" data-element_type=\"widget\" data-e-type=\"widget\" data-widget_type=\"heading.default\">\n\t\t\t\t<div class=\"elementor-widget-container\">\n\t\t\t\t\t<span class=\"elementor-heading-title elementor-size-default\"><p>Angela Davis<\/p>\n<\/span>\t\t\t\t<\/div>\n\t\t\t\t<\/div>\n\t\t\t\t<div class=\"elementor-element elementor-element-33e5914 elementor-widget elementor-widget-heading\" data-id=\"33e5914\" data-element_type=\"widget\" data-e-type=\"widget\" data-widget_type=\"heading.default\">\n\t\t\t\t<div class=\"elementor-widget-container\">\n\t\t\t\t\t<span class=\"elementor-heading-title elementor-size-default\"><p>Boitempo, R$ 61,00 <a href=\"https:\/\/www.boitempoeditorial.com.br\/produto\/mulher-raca-e-classe-618\" target=\"_blank\" rel=\"noopener\">no site da editora<\/a><\/p>\n<\/span>\t\t\t\t<\/div>\n\t\t\t\t<\/div>\n\t\t\t\t<div class=\"elementor-element elementor-element-0a05e2d elementor-widget elementor-widget-toggle\" data-id=\"0a05e2d\" data-element_type=\"widget\" data-e-type=\"widget\" data-widget_type=\"toggle.default\">\n\t\t\t\t<div class=\"elementor-widget-container\">\n\t\t\t\t\t\t\t<div class=\"elementor-toggle\">\n\t\t\t\t\t\t\t<div class=\"elementor-toggle-item\">\n\t\t\t\t\t<h6 id=\"elementor-tab-title-1051\" class=\"elementor-tab-title\" data-tab=\"1\" role=\"button\" aria-controls=\"elementor-tab-content-1051\" aria-expanded=\"false\">\n\t\t\t\t\t\t\t\t\t\t\t\t<span class=\"elementor-toggle-icon elementor-toggle-icon-left\" aria-hidden=\"true\">\n\t\t\t\t\t\t\t\t\t\t\t\t\t\t\t<span class=\"elementor-toggle-icon-closed\"><i class=\"fas fa-caret-right\"><\/i><\/span>\n\t\t\t\t\t\t\t\t<span class=\"elementor-toggle-icon-opened\"><i class=\"elementor-toggle-icon-opened fas fa-caret-down\"><\/i><\/span>\n\t\t\t\t\t\t\t\t\t\t\t\t\t<\/span>\n\t\t\t\t\t\t\t\t\t\t\t\t<a class=\"elementor-toggle-title\" tabindex=\"0\">Ler resenha<\/a>\n\t\t\t\t\t<\/h6>\n\n\t\t\t\t\t<div id=\"elementor-tab-content-1051\" class=\"elementor-tab-content elementor-clearfix\" data-tab=\"1\" role=\"region\" aria-labelledby=\"elementor-tab-title-1051\"><p>Fil\u00f3sofa norte-americana conhecida pelo seu ativismo no grupo Panteras Negras, organiza\u00e7\u00e3o de cunho revolucion\u00e1rio criada na d\u00e9cada de 1960, atual professora em\u00e9rita do departamento de estudos feministas da Universidade da Calif\u00f3rnia, a pensadora re\u00fane seus principais ensaios nesta obra. Com enfoque na perspectiva feminina, a obra traz quest\u00f5es como a hist\u00f3ria da popula\u00e7\u00e3o negra nos Estados Unidos, o encarceramento de mulheres no trabalho dom\u00e9stico e casos de abuso.<\/p>\n<\/div>\n\t\t\t\t<\/div>\n\t\t\t\t\t\t\t\t<\/div>\n\t\t\t\t\t\t<\/div>\n\t\t\t\t<\/div>\n\t\t\t\t<div class=\"elementor-element elementor-element-add1c07 elementor-align-left elementor-widget elementor-widget-post-info\" data-id=\"add1c07\" data-element_type=\"widget\" data-e-type=\"widget\" data-widget_type=\"post-info.default\">\n\t\t\t\t<div class=\"elementor-widget-container\">\n\t\t\t\t\t\t\t<ul class=\"elementor-icon-list-items elementor-post-info\">\n\t\t\t\t\t\t\t\t<li class=\"elementor-icon-list-item elementor-repeater-item-06e1e2a\">\n\t\t\t\t\t\t\t\t\t\t<span class=\"elementor-icon-list-icon\">\n\t\t\t\t\t\t\t\t<i aria-hidden=\"true\" class=\"fas fa-bookmark\"><\/i>\t\t\t\t\t\t\t<\/span>\n\t\t\t\t\t\t\t\t\t<span class=\"elementor-icon-list-text elementor-post-info__item elementor-post-info__item--type-custom\">\n\t\t\t\t\t\t\t\t\t\tDispon\u00edvel para empr\u00e9stimo \u00e0 equipe do Vera em nossas Bibliotecas\t\t\t\t\t<\/span>\n\t\t\t\t\t\t\t\t<\/li>\n\t\t\t\t<\/ul>\n\t\t\t\t\t\t<\/div>\n\t\t\t\t<\/div>\n\t\t\t\t<\/div>\n\t\t\t\t\t<\/div>\n\t\t\t\t<\/article>\n\t\t\t\t<\/div>\n\t\t\t\t<\/div>\n\t\t\t\t\t<span class=\"e-load-more-spinner\">\n\t\t\t\t<i aria-hidden=\"true\" class=\"fas fa-spinner\"><\/i>\t\t\t<\/span>\n\t\t\n\t\t\t\t<div class=\"e-load-more-anchor\" data-page=\"1\" data-max-page=\"2\" data-next-page=\"https:\/\/site.veracruz.edu.br\/zumzum\/wp-json\/wp\/v2\/pages\/299\/page\/2\/\"><\/div>\n\t\t\t\t<div class=\"e-loop__load-more elementor-button-wrapper\">\n\t\t\t<a class=\"elementor-button elementor-size-sm\" role=\"button\">\n\t\t\t\t\t\t<span class=\"elementor-button-content-wrapper\">\n\t\t\t\t\t\t\t\t\t<span class=\"elementor-button-text\">Carregar mais<\/span>\n\t\t\t\t\t<\/span>\n\t\t\t\t\t<\/a>\n\t\t<\/div>\n\t\t\t\t<div class=\"e-load-more-message\"><\/div>\n\t\t\t\t\t\t<\/div>\n\t\t\t\t<\/div>\n\t\t\t\t\t<\/div>\n\t\t<\/div>\n\t\t\t\t<div class=\"elementor-column elementor-col-33 elementor-top-column elementor-element elementor-element-79cbcb7\" data-id=\"79cbcb7\" data-element_type=\"column\" data-e-type=\"column\">\n\t\t\t<div class=\"elementor-widget-wrap elementor-element-populated\">\n\t\t\t\t\t\t<div class=\"elementor-element elementor-element-a60647a elementor-widget elementor-widget-heading\" data-id=\"a60647a\" data-element_type=\"widget\" data-e-type=\"widget\" data-widget_type=\"heading.default\">\n\t\t\t\t<div class=\"elementor-widget-container\">\n\t\t\t\t\t<h2 class=\"elementor-heading-title elementor-size-default\">Ver<\/h2>\t\t\t\t<\/div>\n\t\t\t\t<\/div>\n\t\t\t\t<div class=\"elementor-element elementor-element-885eb2a elementor-grid-1 elementor-grid-tablet-2 elementor-grid-mobile-1 elementor-widget elementor-widget-loop-grid\" data-id=\"885eb2a\" data-element_type=\"widget\" data-e-type=\"widget\" data-settings=\"{&quot;template_id&quot;:3001,&quot;columns&quot;:1,&quot;pagination_type&quot;:&quot;load_more_on_click&quot;,&quot;_skin&quot;:&quot;post&quot;,&quot;columns_tablet&quot;:&quot;2&quot;,&quot;columns_mobile&quot;:&quot;1&quot;,&quot;edit_handle_selector&quot;:&quot;[data-elementor-type=\\&quot;loop-item\\&quot;]&quot;,&quot;load_more_spinner&quot;:{&quot;value&quot;:&quot;fas fa-spinner&quot;,&quot;library&quot;:&quot;fa-solid&quot;},&quot;row_gap&quot;:{&quot;unit&quot;:&quot;px&quot;,&quot;size&quot;:&quot;&quot;,&quot;sizes&quot;:[]},&quot;row_gap_tablet&quot;:{&quot;unit&quot;:&quot;px&quot;,&quot;size&quot;:&quot;&quot;,&quot;sizes&quot;:[]},&quot;row_gap_mobile&quot;:{&quot;unit&quot;:&quot;px&quot;,&quot;size&quot;:&quot;&quot;,&quot;sizes&quot;:[]}}\" data-widget_type=\"loop-grid.post\">\n\t\t\t\t<div class=\"elementor-widget-container\">\n\t\t\t\t\t\t\t<div class=\"elementor-loop-container elementor-grid\" role=\"list\">\n\t\t\t\t<div data-elementor-type=\"loop-item\" data-elementor-id=\"3001\" class=\"elementor elementor-3001 e-loop-item e-loop-item-1375 post-1375 roteiro type-roteiro status-publish has-post-thumbnail hentry category-ver edicao-edicao-1\" data-elementor-post-type=\"elementor_library\" data-custom-edit-handle=\"1\">\n\t\t\t<article class=\"elementor-element elementor-element-d3fff95 e-flex e-con-boxed e-con e-parent\" data-id=\"d3fff95\" data-element_type=\"container\" data-e-type=\"container\" data-settings=\"{&quot;background_background&quot;:&quot;classic&quot;}\">\n\t\t\t\t\t<div class=\"e-con-inner\">\n\t\t<div class=\"elementor-element elementor-element-f274729 e-con-full e-flex e-con e-child\" data-id=\"f274729\" data-element_type=\"container\" data-e-type=\"container\">\n\t\t<div class=\"elementor-element elementor-element-76f83ea e-con-full e-flex e-con e-child\" data-id=\"76f83ea\" data-element_type=\"container\" data-e-type=\"container\">\n\t\t<div class=\"elementor-element elementor-element-28e1075 e-con-full e-flex e-con e-child\" data-id=\"28e1075\" data-element_type=\"container\" data-e-type=\"container\">\n\t\t\t\t<div class=\"elementor-element elementor-element-10c1e69 elementor-widget elementor-widget-theme-post-featured-image elementor-widget-image\" data-id=\"10c1e69\" data-element_type=\"widget\" data-e-type=\"widget\" data-widget_type=\"theme-post-featured-image.default\">\n\t\t\t\t<div class=\"elementor-widget-container\">\n\t\t\t\t\t\t\t\t\t\t\t\t\t\t\t<img loading=\"lazy\" decoding=\"async\" width=\"400\" height=\"400\" src=\"https:\/\/site.veracruz.edu.br\/zumzum\/wp-content\/uploads\/2022\/03\/denise.jpg\" class=\"attachment-full size-full wp-image-1376\" alt=\"\" srcset=\"https:\/\/site.veracruz.edu.br\/zumzum\/wp-content\/uploads\/2022\/03\/denise.jpg 400w, https:\/\/site.veracruz.edu.br\/zumzum\/wp-content\/uploads\/2022\/03\/denise-300x300.jpg 300w, https:\/\/site.veracruz.edu.br\/zumzum\/wp-content\/uploads\/2022\/03\/denise-150x150.jpg 150w\" sizes=\"(max-width: 400px) 100vw, 400px\" \/>\t\t\t\t\t\t\t\t\t\t\t\t\t\t\t<\/div>\n\t\t\t\t<\/div>\n\t\t\t\t<\/div>\n\t\t<div class=\"elementor-element elementor-element-35d10c1 e-con-full e-flex e-con e-child\" data-id=\"35d10c1\" data-element_type=\"container\" data-e-type=\"container\">\n\t\t\t\t<div class=\"elementor-element elementor-element-5db758f elementor-widget elementor-widget-heading\" data-id=\"5db758f\" data-element_type=\"widget\" data-e-type=\"widget\" data-widget_type=\"heading.default\">\n\t\t\t\t<div class=\"elementor-widget-container\">\n\t\t\t\t\t<p class=\"elementor-heading-title elementor-size-default\">Autoavalia\u00e7\u00e3o institucional participativa<br>YouTube do Vera<\/p>\t\t\t\t<\/div>\n\t\t\t\t<\/div>\n\t\t\t\t<\/div>\n\t\t\t\t<\/div>\n\t\t\t\t<div class=\"elementor-element elementor-element-5071b99 elementor-widget elementor-widget-heading\" data-id=\"5071b99\" data-element_type=\"widget\" data-e-type=\"widget\" data-widget_type=\"heading.default\">\n\t\t\t\t<div class=\"elementor-widget-container\">\n\t\t\t\t\t<span class=\"elementor-heading-title elementor-size-default\"><p>Acesse atrav\u00e9s do <a href=\"https:\/\/m.youtube.com\/watch?v=h-COcf7ChCE\" target=\"_blank\" rel=\"noopener\">link<\/a><\/p>\n<\/span>\t\t\t\t<\/div>\n\t\t\t\t<\/div>\n\t\t\t\t<div class=\"elementor-element elementor-element-0a05e2d elementor-widget elementor-widget-toggle\" data-id=\"0a05e2d\" data-element_type=\"widget\" data-e-type=\"widget\" data-widget_type=\"toggle.default\">\n\t\t\t\t<div class=\"elementor-widget-container\">\n\t\t\t\t\t\t\t<div class=\"elementor-toggle\">\n\t\t\t\t\t\t\t<div class=\"elementor-toggle-item\">\n\t\t\t\t\t<h6 id=\"elementor-tab-title-1051\" class=\"elementor-tab-title\" data-tab=\"1\" role=\"button\" aria-controls=\"elementor-tab-content-1051\" aria-expanded=\"false\">\n\t\t\t\t\t\t\t\t\t\t\t\t<span class=\"elementor-toggle-icon elementor-toggle-icon-left\" aria-hidden=\"true\">\n\t\t\t\t\t\t\t\t\t\t\t\t\t\t\t<span class=\"elementor-toggle-icon-closed\"><i class=\"fas fa-caret-right\"><\/i><\/span>\n\t\t\t\t\t\t\t\t<span class=\"elementor-toggle-icon-opened\"><i class=\"elementor-toggle-icon-opened fas fa-caret-down\"><\/i><\/span>\n\t\t\t\t\t\t\t\t\t\t\t\t\t<\/span>\n\t\t\t\t\t\t\t\t\t\t\t\t<a class=\"elementor-toggle-title\" tabindex=\"0\">Ler resenha<\/a>\n\t\t\t\t\t<\/h6>\n\n\t\t\t\t\t<div id=\"elementor-tab-content-1051\" class=\"elementor-tab-content elementor-clearfix\" data-tab=\"1\" role=\"region\" aria-labelledby=\"elementor-tab-title-1051\"><p>No encontro com Denise Carreira e Edn\u00e9ia Gon\u00e7alves, da ONG A\u00e7\u00e3o Educativa, o Vera promoveu uma an\u00e1lise do primeiro ano do projeto de educa\u00e7\u00e3o antirracista. As autoras da metodologia que inspirou as a\u00e7\u00f5es avaliaram as conquistas e os pontos de avan\u00e7o da Escola e do Instituto.<\/p>\n<\/div>\n\t\t\t\t<\/div>\n\t\t\t\t\t\t\t\t<\/div>\n\t\t\t\t\t\t<\/div>\n\t\t\t\t<\/div>\n\t\t\t\t<\/div>\n\t\t\t\t\t<\/div>\n\t\t\t\t<\/article>\n\t\t\t\t<\/div>\n\t\t\t\t<div data-elementor-type=\"loop-item\" data-elementor-id=\"3001\" class=\"elementor elementor-3001 e-loop-item e-loop-item-514 post-514 roteiro type-roteiro status-publish has-post-thumbnail hentry category-ver tag-filme edicao-edicao-1\" data-elementor-post-type=\"elementor_library\" data-custom-edit-handle=\"1\">\n\t\t\t<article class=\"elementor-element elementor-element-d3fff95 e-flex e-con-boxed e-con e-parent\" data-id=\"d3fff95\" data-element_type=\"container\" data-e-type=\"container\" data-settings=\"{&quot;background_background&quot;:&quot;classic&quot;}\">\n\t\t\t\t\t<div class=\"e-con-inner\">\n\t\t<div class=\"elementor-element elementor-element-f274729 e-con-full e-flex e-con e-child\" data-id=\"f274729\" data-element_type=\"container\" data-e-type=\"container\">\n\t\t<div class=\"elementor-element elementor-element-76f83ea e-con-full e-flex e-con e-child\" data-id=\"76f83ea\" data-element_type=\"container\" data-e-type=\"container\">\n\t\t<div class=\"elementor-element elementor-element-28e1075 e-con-full e-flex e-con e-child\" data-id=\"28e1075\" data-element_type=\"container\" data-e-type=\"container\">\n\t\t\t\t<div class=\"elementor-element elementor-element-10c1e69 elementor-widget elementor-widget-theme-post-featured-image elementor-widget-image\" data-id=\"10c1e69\" data-element_type=\"widget\" data-e-type=\"widget\" data-widget_type=\"theme-post-featured-image.default\">\n\t\t\t\t<div class=\"elementor-widget-container\">\n\t\t\t\t\t\t\t\t\t\t\t\t\t\t\t<img loading=\"lazy\" decoding=\"async\" width=\"679\" height=\"948\" src=\"https:\/\/site.veracruz.edu.br\/zumzum\/wp-content\/uploads\/2022\/03\/corra.jpg\" class=\"attachment-full size-full wp-image-1052\" alt=\"\" srcset=\"https:\/\/site.veracruz.edu.br\/zumzum\/wp-content\/uploads\/2022\/03\/corra.jpg 679w, https:\/\/site.veracruz.edu.br\/zumzum\/wp-content\/uploads\/2022\/03\/corra-215x300.jpg 215w\" sizes=\"(max-width: 679px) 100vw, 679px\" \/>\t\t\t\t\t\t\t\t\t\t\t\t\t\t\t<\/div>\n\t\t\t\t<\/div>\n\t\t\t\t<\/div>\n\t\t<div class=\"elementor-element elementor-element-35d10c1 e-con-full e-flex e-con e-child\" data-id=\"35d10c1\" data-element_type=\"container\" data-e-type=\"container\">\n\t\t\t\t<div class=\"elementor-element elementor-element-5db758f elementor-widget elementor-widget-heading\" data-id=\"5db758f\" data-element_type=\"widget\" data-e-type=\"widget\" data-widget_type=\"heading.default\">\n\t\t\t\t<div class=\"elementor-widget-container\">\n\t\t\t\t\t<p class=\"elementor-heading-title elementor-size-default\">Corra!<\/p>\t\t\t\t<\/div>\n\t\t\t\t<\/div>\n\t\t\t\t<div class=\"elementor-element elementor-element-c241a95 elementor-widget elementor-widget-heading\" data-id=\"c241a95\" data-element_type=\"widget\" data-e-type=\"widget\" data-widget_type=\"heading.default\">\n\t\t\t\t<div class=\"elementor-widget-container\">\n\t\t\t\t\t<p class=\"elementor-heading-title elementor-size-default\"><span>Filme<\/span><\/p>\t\t\t\t<\/div>\n\t\t\t\t<\/div>\n\t\t\t\t<\/div>\n\t\t\t\t<\/div>\n\t\t\t\t<div class=\"elementor-element elementor-element-5071b99 elementor-widget elementor-widget-heading\" data-id=\"5071b99\" data-element_type=\"widget\" data-e-type=\"widget\" data-widget_type=\"heading.default\">\n\t\t\t\t<div class=\"elementor-widget-container\">\n\t\t\t\t\t<span class=\"elementor-heading-title elementor-size-default\"><p>Jordan Peele, 2017<\/p>\n<\/span>\t\t\t\t<\/div>\n\t\t\t\t<\/div>\n\t\t\t\t<div class=\"elementor-element elementor-element-33e5914 elementor-widget elementor-widget-heading\" data-id=\"33e5914\" data-element_type=\"widget\" data-e-type=\"widget\" data-widget_type=\"heading.default\">\n\t\t\t\t<div class=\"elementor-widget-container\">\n\t\t\t\t\t<span class=\"elementor-heading-title elementor-size-default\"><p>Dispon\u00edvel na Apple TV, Youtube e Google Play (aluguel)<\/p>\n<\/span>\t\t\t\t<\/div>\n\t\t\t\t<\/div>\n\t\t\t\t<div class=\"elementor-element elementor-element-0a05e2d elementor-widget elementor-widget-toggle\" data-id=\"0a05e2d\" data-element_type=\"widget\" data-e-type=\"widget\" data-widget_type=\"toggle.default\">\n\t\t\t\t<div class=\"elementor-widget-container\">\n\t\t\t\t\t\t\t<div class=\"elementor-toggle\">\n\t\t\t\t\t\t\t<div class=\"elementor-toggle-item\">\n\t\t\t\t\t<h6 id=\"elementor-tab-title-1051\" class=\"elementor-tab-title\" data-tab=\"1\" role=\"button\" aria-controls=\"elementor-tab-content-1051\" aria-expanded=\"false\">\n\t\t\t\t\t\t\t\t\t\t\t\t<span class=\"elementor-toggle-icon elementor-toggle-icon-left\" aria-hidden=\"true\">\n\t\t\t\t\t\t\t\t\t\t\t\t\t\t\t<span class=\"elementor-toggle-icon-closed\"><i class=\"fas fa-caret-right\"><\/i><\/span>\n\t\t\t\t\t\t\t\t<span class=\"elementor-toggle-icon-opened\"><i class=\"elementor-toggle-icon-opened fas fa-caret-down\"><\/i><\/span>\n\t\t\t\t\t\t\t\t\t\t\t\t\t<\/span>\n\t\t\t\t\t\t\t\t\t\t\t\t<a class=\"elementor-toggle-title\" tabindex=\"0\">Ler resenha<\/a>\n\t\t\t\t\t<\/h6>\n\n\t\t\t\t\t<div id=\"elementor-tab-content-1051\" class=\"elementor-tab-content elementor-clearfix\" data-tab=\"1\" role=\"region\" aria-labelledby=\"elementor-tab-title-1051\"><p>Indicado ao Oscar em 2018, o filmese destaca das demais produ\u00e7\u00f5es sobre racismo por abordar o tema no g\u00eanero de terror. O longa come\u00e7a mostrando o relacionamento quase perfeito entre o casal interracial Chris (Daniel Kaluuya) e Rose (Allison Williams). A atmosfera de romance, no entanto, passa a dar lugar a um cen\u00e1rio de suspense quando o protagonista percebe algo de incomum na primeira vez que visita a casa dos sogros.<\/p>\n<\/div>\n\t\t\t\t<\/div>\n\t\t\t\t\t\t\t\t<\/div>\n\t\t\t\t\t\t<\/div>\n\t\t\t\t<\/div>\n\t\t\t\t<\/div>\n\t\t\t\t\t<\/div>\n\t\t\t\t<\/article>\n\t\t\t\t<\/div>\n\t\t\t\t<div data-elementor-type=\"loop-item\" data-elementor-id=\"3001\" class=\"elementor elementor-3001 e-loop-item e-loop-item-513 post-513 roteiro type-roteiro status-publish has-post-thumbnail hentry category-ver tag-filme edicao-edicao-1\" data-elementor-post-type=\"elementor_library\" data-custom-edit-handle=\"1\">\n\t\t\t<article class=\"elementor-element elementor-element-d3fff95 e-flex e-con-boxed e-con e-parent\" data-id=\"d3fff95\" data-element_type=\"container\" data-e-type=\"container\" data-settings=\"{&quot;background_background&quot;:&quot;classic&quot;}\">\n\t\t\t\t\t<div class=\"e-con-inner\">\n\t\t<div class=\"elementor-element elementor-element-f274729 e-con-full e-flex e-con e-child\" data-id=\"f274729\" data-element_type=\"container\" data-e-type=\"container\">\n\t\t<div class=\"elementor-element elementor-element-76f83ea e-con-full e-flex e-con e-child\" data-id=\"76f83ea\" data-element_type=\"container\" data-e-type=\"container\">\n\t\t<div class=\"elementor-element elementor-element-28e1075 e-con-full e-flex e-con e-child\" data-id=\"28e1075\" data-element_type=\"container\" data-e-type=\"container\">\n\t\t\t\t<div class=\"elementor-element elementor-element-10c1e69 elementor-widget elementor-widget-theme-post-featured-image elementor-widget-image\" data-id=\"10c1e69\" data-element_type=\"widget\" data-e-type=\"widget\" data-widget_type=\"theme-post-featured-image.default\">\n\t\t\t\t<div class=\"elementor-widget-container\">\n\t\t\t\t\t\t\t\t\t\t\t\t\t\t\t<img loading=\"lazy\" decoding=\"async\" width=\"204\" height=\"300\" src=\"https:\/\/site.veracruz.edu.br\/zumzum\/wp-content\/uploads\/2022\/03\/historias.jpg\" class=\"attachment-full size-full wp-image-1053\" alt=\"\" \/>\t\t\t\t\t\t\t\t\t\t\t\t\t\t\t<\/div>\n\t\t\t\t<\/div>\n\t\t\t\t<\/div>\n\t\t<div class=\"elementor-element elementor-element-35d10c1 e-con-full e-flex e-con e-child\" data-id=\"35d10c1\" data-element_type=\"container\" data-e-type=\"container\">\n\t\t\t\t<div class=\"elementor-element elementor-element-5db758f elementor-widget elementor-widget-heading\" data-id=\"5db758f\" data-element_type=\"widget\" data-e-type=\"widget\" data-widget_type=\"heading.default\">\n\t\t\t\t<div class=\"elementor-widget-container\">\n\t\t\t\t\t<p class=\"elementor-heading-title elementor-size-default\">Hist\u00f3rias Cruzadas<\/p>\t\t\t\t<\/div>\n\t\t\t\t<\/div>\n\t\t\t\t<div class=\"elementor-element elementor-element-c241a95 elementor-widget elementor-widget-heading\" data-id=\"c241a95\" data-element_type=\"widget\" data-e-type=\"widget\" data-widget_type=\"heading.default\">\n\t\t\t\t<div class=\"elementor-widget-container\">\n\t\t\t\t\t<p class=\"elementor-heading-title elementor-size-default\"><span>Filme<\/span><\/p>\t\t\t\t<\/div>\n\t\t\t\t<\/div>\n\t\t\t\t<\/div>\n\t\t\t\t<\/div>\n\t\t\t\t<div class=\"elementor-element elementor-element-5071b99 elementor-widget elementor-widget-heading\" data-id=\"5071b99\" data-element_type=\"widget\" data-e-type=\"widget\" data-widget_type=\"heading.default\">\n\t\t\t\t<div class=\"elementor-widget-container\">\n\t\t\t\t\t<span class=\"elementor-heading-title elementor-size-default\"><p>Tate Taylor, 2011<\/p>\n<\/span>\t\t\t\t<\/div>\n\t\t\t\t<\/div>\n\t\t\t\t<div class=\"elementor-element elementor-element-33e5914 elementor-widget elementor-widget-heading\" data-id=\"33e5914\" data-element_type=\"widget\" data-e-type=\"widget\" data-widget_type=\"heading.default\">\n\t\t\t\t<div class=\"elementor-widget-container\">\n\t\t\t\t\t<span class=\"elementor-heading-title elementor-size-default\"><p>Dispon\u00edvel no Star+<\/p>\n<\/span>\t\t\t\t<\/div>\n\t\t\t\t<\/div>\n\t\t\t\t<div class=\"elementor-element elementor-element-0a05e2d elementor-widget elementor-widget-toggle\" data-id=\"0a05e2d\" data-element_type=\"widget\" data-e-type=\"widget\" data-widget_type=\"toggle.default\">\n\t\t\t\t<div class=\"elementor-widget-container\">\n\t\t\t\t\t\t\t<div class=\"elementor-toggle\">\n\t\t\t\t\t\t\t<div class=\"elementor-toggle-item\">\n\t\t\t\t\t<h6 id=\"elementor-tab-title-1051\" class=\"elementor-tab-title\" data-tab=\"1\" role=\"button\" aria-controls=\"elementor-tab-content-1051\" aria-expanded=\"false\">\n\t\t\t\t\t\t\t\t\t\t\t\t<span class=\"elementor-toggle-icon elementor-toggle-icon-left\" aria-hidden=\"true\">\n\t\t\t\t\t\t\t\t\t\t\t\t\t\t\t<span class=\"elementor-toggle-icon-closed\"><i class=\"fas fa-caret-right\"><\/i><\/span>\n\t\t\t\t\t\t\t\t<span class=\"elementor-toggle-icon-opened\"><i class=\"elementor-toggle-icon-opened fas fa-caret-down\"><\/i><\/span>\n\t\t\t\t\t\t\t\t\t\t\t\t\t<\/span>\n\t\t\t\t\t\t\t\t\t\t\t\t<a class=\"elementor-toggle-title\" tabindex=\"0\">Ler resenha<\/a>\n\t\t\t\t\t<\/h6>\n\n\t\t\t\t\t<div id=\"elementor-tab-content-1051\" class=\"elementor-tab-content elementor-clearfix\" data-tab=\"1\" role=\"region\" aria-labelledby=\"elementor-tab-title-1051\"><p>Inspirado no romance hom\u00f4nimo de Kathryn Stocket, a obra conta a jornada de Skeeter (Emma Stone) para se tornar uma escritora renomada. Para isso, o plano da protagonista \u00e9 entrevistar mulheres negras que tenham deixado de lado a pr\u00f3pria vida para se dedicar aos cuidados dos filhos da elite branca norte-americana. Uma das primeiras volunt\u00e1rias \u00e9 Aibileen Clark (Viola Davis), empregada dom\u00e9stica de sua melhor amiga. \u00c0 medida que v\u00e3o se conhecendo, as duas passam se tornar cada vez mais pr\u00f3ximas, o que leva Skeeter a perceber o a discrimina\u00e7\u00e3o e o racismo em seu pr\u00f3prio c\u00edrculo social.<\/p>\n<\/div>\n\t\t\t\t<\/div>\n\t\t\t\t\t\t\t\t<\/div>\n\t\t\t\t\t\t<\/div>\n\t\t\t\t<\/div>\n\t\t\t\t<div class=\"elementor-element elementor-element-add1c07 elementor-align-left elementor-widget elementor-widget-post-info\" data-id=\"add1c07\" data-element_type=\"widget\" data-e-type=\"widget\" data-widget_type=\"post-info.default\">\n\t\t\t\t<div class=\"elementor-widget-container\">\n\t\t\t\t\t\t\t<ul class=\"elementor-icon-list-items elementor-post-info\">\n\t\t\t\t\t\t\t\t<li class=\"elementor-icon-list-item elementor-repeater-item-06e1e2a\">\n\t\t\t\t\t\t\t\t\t\t<span class=\"elementor-icon-list-icon\">\n\t\t\t\t\t\t\t\t<i aria-hidden=\"true\" class=\"fas fa-bookmark\"><\/i>\t\t\t\t\t\t\t<\/span>\n\t\t\t\t\t\t\t\t\t<span class=\"elementor-icon-list-text elementor-post-info__item elementor-post-info__item--type-custom\">\n\t\t\t\t\t\t\t\t\t\tDispon\u00edvel para empr\u00e9stimo \u00e0 equipe do Vera em nossas Bibliotecas\t\t\t\t\t<\/span>\n\t\t\t\t\t\t\t\t<\/li>\n\t\t\t\t<\/ul>\n\t\t\t\t\t\t<\/div>\n\t\t\t\t<\/div>\n\t\t\t\t<\/div>\n\t\t\t\t\t<\/div>\n\t\t\t\t<\/article>\n\t\t\t\t<\/div>\n\t\t\t\t<\/div>\n\t\t\t\t\t<span class=\"e-load-more-spinner\">\n\t\t\t\t<i aria-hidden=\"true\" class=\"fas fa-spinner\"><\/i>\t\t\t<\/span>\n\t\t\n\t\t\t\t\t\t<\/div>\n\t\t\t\t<\/div>\n\t\t\t\t\t<\/div>\n\t\t<\/div>\n\t\t\t\t\t<\/div>\n\t\t<\/section>\n\t\t\t\t<\/div>\n\t\t","protected":false},"excerpt":{"rendered":"<p>Edi\u00e7\u00e3o 9 Ir Ler Ver ou ouvir Edi\u00e7\u00e3o 8 Ir Ler Ver ou ouvir Edi\u00e7\u00e3o 7 Ir Ler Ver ou ouvir Edi\u00e7\u00e3o 6 Ir Ler Ver Edi\u00e7\u00e3o 5 Ir Ler Ver Edi\u00e7\u00e3o 4 Ir A pot\u00eancia da arte: alunos do Vera conhecem \u2018Revoada\u2019, de Antonio Ob\u00e1 Saiba mais Edi\u00e7\u00e3o 3 Ler Indica\u00e7\u00f5es especiais, feitas por [&hellip;]<\/p>\n","protected":false},"author":1,"featured_media":0,"parent":0,"menu_order":0,"comment_status":"closed","ping_status":"closed","template":"elementor_header_footer","meta":{"_acf_changed":false,"footnotes":""},"class_list":["post-299","page","type-page","status-publish","hentry"],"acf":[],"_links":{"self":[{"href":"https:\/\/site.veracruz.edu.br\/zumzum\/wp-json\/wp\/v2\/pages\/299","targetHints":{"allow":["GET"]}}],"collection":[{"href":"https:\/\/site.veracruz.edu.br\/zumzum\/wp-json\/wp\/v2\/pages"}],"about":[{"href":"https:\/\/site.veracruz.edu.br\/zumzum\/wp-json\/wp\/v2\/types\/page"}],"author":[{"embeddable":true,"href":"https:\/\/site.veracruz.edu.br\/zumzum\/wp-json\/wp\/v2\/users\/1"}],"replies":[{"embeddable":true,"href":"https:\/\/site.veracruz.edu.br\/zumzum\/wp-json\/wp\/v2\/comments?post=299"}],"version-history":[{"count":223,"href":"https:\/\/site.veracruz.edu.br\/zumzum\/wp-json\/wp\/v2\/pages\/299\/revisions"}],"predecessor-version":[{"id":5180,"href":"https:\/\/site.veracruz.edu.br\/zumzum\/wp-json\/wp\/v2\/pages\/299\/revisions\/5180"}],"wp:attachment":[{"href":"https:\/\/site.veracruz.edu.br\/zumzum\/wp-json\/wp\/v2\/media?parent=299"}],"curies":[{"name":"wp","href":"https:\/\/api.w.org\/{rel}","templated":true}]}}