{"id":2703,"date":"2023-02-23T10:04:27","date_gmt":"2023-02-23T13:04:27","guid":{"rendered":"https:\/\/site.veracruz.edu.br\/zumzum\/?post_type=capitulos&#038;p=2703"},"modified":"2023-09-18T14:08:02","modified_gmt":"2023-09-18T17:08:02","slug":"racismo-e-preconceito-o-que-mudou-desde-nina-simone","status":"publish","type":"capitulos","link":"https:\/\/site.veracruz.edu.br\/zumzum\/capitulos\/racismo-e-preconceito-o-que-mudou-desde-nina-simone\/","title":{"rendered":"Racismo e preconceito: o que mudou desde Nina Simone?"},"content":{"rendered":"\n<p><em>Por Beatriz Calais<\/em><\/p>\n\n\n\n<blockquote class=\"wp-block-quote is-layout-flow wp-block-quote-is-layout-flow\">\n<p><strong>\u201c<\/strong><em>Eu gostaria de saber<\/em><br><em>Como \u00e9 a sensa\u00e7\u00e3o de ser livre<\/em><br><em>Eu gostaria de poder quebrar<\/em><br><em>Todas as correntes que me prendem\u2026&nbsp;<\/em><br><em>Eu gostaria de poder compartilhar<\/em><br><em>Todo amor que h\u00e1 em meu cora\u00e7\u00e3o<\/em><br><em>Remover todas as barreiras<\/em><br><em>Que nos mant\u00eam separados<\/em><br><em>Eu gostaria que voc\u00ea soubesse<\/em><br><em>O que significa ser quem sou<\/em><br><em>Ent\u00e3o voc\u00ea veria e concordaria<\/em><br><em>Que todo homem deveria ser livre\u2026<\/em><strong>\u201d<\/strong><\/p>\n<\/blockquote>\n\n\n\n<p>A m\u00fasica \u201c<em>I Wish I Knew How It Would Feel To Be Free<\/em>\u201d (\u2018Eu gostaria de saber como seria ser livre\u2019, em tradu\u00e7\u00e3o livre) foi escrita por Nina Simone. Como se sabe, Nina foi uma das maiores pianistas, compositoras e cantoras de jazz, blues e gospel da hist\u00f3ria dos Estados Unidos. Mais do que talentosa musicalmente, a cantora desempenhou um forte papel na luta pelos direitos civis da popula\u00e7\u00e3o negra norte-americana. Nascida em 1933, ela vivenciou a segrega\u00e7\u00e3o racial e chegou a ser impedida de cursar piano cl\u00e1ssico no Curtis Institute, na Filad\u00e9lfia, onde havia conquistado uma bolsa de estudos em raz\u00e3o de seu talento.&nbsp;<\/p>\n\n\n\n<figure class=\"wp-block-gallery has-nested-images columns-default is-cropped wp-block-gallery-1 is-layout-flex wp-block-gallery-is-layout-flex\">\n<figure class=\"wp-block-image size-large\"><a href=\"https:\/\/site.veracruz.edu.br\/zumzum\/wp-content\/uploads\/2023\/02\/PP-Ingles1.png\"><img fetchpriority=\"high\" decoding=\"async\" width=\"300\" height=\"298\" data-id=\"2787\" src=\"https:\/\/site.veracruz.edu.br\/zumzum\/wp-content\/uploads\/2023\/02\/PP-Ingles1.png\" alt=\"\" class=\"wp-image-2787\" style=\"aspect-ratio:1;object-fit:cover\" srcset=\"https:\/\/site.veracruz.edu.br\/zumzum\/wp-content\/uploads\/2023\/02\/PP-Ingles1.png 300w, https:\/\/site.veracruz.edu.br\/zumzum\/wp-content\/uploads\/2023\/02\/PP-Ingles1-150x150.png 150w\" sizes=\"(max-width: 300px) 100vw, 300px\" \/><\/a><\/figure>\n\n\n\n<figure class=\"wp-block-image size-large\"><a href=\"https:\/\/site.veracruz.edu.br\/zumzum\/wp-content\/uploads\/2023\/02\/PP-Ingles.png\"><img decoding=\"async\" width=\"500\" height=\"497\" data-id=\"2788\" src=\"https:\/\/site.veracruz.edu.br\/zumzum\/wp-content\/uploads\/2023\/02\/PP-Ingles.png\" alt=\"\" class=\"wp-image-2788\" style=\"aspect-ratio:1;object-fit:cover\" srcset=\"https:\/\/site.veracruz.edu.br\/zumzum\/wp-content\/uploads\/2023\/02\/PP-Ingles.png 500w, https:\/\/site.veracruz.edu.br\/zumzum\/wp-content\/uploads\/2023\/02\/PP-Ingles-300x298.png 300w, https:\/\/site.veracruz.edu.br\/zumzum\/wp-content\/uploads\/2023\/02\/PP-Ingles-150x150.png 150w\" sizes=\"(max-width: 500px) 100vw, 500px\" \/><\/a><\/figure>\n<\/figure>\n\n\n\n<p><em>\u2018Forever Young, Gifted &amp; Black: Songs of Freedom and Spirit\u2019 e \u2018Silk &amp; Soul\u2019: dois \u00e1lbuns de Nina Simone.<\/em><\/p>\n\n\n\n<p>Apaixonada por m\u00fasica, mas impedida de estudar, Nina ent\u00e3o optou por tocar piano em bares, o que a tornou conhecida, levando a jovem artista a receber sua primeira proposta comercial \u2013 a grava\u00e7\u00e3o de um \u00e1lbum pela Bethlehem Records, em 1957. Enquanto conquistas surgiam em sua vida pessoal, os Estados Unidos ainda conviviam com a chaga das leis de segrega\u00e7\u00e3o racial, Em contraponto, pulsava a intensa resist\u00eancia do movimento em defesa dos direitos civis, protagonizado por figuras ic\u00f4nicas como Martin Luther King Jr., Rosa Parks, Malcolm X e, claro, Nina Simone, cujas m\u00fasicas se tornariam verdadeiros hinos do movimento negro.<\/p>\n\n\n\n<p>No papel, a segrega\u00e7\u00e3o racial nos EUA chegou ao fim em 1964. Na ocasi\u00e3o, o ent\u00e3o presidente Lyndon Johnson sancionou a Lei dos Direitos Civis. Mas as letras de Nina Simone permanecem atuais, n\u00e3o apenas em seu pa\u00eds natal. Nesse sentido, a professora Cl\u00e1udia Soncini apresentou sua obra aos alunos da disciplina de l\u00edngua inglesa da 1<sup>a<\/sup> s\u00e9rie do Ensino M\u00e9dio, levantando quest\u00f5es sobre a contemporaneidade de seu grito por liberdade.&nbsp;<\/p>\n\n\n\n<p>\u201cA m\u00fasica da Nina Simone \u00e9 antiga, mas esse problema que ela descreve acabou ou continua? Essa m\u00fasica \u00e9 atual?\u201d, questionou a professora. \u201cA partir disso, perguntei a eles o que estava acontecendo no mundo. Foi nesse momento que eles me trouxeram o caso de racismo que aconteceu em Portugal com os filhos dos artistas Bruno Gagliasso e Giovanna Ewbank, em 2022. Lemos a mat\u00e9ria que o [jornal] The New York Times deu sobre o assunto e come\u00e7amos a nos aprofundar ainda mais nas not\u00edcias sobre o racismo.\u201d&nbsp;<\/p>\n\n\n\n<p>Outras propostas foram surgindo. Leitura de contos, desenvolvimento de poemas, performances inspiradas em videoclipes e at\u00e9 mesmo pinturas e ilustra\u00e7\u00f5es. Tudo, \u00e9 claro, em ingl\u00eas, o que acabou desenvolvendo as compet\u00eancias lingu\u00edsticas dos alunos. \u201cQuando come\u00e7amos, eles nem estavam cientes de que essas atividades resultariam em um projeto t\u00e3o legal. Foi um processo natural que teve uma boa aceita\u00e7\u00e3o em sala de aula\u201d, destaca Cl\u00e1udia.&nbsp;<\/p>\n\n\n\n<figure class=\"wp-block-gallery has-nested-images columns-default is-cropped wp-block-gallery-2 is-layout-flex wp-block-gallery-is-layout-flex\">\n<figure class=\"wp-block-image size-large\"><a href=\"https:\/\/site.veracruz.edu.br\/zumzum\/wp-content\/uploads\/2023\/02\/PP-Ingles1.jpg\"><img decoding=\"async\" width=\"540\" height=\"780\" data-id=\"2789\" src=\"https:\/\/site.veracruz.edu.br\/zumzum\/wp-content\/uploads\/2023\/02\/PP-Ingles1.jpg\" alt=\"\" class=\"wp-image-2789\" style=\"aspect-ratio:4\/3;object-fit:cover\" srcset=\"https:\/\/site.veracruz.edu.br\/zumzum\/wp-content\/uploads\/2023\/02\/PP-Ingles1.jpg 540w, https:\/\/site.veracruz.edu.br\/zumzum\/wp-content\/uploads\/2023\/02\/PP-Ingles1-208x300.jpg 208w\" sizes=\"(max-width: 540px) 100vw, 540px\" \/><\/a><\/figure>\n\n\n\n<figure class=\"wp-block-image size-large\"><a href=\"https:\/\/site.veracruz.edu.br\/zumzum\/wp-content\/uploads\/2023\/02\/PP-Ingles2.jpg\"><img loading=\"lazy\" decoding=\"async\" width=\"540\" height=\"928\" data-id=\"2790\" src=\"https:\/\/site.veracruz.edu.br\/zumzum\/wp-content\/uploads\/2023\/02\/PP-Ingles2.jpg\" alt=\"\" class=\"wp-image-2790\" style=\"aspect-ratio:4\/3;object-fit:cover\" srcset=\"https:\/\/site.veracruz.edu.br\/zumzum\/wp-content\/uploads\/2023\/02\/PP-Ingles2.jpg 540w, https:\/\/site.veracruz.edu.br\/zumzum\/wp-content\/uploads\/2023\/02\/PP-Ingles2-175x300.jpg 175w\" sizes=\"(max-width: 540px) 100vw, 540px\" \/><\/a><\/figure>\n<\/figure>\n\n\n\n<p><em>*Poemas feitos pelos alunos Eleonora Rhein e Rodrigo Pollak.<\/em><\/p>\n\n\n\n<p>Para a aluna Eleonora Rhein, a abordagem foi essencial para que novas ideias e vis\u00f5es de mundo come\u00e7assem a surgir. \u201cNas aulas, n\u00f3s assist\u00edamos entrevistas, ouv\u00edamos m\u00fasicas, l\u00edamos textos, e depois convers\u00e1vamos sobre tudo isso, o que gerava reflex\u00f5es bem profundas\u201d, recorda. \u201cFoi muito positivo aprender ingl\u00eas dessa forma. As aulas sempre me deram uma sensa\u00e7\u00e3o de acolhimento, permitindo que eu me sentisse mais confort\u00e1vel e, assim, participasse e aprendesse mais. \u201d&nbsp;<\/p>\n\n\n\n<p>Na vis\u00e3o da professora, o projeto carrega uma import\u00e2ncia ainda maior do que o ensino do ingl\u00eas como uma l\u00edngua adicional. \u201cFoi lindo ver o quanto eles s\u00e3o criativos e art\u00edsticos. Sempre est\u00e3o com novas ideias para colocar em pr\u00e1tica. Mas temos que ter em mente que esse projeto n\u00e3o \u00e9 apenas sobre a l\u00edngua inglesa ou sobre o racismo em si. Foi uma atividade boa para lembrarmos o quanto somos privilegiados e pensarmos no que podemos fazer com esse privil\u00e9gio\u201d, ressalta.<\/p>\n\n\n\n<div class=\"wp-block-media-text is-stacked-on-mobile\" style=\"grid-template-columns:40% auto\"><figure class=\"wp-block-media-text__media\"><a href=\"https:\/\/site.veracruz.edu.br\/zumzum\/wp-content\/uploads\/2023\/02\/PP-Ingles-scaled.jpg\"><img loading=\"lazy\" decoding=\"async\" width=\"1024\" height=\"683\" src=\"https:\/\/site.veracruz.edu.br\/zumzum\/wp-content\/uploads\/2023\/02\/PP-Ingles-1024x683.jpg\" alt=\"\" class=\"wp-image-2797 size-full\" srcset=\"https:\/\/site.veracruz.edu.br\/zumzum\/wp-content\/uploads\/2023\/02\/PP-Ingles-1024x683.jpg 1024w, https:\/\/site.veracruz.edu.br\/zumzum\/wp-content\/uploads\/2023\/02\/PP-Ingles-300x200.jpg 300w, https:\/\/site.veracruz.edu.br\/zumzum\/wp-content\/uploads\/2023\/02\/PP-Ingles-768x512.jpg 768w, https:\/\/site.veracruz.edu.br\/zumzum\/wp-content\/uploads\/2023\/02\/PP-Ingles-1536x1024.jpg 1536w, https:\/\/site.veracruz.edu.br\/zumzum\/wp-content\/uploads\/2023\/02\/PP-Ingles-2048x1365.jpg 2048w\" sizes=\"(max-width: 1024px) 100vw, 1024px\" \/><\/a><\/figure><div class=\"wp-block-media-text__content\">\n<p><em>\u201cIn a racist society it is not enough to be non-racist, we must be anti-racist\u201d<\/em> (\u2018Numa sociedade racista, n\u00e3o basta n\u00e3o ser racista, \u00e9 preciso ser antirracista\u2019, em tradu\u00e7\u00e3o livre)<br><strong>-Angela Davis<\/strong><\/p>\n<\/div><\/div>\n\n\n\n<p><\/p>\n\n\n\n<p>A frase da ativista pol\u00edtica norte-americana Angela Davis, por exemplo, foi trabalhada em sala de aula para que os alunos, em sua maioria brancos, refletissem sobre a sua posi\u00e7\u00e3o na sociedade. \u201cFoi um trabalho complexo. Dava para ficarmos aqui falando sobre ele por horas, mas o mais importante realmente \u00e9 gerar essa reflex\u00e3o nos alunos. N\u00e3o adianta apenas olharmos para tudo de errado que acontece no nosso mundo. Temos que estar atentos para usar o nosso privil\u00e9gio como uma arma. O objetivo do ensino antirracista \u00e9 deixar eles mais conscientes sobre isso\u201d, conclui a professora.&nbsp;<\/p>\n\n\n\n<p>* Para conferir o resultado do trabalho desenvolvido pela turma, clique <a href=\"https:\/\/sway.office.com\/vCbvZHuOyLiPA0MI?ref=email\" target=\"_blank\" rel=\"noreferrer noopener\">aqui<\/a>!<\/p>\n","protected":false},"featured_media":0,"comment_status":"open","ping_status":"closed","template":"","tags":[57,17],"edicao":[38],"class_list":["post-2703","capitulos","type-capitulos","status-publish","hentry","tag-ingles","tag-praticas-pedagogicas","edicao-edicao-3"],"acf":[],"_links":{"self":[{"href":"https:\/\/site.veracruz.edu.br\/zumzum\/wp-json\/wp\/v2\/capitulos\/2703","targetHints":{"allow":["GET"]}}],"collection":[{"href":"https:\/\/site.veracruz.edu.br\/zumzum\/wp-json\/wp\/v2\/capitulos"}],"about":[{"href":"https:\/\/site.veracruz.edu.br\/zumzum\/wp-json\/wp\/v2\/types\/capitulos"}],"replies":[{"embeddable":true,"href":"https:\/\/site.veracruz.edu.br\/zumzum\/wp-json\/wp\/v2\/comments?post=2703"}],"version-history":[{"count":16,"href":"https:\/\/site.veracruz.edu.br\/zumzum\/wp-json\/wp\/v2\/capitulos\/2703\/revisions"}],"predecessor-version":[{"id":3411,"href":"https:\/\/site.veracruz.edu.br\/zumzum\/wp-json\/wp\/v2\/capitulos\/2703\/revisions\/3411"}],"wp:attachment":[{"href":"https:\/\/site.veracruz.edu.br\/zumzum\/wp-json\/wp\/v2\/media?parent=2703"}],"wp:term":[{"taxonomy":"post_tag","embeddable":true,"href":"https:\/\/site.veracruz.edu.br\/zumzum\/wp-json\/wp\/v2\/tags?post=2703"},{"taxonomy":"edicao","embeddable":true,"href":"https:\/\/site.veracruz.edu.br\/zumzum\/wp-json\/wp\/v2\/edicao?post=2703"}],"curies":[{"name":"wp","href":"https:\/\/api.w.org\/{rel}","templated":true}]}}