{"id":382,"date":"2023-03-05T12:28:15","date_gmt":"2023-03-05T15:28:15","guid":{"rendered":"https:\/\/site.veracruz.edu.br\/blogdaposlcj\/?post_type=resenha&#038;p=382"},"modified":"2023-04-28T10:15:30","modified_gmt":"2023-04-28T13:15:30","slug":"quem-consegue-ver-o-que-esta-escondido","status":"publish","type":"resenha","link":"https:\/\/site.veracruz.edu.br\/blogdaposlcj\/resenha\/quem-consegue-ver-o-que-esta-escondido\/","title":{"rendered":"Quem consegue ver o que est\u00e1 escondido?"},"content":{"rendered":"\n<p class=\"has-medium-font-size\"><strong>Por Kamila Cardoso Maffei Matsumato<\/strong><\/p>\n\n\n\n<div style=\"height:20px\" aria-hidden=\"true\" class=\"wp-block-spacer\"><\/div>\n\n\n\n<p>A escolha do livro de poesia para an\u00e1lise cr\u00edtica da disciplina \u201cPoesia: a inf\u00e2ncia da linguagem\u201d n\u00e3o foi uma tarefa dif\u00edcil. O grande pequeno livro <em>Escondido<\/em>, da autora chilena Mar\u00eda Jo\u015be Ferrada, com ilustra\u00e7\u00f5es de Rodrigo Mar\u00edn Matamoros, publicado no Brasil, em 2016, pela editora \u00d4Z\u00e9, j\u00e1 circulava em minha casa entre leituras no caf\u00e9 da tarde e nos momentos em que queria algo para ler e sentir.<\/p>\n\n\n\n<p>Mar\u00eda Jos\u00e9 Ferrada \u00e9 escritora e jornalista e um dos nomes mais conhecidos da poesia infantil em seu pa\u00eds. J\u00e1 publicou dezenas de livros e recebeu v\u00e1rios pr\u00eamios. O ilustrador Rodrigo Mar\u00edn Matamoros \u00e9 designer gr\u00e1fico e cofundador da revista <em>Intemperie<\/em>.<\/p>\n\n\n\n<p>O livro <em>Escondido<\/em>, que recebeu o pr\u00eamio Fundaci\u00f3n Quatrogatos em 2016, \u00e9 pequeno no tamanho, talvez para se aconchegar melhor em m\u00e3os pequeninas, e sua linguagem \u00e9 simples e ao mesmo tempo complexa, como o pensamento das crian\u00e7as. De acordo com <a rel=\"noreferrer noopener\" href=\"https:\/\/www.troquel.cl\/maria-jose-ferrada-la-nueva-voz-de-chile\/\" target=\"_blank\">publica\u00e7\u00e3o do site Troquel<\/a>, do Centro de Estudios Fundaci\u00f3n La Fuente, o cineasta russo Andrei Tarkovski, em seu livro <em>Sculpt in Time<\/em>, 1986, assim define a simplicidade: <em>\u201cTender para a simplicidade \u00e9 tender para a profundidade da vida representada, mas encontrar o caminho mais curto entre o que &nbsp;se quer dizer e o que \u00e9 realmente representado na imagem finita \u00e9 um dos objetivos mais \u00e1rduos em um processo criativo\u201d.<\/em><\/p>\n\n\n\n<p>Os poemas em <em>Escondido<\/em> lembram brincadeiras de crian\u00e7a, nas quais, com recurso \u00e0 fantasia, imaginamos o que est\u00e1 oculto nos objetos e na natureza. Quem nunca brincou com a sopa na hora do jantar?<\/p>\n\n\n\n<div class=\"wp-block-media-text is-stacked-on-mobile is-image-fill\" style=\"grid-template-columns:40% auto\"><figure class=\"wp-block-media-text__media\" style=\"background-image:url(https:\/\/site.veracruz.edu.br\/blogdaposlcj\/wp-content\/uploads\/2023\/03\/sopa.jpg);background-position:50% 35%\"><a href=\"https:\/\/site.veracruz.edu.br\/blogdaposlcj\/wp-content\/uploads\/2023\/03\/sopa.jpg\"><img fetchpriority=\"high\" decoding=\"async\" width=\"618\" height=\"347\" src=\"https:\/\/site.veracruz.edu.br\/blogdaposlcj\/wp-content\/uploads\/2023\/03\/sopa.jpg\" alt=\"\" class=\"wp-image-397 size-full\" srcset=\"https:\/\/site.veracruz.edu.br\/blogdaposlcj\/wp-content\/uploads\/2023\/03\/sopa.jpg 618w, https:\/\/site.veracruz.edu.br\/blogdaposlcj\/wp-content\/uploads\/2023\/03\/sopa-300x168.jpg 300w\" sizes=\"(max-width: 618px) 100vw, 618px\" \/><\/a><\/figure><div class=\"wp-block-media-text__content\">\n<p><em>\u201cDentro da sopa tem um mar por ele navegam as batatas em forma de barco.<\/em><br><em>S\u00f3 a sopa sabe das ondas de peixe<\/em><br><em>e cenoura.<\/em><br><em>E dos oceanos, que n\u00e3o s\u00e3o cinco, e sim milhares.<\/em><br><em>Eu me pergunto por que n\u00e3o aparecem nos mapas<\/em><br><em>esses mares. Por que ningu\u00e9m nunca fez o mapa da sopa.\u201d<\/em><\/p>\n<\/div><\/div>\n\n\n\n<p>S\u00e3o met\u00e1foras que podem causar certo estranhamento, pois, para encontrar o que est\u00e1 escondido, \u00e9 preciso desautomatizar o pensamento racional e dar lugar ao livre-pensar pr\u00f3prio do infantil, ou seja, \u00e0 possibilidade de criar e imaginar. Neste sentido, Mar\u00eda Jos\u00e9 Ferrada e Rodrigo Mar\u00edn Matamoros brincam fazendo poesia como brincadeira de crian\u00e7a, propondo ao leitor que encontre um guardi\u00e3o vermelho dentro das cerejas ou uma fam\u00edlia de vaga-lumes dentro da l\u00e2mpada.<\/p>\n\n\n\n<div class=\"wp-block-media-text is-stacked-on-mobile is-image-fill\" style=\"grid-template-columns:40% auto\"><figure class=\"wp-block-media-text__media\" style=\"background-image:url(https:\/\/site.veracruz.edu.br\/blogdaposlcj\/wp-content\/uploads\/2023\/03\/cereja.jpg);background-position:58% 83%\"><a href=\"https:\/\/site.veracruz.edu.br\/blogdaposlcj\/wp-content\/uploads\/2023\/03\/cereja.jpg\"><img decoding=\"async\" width=\"493\" height=\"607\" src=\"https:\/\/site.veracruz.edu.br\/blogdaposlcj\/wp-content\/uploads\/2023\/03\/cereja.jpg\" alt=\"\" class=\"wp-image-396 size-full\" srcset=\"https:\/\/site.veracruz.edu.br\/blogdaposlcj\/wp-content\/uploads\/2023\/03\/cereja.jpg 493w, https:\/\/site.veracruz.edu.br\/blogdaposlcj\/wp-content\/uploads\/2023\/03\/cereja-244x300.jpg 244w\" sizes=\"(max-width: 493px) 100vw, 493px\" \/><\/a><\/figure><div class=\"wp-block-media-text__content\">\n<p><em>\u201cDentro das cerejas vive o guardi\u00e3o do vermelho.\u201d<\/em><\/p>\n<\/div><\/div>\n\n\n\n<div style=\"height:50px\" aria-hidden=\"true\" class=\"wp-block-spacer\"><\/div>\n\n\n\n<div class=\"wp-block-media-text is-stacked-on-mobile is-image-fill\" style=\"grid-template-columns:40% auto\"><figure class=\"wp-block-media-text__media\" style=\"background-image:url(https:\/\/site.veracruz.edu.br\/blogdaposlcj\/wp-content\/uploads\/2023\/03\/lampada.jpg);background-position:36% 60%\"><a href=\"https:\/\/site.veracruz.edu.br\/blogdaposlcj\/wp-content\/uploads\/2023\/03\/lampada.jpg\"><img decoding=\"async\" width=\"339\" height=\"414\" src=\"https:\/\/site.veracruz.edu.br\/blogdaposlcj\/wp-content\/uploads\/2023\/03\/lampada.jpg\" alt=\"\" class=\"wp-image-395 size-full\" srcset=\"https:\/\/site.veracruz.edu.br\/blogdaposlcj\/wp-content\/uploads\/2023\/03\/lampada.jpg 339w, https:\/\/site.veracruz.edu.br\/blogdaposlcj\/wp-content\/uploads\/2023\/03\/lampada-246x300.jpg 246w\" sizes=\"(max-width: 339px) 100vw, 339px\" \/><\/a><\/figure><div class=\"wp-block-media-text__content\">\n<p><em>\u201cDentro da l\u00e2mpada vive uma fam\u00edlia de vaga-lumes.\u201d<\/em><\/p>\n<\/div><\/div>\n\n\n\n<p>Rodrigo Mar\u00edn Matamoros consegue traduzir em imagens nossos pensamentos enquanto lemos, compondo poemas visuais.<\/p>\n\n\n\n<div class=\"wp-block-media-text is-stacked-on-mobile is-image-fill\" style=\"grid-template-columns:40% auto\"><figure class=\"wp-block-media-text__media\" style=\"background-image:url(https:\/\/site.veracruz.edu.br\/blogdaposlcj\/wp-content\/uploads\/2023\/03\/armario.jpg);background-position:50% 50%\"><a href=\"https:\/\/site.veracruz.edu.br\/blogdaposlcj\/wp-content\/uploads\/2023\/03\/armario.jpg\"><img loading=\"lazy\" decoding=\"async\" width=\"480\" height=\"405\" src=\"https:\/\/site.veracruz.edu.br\/blogdaposlcj\/wp-content\/uploads\/2023\/03\/armario.jpg\" alt=\"\" class=\"wp-image-394 size-full\" srcset=\"https:\/\/site.veracruz.edu.br\/blogdaposlcj\/wp-content\/uploads\/2023\/03\/armario.jpg 480w, https:\/\/site.veracruz.edu.br\/blogdaposlcj\/wp-content\/uploads\/2023\/03\/armario-300x253.jpg 300w\" sizes=\"(max-width: 480px) 100vw, 480px\" \/><\/a><\/figure><div class=\"wp-block-media-text__content\">\n<p><em>\u201cDentro do arm\u00e1rio tem um jardim. E em cada gaveta, uma esta\u00e7\u00e3o diferente.<\/em><br><em>As meias se confundem com as folhas amarelas. E ao lado das camisetas florescem samambaias. Chove, chove, chove entre os sapatos.<\/em><br><em>E os vestidos j\u00e1 n\u00e3o suportam outro dia de ver\u00e3o.\u201d<\/em><\/p>\n<\/div><\/div>\n\n\n\n<p><\/p>\n\n\n\n<p>O sil\u00eancio tamb\u00e9m tem fun\u00e7\u00e3o importante no livro. Permite pausas que levam a imaginar todas as coisas escondidas. Ao final da leitura de cada poema pode surgir um sorriso, um suspiro ou at\u00e9 uma afirma\u00e7\u00e3o: \u201cAh, afinal, dentro das \u00e1rvores realmente tem um cora\u00e7\u00e3o de madeira pulsando!\u201d. Depois de ter lido, parece tudo muito \u00f3bvio.<\/p>\n\n\n\n<div class=\"wp-block-media-text is-stacked-on-mobile is-image-fill\" style=\"grid-template-columns:40% auto\"><figure class=\"wp-block-media-text__media\" style=\"background-image:url(https:\/\/site.veracruz.edu.br\/blogdaposlcj\/wp-content\/uploads\/2023\/03\/arvore.jpg);background-position:50% 50%\"><a href=\"https:\/\/site.veracruz.edu.br\/blogdaposlcj\/wp-content\/uploads\/2023\/03\/arvore.jpg\"><img loading=\"lazy\" decoding=\"async\" width=\"450\" height=\"434\" src=\"https:\/\/site.veracruz.edu.br\/blogdaposlcj\/wp-content\/uploads\/2023\/03\/arvore.jpg\" alt=\"\" class=\"wp-image-393 size-full\" srcset=\"https:\/\/site.veracruz.edu.br\/blogdaposlcj\/wp-content\/uploads\/2023\/03\/arvore.jpg 450w, https:\/\/site.veracruz.edu.br\/blogdaposlcj\/wp-content\/uploads\/2023\/03\/arvore-300x289.jpg 300w\" sizes=\"(max-width: 450px) 100vw, 450px\" \/><\/a><\/figure><div class=\"wp-block-media-text__content\">\n<p><em>\u201cDentro das \u00e1rvores tem um cora\u00e7\u00e3o de madeira,<\/em><br><em>que palpita ao ritmo das esta\u00e7\u00f5es<\/em><br><em>e do canto dos grilos.\u201d<\/em><\/p>\n<\/div><\/div>\n\n\n\n<p><\/p>\n\n\n\n<p>Mar\u00eda Jos\u00e9 Ferrada respondeu-me algumas perguntas sobre <em>Escondido<\/em>. Ela reafirma alguns pontos de minha an\u00e1lise e suscita ainda mais encantamento, ao compartilhar seu modo peculiar de observar a vida e a inf\u00e2ncia. A seguir, compartilho o registro dessa conversa:<\/p>\n\n\n\n<p><strong>Kamila &#8211;<\/strong> Quando leio seu livro <em>Escondido<\/em>, imagino uma brincadeira de crian\u00e7a, o que um objeto pode virar ou o que ele pode ser em nossa imagina\u00e7\u00e3o. O que \u00e9 preciso para encontrarmos o que est\u00e1 escondido dentro das coisas? Como voc\u00ea faz para se libertar das formalidades da linguagem e falar sobre coisas t\u00e3o simples e belas, voltando \u00e0 inf\u00e2ncia?<\/p>\n\n\n\n<p><strong>Mar\u00eda Jos\u00e9 &#8211;<\/strong> <em>Acho que, como voc\u00ea diz, uma op\u00e7\u00e3o \u00e9 tentar voltar \u00e0 inf\u00e2ncia, mas como nem sempre podemos encontrar essas mem\u00f3rias dentro de n\u00f3s, acho que uma boa forma de nos conectarmos com essa liberdade que voc\u00ea mencionou \u00e9 observar as crian\u00e7as. Mas n\u00e3o daquele lugar de superioridade a que os adultos est\u00e3o acostumados, mas prestando aten\u00e7\u00e3o \u00e0s perguntas que s\u00e3o feitas e \u00e0s formas como encontram as respostas. O livro Escondido \u00e9 baseado na observa\u00e7\u00e3o de brincadeiras infantis. Para uma crian\u00e7a, a vassoura pode se transformar em um cavalo de balan\u00e7o e isso faz com que sua tarde mude, que em vez de ser uma tarde na sala de casa, \u00e9 uma tarde em uma campina que s\u00f3 a crian\u00e7a consegue ver. &nbsp;Eu realmente admiro a maneira como as crian\u00e7as, por meio das brincadeiras, mudam sua realidade.<\/em><\/p>\n\n\n\n<p><strong>Kamila <\/strong>&#8211; Al\u00e9m das met\u00e1foras, percebo o sil\u00eancio em sua poesia. Acredito que as pausas s\u00e3o importantes para o texto. Ao menos em minha leitura \u00e9 esse sil\u00eancio que me faz chegar na imagem. Ser\u00e1 que estou fazendo uma leitura correta com rela\u00e7\u00e3o ao sil\u00eancio em sua poesia?<\/p>\n\n\n\n<p><strong>Mar\u00eda Jos\u00e9 &#8211;<\/strong> <em>Sim, acho que a poesia se sustenta nesses sil\u00eancios que permitem ao leitor interagir, buscando sua mem\u00f3ria, sua experi\u00eancia. Parece-me que a poesia trabalha com esse espa\u00e7o livre de forma mais percept\u00edvel do que outros g\u00eaneros liter\u00e1rios.<\/em><\/p>\n\n\n\n<p><strong>Kamila &#8211;<\/strong> Como foi seu processo criativo ao escrever <em>Escondido<\/em>? Teve alguma influ\u00eancia da poesia oriental, dos haicais?<\/p>\n\n\n\n<p><strong>Mar\u00eda Jos\u00e9 &#8211;<\/strong> <em>Mais do que com o haicai, que \u00e9 uma forma de poesia que gosto muito e da qual aprendi sobretudo a s\u00edntese, este livro foi inspirado na brincadeira e no olhar das crian\u00e7as, capazes de encontrar aquela outra vida, na qual n\u00f3s, adultos s\u00f3 vemos uma interpreta\u00e7\u00e3o.<\/em><\/p>\n\n\n\n<p><strong>Kamila &#8211;<\/strong> Em seu livro, o texto e a ilustra\u00e7\u00e3o se complementam. Era como se eu estivesse realmente vendo aquelas imagens durante a leitura. Qual a import\u00e2ncia da ilustra\u00e7\u00e3o em suas obras para crian\u00e7as?<\/p>\n\n\n\n<p><strong>Mar\u00eda Jos\u00e9 &#8211;<\/strong> <em>Ilustra\u00e7\u00e3o \u00e9 fundamental n\u00e3o s\u00f3 para o meu trabalho, mas acho que para a literatura de meninos e meninas em geral. No caso de Escondido, gosto muito do trabalho que Rodrigo Mar\u00edn fez, porque em vez de procurar uma imagem que complementasse o texto, deu-se ao trabalho de compor poemas visuais, que funcionam independentemente do texto, mas na mesma harmonia po\u00e9tica. Tamb\u00e9m nas imagens est\u00e1 presente aquele sil\u00eancio de que fala, por isso me parece &nbsp;&nbsp;&nbsp;&nbsp;que a partir da imagem tamb\u00e9m h\u00e1 confian\u00e7a no pequeno leitor.<\/em><\/p>\n\n\n\n<p>Escondido \u00e9 um livro para pequenos e grandes. Os pequenos certamente ter\u00e3o mais facilidade para encontrar tudo o que est\u00e1 escondido dentro das coisas. J\u00e1 para os grandes, pode ser uma bela oportunidade de encontrar o fant\u00e1stico que em algum momento se perdeu e voltar a imaginar maneiras divertidas de ver a vida e o mundo que pode estar escondido dentro das coisas.<\/p>\n\n\n\n<div class=\"wp-block-media-text is-stacked-on-mobile is-image-fill\" style=\"grid-template-columns:40% auto\"><figure class=\"wp-block-media-text__media\" style=\"background-image:url(https:\/\/site.veracruz.edu.br\/blogdaposlcj\/wp-content\/uploads\/2023\/03\/maca.jpg);background-position:53% 86%\"><a href=\"https:\/\/site.veracruz.edu.br\/blogdaposlcj\/wp-content\/uploads\/2023\/03\/maca.jpg\"><img loading=\"lazy\" decoding=\"async\" width=\"504\" height=\"536\" src=\"https:\/\/site.veracruz.edu.br\/blogdaposlcj\/wp-content\/uploads\/2023\/03\/maca.jpg\" alt=\"\" class=\"wp-image-392 size-full\" srcset=\"https:\/\/site.veracruz.edu.br\/blogdaposlcj\/wp-content\/uploads\/2023\/03\/maca.jpg 504w, https:\/\/site.veracruz.edu.br\/blogdaposlcj\/wp-content\/uploads\/2023\/03\/maca-282x300.jpg 282w\" sizes=\"(max-width: 504px) 100vw, 504px\" \/><\/a><\/figure><div class=\"wp-block-media-text__content\">\n<p><em>\u201cDentro da ma\u00e7\u00e3 tem uma estrela.<\/em><br><em>Simples assim.\u201d<\/em><\/p>\n<\/div><\/div>\n\n\n\n<div style=\"height:50px\" aria-hidden=\"true\" class=\"wp-block-spacer\"><\/div>\n\n\n\n<div class=\"wp-block-media-text is-stacked-on-mobile\" style=\"grid-template-columns:18% auto\"><figure class=\"wp-block-media-text__media\"><img loading=\"lazy\" decoding=\"async\" width=\"280\" height=\"437\" src=\"https:\/\/site.veracruz.edu.br\/blogdaposlcj\/wp-content\/uploads\/2023\/03\/capa-Escondido.png\" alt=\"\" class=\"wp-image-391 size-full\" srcset=\"https:\/\/site.veracruz.edu.br\/blogdaposlcj\/wp-content\/uploads\/2023\/03\/capa-Escondido.png 280w, https:\/\/site.veracruz.edu.br\/blogdaposlcj\/wp-content\/uploads\/2023\/03\/capa-Escondido-192x300.png 192w\" sizes=\"(max-width: 280px) 100vw, 280px\" \/><\/figure><div class=\"wp-block-media-text__content\">\n<p>Escondido<br>Escrito por: Mar\u00eda Jos\u00e9 Ferrada<br>Ilustrado por: Rodrigo Mar\u00edn Matamoros<br>Tradu\u00e7\u00e3o: Carla Caruso e Fernando Villalba<br>Editora \u00d4z\u00e9<br>2016<\/p>\n<\/div><\/div>\n\n\n\n<div style=\"height:50px\" aria-hidden=\"true\" class=\"wp-block-spacer\"><\/div>\n\n\n\n<h4 class=\"wp-block-heading\"><strong>REFER\u00caNCIAS<\/strong><\/h4>\n\n\n\n<p><a href=\"http:\/\/www.troquel.cl\/maria-jose-ferrada-la-nueva-voz-de-chile\/\">www.troquel.cl\/maria-jose-ferrada-la-nueva-voz-de-chile\/<\/a><br><a href=\"http:\/\/www.publishnews.com.br\/materias\/2020\/08\/05\/invasao-das-chilenas\">www.publishnews.com.br\/materias\/2020\/08\/05\/invasao-das-chilenas<\/a><\/p>\n","protected":false},"excerpt":{"rendered":"<p>Por Kamila Cardoso Maffei Matsumato A escolha do livro de poesia para an\u00e1lise cr\u00edtica da disciplina \u201cPoesia: a inf\u00e2ncia da linguagem\u201d n\u00e3o foi uma tarefa dif\u00edcil. O grande pequeno livro Escondido, da autora chilena Mar\u00eda Jo\u015be Ferrada, com ilustra\u00e7\u00f5es de Rodrigo Mar\u00edn Matamoros, publicado no Brasil, em 2016, pela editora \u00d4Z\u00e9, j\u00e1 circulava em minha [&hellip;]<\/p>\n","protected":false},"featured_media":391,"template":"","class_list":["post-382","resenha","type-resenha","status-publish","has-post-thumbnail","hentry"],"acf":[],"_links":{"self":[{"href":"https:\/\/site.veracruz.edu.br\/blogdaposlcj\/wp-json\/wp\/v2\/resenha\/382","targetHints":{"allow":["GET"]}}],"collection":[{"href":"https:\/\/site.veracruz.edu.br\/blogdaposlcj\/wp-json\/wp\/v2\/resenha"}],"about":[{"href":"https:\/\/site.veracruz.edu.br\/blogdaposlcj\/wp-json\/wp\/v2\/types\/resenha"}],"wp:featuredmedia":[{"embeddable":true,"href":"https:\/\/site.veracruz.edu.br\/blogdaposlcj\/wp-json\/wp\/v2\/media\/391"}],"wp:attachment":[{"href":"https:\/\/site.veracruz.edu.br\/blogdaposlcj\/wp-json\/wp\/v2\/media?parent=382"}],"curies":[{"name":"wp","href":"https:\/\/api.w.org\/{rel}","templated":true}]}}