{"id":1333,"date":"2024-04-01T12:11:00","date_gmt":"2024-04-01T15:11:00","guid":{"rendered":"https:\/\/site.veracruz.edu.br\/blogdaposlcj\/?post_type=ensaios&#038;p=1333"},"modified":"2024-04-12T02:12:50","modified_gmt":"2024-04-12T05:12:50","slug":"no-ponto-cego-a-vida-dupla-vestigios-do-acontecimento-a-proposito-da-leitura-de-kramp","status":"publish","type":"ensaios","link":"https:\/\/site.veracruz.edu.br\/blogdaposlcj\/ensaios\/no-ponto-cego-a-vida-dupla-vestigios-do-acontecimento-a-proposito-da-leitura-de-kramp\/","title":{"rendered":"No ponto cego, a vida dupla: vest\u00edgios do acontecimento a prop\u00f3sito da leitura de\u00a0Kramp"},"content":{"rendered":"\n<p>Este ensaio explora a leitura do romance Kramp, de Mar\u00eda Jos\u00e9 Ferrada, como um acontecimento, no sentido de algo que chega, imprevis\u00edvel, mobilizando um n\u00e3o dizer ou um saber provis\u00f3rio ou imposs\u00edvel (segundo Derrida). Buscaram-se vest\u00edgios, pelas imagens oferecidas pelo romance, para analisar o duplo acontecimento: da personagem no texto lido e da leitura na escrita do ensaio. Foram, portanto, por desvios, procurando por detalhes, recorrendo aos sonhos, e tendo como proposta a fragmenta\u00e7\u00e3o, que se delineou, n\u00e3o uma an\u00e1lise aprofundada do romance, mas os rastros, subjetivos, de uma leitura. Aproxima\u00e7\u00f5es, com te\u00f3ricos e poetas, revelaram alguns desses rastros, como a quest\u00e3o da d\u00edvida (presente desde a ep\u00edgrafe), o relato de si, a experi\u00eancia da inf\u00e2ncia, bem como a suavidade da linguagem. Palavras-chave: Acontecimento. Leitura. Experi\u00eancia da inf\u00e2ncia. Mar\u00eda Jos\u00e9 Ferrada. Luto.<\/p>\n\n\n\n<p>Resumo do ensaio apresentado em 2023, como requisito para obten\u00e7\u00e3o do certificado de conclus\u00e3o da p\u00f3s-gradua\u00e7\u00e3o lato sensu no curso Literatura para Crian\u00e7as e Jovens, do Instituto Superior de Educa\u00e7\u00e3o Vera Cruz.<\/p>\n\n\n\n<p>Orientadora: Geruza Zelnys de Almeida<\/p>\n","protected":false},"featured_media":1346,"template":"","class_list":["post-1333","ensaios","type-ensaios","status-publish","has-post-thumbnail","hentry"],"acf":[],"_links":{"self":[{"href":"https:\/\/site.veracruz.edu.br\/blogdaposlcj\/wp-json\/wp\/v2\/ensaios\/1333","targetHints":{"allow":["GET"]}}],"collection":[{"href":"https:\/\/site.veracruz.edu.br\/blogdaposlcj\/wp-json\/wp\/v2\/ensaios"}],"about":[{"href":"https:\/\/site.veracruz.edu.br\/blogdaposlcj\/wp-json\/wp\/v2\/types\/ensaios"}],"wp:featuredmedia":[{"embeddable":true,"href":"https:\/\/site.veracruz.edu.br\/blogdaposlcj\/wp-json\/wp\/v2\/media\/1346"}],"wp:attachment":[{"href":"https:\/\/site.veracruz.edu.br\/blogdaposlcj\/wp-json\/wp\/v2\/media?parent=1333"}],"curies":[{"name":"wp","href":"https:\/\/api.w.org\/{rel}","templated":true}]}}